{"id":13994,"date":"2021-12-16T17:30:59","date_gmt":"2021-12-16T16:30:59","guid":{"rendered":"https:\/\/www.meettheredbaron.com\/event\/das-erstemal-auf-einem-fokker\/"},"modified":"2025-11-26T15:06:50","modified_gmt":"2025-11-26T14:06:50","slug":"das-erstemal-auf-einem-fokker","status":"publish","type":"event","link":"https:\/\/www.meettheredbaron.com\/nl\/event\/das-erstemal-auf-einem-fokker\/","title":{"rendered":"De eerste keer op een Fokker"},"content":{"rendered":"<p>&#8220;De eerste keer op een Fokker Vanaf het begin van mijn carri\u00e8re als piloot had ik maar \u00e9\u00e9n ambitie en dat was om in een eenpersoons jachtvliegtuig te mogen vliegen. Na veel wikken en wegen met mijn commandant kreeg ik toestemming om in een Fokker te vliegen. De motor die uit zichzelf ronddraaide was iets compleet nieuws voor mij. Alleen in zo&#8217;n klein vliegtuigje zitten was me ook vreemd. Ik bezat deze Fokker samen met een vriend die nu al lang dood is. Ik vloog er &#8217;s ochtends mee en hij &#8217;s middags. Ieder van ons was bang dat de ander het vliegtuig zou vernielen. Op de tweede dag vlogen we tegen de vijand. s Morgens was ik nog geen Fransman tegengekomen, maar &#8217;s middags was de ander aan de beurt. Hij kwam niet terug, geen nieuws, niets. Laat in de avond meldde de infanterie een luchtgevecht tussen een Nieuport en een Duitse Fokker, waarna de Duitser blijkbaar aan de andere kant van de Toten Mann landde. Het kon alleen Reimann zijn, want alle anderen waren teruggekeerd. We hadden medelijden met onze stoutmoedige kameraad, toen we &#8217;s nachts plotseling een telefonisch bericht kregen dat er plotseling een Duitse luchtmachtofficier was verschenen in het voorste [80]sappeurhoofd van de infanteriestelling op de Toten Mann. Het bleek Reimann te zijn. Zijn motor was kapotgeschoten waardoor hij genoodzaakt was een noodlanding te maken. Hij had onze linies niet kunnen bereiken en was tussen de vijand en ons geland. Hij stak zijn vliegtuig snel in brand en verstopte zich een paar honderd meter verderop in een explosieve trechter. Tijdens de nacht verscheen hij dan als een sluippatrouille in onze loopgraven. Dit was de eerste keer dat onze voorraadcompagnie eindigde: \u201cDe Fokker\u201d. * Na een paar weken kregen we een tweede. Deze keer voelde ik me verplicht om het goede ding het hiernamaals in te vliegen. Het was misschien mijn derde vlucht met het kleine, snelle vliegtuig. De motor viel uit bij het opstijgen. Ik moest dalen, recht in een haverveld, en toen ik om me heen keek, was de trotse, mooie machine niet meer dan een onherkenbare massa geworden. Wonder boven wonder was er niets met mij gebeurd.&#8221;<\/p>\n","protected":false},"comment_status":"open","ping_status":"closed","template":"","event-type":[235],"source-language":[258],"source-id-tax":[292],"class_list":["post-13994","event","type-event","status-publish","hentry","event-type-general-event-nl","source-language-duits","source-id-tax-der-rote-kampfflieger-von-rittmeister-manfred-freiherrn-von-richthofen-1917-351-000-400-000-verlag-ullstein-co-berlin-wien-nl","entry","no-media"],"yoast_head":"<!-- This site is optimized with the Yoast SEO plugin v26.7 - https:\/\/yoast.com\/wordpress\/plugins\/seo\/ -->\n<title>De eerste keer op een Fokker - Meet The Red Baron<\/title>\n<meta name=\"robots\" content=\"index, follow, max-snippet:-1, max-image-preview:large, max-video-preview:-1\" \/>\n<link rel=\"canonical\" href=\"https:\/\/www.meettheredbaron.com\/nl\/event\/das-erstemal-auf-einem-fokker\/\" \/>\n<meta property=\"og:locale\" content=\"nl_NL\" \/>\n<meta property=\"og:type\" content=\"article\" \/>\n<meta property=\"og:title\" content=\"De eerste keer op een Fokker - Meet The Red Baron\" \/>\n<meta property=\"og:description\" content=\"Das erstemal auf einem Fokker\" \/>\n<meta property=\"og:url\" content=\"https:\/\/www.meettheredbaron.com\/nl\/event\/das-erstemal-auf-einem-fokker\/\" \/>\n<meta property=\"og:site_name\" content=\"Meet The Red Baron\" \/>\n<meta property=\"article:modified_time\" content=\"2025-11-26T14:06:50+00:00\" \/>\n<script type=\"application\/ld+json\" class=\"yoast-schema-graph\">{\"@context\":\"https:\/\/schema.org\",\"@graph\":[{\"@type\":\"WebPage\",\"@id\":\"https:\/\/www.meettheredbaron.com\/nl\/event\/das-erstemal-auf-einem-fokker\/\",\"url\":\"https:\/\/www.meettheredbaron.com\/nl\/event\/das-erstemal-auf-einem-fokker\/\",\"name\":\"De eerste keer op een Fokker - Meet The Red Baron\",\"isPartOf\":{\"@id\":\"https:\/\/www.meettheredbaron.com\/nl\/#website\"},\"datePublished\":\"2021-12-16T16:30:59+00:00\",\"dateModified\":\"2025-11-26T14:06:50+00:00\",\"breadcrumb\":{\"@id\":\"https:\/\/www.meettheredbaron.com\/nl\/event\/das-erstemal-auf-einem-fokker\/#breadcrumb\"},\"inLanguage\":\"nl-NL\",\"potentialAction\":[{\"@type\":\"ReadAction\",\"target\":[\"https:\/\/www.meettheredbaron.com\/nl\/event\/das-erstemal-auf-einem-fokker\/\"]}]},{\"@type\":\"BreadcrumbList\",\"@id\":\"https:\/\/www.meettheredbaron.com\/nl\/event\/das-erstemal-auf-einem-fokker\/#breadcrumb\",\"itemListElement\":[{\"@type\":\"ListItem\",\"position\":1,\"name\":\"Home\",\"item\":\"https:\/\/www.meettheredbaron.com\/nl\/\"},{\"@type\":\"ListItem\",\"position\":2,\"name\":\"Events\",\"item\":\"https:\/\/www.meettheredbaron.com\/nl\/event\/\"},{\"@type\":\"ListItem\",\"position\":3,\"name\":\"De eerste keer op een Fokker\"}]},{\"@type\":\"WebSite\",\"@id\":\"https:\/\/www.meettheredbaron.com\/nl\/#website\",\"url\":\"https:\/\/www.meettheredbaron.com\/nl\/\",\"name\":\"Meet The Red Baron\",\"description\":\"The life and death of Manfred von Richthofen.\",\"publisher\":{\"@id\":\"https:\/\/www.meettheredbaron.com\/nl\/#\/schema\/person\/fd320c77882d0d84e4b88ef15120767f\"},\"potentialAction\":[{\"@type\":\"SearchAction\",\"target\":{\"@type\":\"EntryPoint\",\"urlTemplate\":\"https:\/\/www.meettheredbaron.com\/nl\/?s={search_term_string}\"},\"query-input\":{\"@type\":\"PropertyValueSpecification\",\"valueRequired\":true,\"valueName\":\"search_term_string\"}}],\"inLanguage\":\"nl-NL\"},{\"@type\":[\"Person\",\"Organization\"],\"@id\":\"https:\/\/www.meettheredbaron.com\/nl\/#\/schema\/person\/fd320c77882d0d84e4b88ef15120767f\",\"name\":\"heinpoblome\",\"image\":{\"@type\":\"ImageObject\",\"inLanguage\":\"nl-NL\",\"@id\":\"https:\/\/www.meettheredbaron.com\/nl\/#\/schema\/person\/image\/\",\"url\":\"https:\/\/www.meettheredbaron.com\/wp-content\/uploads\/2021\/12\/266-scaled.jpg\",\"contentUrl\":\"https:\/\/www.meettheredbaron.com\/wp-content\/uploads\/2021\/12\/266-scaled.jpg\",\"width\":1850,\"height\":2560,\"caption\":\"heinpoblome\"},\"logo\":{\"@id\":\"https:\/\/www.meettheredbaron.com\/nl\/#\/schema\/person\/image\/\"},\"sameAs\":[\"http:\/\/www.meettheredbaron.com\"]}]}<\/script>\n<!-- \/ Yoast SEO plugin. -->","yoast_head_json":{"title":"De eerste keer op een Fokker - Meet The Red Baron","robots":{"index":"index","follow":"follow","max-snippet":"max-snippet:-1","max-image-preview":"max-image-preview:large","max-video-preview":"max-video-preview:-1"},"canonical":"https:\/\/www.meettheredbaron.com\/nl\/event\/das-erstemal-auf-einem-fokker\/","og_locale":"nl_NL","og_type":"article","og_title":"De eerste keer op een Fokker - Meet The Red Baron","og_description":"Das erstemal auf einem Fokker","og_url":"https:\/\/www.meettheredbaron.com\/nl\/event\/das-erstemal-auf-einem-fokker\/","og_site_name":"Meet The Red Baron","article_modified_time":"2025-11-26T14:06:50+00:00","schema":{"@context":"https:\/\/schema.org","@graph":[{"@type":"WebPage","@id":"https:\/\/www.meettheredbaron.com\/nl\/event\/das-erstemal-auf-einem-fokker\/","url":"https:\/\/www.meettheredbaron.com\/nl\/event\/das-erstemal-auf-einem-fokker\/","name":"De eerste keer op een Fokker - Meet The Red Baron","isPartOf":{"@id":"https:\/\/www.meettheredbaron.com\/nl\/#website"},"datePublished":"2021-12-16T16:30:59+00:00","dateModified":"2025-11-26T14:06:50+00:00","breadcrumb":{"@id":"https:\/\/www.meettheredbaron.com\/nl\/event\/das-erstemal-auf-einem-fokker\/#breadcrumb"},"inLanguage":"nl-NL","potentialAction":[{"@type":"ReadAction","target":["https:\/\/www.meettheredbaron.com\/nl\/event\/das-erstemal-auf-einem-fokker\/"]}]},{"@type":"BreadcrumbList","@id":"https:\/\/www.meettheredbaron.com\/nl\/event\/das-erstemal-auf-einem-fokker\/#breadcrumb","itemListElement":[{"@type":"ListItem","position":1,"name":"Home","item":"https:\/\/www.meettheredbaron.com\/nl\/"},{"@type":"ListItem","position":2,"name":"Events","item":"https:\/\/www.meettheredbaron.com\/nl\/event\/"},{"@type":"ListItem","position":3,"name":"De eerste keer op een Fokker"}]},{"@type":"WebSite","@id":"https:\/\/www.meettheredbaron.com\/nl\/#website","url":"https:\/\/www.meettheredbaron.com\/nl\/","name":"Meet The Red Baron","description":"The life and death of Manfred von Richthofen.","publisher":{"@id":"https:\/\/www.meettheredbaron.com\/nl\/#\/schema\/person\/fd320c77882d0d84e4b88ef15120767f"},"potentialAction":[{"@type":"SearchAction","target":{"@type":"EntryPoint","urlTemplate":"https:\/\/www.meettheredbaron.com\/nl\/?s={search_term_string}"},"query-input":{"@type":"PropertyValueSpecification","valueRequired":true,"valueName":"search_term_string"}}],"inLanguage":"nl-NL"},{"@type":["Person","Organization"],"@id":"https:\/\/www.meettheredbaron.com\/nl\/#\/schema\/person\/fd320c77882d0d84e4b88ef15120767f","name":"heinpoblome","image":{"@type":"ImageObject","inLanguage":"nl-NL","@id":"https:\/\/www.meettheredbaron.com\/nl\/#\/schema\/person\/image\/","url":"https:\/\/www.meettheredbaron.com\/wp-content\/uploads\/2021\/12\/266-scaled.jpg","contentUrl":"https:\/\/www.meettheredbaron.com\/wp-content\/uploads\/2021\/12\/266-scaled.jpg","width":1850,"height":2560,"caption":"heinpoblome"},"logo":{"@id":"https:\/\/www.meettheredbaron.com\/nl\/#\/schema\/person\/image\/"},"sameAs":["http:\/\/www.meettheredbaron.com"]}]}},"toolset-meta":{"field-group-for-events-2":[],"field-group-for-events":{"date":{"type":"date","raw":"-1693353600","formatted":"05\/05\/1916 00:00"},"date-as-a-string":{"type":"textfield","raw":"05\/05\/1916"},"date-description":{"type":"textfield","raw":"Summer 1916"},"geolocation":{"type":"google_address","raw":"{49.334370535425094,5.828035259243798}"},"location-description":{"type":"textfield","raw":"Flughafen Mont"},"town-name":{"type":"textfield","raw":"Mont"},"historical-town-name":{"type":"textfield","raw":""},"event-id":{"type":"numeric","raw":"123"},"event-short":{"type":"textfield","raw":"De eerste keer op een Fokker"},"event-description":{"type":"wysiwyg","raw":"\"De eerste keer op een Fokker Vanaf het begin van mijn carri\u00e8re als piloot had ik maar \u00e9\u00e9n ambitie en dat was om in een eenpersoons jachtvliegtuig te mogen vliegen. Na veel wikken en wegen met mijn commandant kreeg ik toestemming om in een Fokker te vliegen. De motor die uit zichzelf ronddraaide was iets compleet nieuws voor mij. Alleen in zo'n klein vliegtuigje zitten was me ook vreemd. Ik bezat deze Fokker samen met een vriend die nu al lang dood is. Ik vloog er 's ochtends mee en hij 's middags. Ieder van ons was bang dat de ander het vliegtuig zou vernielen. Op de tweede dag vlogen we tegen de vijand. s Morgens was ik nog geen Fransman tegengekomen, maar 's middags was de ander aan de beurt. Hij kwam niet terug, geen nieuws, niets. Laat in de avond meldde de infanterie een luchtgevecht tussen een Nieuport en een Duitse Fokker, waarna de Duitser blijkbaar aan de andere kant van de Toten Mann landde. Het kon alleen Reimann zijn, want alle anderen waren teruggekeerd. We hadden medelijden met onze stoutmoedige kameraad, toen we 's nachts plotseling een telefonisch bericht kregen dat er plotseling een Duitse luchtmachtofficier was verschenen in het voorste [80]sappeurhoofd van de infanteriestelling op de Toten Mann. Het bleek Reimann te zijn. Zijn motor was kapotgeschoten waardoor hij genoodzaakt was een noodlanding te maken. Hij had onze linies niet kunnen bereiken en was tussen de vijand en ons geland. Hij stak zijn vliegtuig snel in brand en verstopte zich een paar honderd meter verderop in een explosieve trechter. Tijdens de nacht verscheen hij dan als een sluippatrouille in onze loopgraven. Dit was de eerste keer dat onze voorraadcompagnie eindigde: \u201cDe Fokker\u201d. * Na een paar weken kregen we een tweede. Deze keer voelde ik me verplicht om het goede ding het hiernamaals in te vliegen. Het was misschien mijn derde vlucht met het kleine, snelle vliegtuig. De motor viel uit bij het opstijgen. Ik moest dalen, recht in een haverveld, en toen ik om me heen keek, was de trotse, mooie machine niet meer dan een onherkenbare massa geworden. Wonder boven wonder was er niets met mij gebeurd.\""},"event-type-id":{"type":"numeric","raw":"2"},"source-id":{"type":"numeric","raw":"4"},"source-long-in-event":{"type":"textfield","raw":"Der rote Kampfflieger von Rittmeister Manfred Freiherrn von Richthofen, 1917, 351.000 - 400.000, Verlag Ullstein & Co, Berlin-Wien"},"pagenumber":{"type":"textfield","raw":"79"},"airplane-id":{"type":"textfield","raw":""},"combat-id":{"type":"textfield","raw":""},"event-type":{"type":"select","raw":"2"},"source-language":{"type":"select","raw":"2"},"picture":{"type":"image","raw":["https:\/\/www.meettheredbaron.com\/wp-content\/uploads\/2022\/09\/AP142-1.jpg","https:\/\/www.meettheredbaron.com\/wp-content\/uploads\/2022\/09\/AP170.jpg","https:\/\/www.meettheredbaron.com\/wp-content\/uploads\/2025\/09\/AP259.jpg","https:\/\/www.meettheredbaron.com\/wp-content\/uploads\/2025\/09\/AP258.jpg","https:\/\/www.meettheredbaron.com\/wp-content\/uploads\/2025\/09\/AP257.jpg","https:\/\/www.meettheredbaron.com\/wp-content\/uploads\/2022\/09\/AP143.jpg","https:\/\/www.meettheredbaron.com\/wp-content\/uploads\/2022\/09\/AP171.jpg"],"repeatable":[{"raw":"https:\/\/www.meettheredbaron.com\/wp-content\/uploads\/2022\/09\/AP142-1.jpg"},{"raw":"https:\/\/www.meettheredbaron.com\/wp-content\/uploads\/2022\/09\/AP170.jpg","attachment_id":9628},{"raw":"https:\/\/www.meettheredbaron.com\/wp-content\/uploads\/2025\/09\/AP259.jpg","attachment_id":17545},{"raw":"https:\/\/www.meettheredbaron.com\/wp-content\/uploads\/2025\/09\/AP258.jpg","attachment_id":17541},{"raw":"https:\/\/www.meettheredbaron.com\/wp-content\/uploads\/2025\/09\/AP257.jpg","attachment_id":17537},{"raw":"https:\/\/www.meettheredbaron.com\/wp-content\/uploads\/2022\/09\/AP143.jpg","attachment_id":9637},{"raw":"https:\/\/www.meettheredbaron.com\/wp-content\/uploads\/2022\/09\/AP171.jpg","attachment_id":9631}]}}},"_links":{"self":[{"href":"https:\/\/www.meettheredbaron.com\/nl\/wp-json\/wp\/v2\/event\/13994","targetHints":{"allow":["GET"]}}],"collection":[{"href":"https:\/\/www.meettheredbaron.com\/nl\/wp-json\/wp\/v2\/event"}],"about":[{"href":"https:\/\/www.meettheredbaron.com\/nl\/wp-json\/wp\/v2\/types\/event"}],"replies":[{"embeddable":true,"href":"https:\/\/www.meettheredbaron.com\/nl\/wp-json\/wp\/v2\/comments?post=13994"}],"wp:attachment":[{"href":"https:\/\/www.meettheredbaron.com\/nl\/wp-json\/wp\/v2\/media?parent=13994"}],"wp:term":[{"taxonomy":"event-type","embeddable":true,"href":"https:\/\/www.meettheredbaron.com\/nl\/wp-json\/wp\/v2\/event-type?post=13994"},{"taxonomy":"source-language","embeddable":true,"href":"https:\/\/www.meettheredbaron.com\/nl\/wp-json\/wp\/v2\/source-language?post=13994"},{"taxonomy":"source-id-tax","embeddable":true,"href":"https:\/\/www.meettheredbaron.com\/nl\/wp-json\/wp\/v2\/source-id-tax?post=13994"}],"curies":[{"name":"wp","href":"https:\/\/api.w.org\/{rel}","templated":true}]}}