{"id":17705,"date":"2025-10-21T14:05:34","date_gmt":"2025-10-21T13:05:34","guid":{"rendered":"https:\/\/www.meettheredbaron.com\/?post_type=event&#038;p=17705"},"modified":"2025-10-21T14:15:01","modified_gmt":"2025-10-21T13:15:01","slug":"deilmann-decrit-mvr","status":"publish","type":"event","link":"https:\/\/www.meettheredbaron.com\/fr\/event\/deilmann-decrit-mvr\/","title":{"rendered":"Deilmann d\u00e9crit MvR"},"content":{"rendered":"\n<p>Carl Deilmann, pilote ayant vol\u00e9 avec la Jasta 6 au printemps et \u00e0 l&rsquo;\u00e9t\u00e9 1917, \u00e9crivit ce qui suit au Dr Heinz Penzlin du journal \u00ab Die Welt \u00bb le 3 mai 1978, copie collection Bruno Schm\u00e4ling : \u00ab J&rsquo;ai \u00e9t\u00e9 membre de la Jagdstaffel 6, rattach\u00e9e \u00e0 la Jagdgeschwader 1, pendant environ un an. Je suis parti en permission en juillet\/ao\u00fbt 1917. Avant mon d\u00e9part, j&rsquo;ai remis trois victoires incontestables, accompagn\u00e9es des documents habituels (que je conserve encore aujourd&rsquo;hui), au bureau de mon Staffel afin qu&rsquo;elles soient transmises au Geschwader. \u00c0 mon retour, ces victoires avaient \u00e9t\u00e9 attribu\u00e9es \u00e0 d&rsquo;autres. J&rsquo;ai donc pris les documents correspondants sous le bras et je me suis pr\u00e9sent\u00e9 au commandant. J&rsquo;ai retranscrit la conversation mot pour mot et je m&rsquo;en souviens encore. J&rsquo;ai parl\u00e9 au Rittmeister von Richthofen et lui ai demand\u00e9 de revoir les d\u00e9cisions concernant l&rsquo;attribution des victoires. Sans m\u00eame regarder mon rapport, il m&rsquo;a r\u00e9pondu s\u00e8chement : \u00ab Comment osez-vous remettre en question ma d\u00e9cision ! \u00bb. Je lui ai r\u00e9pondu : \u00ab Herr Rittmeister, je ne remets pas en cause votre d\u00e9cision et je suis ici pour vous apporter des documents \u00e0 examiner. \u00bb Sa r\u00e9action a \u00e9t\u00e9 : \u00ab Peut-\u00eatre n&rsquo;avez-vous jamais re\u00e7u une \u00e9ducation convenable ? \u00bb J&rsquo;ai rapidement salu\u00e9 et fait demi-tour. \u00bb<\/p>\n","protected":false},"comment_status":"open","ping_status":"closed","template":"","event-type":[248],"source-language":[226],"source-id-tax":[529],"class_list":["post-17705","event","type-event","status-publish","hentry","event-type-testimonial-fr","source-language-anglais","source-id-tax-royal-prussian-jagdstaffel-11-fr","entry","no-media"],"yoast_head":"<!-- This site is optimized with the Yoast SEO plugin v26.7 - https:\/\/yoast.com\/wordpress\/plugins\/seo\/ -->\n<title>Deilmann d\u00e9crit MvR - Meet The Red Baron<\/title>\n<meta name=\"robots\" content=\"index, follow, max-snippet:-1, max-image-preview:large, max-video-preview:-1\" \/>\n<link rel=\"canonical\" href=\"https:\/\/www.meettheredbaron.com\/fr\/event\/deilmann-decrit-mvr\/\" \/>\n<meta property=\"og:locale\" content=\"fr_FR\" \/>\n<meta property=\"og:type\" content=\"article\" \/>\n<meta property=\"og:title\" content=\"Deilmann d\u00e9crit MvR - Meet The Red Baron\" \/>\n<meta property=\"og:description\" content=\"Carl Deilmann, pilote ayant vol\u00e9 avec la Jasta 6 au printemps et \u00e0 l&rsquo;\u00e9t\u00e9 1917, \u00e9crivit ce qui suit au Dr Heinz Penzlin du journal \u00ab Die Welt \u00bb le 3 mai 1978, copie collection Bruno Schm\u00e4ling : \u00ab J&rsquo;ai \u00e9t\u00e9 membre de la Jagdstaffel 6, rattach\u00e9e \u00e0 la Jagdgeschwader 1, pendant environ un an.&hellip;\" \/>\n<meta property=\"og:url\" content=\"https:\/\/www.meettheredbaron.com\/fr\/event\/deilmann-decrit-mvr\/\" \/>\n<meta property=\"og:site_name\" content=\"Meet The Red Baron\" \/>\n<meta property=\"article:modified_time\" content=\"2025-10-21T13:15:01+00:00\" \/>\n<script type=\"application\/ld+json\" class=\"yoast-schema-graph\">{\"@context\":\"https:\/\/schema.org\",\"@graph\":[{\"@type\":\"WebPage\",\"@id\":\"https:\/\/www.meettheredbaron.com\/fr\/event\/deilmann-decrit-mvr\/\",\"url\":\"https:\/\/www.meettheredbaron.com\/fr\/event\/deilmann-decrit-mvr\/\",\"name\":\"Deilmann d\u00e9crit MvR - Meet The Red Baron\",\"isPartOf\":{\"@id\":\"https:\/\/www.meettheredbaron.com\/fr\/#website\"},\"datePublished\":\"2025-10-21T13:05:34+00:00\",\"dateModified\":\"2025-10-21T13:15:01+00:00\",\"breadcrumb\":{\"@id\":\"https:\/\/www.meettheredbaron.com\/fr\/event\/deilmann-decrit-mvr\/#breadcrumb\"},\"inLanguage\":\"fr-FR\",\"potentialAction\":[{\"@type\":\"ReadAction\",\"target\":[\"https:\/\/www.meettheredbaron.com\/fr\/event\/deilmann-decrit-mvr\/\"]}]},{\"@type\":\"BreadcrumbList\",\"@id\":\"https:\/\/www.meettheredbaron.com\/fr\/event\/deilmann-decrit-mvr\/#breadcrumb\",\"itemListElement\":[{\"@type\":\"ListItem\",\"position\":1,\"name\":\"Home\",\"item\":\"https:\/\/www.meettheredbaron.com\/fr\/\"},{\"@type\":\"ListItem\",\"position\":2,\"name\":\"Events\",\"item\":\"https:\/\/www.meettheredbaron.com\/fr\/event\/\"},{\"@type\":\"ListItem\",\"position\":3,\"name\":\"Deilmann d\u00e9crit MvR\"}]},{\"@type\":\"WebSite\",\"@id\":\"https:\/\/www.meettheredbaron.com\/fr\/#website\",\"url\":\"https:\/\/www.meettheredbaron.com\/fr\/\",\"name\":\"Meet The Red Baron\",\"description\":\"The life and death of Manfred von Richthofen.\",\"publisher\":{\"@id\":\"https:\/\/www.meettheredbaron.com\/fr\/#\/schema\/person\/fd320c77882d0d84e4b88ef15120767f\"},\"potentialAction\":[{\"@type\":\"SearchAction\",\"target\":{\"@type\":\"EntryPoint\",\"urlTemplate\":\"https:\/\/www.meettheredbaron.com\/fr\/?s={search_term_string}\"},\"query-input\":{\"@type\":\"PropertyValueSpecification\",\"valueRequired\":true,\"valueName\":\"search_term_string\"}}],\"inLanguage\":\"fr-FR\"},{\"@type\":[\"Person\",\"Organization\"],\"@id\":\"https:\/\/www.meettheredbaron.com\/fr\/#\/schema\/person\/fd320c77882d0d84e4b88ef15120767f\",\"name\":\"heinpoblome\",\"image\":{\"@type\":\"ImageObject\",\"inLanguage\":\"fr-FR\",\"@id\":\"https:\/\/www.meettheredbaron.com\/fr\/#\/schema\/person\/image\/\",\"url\":\"https:\/\/www.meettheredbaron.com\/wp-content\/uploads\/2021\/12\/266-scaled.jpg\",\"contentUrl\":\"https:\/\/www.meettheredbaron.com\/wp-content\/uploads\/2021\/12\/266-scaled.jpg\",\"width\":1850,\"height\":2560,\"caption\":\"heinpoblome\"},\"logo\":{\"@id\":\"https:\/\/www.meettheredbaron.com\/fr\/#\/schema\/person\/image\/\"},\"sameAs\":[\"http:\/\/www.meettheredbaron.com\"]}]}<\/script>\n<!-- \/ Yoast SEO plugin. -->","yoast_head_json":{"title":"Deilmann d\u00e9crit MvR - Meet The Red Baron","robots":{"index":"index","follow":"follow","max-snippet":"max-snippet:-1","max-image-preview":"max-image-preview:large","max-video-preview":"max-video-preview:-1"},"canonical":"https:\/\/www.meettheredbaron.com\/fr\/event\/deilmann-decrit-mvr\/","og_locale":"fr_FR","og_type":"article","og_title":"Deilmann d\u00e9crit MvR - Meet The Red Baron","og_description":"Carl Deilmann, pilote ayant vol\u00e9 avec la Jasta 6 au printemps et \u00e0 l&rsquo;\u00e9t\u00e9 1917, \u00e9crivit ce qui suit au Dr Heinz Penzlin du journal \u00ab Die Welt \u00bb le 3 mai 1978, copie collection Bruno Schm\u00e4ling : \u00ab J&rsquo;ai \u00e9t\u00e9 membre de la Jagdstaffel 6, rattach\u00e9e \u00e0 la Jagdgeschwader 1, pendant environ un an.&hellip;","og_url":"https:\/\/www.meettheredbaron.com\/fr\/event\/deilmann-decrit-mvr\/","og_site_name":"Meet The Red Baron","article_modified_time":"2025-10-21T13:15:01+00:00","schema":{"@context":"https:\/\/schema.org","@graph":[{"@type":"WebPage","@id":"https:\/\/www.meettheredbaron.com\/fr\/event\/deilmann-decrit-mvr\/","url":"https:\/\/www.meettheredbaron.com\/fr\/event\/deilmann-decrit-mvr\/","name":"Deilmann d\u00e9crit MvR - Meet The Red Baron","isPartOf":{"@id":"https:\/\/www.meettheredbaron.com\/fr\/#website"},"datePublished":"2025-10-21T13:05:34+00:00","dateModified":"2025-10-21T13:15:01+00:00","breadcrumb":{"@id":"https:\/\/www.meettheredbaron.com\/fr\/event\/deilmann-decrit-mvr\/#breadcrumb"},"inLanguage":"fr-FR","potentialAction":[{"@type":"ReadAction","target":["https:\/\/www.meettheredbaron.com\/fr\/event\/deilmann-decrit-mvr\/"]}]},{"@type":"BreadcrumbList","@id":"https:\/\/www.meettheredbaron.com\/fr\/event\/deilmann-decrit-mvr\/#breadcrumb","itemListElement":[{"@type":"ListItem","position":1,"name":"Home","item":"https:\/\/www.meettheredbaron.com\/fr\/"},{"@type":"ListItem","position":2,"name":"Events","item":"https:\/\/www.meettheredbaron.com\/fr\/event\/"},{"@type":"ListItem","position":3,"name":"Deilmann d\u00e9crit MvR"}]},{"@type":"WebSite","@id":"https:\/\/www.meettheredbaron.com\/fr\/#website","url":"https:\/\/www.meettheredbaron.com\/fr\/","name":"Meet The Red Baron","description":"The life and death of Manfred von Richthofen.","publisher":{"@id":"https:\/\/www.meettheredbaron.com\/fr\/#\/schema\/person\/fd320c77882d0d84e4b88ef15120767f"},"potentialAction":[{"@type":"SearchAction","target":{"@type":"EntryPoint","urlTemplate":"https:\/\/www.meettheredbaron.com\/fr\/?s={search_term_string}"},"query-input":{"@type":"PropertyValueSpecification","valueRequired":true,"valueName":"search_term_string"}}],"inLanguage":"fr-FR"},{"@type":["Person","Organization"],"@id":"https:\/\/www.meettheredbaron.com\/fr\/#\/schema\/person\/fd320c77882d0d84e4b88ef15120767f","name":"heinpoblome","image":{"@type":"ImageObject","inLanguage":"fr-FR","@id":"https:\/\/www.meettheredbaron.com\/fr\/#\/schema\/person\/image\/","url":"https:\/\/www.meettheredbaron.com\/wp-content\/uploads\/2021\/12\/266-scaled.jpg","contentUrl":"https:\/\/www.meettheredbaron.com\/wp-content\/uploads\/2021\/12\/266-scaled.jpg","width":1850,"height":2560,"caption":"heinpoblome"},"logo":{"@id":"https:\/\/www.meettheredbaron.com\/fr\/#\/schema\/person\/image\/"},"sameAs":["http:\/\/www.meettheredbaron.com"]}]}},"toolset-meta":{"field-group-for-events-2":[],"field-group-for-events":{"date":{"type":"date","raw":"-1652572800","formatted":"08\/20\/1917 00:00"},"date-as-a-string":{"type":"textfield","raw":"08\/20\/1917"},"date-description":{"type":"textfield","raw":"Exact date?"},"geolocation":{"type":"google_address","raw":"Markebekestraat 96, 8510 Kortrijk, Belgium"},"location-description":{"type":"textfield","raw":"Markebeke"},"town-name":{"type":"textfield","raw":"Marke"},"historical-town-name":{"type":"textfield","raw":""},"event-id":{"type":"numeric","raw":"808"},"event-short":{"type":"textfield","raw":"Deilmann d\u00e9crit MvR"},"event-description":{"type":"wysiwyg","raw":"Carl Deilmann, pilote ayant vol\u00e9 avec la Jasta 6 au printemps et \u00e0 l'\u00e9t\u00e9 1917, \u00e9crivit ce qui suit au Dr Heinz Penzlin du journal \u00ab Die Welt \u00bb le 3 mai 1978, copie collection Bruno Schm\u00e4ling : \u00ab J'ai \u00e9t\u00e9 membre de la Jagdstaffel 6, rattach\u00e9e \u00e0 la Jagdgeschwader 1, pendant environ un an. Je suis parti en permission en juillet\/ao\u00fbt 1917. Avant mon d\u00e9part, j'ai remis trois victoires incontestables, accompagn\u00e9es des documents habituels (que je conserve encore aujourd'hui), au bureau de mon Staffel afin qu'elles soient transmises au Geschwader. \u00c0 mon retour, ces victoires avaient \u00e9t\u00e9 attribu\u00e9es \u00e0 d'autres. J'ai donc pris les documents correspondants sous le bras et je me suis pr\u00e9sent\u00e9 au commandant. J'ai retranscrit la conversation mot pour mot et je m'en souviens encore. J'ai parl\u00e9 au Rittmeister von Richthofen et lui ai demand\u00e9 de revoir les d\u00e9cisions concernant l'attribution des victoires. Sans m\u00eame regarder mon rapport, il m'a r\u00e9pondu s\u00e8chement : \u00ab Comment osez-vous remettre en question ma d\u00e9cision ! \u00bb. Je lui ai r\u00e9pondu : \u00ab Herr Rittmeister, je ne remets pas en cause votre d\u00e9cision et je suis ici pour vous apporter des documents \u00e0 examiner. \u00bb Sa r\u00e9action a \u00e9t\u00e9 : \u00ab Peut-\u00eatre n'avez-vous jamais re\u00e7u une \u00e9ducation convenable ? \u00bb J'ai rapidement salu\u00e9 et fait demi-tour. \u00bb"},"event-type-id":{"type":"numeric","raw":"6"},"source-id":{"type":"numeric","raw":"71"},"source-long-in-event":{"type":"textfield","raw":"Royal Prussian Jagdstaffel 11 - Volume 1 - Bruno Schm\u00e4ling - 2024 Aeronaut Books"},"pagenumber":{"type":"textfield","raw":"80"},"airplane-id":{"type":"textfield","raw":""},"combat-id":{"type":"textfield","raw":""},"event-type":{"type":"select","raw":"6"},"source-language":{"type":"select","raw":"1"},"picture":{"type":"image","raw":["https:\/\/www.meettheredbaron.com\/wp-content\/uploads\/2025\/10\/591.jpg"],"repeatable":[{"raw":"https:\/\/www.meettheredbaron.com\/wp-content\/uploads\/2025\/10\/591.jpg","attachment_id":17710}]}}},"_links":{"self":[{"href":"https:\/\/www.meettheredbaron.com\/fr\/wp-json\/wp\/v2\/event\/17705","targetHints":{"allow":["GET"]}}],"collection":[{"href":"https:\/\/www.meettheredbaron.com\/fr\/wp-json\/wp\/v2\/event"}],"about":[{"href":"https:\/\/www.meettheredbaron.com\/fr\/wp-json\/wp\/v2\/types\/event"}],"replies":[{"embeddable":true,"href":"https:\/\/www.meettheredbaron.com\/fr\/wp-json\/wp\/v2\/comments?post=17705"}],"wp:attachment":[{"href":"https:\/\/www.meettheredbaron.com\/fr\/wp-json\/wp\/v2\/media?parent=17705"}],"wp:term":[{"taxonomy":"event-type","embeddable":true,"href":"https:\/\/www.meettheredbaron.com\/fr\/wp-json\/wp\/v2\/event-type?post=17705"},{"taxonomy":"source-language","embeddable":true,"href":"https:\/\/www.meettheredbaron.com\/fr\/wp-json\/wp\/v2\/source-language?post=17705"},{"taxonomy":"source-id-tax","embeddable":true,"href":"https:\/\/www.meettheredbaron.com\/fr\/wp-json\/wp\/v2\/source-id-tax?post=17705"}],"curies":[{"name":"wp","href":"https:\/\/api.w.org\/{rel}","templated":true}]}}