{"id":17693,"date":"2025-10-21T11:19:17","date_gmt":"2025-10-21T10:19:17","guid":{"rendered":"https:\/\/www.meettheredbaron.com\/?post_type=event&#038;p=17693"},"modified":"2025-10-21T11:33:48","modified_gmt":"2025-10-21T10:33:48","slug":"heldmann-decrit-mvr","status":"publish","type":"event","link":"https:\/\/www.meettheredbaron.com\/fr\/event\/heldmann-decrit-mvr\/","title":{"rendered":"Heldmann d\u00e9crit MvR"},"content":{"rendered":"\n<p>Alois Heldmann, qui a vol\u00e9 avec la Jasta 10 de novembre 1916 jusqu&rsquo;\u00e0 la fin de la guerre, a confirm\u00e9 la relation entre MvR et les sous-officiers lors d&rsquo;une conversation avec Bruno Schm\u00e4ling en 1975 : \u00ab Je n&rsquo;\u00e9tais bien s\u00fbr pas aussi proche de Richthofen que les autres, car je faisais partie de la Jasta 10. Mais ce qui m&rsquo;a toujours impressionn\u00e9, c&rsquo;\u00e9tait son charisme et sa capacit\u00e9 \u00e0 diriger les gens. Sa simple pr\u00e9sence inspirait s\u00e9curit\u00e9 et confiance. Il traitait tous les pilotes de la m\u00eame mani\u00e8re, qu&rsquo;ils soient officiers ou sous-officiers. Ses instructions et ses ordres \u00e9taient clairs et intelligibles. Il r\u00e9unissait toujours les chefs des quatre escadrilles pour discuter des missions avec eux et \u00e9couter leurs opinions. Il entretenait une relation particuli\u00e8rement amicale avec Voss. Sa mort a d\u00fb le toucher profond\u00e9ment, mais il ne l&rsquo;a pas montr\u00e9. \u00bb<\/p>\n","protected":false},"comment_status":"open","ping_status":"closed","template":"","event-type":[248],"source-language":[226],"source-id-tax":[529],"class_list":["post-17693","event","type-event","status-publish","hentry","event-type-testimonial-fr","source-language-anglais","source-id-tax-royal-prussian-jagdstaffel-11-fr","entry","no-media"],"yoast_head":"<!-- This site is optimized with the Yoast SEO plugin v26.7 - https:\/\/yoast.com\/wordpress\/plugins\/seo\/ -->\n<title>Heldmann d\u00e9crit MvR - Meet The Red Baron<\/title>\n<meta name=\"robots\" content=\"index, follow, max-snippet:-1, max-image-preview:large, max-video-preview:-1\" \/>\n<link rel=\"canonical\" href=\"https:\/\/www.meettheredbaron.com\/fr\/event\/heldmann-decrit-mvr\/\" \/>\n<meta property=\"og:locale\" content=\"fr_FR\" \/>\n<meta property=\"og:type\" content=\"article\" \/>\n<meta property=\"og:title\" content=\"Heldmann d\u00e9crit MvR - Meet The Red Baron\" \/>\n<meta property=\"og:description\" content=\"Alois Heldmann, qui a vol\u00e9 avec la Jasta 10 de novembre 1916 jusqu&rsquo;\u00e0 la fin de la guerre, a confirm\u00e9 la relation entre MvR et les sous-officiers lors d&rsquo;une conversation avec Bruno Schm\u00e4ling en 1975 : \u00ab Je n&rsquo;\u00e9tais bien s\u00fbr pas aussi proche de Richthofen que les autres, car je faisais partie de la&hellip;\" \/>\n<meta property=\"og:url\" content=\"https:\/\/www.meettheredbaron.com\/fr\/event\/heldmann-decrit-mvr\/\" \/>\n<meta property=\"og:site_name\" content=\"Meet The Red Baron\" \/>\n<meta property=\"article:modified_time\" content=\"2025-10-21T10:33:48+00:00\" \/>\n<script type=\"application\/ld+json\" class=\"yoast-schema-graph\">{\"@context\":\"https:\/\/schema.org\",\"@graph\":[{\"@type\":\"WebPage\",\"@id\":\"https:\/\/www.meettheredbaron.com\/fr\/event\/heldmann-decrit-mvr\/\",\"url\":\"https:\/\/www.meettheredbaron.com\/fr\/event\/heldmann-decrit-mvr\/\",\"name\":\"Heldmann d\u00e9crit MvR - Meet The Red Baron\",\"isPartOf\":{\"@id\":\"https:\/\/www.meettheredbaron.com\/fr\/#website\"},\"datePublished\":\"2025-10-21T10:19:17+00:00\",\"dateModified\":\"2025-10-21T10:33:48+00:00\",\"breadcrumb\":{\"@id\":\"https:\/\/www.meettheredbaron.com\/fr\/event\/heldmann-decrit-mvr\/#breadcrumb\"},\"inLanguage\":\"fr-FR\",\"potentialAction\":[{\"@type\":\"ReadAction\",\"target\":[\"https:\/\/www.meettheredbaron.com\/fr\/event\/heldmann-decrit-mvr\/\"]}]},{\"@type\":\"BreadcrumbList\",\"@id\":\"https:\/\/www.meettheredbaron.com\/fr\/event\/heldmann-decrit-mvr\/#breadcrumb\",\"itemListElement\":[{\"@type\":\"ListItem\",\"position\":1,\"name\":\"Home\",\"item\":\"https:\/\/www.meettheredbaron.com\/fr\/\"},{\"@type\":\"ListItem\",\"position\":2,\"name\":\"Events\",\"item\":\"https:\/\/www.meettheredbaron.com\/fr\/event\/\"},{\"@type\":\"ListItem\",\"position\":3,\"name\":\"Heldmann d\u00e9crit MvR\"}]},{\"@type\":\"WebSite\",\"@id\":\"https:\/\/www.meettheredbaron.com\/fr\/#website\",\"url\":\"https:\/\/www.meettheredbaron.com\/fr\/\",\"name\":\"Meet The Red Baron\",\"description\":\"The life and death of Manfred von Richthofen.\",\"publisher\":{\"@id\":\"https:\/\/www.meettheredbaron.com\/fr\/#\/schema\/person\/fd320c77882d0d84e4b88ef15120767f\"},\"potentialAction\":[{\"@type\":\"SearchAction\",\"target\":{\"@type\":\"EntryPoint\",\"urlTemplate\":\"https:\/\/www.meettheredbaron.com\/fr\/?s={search_term_string}\"},\"query-input\":{\"@type\":\"PropertyValueSpecification\",\"valueRequired\":true,\"valueName\":\"search_term_string\"}}],\"inLanguage\":\"fr-FR\"},{\"@type\":[\"Person\",\"Organization\"],\"@id\":\"https:\/\/www.meettheredbaron.com\/fr\/#\/schema\/person\/fd320c77882d0d84e4b88ef15120767f\",\"name\":\"heinpoblome\",\"image\":{\"@type\":\"ImageObject\",\"inLanguage\":\"fr-FR\",\"@id\":\"https:\/\/www.meettheredbaron.com\/fr\/#\/schema\/person\/image\/\",\"url\":\"https:\/\/www.meettheredbaron.com\/wp-content\/uploads\/2021\/12\/266-scaled.jpg\",\"contentUrl\":\"https:\/\/www.meettheredbaron.com\/wp-content\/uploads\/2021\/12\/266-scaled.jpg\",\"width\":1850,\"height\":2560,\"caption\":\"heinpoblome\"},\"logo\":{\"@id\":\"https:\/\/www.meettheredbaron.com\/fr\/#\/schema\/person\/image\/\"},\"sameAs\":[\"http:\/\/www.meettheredbaron.com\"]}]}<\/script>\n<!-- \/ Yoast SEO plugin. -->","yoast_head_json":{"title":"Heldmann d\u00e9crit MvR - Meet The Red Baron","robots":{"index":"index","follow":"follow","max-snippet":"max-snippet:-1","max-image-preview":"max-image-preview:large","max-video-preview":"max-video-preview:-1"},"canonical":"https:\/\/www.meettheredbaron.com\/fr\/event\/heldmann-decrit-mvr\/","og_locale":"fr_FR","og_type":"article","og_title":"Heldmann d\u00e9crit MvR - Meet The Red Baron","og_description":"Alois Heldmann, qui a vol\u00e9 avec la Jasta 10 de novembre 1916 jusqu&rsquo;\u00e0 la fin de la guerre, a confirm\u00e9 la relation entre MvR et les sous-officiers lors d&rsquo;une conversation avec Bruno Schm\u00e4ling en 1975 : \u00ab Je n&rsquo;\u00e9tais bien s\u00fbr pas aussi proche de Richthofen que les autres, car je faisais partie de la&hellip;","og_url":"https:\/\/www.meettheredbaron.com\/fr\/event\/heldmann-decrit-mvr\/","og_site_name":"Meet The Red Baron","article_modified_time":"2025-10-21T10:33:48+00:00","schema":{"@context":"https:\/\/schema.org","@graph":[{"@type":"WebPage","@id":"https:\/\/www.meettheredbaron.com\/fr\/event\/heldmann-decrit-mvr\/","url":"https:\/\/www.meettheredbaron.com\/fr\/event\/heldmann-decrit-mvr\/","name":"Heldmann d\u00e9crit MvR - Meet The Red Baron","isPartOf":{"@id":"https:\/\/www.meettheredbaron.com\/fr\/#website"},"datePublished":"2025-10-21T10:19:17+00:00","dateModified":"2025-10-21T10:33:48+00:00","breadcrumb":{"@id":"https:\/\/www.meettheredbaron.com\/fr\/event\/heldmann-decrit-mvr\/#breadcrumb"},"inLanguage":"fr-FR","potentialAction":[{"@type":"ReadAction","target":["https:\/\/www.meettheredbaron.com\/fr\/event\/heldmann-decrit-mvr\/"]}]},{"@type":"BreadcrumbList","@id":"https:\/\/www.meettheredbaron.com\/fr\/event\/heldmann-decrit-mvr\/#breadcrumb","itemListElement":[{"@type":"ListItem","position":1,"name":"Home","item":"https:\/\/www.meettheredbaron.com\/fr\/"},{"@type":"ListItem","position":2,"name":"Events","item":"https:\/\/www.meettheredbaron.com\/fr\/event\/"},{"@type":"ListItem","position":3,"name":"Heldmann d\u00e9crit MvR"}]},{"@type":"WebSite","@id":"https:\/\/www.meettheredbaron.com\/fr\/#website","url":"https:\/\/www.meettheredbaron.com\/fr\/","name":"Meet The Red Baron","description":"The life and death of Manfred von Richthofen.","publisher":{"@id":"https:\/\/www.meettheredbaron.com\/fr\/#\/schema\/person\/fd320c77882d0d84e4b88ef15120767f"},"potentialAction":[{"@type":"SearchAction","target":{"@type":"EntryPoint","urlTemplate":"https:\/\/www.meettheredbaron.com\/fr\/?s={search_term_string}"},"query-input":{"@type":"PropertyValueSpecification","valueRequired":true,"valueName":"search_term_string"}}],"inLanguage":"fr-FR"},{"@type":["Person","Organization"],"@id":"https:\/\/www.meettheredbaron.com\/fr\/#\/schema\/person\/fd320c77882d0d84e4b88ef15120767f","name":"heinpoblome","image":{"@type":"ImageObject","inLanguage":"fr-FR","@id":"https:\/\/www.meettheredbaron.com\/fr\/#\/schema\/person\/image\/","url":"https:\/\/www.meettheredbaron.com\/wp-content\/uploads\/2021\/12\/266-scaled.jpg","contentUrl":"https:\/\/www.meettheredbaron.com\/wp-content\/uploads\/2021\/12\/266-scaled.jpg","width":1850,"height":2560,"caption":"heinpoblome"},"logo":{"@id":"https:\/\/www.meettheredbaron.com\/fr\/#\/schema\/person\/image\/"},"sameAs":["http:\/\/www.meettheredbaron.com"]}]}},"toolset-meta":{"field-group-for-events-2":[],"field-group-for-events":{"date":{"type":"date","raw":"-1649462400","formatted":"09\/25\/1917 00:00"},"date-as-a-string":{"type":"textfield","raw":"09\/25\/1917"},"date-description":{"type":"textfield","raw":"Exact date?"},"geolocation":{"type":"google_address","raw":"W\u0142adys\u0142awa Sikorskiego 19, 58-105 \u015awidnica, Poland"},"location-description":{"type":"textfield","raw":"W\u0142adys\u0142awa Sikorskiego 19, 58-105 \u015awidnica, Polen"},"town-name":{"type":"textfield","raw":"Swidnica"},"historical-town-name":{"type":"textfield","raw":"Schweidnitz"},"event-id":{"type":"numeric","raw":"807"},"event-short":{"type":"textfield","raw":"Heldmann d\u00e9crit MvR"},"event-description":{"type":"wysiwyg","raw":"Alois Heldmann, qui a vol\u00e9 avec la Jasta 10 de novembre 1916 jusqu'\u00e0 la fin de la guerre, a confirm\u00e9 la relation entre MvR et les sous-officiers lors d'une conversation avec Bruno Schm\u00e4ling en 1975 : \u00ab Je n'\u00e9tais bien s\u00fbr pas aussi proche de Richthofen que les autres, car je faisais partie de la Jasta 10. Mais ce qui m'a toujours impressionn\u00e9, c'\u00e9tait son charisme et sa capacit\u00e9 \u00e0 diriger les gens. Sa simple pr\u00e9sence inspirait s\u00e9curit\u00e9 et confiance. Il traitait tous les pilotes de la m\u00eame mani\u00e8re, qu'ils soient officiers ou sous-officiers. Ses instructions et ses ordres \u00e9taient clairs et intelligibles. Il r\u00e9unissait toujours les chefs des quatre escadrilles pour discuter des missions avec eux et \u00e9couter leurs opinions. Il entretenait une relation particuli\u00e8rement amicale avec Voss. Sa mort a d\u00fb le toucher profond\u00e9ment, mais il ne l'a pas montr\u00e9. \u00bb"},"event-type-id":{"type":"numeric","raw":"6"},"source-id":{"type":"numeric","raw":"71"},"source-long-in-event":{"type":"textfield","raw":"Royal Prussian Jagdstaffel 11 - Volume 1 - Bruno Schm\u00e4ling - 2024 Aeronaut Books"},"pagenumber":{"type":"textfield","raw":"79"},"airplane-id":{"type":"textfield","raw":""},"combat-id":{"type":"textfield","raw":""},"event-type":{"type":"select","raw":"6"},"source-language":{"type":"select","raw":"1"},"picture":{"type":"image","raw":["https:\/\/www.meettheredbaron.com\/wp-content\/uploads\/2025\/10\/590.jpg"],"repeatable":[{"raw":"https:\/\/www.meettheredbaron.com\/wp-content\/uploads\/2025\/10\/590.jpg","attachment_id":17698}]}}},"_links":{"self":[{"href":"https:\/\/www.meettheredbaron.com\/fr\/wp-json\/wp\/v2\/event\/17693","targetHints":{"allow":["GET"]}}],"collection":[{"href":"https:\/\/www.meettheredbaron.com\/fr\/wp-json\/wp\/v2\/event"}],"about":[{"href":"https:\/\/www.meettheredbaron.com\/fr\/wp-json\/wp\/v2\/types\/event"}],"replies":[{"embeddable":true,"href":"https:\/\/www.meettheredbaron.com\/fr\/wp-json\/wp\/v2\/comments?post=17693"}],"wp:attachment":[{"href":"https:\/\/www.meettheredbaron.com\/fr\/wp-json\/wp\/v2\/media?parent=17693"}],"wp:term":[{"taxonomy":"event-type","embeddable":true,"href":"https:\/\/www.meettheredbaron.com\/fr\/wp-json\/wp\/v2\/event-type?post=17693"},{"taxonomy":"source-language","embeddable":true,"href":"https:\/\/www.meettheredbaron.com\/fr\/wp-json\/wp\/v2\/source-language?post=17693"},{"taxonomy":"source-id-tax","embeddable":true,"href":"https:\/\/www.meettheredbaron.com\/fr\/wp-json\/wp\/v2\/source-id-tax?post=17693"}],"curies":[{"name":"wp","href":"https:\/\/api.w.org\/{rel}","templated":true}]}}