{"id":13482,"date":"2021-12-16T17:31:05","date_gmt":"2021-12-16T16:31:05","guid":{"rendered":"https:\/\/www.meettheredbaron.com\/event\/lothar-erzahlt-uber-mvr\/"},"modified":"2025-04-09T11:25:17","modified_gmt":"2025-04-09T10:25:17","slug":"lothar-erzahlt-uber-mvr","status":"publish","type":"event","link":"https:\/\/www.meettheredbaron.com\/fr\/event\/lothar-erzahlt-uber-mvr\/","title":{"rendered":"Lothar parle de MvR"},"content":{"rendered":"<p>\u00ab\u00a0Le 25, Lother est arriv\u00e9, tout \u00e0 fait par surprise. &#8230;Nous nous perdons dans les souvenirs du pass\u00e9, et tout est \u00e0 nouveau amical et lumineux. Une fois, Manfred a tu\u00e9 cinq canards qui nageaient sur la Weistritz, dans un esprit de chasse aveugle. Mais ce n&rsquo;\u00e9taient que des canards apprivois\u00e9s. Mais il n&rsquo;y a pas eu de punition, car il a tout de suite dit la v\u00e9rit\u00e9. Et une autre fois, alors que nous nous promenions dans la for\u00eat, Manfred se trouva soudain sur une passerelle qui traversait une eau noire. Il dit \u00e0 Lothar, comme si c&rsquo;\u00e9tait naturel : \u00ab Fais attention \u00e0 toi, je vais tomber dans l&rsquo;eau \u00bb. Imm\u00e9diatement apr\u00e8s, il disparut dans les flots vraiment noirs de jais. \u00ab C&rsquo;\u00e9tait une belle frayeur, tu te souviens ? \u00bb Lothar s&rsquo;en souvient, il rit \u00e0 tel point que le point d&rsquo;incandescence de sa cigarette se met \u00e0 danser ; la pi\u00e8ce est d\u00e9j\u00e0 sombre. \u00ab Bien s\u00fbr \u00bb, dit-il, \u00ab nous sommes all\u00e9s au moulin, parce qu&rsquo;il ne sentait pas bon \u00bb. \u00ab Oui, oui, il fallait le baigner, avec beaucoup de savon \u00bb. \u00ab\u00a0Et puis, le retour \u00e0 la maison. Une heure de retour &#8211; et Manfred n&rsquo;avait rien sur le corps que la chemise que la meuni\u00e8re avait emprunt\u00e9e, et le manteau de cadet par-dessus, en plus il \u00e9tait pieds nus\u00a0\u00bb. \u00ab \u00c7a ne lui a m\u00eame pas valu un rhume \u00bb. J&rsquo;aimerais toujours m&rsquo;asseoir et parler ainsi avec Lothar, mais demain il doit repartir. Mais cette journ\u00e9e nous appartient encore, et parfois nous avons d\u00e9j\u00e0 bavard\u00e9 jusqu&rsquo;\u00e0 la nuit. \u00ab\u00a0Une fois, nous voulions vraiment vous mettre \u00e0 l&rsquo;\u00e9preuve, Ilse et moi. Le bruit courait que j&rsquo;avais autrefois pendu quelqu&rsquo;un en haut de notre maison, et que maintenant il \u00e9tait hant\u00e9, tu te souviens, Lother ?\u00a0\u00bb \u00ab\u00a0Pour nous, les gar\u00e7ons, c&rsquo;\u00e9tait si joliment effrayant. La nuit, il y avait des g\u00e9missements et des bruits sur le sol, et on entendait des g\u00e9missements &#8211; les gens de la maison disaient comme \u00e7a&#8230;\u00a0\u00bb \u00ab Manfred \u00e9tait tout excit\u00e9 \u00e0 l&rsquo;id\u00e9e de vivre cette exp\u00e9rience, alors nous avons fait porter ton lit, Lothar, et celui de Manfred \u00e0 cet endroit&#8230; \u00bb. \u00ab Nous avions emport\u00e9 un bon gourdin dans notre lit ; Manfred a dit qu&rsquo;il voulait d\u00e9j\u00e0 \u00e9clairer le fant\u00f4me \u00bb. \u00ab Le fant\u00f4me &#8211; c&rsquo;\u00e9tait nous, c&rsquo;est-\u00e0-dire Ilse et moi, nous nous \u00e9tions gliss\u00e9es en haut sans bruit et nous roulions des marrons sur le plancher \u00bb. \u00ab\u00a0Je l&rsquo;ai entendu en premier, j&rsquo;\u00e9tais allong\u00e9e, les yeux ouverts d&rsquo;excitation. J&rsquo;ai cri\u00e9 \u201cManfred\u201d, &lsquo;Manfred ! Il dormait \u00e0 poings ferm\u00e9s. Finalement, il s&rsquo;est r\u00e9veill\u00e9, je l&rsquo;ai entendu se redresser dans son lit\u00a0\u00bb. \u00ab\u00a0Je peux mieux raconter la suite, car il s&rsquo;agissait de notre peau. D&rsquo;un bond, il est sorti du lit et s&rsquo;est pr\u00e9cipit\u00e9 sur nous en brandissant sa matraque. J&rsquo;ai d\u00fb allumer la lumi\u00e8re rapidement, sinon nous aurions d\u00e9j\u00e0 pris une racl\u00e9e\u00a0\u00bb. \u00ab Manfred avait quatorze ans \u00e0 l&rsquo;\u00e9poque \u00bb. \u00ab Non, treize \u00bb. Lothar rit de bon c\u0153ur. Le lendemain, je l&rsquo;ai ramen\u00e9 au train&#8230;\u00a0\u00bb<\/p>\n","protected":false},"comment_status":"open","ping_status":"closed","template":"","event-type":[241],"source-language":[259],"source-id-tax":[322],"class_list":["post-13482","event","type-event","status-publish","hentry","event-type-anecdote-fr-2","source-language-allemand-fr","source-id-tax-die-erinnerungen-der-mutter-des-roten-kampffliegers-kunigunde-freifrau-von-richthofen-im-verlag-ullstein-berlin-1937-fr","entry","no-media"],"yoast_head":"<!-- This site is optimized with the Yoast SEO plugin v26.7 - https:\/\/yoast.com\/wordpress\/plugins\/seo\/ -->\n<title>Lothar parle de MvR - Meet The Red Baron<\/title>\n<meta name=\"robots\" content=\"index, follow, max-snippet:-1, max-image-preview:large, max-video-preview:-1\" \/>\n<link rel=\"canonical\" href=\"https:\/\/www.meettheredbaron.com\/fr\/event\/lothar-erzahlt-uber-mvr\/\" \/>\n<meta property=\"og:locale\" content=\"fr_FR\" \/>\n<meta property=\"og:type\" content=\"article\" \/>\n<meta property=\"og:title\" content=\"Lothar parle de MvR - Meet The Red Baron\" \/>\n<meta property=\"og:description\" content=\"Lothar erz\u00e4hlt \u00fcber MvR\" \/>\n<meta property=\"og:url\" content=\"https:\/\/www.meettheredbaron.com\/fr\/event\/lothar-erzahlt-uber-mvr\/\" \/>\n<meta property=\"og:site_name\" content=\"Meet The Red Baron\" \/>\n<meta property=\"article:modified_time\" content=\"2025-04-09T10:25:17+00:00\" \/>\n<script type=\"application\/ld+json\" class=\"yoast-schema-graph\">{\"@context\":\"https:\/\/schema.org\",\"@graph\":[{\"@type\":\"WebPage\",\"@id\":\"https:\/\/www.meettheredbaron.com\/fr\/event\/lothar-erzahlt-uber-mvr\/\",\"url\":\"https:\/\/www.meettheredbaron.com\/fr\/event\/lothar-erzahlt-uber-mvr\/\",\"name\":\"Lothar parle de MvR - Meet The Red Baron\",\"isPartOf\":{\"@id\":\"https:\/\/www.meettheredbaron.com\/fr\/#website\"},\"datePublished\":\"2021-12-16T16:31:05+00:00\",\"dateModified\":\"2025-04-09T10:25:17+00:00\",\"breadcrumb\":{\"@id\":\"https:\/\/www.meettheredbaron.com\/fr\/event\/lothar-erzahlt-uber-mvr\/#breadcrumb\"},\"inLanguage\":\"fr-FR\",\"potentialAction\":[{\"@type\":\"ReadAction\",\"target\":[\"https:\/\/www.meettheredbaron.com\/fr\/event\/lothar-erzahlt-uber-mvr\/\"]}]},{\"@type\":\"BreadcrumbList\",\"@id\":\"https:\/\/www.meettheredbaron.com\/fr\/event\/lothar-erzahlt-uber-mvr\/#breadcrumb\",\"itemListElement\":[{\"@type\":\"ListItem\",\"position\":1,\"name\":\"Home\",\"item\":\"https:\/\/www.meettheredbaron.com\/fr\/\"},{\"@type\":\"ListItem\",\"position\":2,\"name\":\"Events\",\"item\":\"https:\/\/www.meettheredbaron.com\/fr\/event\/\"},{\"@type\":\"ListItem\",\"position\":3,\"name\":\"Lothar parle de MvR\"}]},{\"@type\":\"WebSite\",\"@id\":\"https:\/\/www.meettheredbaron.com\/fr\/#website\",\"url\":\"https:\/\/www.meettheredbaron.com\/fr\/\",\"name\":\"Meet The Red Baron\",\"description\":\"The life and death of Manfred von Richthofen.\",\"publisher\":{\"@id\":\"https:\/\/www.meettheredbaron.com\/fr\/#\/schema\/person\/fd320c77882d0d84e4b88ef15120767f\"},\"potentialAction\":[{\"@type\":\"SearchAction\",\"target\":{\"@type\":\"EntryPoint\",\"urlTemplate\":\"https:\/\/www.meettheredbaron.com\/fr\/?s={search_term_string}\"},\"query-input\":{\"@type\":\"PropertyValueSpecification\",\"valueRequired\":true,\"valueName\":\"search_term_string\"}}],\"inLanguage\":\"fr-FR\"},{\"@type\":[\"Person\",\"Organization\"],\"@id\":\"https:\/\/www.meettheredbaron.com\/fr\/#\/schema\/person\/fd320c77882d0d84e4b88ef15120767f\",\"name\":\"heinpoblome\",\"image\":{\"@type\":\"ImageObject\",\"inLanguage\":\"fr-FR\",\"@id\":\"https:\/\/www.meettheredbaron.com\/fr\/#\/schema\/person\/image\/\",\"url\":\"https:\/\/www.meettheredbaron.com\/wp-content\/uploads\/2021\/12\/266-scaled.jpg\",\"contentUrl\":\"https:\/\/www.meettheredbaron.com\/wp-content\/uploads\/2021\/12\/266-scaled.jpg\",\"width\":1850,\"height\":2560,\"caption\":\"heinpoblome\"},\"logo\":{\"@id\":\"https:\/\/www.meettheredbaron.com\/fr\/#\/schema\/person\/image\/\"},\"sameAs\":[\"http:\/\/www.meettheredbaron.com\"]}]}<\/script>\n<!-- \/ Yoast SEO plugin. -->","yoast_head_json":{"title":"Lothar parle de MvR - Meet The Red Baron","robots":{"index":"index","follow":"follow","max-snippet":"max-snippet:-1","max-image-preview":"max-image-preview:large","max-video-preview":"max-video-preview:-1"},"canonical":"https:\/\/www.meettheredbaron.com\/fr\/event\/lothar-erzahlt-uber-mvr\/","og_locale":"fr_FR","og_type":"article","og_title":"Lothar parle de MvR - Meet The Red Baron","og_description":"Lothar erz\u00e4hlt \u00fcber MvR","og_url":"https:\/\/www.meettheredbaron.com\/fr\/event\/lothar-erzahlt-uber-mvr\/","og_site_name":"Meet The Red Baron","article_modified_time":"2025-04-09T10:25:17+00:00","schema":{"@context":"https:\/\/schema.org","@graph":[{"@type":"WebPage","@id":"https:\/\/www.meettheredbaron.com\/fr\/event\/lothar-erzahlt-uber-mvr\/","url":"https:\/\/www.meettheredbaron.com\/fr\/event\/lothar-erzahlt-uber-mvr\/","name":"Lothar parle de MvR - Meet The Red Baron","isPartOf":{"@id":"https:\/\/www.meettheredbaron.com\/fr\/#website"},"datePublished":"2021-12-16T16:31:05+00:00","dateModified":"2025-04-09T10:25:17+00:00","breadcrumb":{"@id":"https:\/\/www.meettheredbaron.com\/fr\/event\/lothar-erzahlt-uber-mvr\/#breadcrumb"},"inLanguage":"fr-FR","potentialAction":[{"@type":"ReadAction","target":["https:\/\/www.meettheredbaron.com\/fr\/event\/lothar-erzahlt-uber-mvr\/"]}]},{"@type":"BreadcrumbList","@id":"https:\/\/www.meettheredbaron.com\/fr\/event\/lothar-erzahlt-uber-mvr\/#breadcrumb","itemListElement":[{"@type":"ListItem","position":1,"name":"Home","item":"https:\/\/www.meettheredbaron.com\/fr\/"},{"@type":"ListItem","position":2,"name":"Events","item":"https:\/\/www.meettheredbaron.com\/fr\/event\/"},{"@type":"ListItem","position":3,"name":"Lothar parle de MvR"}]},{"@type":"WebSite","@id":"https:\/\/www.meettheredbaron.com\/fr\/#website","url":"https:\/\/www.meettheredbaron.com\/fr\/","name":"Meet The Red Baron","description":"The life and death of Manfred von Richthofen.","publisher":{"@id":"https:\/\/www.meettheredbaron.com\/fr\/#\/schema\/person\/fd320c77882d0d84e4b88ef15120767f"},"potentialAction":[{"@type":"SearchAction","target":{"@type":"EntryPoint","urlTemplate":"https:\/\/www.meettheredbaron.com\/fr\/?s={search_term_string}"},"query-input":{"@type":"PropertyValueSpecification","valueRequired":true,"valueName":"search_term_string"}}],"inLanguage":"fr-FR"},{"@type":["Person","Organization"],"@id":"https:\/\/www.meettheredbaron.com\/fr\/#\/schema\/person\/fd320c77882d0d84e4b88ef15120767f","name":"heinpoblome","image":{"@type":"ImageObject","inLanguage":"fr-FR","@id":"https:\/\/www.meettheredbaron.com\/fr\/#\/schema\/person\/image\/","url":"https:\/\/www.meettheredbaron.com\/wp-content\/uploads\/2021\/12\/266-scaled.jpg","contentUrl":"https:\/\/www.meettheredbaron.com\/wp-content\/uploads\/2021\/12\/266-scaled.jpg","width":1850,"height":2560,"caption":"heinpoblome"},"logo":{"@id":"https:\/\/www.meettheredbaron.com\/fr\/#\/schema\/person\/image\/"},"sameAs":["http:\/\/www.meettheredbaron.com"]}]}},"toolset-meta":{"field-group-for-events-2":[],"field-group-for-events":{"date":{"type":"date","raw":"-1680998400","formatted":"09\/25\/1916 00:00"},"date-as-a-string":{"type":"textfield","raw":"9\/25\/1916"},"date-description":{"type":"textfield","raw":""},"geolocation":{"type":"google_address","raw":"50.84890767354939, 16.476310886960174"},"location-description":{"type":"textfield","raw":"W\u0142adys\u0142awa Sikorskiego 19, 58-105 \u015awidnica, Polen"},"town-name":{"type":"textfield","raw":"Swidnica"},"historical-town-name":{"type":"textfield","raw":"Schweidnitz"},"event-id":{"type":"numeric","raw":"326"},"event-short":{"type":"textfield","raw":"Lothar parle de MvR"},"event-description":{"type":"wysiwyg","raw":"\"Le 25, Lother est arriv\u00e9, tout \u00e0 fait par surprise. ...Nous nous perdons dans les souvenirs du pass\u00e9, et tout est \u00e0 nouveau amical et lumineux. Une fois, Manfred a tu\u00e9 cinq canards qui nageaient sur la Weistritz, dans un esprit de chasse aveugle. Mais ce n'\u00e9taient que des canards apprivois\u00e9s. Mais il n'y a pas eu de punition, car il a tout de suite dit la v\u00e9rit\u00e9. Et une autre fois, alors que nous nous promenions dans la for\u00eat, Manfred se trouva soudain sur une passerelle qui traversait une eau noire. Il dit \u00e0 Lothar, comme si c'\u00e9tait naturel : \u00ab Fais attention \u00e0 toi, je vais tomber dans l'eau \u00bb. Imm\u00e9diatement apr\u00e8s, il disparut dans les flots vraiment noirs de jais. \u00ab C'\u00e9tait une belle frayeur, tu te souviens ? \u00bb Lothar s'en souvient, il rit \u00e0 tel point que le point d'incandescence de sa cigarette se met \u00e0 danser ; la pi\u00e8ce est d\u00e9j\u00e0 sombre. \u00ab Bien s\u00fbr \u00bb, dit-il, \u00ab nous sommes all\u00e9s au moulin, parce qu'il ne sentait pas bon \u00bb. \u00ab Oui, oui, il fallait le baigner, avec beaucoup de savon \u00bb. \"Et puis, le retour \u00e0 la maison. Une heure de retour - et Manfred n'avait rien sur le corps que la chemise que la meuni\u00e8re avait emprunt\u00e9e, et le manteau de cadet par-dessus, en plus il \u00e9tait pieds nus\". \u00ab \u00c7a ne lui a m\u00eame pas valu un rhume \u00bb. J'aimerais toujours m'asseoir et parler ainsi avec Lothar, mais demain il doit repartir. Mais cette journ\u00e9e nous appartient encore, et parfois nous avons d\u00e9j\u00e0 bavard\u00e9 jusqu'\u00e0 la nuit. \"Une fois, nous voulions vraiment vous mettre \u00e0 l'\u00e9preuve, Ilse et moi. Le bruit courait que j'avais autrefois pendu quelqu'un en haut de notre maison, et que maintenant il \u00e9tait hant\u00e9, tu te souviens, Lother ?\" \"Pour nous, les gar\u00e7ons, c'\u00e9tait si joliment effrayant. La nuit, il y avait des g\u00e9missements et des bruits sur le sol, et on entendait des g\u00e9missements - les gens de la maison disaient comme \u00e7a...\" \u00ab Manfred \u00e9tait tout excit\u00e9 \u00e0 l'id\u00e9e de vivre cette exp\u00e9rience, alors nous avons fait porter ton lit, Lothar, et celui de Manfred \u00e0 cet endroit... \u00bb. \u00ab Nous avions emport\u00e9 un bon gourdin dans notre lit ; Manfred a dit qu'il voulait d\u00e9j\u00e0 \u00e9clairer le fant\u00f4me \u00bb. \u00ab Le fant\u00f4me - c'\u00e9tait nous, c'est-\u00e0-dire Ilse et moi, nous nous \u00e9tions gliss\u00e9es en haut sans bruit et nous roulions des marrons sur le plancher \u00bb. \"Je l'ai entendu en premier, j'\u00e9tais allong\u00e9e, les yeux ouverts d'excitation. J'ai cri\u00e9 \u201cManfred\u201d, 'Manfred ! Il dormait \u00e0 poings ferm\u00e9s. Finalement, il s'est r\u00e9veill\u00e9, je l'ai entendu se redresser dans son lit\". \"Je peux mieux raconter la suite, car il s'agissait de notre peau. D'un bond, il est sorti du lit et s'est pr\u00e9cipit\u00e9 sur nous en brandissant sa matraque. J'ai d\u00fb allumer la lumi\u00e8re rapidement, sinon nous aurions d\u00e9j\u00e0 pris une racl\u00e9e\". \u00ab Manfred avait quatorze ans \u00e0 l'\u00e9poque \u00bb. \u00ab Non, treize \u00bb. Lothar rit de bon c\u0153ur. Le lendemain, je l'ai ramen\u00e9 au train...\""},"event-type-id":{"type":"numeric","raw":"10"},"source-id":{"type":"numeric","raw":"10"},"source-long-in-event":{"type":"textfield","raw":"Die Erinnerungen der Mutter des roten Kampffliegers Kunigunde Freifrau von Richthofen. Im Verlag Ullstein - Berlin, 1937."},"pagenumber":{"type":"textfield","raw":"83"},"airplane-id":{"type":"textfield","raw":""},"combat-id":{"type":"textfield","raw":""},"event-type":{"type":"select","raw":"10"},"source-language":{"type":"select","raw":"2"},"picture":{"type":"image","raw":[""],"repeatable":[{"raw":""}]}}},"_links":{"self":[{"href":"https:\/\/www.meettheredbaron.com\/fr\/wp-json\/wp\/v2\/event\/13482","targetHints":{"allow":["GET"]}}],"collection":[{"href":"https:\/\/www.meettheredbaron.com\/fr\/wp-json\/wp\/v2\/event"}],"about":[{"href":"https:\/\/www.meettheredbaron.com\/fr\/wp-json\/wp\/v2\/types\/event"}],"replies":[{"embeddable":true,"href":"https:\/\/www.meettheredbaron.com\/fr\/wp-json\/wp\/v2\/comments?post=13482"}],"wp:attachment":[{"href":"https:\/\/www.meettheredbaron.com\/fr\/wp-json\/wp\/v2\/media?parent=13482"}],"wp:term":[{"taxonomy":"event-type","embeddable":true,"href":"https:\/\/www.meettheredbaron.com\/fr\/wp-json\/wp\/v2\/event-type?post=13482"},{"taxonomy":"source-language","embeddable":true,"href":"https:\/\/www.meettheredbaron.com\/fr\/wp-json\/wp\/v2\/source-language?post=13482"},{"taxonomy":"source-id-tax","embeddable":true,"href":"https:\/\/www.meettheredbaron.com\/fr\/wp-json\/wp\/v2\/source-id-tax?post=13482"}],"curies":[{"name":"wp","href":"https:\/\/api.w.org\/{rel}","templated":true}]}}