{"id":13404,"date":"2021-12-16T17:31:05","date_gmt":"2021-12-16T16:31:05","guid":{"rendered":"https:\/\/www.meettheredbaron.com\/event\/mvr-hat-das-eiserne-kreuz-bekommen\/"},"modified":"2025-04-02T13:31:55","modified_gmt":"2025-04-02T12:31:55","slug":"mvr-hat-das-eiserne-kreuz-bekommen","status":"publish","type":"event","link":"https:\/\/www.meettheredbaron.com\/fr\/event\/mvr-hat-das-eiserne-kreuz-bekommen\/","title":{"rendered":"MvR a re\u00e7u la Croix de Fer"},"content":{"rendered":"<p>\u00ab\u00a0&#8230;J&rsquo;ai le loisir de m\u00e9diter, les pens\u00e9es vont toujours dans la m\u00eame direction, les m\u00e8res sont toujours en esprit avec leurs fils sur le terrain. Je peux m&rsquo;estimer fi\u00e8re et heureuse. Mes deux fils sont arriv\u00e9s sains et saufs jusqu&rsquo;\u00e0 ce jour. Une grenade a \u00e9clat\u00e9 sur la selle du cheval de Manfred alors qu&rsquo;il \u00e9tait en train de patrouiller. Il n&rsquo;a pas \u00e9t\u00e9 bless\u00e9, seul un \u00e9clat a d\u00e9chir\u00e9 sa cape, et un fond d&rsquo;obus a \u00e9cras\u00e9 les beaux cadeaux d&rsquo;amour de tante Friedel en une bouillie informe. Un nouvel envoi va maintenant lui \u00eatre adress\u00e9. Au fait &#8211; comment peut-on l&rsquo;oublier ? &#8211; Manfred a re\u00e7u la Croix de fer. Nous nous r\u00e9jouissons tous de cette distinction&#8230;\u00a0\u00bb.<\/p>\n","protected":false},"comment_status":"open","ping_status":"closed","template":"","event-type":[246],"source-language":[259],"source-id-tax":[322],"class_list":["post-13404","event","type-event","status-publish","hentry","event-type-mvr-correspondance-fr","source-language-allemand-fr","source-id-tax-die-erinnerungen-der-mutter-des-roten-kampffliegers-kunigunde-freifrau-von-richthofen-im-verlag-ullstein-berlin-1937-fr","entry","no-media"],"yoast_head":"<!-- This site is optimized with the Yoast SEO plugin v26.7 - https:\/\/yoast.com\/wordpress\/plugins\/seo\/ -->\n<title>MvR a re\u00e7u la Croix de Fer - Meet The Red Baron<\/title>\n<meta name=\"robots\" content=\"index, follow, max-snippet:-1, max-image-preview:large, max-video-preview:-1\" \/>\n<link rel=\"canonical\" href=\"https:\/\/www.meettheredbaron.com\/fr\/event\/mvr-hat-das-eiserne-kreuz-bekommen\/\" \/>\n<meta property=\"og:locale\" content=\"fr_FR\" \/>\n<meta property=\"og:type\" content=\"article\" \/>\n<meta property=\"og:title\" content=\"MvR a re\u00e7u la Croix de Fer - Meet The Red Baron\" \/>\n<meta property=\"og:description\" content=\"MvR hat da\u00df Eiserne Kreuz bekommen\" \/>\n<meta property=\"og:url\" content=\"https:\/\/www.meettheredbaron.com\/fr\/event\/mvr-hat-das-eiserne-kreuz-bekommen\/\" \/>\n<meta property=\"og:site_name\" content=\"Meet The Red Baron\" \/>\n<meta property=\"article:modified_time\" content=\"2025-04-02T12:31:55+00:00\" \/>\n<script type=\"application\/ld+json\" class=\"yoast-schema-graph\">{\"@context\":\"https:\/\/schema.org\",\"@graph\":[{\"@type\":\"WebPage\",\"@id\":\"https:\/\/www.meettheredbaron.com\/fr\/event\/mvr-hat-das-eiserne-kreuz-bekommen\/\",\"url\":\"https:\/\/www.meettheredbaron.com\/fr\/event\/mvr-hat-das-eiserne-kreuz-bekommen\/\",\"name\":\"MvR a re\u00e7u la Croix de Fer - Meet The Red Baron\",\"isPartOf\":{\"@id\":\"https:\/\/www.meettheredbaron.com\/fr\/#website\"},\"datePublished\":\"2021-12-16T16:31:05+00:00\",\"dateModified\":\"2025-04-02T12:31:55+00:00\",\"breadcrumb\":{\"@id\":\"https:\/\/www.meettheredbaron.com\/fr\/event\/mvr-hat-das-eiserne-kreuz-bekommen\/#breadcrumb\"},\"inLanguage\":\"fr-FR\",\"potentialAction\":[{\"@type\":\"ReadAction\",\"target\":[\"https:\/\/www.meettheredbaron.com\/fr\/event\/mvr-hat-das-eiserne-kreuz-bekommen\/\"]}]},{\"@type\":\"BreadcrumbList\",\"@id\":\"https:\/\/www.meettheredbaron.com\/fr\/event\/mvr-hat-das-eiserne-kreuz-bekommen\/#breadcrumb\",\"itemListElement\":[{\"@type\":\"ListItem\",\"position\":1,\"name\":\"Home\",\"item\":\"https:\/\/www.meettheredbaron.com\/fr\/\"},{\"@type\":\"ListItem\",\"position\":2,\"name\":\"Events\",\"item\":\"https:\/\/www.meettheredbaron.com\/fr\/event\/\"},{\"@type\":\"ListItem\",\"position\":3,\"name\":\"MvR a re\u00e7u la Croix de Fer\"}]},{\"@type\":\"WebSite\",\"@id\":\"https:\/\/www.meettheredbaron.com\/fr\/#website\",\"url\":\"https:\/\/www.meettheredbaron.com\/fr\/\",\"name\":\"Meet The Red Baron\",\"description\":\"The life and death of Manfred von Richthofen.\",\"publisher\":{\"@id\":\"https:\/\/www.meettheredbaron.com\/fr\/#\/schema\/person\/fd320c77882d0d84e4b88ef15120767f\"},\"potentialAction\":[{\"@type\":\"SearchAction\",\"target\":{\"@type\":\"EntryPoint\",\"urlTemplate\":\"https:\/\/www.meettheredbaron.com\/fr\/?s={search_term_string}\"},\"query-input\":{\"@type\":\"PropertyValueSpecification\",\"valueRequired\":true,\"valueName\":\"search_term_string\"}}],\"inLanguage\":\"fr-FR\"},{\"@type\":[\"Person\",\"Organization\"],\"@id\":\"https:\/\/www.meettheredbaron.com\/fr\/#\/schema\/person\/fd320c77882d0d84e4b88ef15120767f\",\"name\":\"heinpoblome\",\"image\":{\"@type\":\"ImageObject\",\"inLanguage\":\"fr-FR\",\"@id\":\"https:\/\/www.meettheredbaron.com\/fr\/#\/schema\/person\/image\/\",\"url\":\"https:\/\/www.meettheredbaron.com\/wp-content\/uploads\/2021\/12\/266-scaled.jpg\",\"contentUrl\":\"https:\/\/www.meettheredbaron.com\/wp-content\/uploads\/2021\/12\/266-scaled.jpg\",\"width\":1850,\"height\":2560,\"caption\":\"heinpoblome\"},\"logo\":{\"@id\":\"https:\/\/www.meettheredbaron.com\/fr\/#\/schema\/person\/image\/\"},\"sameAs\":[\"http:\/\/www.meettheredbaron.com\"]}]}<\/script>\n<!-- \/ Yoast SEO plugin. -->","yoast_head_json":{"title":"MvR a re\u00e7u la Croix de Fer - Meet The Red Baron","robots":{"index":"index","follow":"follow","max-snippet":"max-snippet:-1","max-image-preview":"max-image-preview:large","max-video-preview":"max-video-preview:-1"},"canonical":"https:\/\/www.meettheredbaron.com\/fr\/event\/mvr-hat-das-eiserne-kreuz-bekommen\/","og_locale":"fr_FR","og_type":"article","og_title":"MvR a re\u00e7u la Croix de Fer - Meet The Red Baron","og_description":"MvR hat da\u00df Eiserne Kreuz bekommen","og_url":"https:\/\/www.meettheredbaron.com\/fr\/event\/mvr-hat-das-eiserne-kreuz-bekommen\/","og_site_name":"Meet The Red Baron","article_modified_time":"2025-04-02T12:31:55+00:00","schema":{"@context":"https:\/\/schema.org","@graph":[{"@type":"WebPage","@id":"https:\/\/www.meettheredbaron.com\/fr\/event\/mvr-hat-das-eiserne-kreuz-bekommen\/","url":"https:\/\/www.meettheredbaron.com\/fr\/event\/mvr-hat-das-eiserne-kreuz-bekommen\/","name":"MvR a re\u00e7u la Croix de Fer - Meet The Red Baron","isPartOf":{"@id":"https:\/\/www.meettheredbaron.com\/fr\/#website"},"datePublished":"2021-12-16T16:31:05+00:00","dateModified":"2025-04-02T12:31:55+00:00","breadcrumb":{"@id":"https:\/\/www.meettheredbaron.com\/fr\/event\/mvr-hat-das-eiserne-kreuz-bekommen\/#breadcrumb"},"inLanguage":"fr-FR","potentialAction":[{"@type":"ReadAction","target":["https:\/\/www.meettheredbaron.com\/fr\/event\/mvr-hat-das-eiserne-kreuz-bekommen\/"]}]},{"@type":"BreadcrumbList","@id":"https:\/\/www.meettheredbaron.com\/fr\/event\/mvr-hat-das-eiserne-kreuz-bekommen\/#breadcrumb","itemListElement":[{"@type":"ListItem","position":1,"name":"Home","item":"https:\/\/www.meettheredbaron.com\/fr\/"},{"@type":"ListItem","position":2,"name":"Events","item":"https:\/\/www.meettheredbaron.com\/fr\/event\/"},{"@type":"ListItem","position":3,"name":"MvR a re\u00e7u la Croix de Fer"}]},{"@type":"WebSite","@id":"https:\/\/www.meettheredbaron.com\/fr\/#website","url":"https:\/\/www.meettheredbaron.com\/fr\/","name":"Meet The Red Baron","description":"The life and death of Manfred von Richthofen.","publisher":{"@id":"https:\/\/www.meettheredbaron.com\/fr\/#\/schema\/person\/fd320c77882d0d84e4b88ef15120767f"},"potentialAction":[{"@type":"SearchAction","target":{"@type":"EntryPoint","urlTemplate":"https:\/\/www.meettheredbaron.com\/fr\/?s={search_term_string}"},"query-input":{"@type":"PropertyValueSpecification","valueRequired":true,"valueName":"search_term_string"}}],"inLanguage":"fr-FR"},{"@type":["Person","Organization"],"@id":"https:\/\/www.meettheredbaron.com\/fr\/#\/schema\/person\/fd320c77882d0d84e4b88ef15120767f","name":"heinpoblome","image":{"@type":"ImageObject","inLanguage":"fr-FR","@id":"https:\/\/www.meettheredbaron.com\/fr\/#\/schema\/person\/image\/","url":"https:\/\/www.meettheredbaron.com\/wp-content\/uploads\/2021\/12\/266-scaled.jpg","contentUrl":"https:\/\/www.meettheredbaron.com\/wp-content\/uploads\/2021\/12\/266-scaled.jpg","width":1850,"height":2560,"caption":"heinpoblome"},"logo":{"@id":"https:\/\/www.meettheredbaron.com\/fr\/#\/schema\/person\/image\/"},"sameAs":["http:\/\/www.meettheredbaron.com"]}]}},"toolset-meta":{"field-group-for-events-2":[],"field-group-for-events":{"date":{"type":"date","raw":"-1743638400","formatted":"10\/01\/1914 00:00"},"date-as-a-string":{"type":"textfield","raw":"10\/1\/1914"},"date-description":{"type":"textfield","raw":""},"geolocation":{"type":"google_address","raw":"49.20920148045407, 5.736823108435212"},"location-description":{"type":"textfield","raw":""},"town-name":{"type":"textfield","raw":"Verdun"},"historical-town-name":{"type":"textfield","raw":""},"event-id":{"type":"numeric","raw":"299"},"event-short":{"type":"textfield","raw":"MvR a re\u00e7u la Croix de Fer"},"event-description":{"type":"wysiwyg","raw":"\"...J'ai le loisir de m\u00e9diter, les pens\u00e9es vont toujours dans la m\u00eame direction, les m\u00e8res sont toujours en esprit avec leurs fils sur le terrain. Je peux m'estimer fi\u00e8re et heureuse. Mes deux fils sont arriv\u00e9s sains et saufs jusqu'\u00e0 ce jour. Une grenade a \u00e9clat\u00e9 sur la selle du cheval de Manfred alors qu'il \u00e9tait en train de patrouiller. Il n'a pas \u00e9t\u00e9 bless\u00e9, seul un \u00e9clat a d\u00e9chir\u00e9 sa cape, et un fond d'obus a \u00e9cras\u00e9 les beaux cadeaux d'amour de tante Friedel en une bouillie informe. Un nouvel envoi va maintenant lui \u00eatre adress\u00e9. Au fait - comment peut-on l'oublier ? - Manfred a re\u00e7u la Croix de fer. Nous nous r\u00e9jouissons tous de cette distinction...\"."},"event-type-id":{"type":"numeric","raw":"7"},"source-id":{"type":"numeric","raw":"10"},"source-long-in-event":{"type":"textfield","raw":"Die Erinnerungen der Mutter des roten Kampffliegers Kunigunde Freifrau von Richthofen. Im Verlag Ullstein - Berlin, 1937."},"pagenumber":{"type":"textfield","raw":"23"},"airplane-id":{"type":"textfield","raw":""},"combat-id":{"type":"textfield","raw":""},"event-type":{"type":"select","raw":"7"},"source-language":{"type":"select","raw":"2"},"picture":{"type":"image","raw":["https:\/\/www.meettheredbaron.com\/wp-content\/uploads\/2024\/07\/193-Bundesarchiv_Bild_183-R18508_Manfred_v._Richthofen.jpg"],"repeatable":[{"raw":"https:\/\/www.meettheredbaron.com\/wp-content\/uploads\/2024\/07\/193-Bundesarchiv_Bild_183-R18508_Manfred_v._Richthofen.jpg"}]}}},"_links":{"self":[{"href":"https:\/\/www.meettheredbaron.com\/fr\/wp-json\/wp\/v2\/event\/13404","targetHints":{"allow":["GET"]}}],"collection":[{"href":"https:\/\/www.meettheredbaron.com\/fr\/wp-json\/wp\/v2\/event"}],"about":[{"href":"https:\/\/www.meettheredbaron.com\/fr\/wp-json\/wp\/v2\/types\/event"}],"replies":[{"embeddable":true,"href":"https:\/\/www.meettheredbaron.com\/fr\/wp-json\/wp\/v2\/comments?post=13404"}],"wp:attachment":[{"href":"https:\/\/www.meettheredbaron.com\/fr\/wp-json\/wp\/v2\/media?parent=13404"}],"wp:term":[{"taxonomy":"event-type","embeddable":true,"href":"https:\/\/www.meettheredbaron.com\/fr\/wp-json\/wp\/v2\/event-type?post=13404"},{"taxonomy":"source-language","embeddable":true,"href":"https:\/\/www.meettheredbaron.com\/fr\/wp-json\/wp\/v2\/source-language?post=13404"},{"taxonomy":"source-id-tax","embeddable":true,"href":"https:\/\/www.meettheredbaron.com\/fr\/wp-json\/wp\/v2\/source-id-tax?post=13404"}],"curies":[{"name":"wp","href":"https:\/\/api.w.org\/{rel}","templated":true}]}}