{"id":13224,"date":"2021-12-16T17:31:07","date_gmt":"2021-12-16T16:31:07","guid":{"rendered":"https:\/\/www.meettheredbaron.com\/event\/mvr-in-schweidnitz\/"},"modified":"2025-04-30T14:21:33","modified_gmt":"2025-04-30T13:21:33","slug":"mvr-in-schweidnitz","status":"publish","type":"event","link":"https:\/\/www.meettheredbaron.com\/fr\/event\/mvr-in-schweidnitz\/","title":{"rendered":"MvR \u00e0 Schweidnitz"},"content":{"rendered":"\n<p>\u00ab Le 17 septembre, Manfred a t\u00e9l\u00e9graphi\u00e9 qu&rsquo;il arriverait dans l&rsquo;apr\u00e8s-midi par la voie des airs. Nous l&rsquo;avons attendu sur le terrain d&rsquo;exercice. A six heures, l&rsquo;avion rouge, d\u00e9sormais sa propri\u00e9t\u00e9 priv\u00e9e, apparut. Dans les derni\u00e8res lueurs d&rsquo;une pure journ\u00e9e de septembre, il donnait l&rsquo;impression de se d\u00e9tacher au milieu du soleil. Manfred a d&rsquo;abord survol\u00e9 la ville, o\u00f9 il a \u00e9t\u00e9 remarqu\u00e9 et accueilli par de grandes acclamations. La place d&rsquo;atterrissage, vide auparavant, \u00e9tait remplie d&rsquo;une foule de gens. Le vrombissement des voix couvrait le bruit du moteur. L&rsquo;avion s&rsquo;est pos\u00e9 aussi doucement qu&rsquo;un papillon. Malgr\u00e9 le barrage, nous avons eu du mal \u00e0 arriver jusqu&rsquo;\u00e0 notre maison. La blessure de Manfred est plus profonde que je ne le pensais. J&rsquo;ai remarqu\u00e9 avec tristesse que les cheveux de sa t\u00eate \u00e9taient devenus plus fins. On aurait dit qu&rsquo;il devenait chauve. Peut-\u00eatre que les cheveux sont tomb\u00e9s \u00e0 cet endroit et qu&rsquo;ils repousseront. &#8211; Enfant, il avait de magnifiques boucles qui brillaient comme des rayons de soleil fil\u00e9s. Albrecht, Lothar et Bolko sont arriv\u00e9s. Pour la premi\u00e8re fois depuis No\u00ebl 1915, nous \u00e9tions tous r\u00e9unis ici. J&rsquo;\u00e9tais heureux dans la paix, dans la s\u00e9curit\u00e9 de ma famille. \u00c0 mon grand d\u00e9sarroi, je constate que la blessure \u00e0 la t\u00eate de Manfred est loin d&rsquo;\u00eatre gu\u00e9rie. L&rsquo;os est encore \u00e0 nu. Un jour apr\u00e8s l&rsquo;autre, il se rend dans un h\u00f4pital militaire local pour faire changer son bandage. Il a mauvaise mine et est irritable. Jusqu&rsquo;\u00e0 pr\u00e9sent, il m&rsquo;avait sembl\u00e9 \u00eatre le jeune Siegfried, l&rsquo;invuln\u00e9rable. Son \u00e9lasticit\u00e9, la mani\u00e8re l\u00e9g\u00e8re avec laquelle il d\u00e9crivait ses combats a\u00e9riens m&rsquo;avaient un peu tromp\u00e9 sur le terrible danger de son activit\u00e9. Mais l&rsquo;un apr\u00e8s l&rsquo;autre, les jeunes et brillants h\u00e9ros de l&rsquo;aviation \u00e9taient tomb\u00e9s. Ils avaient tous \u00e9t\u00e9 des experts et avaient fait preuve d&rsquo;une bravoure sans pr\u00e9c\u00e9dent. Le sort s&rsquo;\u00e9tait \u00e0 pr\u00e9sent acharn\u00e9 sur Manfred &#8211; il avait \u00e9t\u00e9 bless\u00e9. \u00ab Comment est-ce arriv\u00e9 ? \u00bb lui ai-je demand\u00e9. \u00ab Ils viennent de me toucher \u00bb, me r\u00e9pondit-il rapidement. D&rsquo;o\u00f9 venait le coup de feu, il ne savait pas le dire lui-m\u00eame. &#8211; Mais probablement de la terre. Nous travers\u00e2mes le jardin, et maintenant je voulais dire ce que j&rsquo;avais d\u00e9cid\u00e9 de dire : \u00ab Arr\u00eate de voler, Manfred \u00bb. \u00ab Qui devrait donc faire la guerre si nous pensions tous ainsi\u2026 ? Seul le soldat dans les tranch\u00e9es ?!\u2026 Si ceux qui sont appel\u00e9s \u00e0 diriger \u00e9chouent, cela se passera bient\u00f4t comme en Russie \u00bb. \u00ab Mais le soldat est relev\u00e9 de temps en temps, il se met en position de repos, alors que toi, tu es plusieurs fois par jour \u00e0 5000 m\u00e8tres d&rsquo;altitude dans les duels les plus dangereux \u00bb. Manfred s&rsquo;impatientait. \u00ab Cela te plairait-il que je me mette maintenant \u00e0 l&rsquo;abri et que je me repose sur mes lauriers ? \u00bb Non &#8211; il n&rsquo;y avait rien \u00e0 faire ici ; Manfred continuerait \u00e0 se battre jusqu&rsquo;\u00e0 &#8211; jusqu&rsquo;\u00e0 &#8211; la fin de la guerre \u00bb.<\/p>\n","protected":false},"comment_status":"open","ping_status":"closed","template":"","event-type":[223],"source-language":[259],"source-id-tax":[322],"class_list":["post-13224","event","type-event","status-publish","hentry","event-type-relocation-trips-fr","source-language-allemand-fr","source-id-tax-die-erinnerungen-der-mutter-des-roten-kampffliegers-kunigunde-freifrau-von-richthofen-im-verlag-ullstein-berlin-1937-fr","entry","no-media"],"yoast_head":"<!-- This site is optimized with the Yoast SEO plugin v26.7 - https:\/\/yoast.com\/wordpress\/plugins\/seo\/ -->\n<title>MvR \u00e0 Schweidnitz - Meet The Red Baron<\/title>\n<meta name=\"robots\" content=\"index, follow, max-snippet:-1, max-image-preview:large, max-video-preview:-1\" \/>\n<link rel=\"canonical\" href=\"https:\/\/www.meettheredbaron.com\/fr\/event\/mvr-in-schweidnitz\/\" \/>\n<meta property=\"og:locale\" content=\"fr_FR\" \/>\n<meta property=\"og:type\" content=\"article\" \/>\n<meta property=\"og:title\" content=\"MvR \u00e0 Schweidnitz - Meet The Red Baron\" \/>\n<meta property=\"og:description\" content=\"MvR in Schweidnitz\" \/>\n<meta property=\"og:url\" content=\"https:\/\/www.meettheredbaron.com\/fr\/event\/mvr-in-schweidnitz\/\" \/>\n<meta property=\"og:site_name\" content=\"Meet The Red Baron\" \/>\n<meta property=\"article:modified_time\" content=\"2025-04-30T13:21:33+00:00\" \/>\n<script type=\"application\/ld+json\" class=\"yoast-schema-graph\">{\"@context\":\"https:\/\/schema.org\",\"@graph\":[{\"@type\":\"WebPage\",\"@id\":\"https:\/\/www.meettheredbaron.com\/fr\/event\/mvr-in-schweidnitz\/\",\"url\":\"https:\/\/www.meettheredbaron.com\/fr\/event\/mvr-in-schweidnitz\/\",\"name\":\"MvR \u00e0 Schweidnitz - Meet The Red Baron\",\"isPartOf\":{\"@id\":\"https:\/\/www.meettheredbaron.com\/fr\/#website\"},\"datePublished\":\"2021-12-16T16:31:07+00:00\",\"dateModified\":\"2025-04-30T13:21:33+00:00\",\"breadcrumb\":{\"@id\":\"https:\/\/www.meettheredbaron.com\/fr\/event\/mvr-in-schweidnitz\/#breadcrumb\"},\"inLanguage\":\"fr-FR\",\"potentialAction\":[{\"@type\":\"ReadAction\",\"target\":[\"https:\/\/www.meettheredbaron.com\/fr\/event\/mvr-in-schweidnitz\/\"]}]},{\"@type\":\"BreadcrumbList\",\"@id\":\"https:\/\/www.meettheredbaron.com\/fr\/event\/mvr-in-schweidnitz\/#breadcrumb\",\"itemListElement\":[{\"@type\":\"ListItem\",\"position\":1,\"name\":\"Home\",\"item\":\"https:\/\/www.meettheredbaron.com\/fr\/\"},{\"@type\":\"ListItem\",\"position\":2,\"name\":\"Events\",\"item\":\"https:\/\/www.meettheredbaron.com\/fr\/event\/\"},{\"@type\":\"ListItem\",\"position\":3,\"name\":\"MvR \u00e0 Schweidnitz\"}]},{\"@type\":\"WebSite\",\"@id\":\"https:\/\/www.meettheredbaron.com\/fr\/#website\",\"url\":\"https:\/\/www.meettheredbaron.com\/fr\/\",\"name\":\"Meet The Red Baron\",\"description\":\"The life and death of Manfred von Richthofen.\",\"publisher\":{\"@id\":\"https:\/\/www.meettheredbaron.com\/fr\/#\/schema\/person\/fd320c77882d0d84e4b88ef15120767f\"},\"potentialAction\":[{\"@type\":\"SearchAction\",\"target\":{\"@type\":\"EntryPoint\",\"urlTemplate\":\"https:\/\/www.meettheredbaron.com\/fr\/?s={search_term_string}\"},\"query-input\":{\"@type\":\"PropertyValueSpecification\",\"valueRequired\":true,\"valueName\":\"search_term_string\"}}],\"inLanguage\":\"fr-FR\"},{\"@type\":[\"Person\",\"Organization\"],\"@id\":\"https:\/\/www.meettheredbaron.com\/fr\/#\/schema\/person\/fd320c77882d0d84e4b88ef15120767f\",\"name\":\"heinpoblome\",\"image\":{\"@type\":\"ImageObject\",\"inLanguage\":\"fr-FR\",\"@id\":\"https:\/\/www.meettheredbaron.com\/fr\/#\/schema\/person\/image\/\",\"url\":\"https:\/\/www.meettheredbaron.com\/wp-content\/uploads\/2021\/12\/266-scaled.jpg\",\"contentUrl\":\"https:\/\/www.meettheredbaron.com\/wp-content\/uploads\/2021\/12\/266-scaled.jpg\",\"width\":1850,\"height\":2560,\"caption\":\"heinpoblome\"},\"logo\":{\"@id\":\"https:\/\/www.meettheredbaron.com\/fr\/#\/schema\/person\/image\/\"},\"sameAs\":[\"http:\/\/www.meettheredbaron.com\"]}]}<\/script>\n<!-- \/ Yoast SEO plugin. -->","yoast_head_json":{"title":"MvR \u00e0 Schweidnitz - Meet The Red Baron","robots":{"index":"index","follow":"follow","max-snippet":"max-snippet:-1","max-image-preview":"max-image-preview:large","max-video-preview":"max-video-preview:-1"},"canonical":"https:\/\/www.meettheredbaron.com\/fr\/event\/mvr-in-schweidnitz\/","og_locale":"fr_FR","og_type":"article","og_title":"MvR \u00e0 Schweidnitz - Meet The Red Baron","og_description":"MvR in Schweidnitz","og_url":"https:\/\/www.meettheredbaron.com\/fr\/event\/mvr-in-schweidnitz\/","og_site_name":"Meet The Red Baron","article_modified_time":"2025-04-30T13:21:33+00:00","schema":{"@context":"https:\/\/schema.org","@graph":[{"@type":"WebPage","@id":"https:\/\/www.meettheredbaron.com\/fr\/event\/mvr-in-schweidnitz\/","url":"https:\/\/www.meettheredbaron.com\/fr\/event\/mvr-in-schweidnitz\/","name":"MvR \u00e0 Schweidnitz - Meet The Red Baron","isPartOf":{"@id":"https:\/\/www.meettheredbaron.com\/fr\/#website"},"datePublished":"2021-12-16T16:31:07+00:00","dateModified":"2025-04-30T13:21:33+00:00","breadcrumb":{"@id":"https:\/\/www.meettheredbaron.com\/fr\/event\/mvr-in-schweidnitz\/#breadcrumb"},"inLanguage":"fr-FR","potentialAction":[{"@type":"ReadAction","target":["https:\/\/www.meettheredbaron.com\/fr\/event\/mvr-in-schweidnitz\/"]}]},{"@type":"BreadcrumbList","@id":"https:\/\/www.meettheredbaron.com\/fr\/event\/mvr-in-schweidnitz\/#breadcrumb","itemListElement":[{"@type":"ListItem","position":1,"name":"Home","item":"https:\/\/www.meettheredbaron.com\/fr\/"},{"@type":"ListItem","position":2,"name":"Events","item":"https:\/\/www.meettheredbaron.com\/fr\/event\/"},{"@type":"ListItem","position":3,"name":"MvR \u00e0 Schweidnitz"}]},{"@type":"WebSite","@id":"https:\/\/www.meettheredbaron.com\/fr\/#website","url":"https:\/\/www.meettheredbaron.com\/fr\/","name":"Meet The Red Baron","description":"The life and death of Manfred von Richthofen.","publisher":{"@id":"https:\/\/www.meettheredbaron.com\/fr\/#\/schema\/person\/fd320c77882d0d84e4b88ef15120767f"},"potentialAction":[{"@type":"SearchAction","target":{"@type":"EntryPoint","urlTemplate":"https:\/\/www.meettheredbaron.com\/fr\/?s={search_term_string}"},"query-input":{"@type":"PropertyValueSpecification","valueRequired":true,"valueName":"search_term_string"}}],"inLanguage":"fr-FR"},{"@type":["Person","Organization"],"@id":"https:\/\/www.meettheredbaron.com\/fr\/#\/schema\/person\/fd320c77882d0d84e4b88ef15120767f","name":"heinpoblome","image":{"@type":"ImageObject","inLanguage":"fr-FR","@id":"https:\/\/www.meettheredbaron.com\/fr\/#\/schema\/person\/image\/","url":"https:\/\/www.meettheredbaron.com\/wp-content\/uploads\/2021\/12\/266-scaled.jpg","contentUrl":"https:\/\/www.meettheredbaron.com\/wp-content\/uploads\/2021\/12\/266-scaled.jpg","width":1850,"height":2560,"caption":"heinpoblome"},"logo":{"@id":"https:\/\/www.meettheredbaron.com\/fr\/#\/schema\/person\/image\/"},"sameAs":["http:\/\/www.meettheredbaron.com"]}]}},"toolset-meta":{"field-group-for-events-2":[],"field-group-for-events":{"date":{"type":"date","raw":"-1650153600","formatted":"09\/17\/1917 00:00"},"date-as-a-string":{"type":"textfield","raw":"9\/17\/1917"},"date-description":{"type":"textfield","raw":""},"geolocation":{"type":"google_address","raw":"50.84890767354939, 16.476310886960174"},"location-description":{"type":"textfield","raw":"W\u0142adys\u0142awa Sikorskiego 19, 58-105 \u015awidnica, Polen"},"town-name":{"type":"textfield","raw":"Swidnica"},"historical-town-name":{"type":"textfield","raw":"Schweidnitz"},"event-id":{"type":"numeric","raw":"376"},"event-short":{"type":"textfield","raw":"MvR \u00e0 Schweidnitz"},"event-description":{"type":"wysiwyg","raw":"\u00ab Le 17 septembre, Manfred a t\u00e9l\u00e9graphi\u00e9 qu'il arriverait dans l'apr\u00e8s-midi par la voie des airs. Nous l'avons attendu sur le terrain d'exercice. A six heures, l'avion rouge, d\u00e9sormais sa propri\u00e9t\u00e9 priv\u00e9e, apparut. Dans les derni\u00e8res lueurs d'une pure journ\u00e9e de septembre, il donnait l'impression de se d\u00e9tacher au milieu du soleil. Manfred a d'abord survol\u00e9 la ville, o\u00f9 il a \u00e9t\u00e9 remarqu\u00e9 et accueilli par de grandes acclamations. La place d'atterrissage, vide auparavant, \u00e9tait remplie d'une foule de gens. Le vrombissement des voix couvrait le bruit du moteur. L'avion s'est pos\u00e9 aussi doucement qu'un papillon. Malgr\u00e9 le barrage, nous avons eu du mal \u00e0 arriver jusqu'\u00e0 notre maison. La blessure de Manfred est plus profonde que je ne le pensais. J'ai remarqu\u00e9 avec tristesse que les cheveux de sa t\u00eate \u00e9taient devenus plus fins. On aurait dit qu'il devenait chauve. Peut-\u00eatre que les cheveux sont tomb\u00e9s \u00e0 cet endroit et qu'ils repousseront. - Enfant, il avait de magnifiques boucles qui brillaient comme des rayons de soleil fil\u00e9s. Albrecht, Lothar et Bolko sont arriv\u00e9s. Pour la premi\u00e8re fois depuis No\u00ebl 1915, nous \u00e9tions tous r\u00e9unis ici. J'\u00e9tais heureux dans la paix, dans la s\u00e9curit\u00e9 de ma famille. \u00c0 mon grand d\u00e9sarroi, je constate que la blessure \u00e0 la t\u00eate de Manfred est loin d'\u00eatre gu\u00e9rie. L'os est encore \u00e0 nu. Un jour apr\u00e8s l'autre, il se rend dans un h\u00f4pital militaire local pour faire changer son bandage. Il a mauvaise mine et est irritable. Jusqu'\u00e0 pr\u00e9sent, il m'avait sembl\u00e9 \u00eatre le jeune Siegfried, l'invuln\u00e9rable. Son \u00e9lasticit\u00e9, la mani\u00e8re l\u00e9g\u00e8re avec laquelle il d\u00e9crivait ses combats a\u00e9riens m'avaient un peu tromp\u00e9 sur le terrible danger de son activit\u00e9. Mais l'un apr\u00e8s l'autre, les jeunes et brillants h\u00e9ros de l'aviation \u00e9taient tomb\u00e9s. Ils avaient tous \u00e9t\u00e9 des experts et avaient fait preuve d'une bravoure sans pr\u00e9c\u00e9dent. Le sort s'\u00e9tait \u00e0 pr\u00e9sent acharn\u00e9 sur Manfred - il avait \u00e9t\u00e9 bless\u00e9. \u00ab Comment est-ce arriv\u00e9 ? \u00bb lui ai-je demand\u00e9. \u00ab Ils viennent de me toucher \u00bb, me r\u00e9pondit-il rapidement. D'o\u00f9 venait le coup de feu, il ne savait pas le dire lui-m\u00eame. - Mais probablement de la terre. Nous travers\u00e2mes le jardin, et maintenant je voulais dire ce que j'avais d\u00e9cid\u00e9 de dire : \u00ab Arr\u00eate de voler, Manfred \u00bb. \u00ab Qui devrait donc faire la guerre si nous pensions tous ainsi... ? Seul le soldat dans les tranch\u00e9es ?!... Si ceux qui sont appel\u00e9s \u00e0 diriger \u00e9chouent, cela se passera bient\u00f4t comme en Russie \u00bb. \u00ab Mais le soldat est relev\u00e9 de temps en temps, il se met en position de repos, alors que toi, tu es plusieurs fois par jour \u00e0 5000 m\u00e8tres d'altitude dans les duels les plus dangereux \u00bb. Manfred s'impatientait. \u00ab Cela te plairait-il que je me mette maintenant \u00e0 l'abri et que je me repose sur mes lauriers ? \u00bb Non - il n'y avait rien \u00e0 faire ici ; Manfred continuerait \u00e0 se battre jusqu'\u00e0 - jusqu'\u00e0 - la fin de la guerre \u00bb."},"event-type-id":{"type":"numeric","raw":"3"},"source-id":{"type":"numeric","raw":"10"},"source-long-in-event":{"type":"textfield","raw":"Die Erinnerungen der Mutter des roten Kampffliegers Kunigunde Freifrau von Richthofen. Im Verlag Ullstein - Berlin, 1937."},"pagenumber":{"type":"textfield","raw":"127"},"airplane-id":{"type":"textfield","raw":""},"combat-id":{"type":"textfield","raw":""},"event-type":{"type":"select","raw":"3"},"source-language":{"type":"select","raw":"2"},"picture":{"type":"image","raw":["https:\/\/www.meettheredbaron.com\/wp-content\/uploads\/2024\/05\/258.jpg","https:\/\/www.meettheredbaron.com\/wp-content\/uploads\/2024\/05\/12.jpg","https:\/\/www.meettheredbaron.com\/wp-content\/uploads\/2024\/05\/215.jpg","https:\/\/www.meettheredbaron.com\/wp-content\/uploads\/2024\/05\/514.jpg","https:\/\/www.meettheredbaron.com\/wp-content\/uploads\/2024\/05\/513.jpg","https:\/\/www.meettheredbaron.com\/wp-content\/uploads\/2024\/05\/515.jpg"],"repeatable":[{"raw":"https:\/\/www.meettheredbaron.com\/wp-content\/uploads\/2024\/05\/258.jpg","attachment_id":10397},{"raw":"https:\/\/www.meettheredbaron.com\/wp-content\/uploads\/2024\/05\/12.jpg","attachment_id":10406},{"raw":"https:\/\/www.meettheredbaron.com\/wp-content\/uploads\/2024\/05\/215.jpg","attachment_id":10418},{"raw":"https:\/\/www.meettheredbaron.com\/wp-content\/uploads\/2024\/05\/514.jpg","attachment_id":10412},{"raw":"https:\/\/www.meettheredbaron.com\/wp-content\/uploads\/2024\/05\/513.jpg","attachment_id":10409},{"raw":"https:\/\/www.meettheredbaron.com\/wp-content\/uploads\/2024\/05\/515.jpg","attachment_id":10415}]}}},"_links":{"self":[{"href":"https:\/\/www.meettheredbaron.com\/fr\/wp-json\/wp\/v2\/event\/13224","targetHints":{"allow":["GET"]}}],"collection":[{"href":"https:\/\/www.meettheredbaron.com\/fr\/wp-json\/wp\/v2\/event"}],"about":[{"href":"https:\/\/www.meettheredbaron.com\/fr\/wp-json\/wp\/v2\/types\/event"}],"replies":[{"embeddable":true,"href":"https:\/\/www.meettheredbaron.com\/fr\/wp-json\/wp\/v2\/comments?post=13224"}],"wp:attachment":[{"href":"https:\/\/www.meettheredbaron.com\/fr\/wp-json\/wp\/v2\/media?parent=13224"}],"wp:term":[{"taxonomy":"event-type","embeddable":true,"href":"https:\/\/www.meettheredbaron.com\/fr\/wp-json\/wp\/v2\/event-type?post=13224"},{"taxonomy":"source-language","embeddable":true,"href":"https:\/\/www.meettheredbaron.com\/fr\/wp-json\/wp\/v2\/source-language?post=13224"},{"taxonomy":"source-id-tax","embeddable":true,"href":"https:\/\/www.meettheredbaron.com\/fr\/wp-json\/wp\/v2\/source-id-tax?post=13224"}],"curies":[{"name":"wp","href":"https:\/\/api.w.org\/{rel}","templated":true}]}}