{"id":13023,"date":"2021-12-16T17:31:10","date_gmt":"2021-12-16T16:31:10","guid":{"rendered":"https:\/\/www.meettheredbaron.com\/event\/richthofens-grab-in-1931\/"},"modified":"2025-05-20T12:11:47","modified_gmt":"2025-05-20T11:11:47","slug":"richthofens-grab-in-1931","status":"publish","type":"event","link":"https:\/\/www.meettheredbaron.com\/fr\/event\/richthofens-grab-in-1931\/","title":{"rendered":"La tombe de Richthofen en 1931"},"content":{"rendered":"<p>\u00ab\u00a0Au cours de l&rsquo;ann\u00e9e 1926, le minist\u00e8re de l&rsquo;Arm\u00e9e du Reich a \u00e9t\u00e9 inform\u00e9 par diff\u00e9rentes parties du m\u00e9contentement concernant l&rsquo;\u00e9tat non entretenu de la tombe, qui n&rsquo;\u00e9tait connue que par la croix en bois \u00e9rig\u00e9e en 1918 (avec l&rsquo;inscription \u201cRichthofen, von Baron, Capitaine\u201d) et qui n&rsquo;\u00e9tait pas d\u00e9cor\u00e9e pour le reste. C&rsquo;est ainsi que, gr\u00e2ce \u00e0 des fonds priv\u00e9s et \u00e0 la participation d\u00e9terminante de l&rsquo;association \u201cRing der Flieger e.V.\u201d, une pierre de couverture fut \u00e9rig\u00e9e sur la tombe et une c\u00e9r\u00e9monie d&rsquo;inauguration de la tombe eut lieu le 28 octobre 1926\u00a0\u00bb.<\/p>\n","protected":false},"comment_status":"open","ping_status":"closed","template":"","event-type":[244],"source-language":[259],"source-id-tax":[289],"class_list":["post-13023","event","type-event","status-publish","hentry","event-type-general-event-fr","source-language-allemand-fr","source-id-tax-https-www-bundesarchiv-de-de-content-virtuelle-ausstellungen-manfred-von-richthofen-der-rote-kampfflieger-manfred-von-richthofen-der-rote-kampfflieger-html-fr","entry","no-media"],"yoast_head":"<!-- This site is optimized with the Yoast SEO plugin v26.7 - https:\/\/yoast.com\/wordpress\/plugins\/seo\/ -->\n<title>La tombe de Richthofen en 1931 - Meet The Red Baron<\/title>\n<meta name=\"robots\" content=\"index, follow, max-snippet:-1, max-image-preview:large, max-video-preview:-1\" \/>\n<link rel=\"canonical\" href=\"https:\/\/www.meettheredbaron.com\/fr\/event\/richthofens-grab-in-1931\/\" \/>\n<meta property=\"og:locale\" content=\"fr_FR\" \/>\n<meta property=\"og:type\" content=\"article\" \/>\n<meta property=\"og:title\" content=\"La tombe de Richthofen en 1931 - Meet The Red Baron\" \/>\n<meta property=\"og:description\" content=\"Richthofens Grab in 1931\" \/>\n<meta property=\"og:url\" content=\"https:\/\/www.meettheredbaron.com\/fr\/event\/richthofens-grab-in-1931\/\" \/>\n<meta property=\"og:site_name\" content=\"Meet The Red Baron\" \/>\n<meta property=\"article:modified_time\" content=\"2025-05-20T11:11:47+00:00\" \/>\n<script type=\"application\/ld+json\" class=\"yoast-schema-graph\">{\"@context\":\"https:\/\/schema.org\",\"@graph\":[{\"@type\":\"WebPage\",\"@id\":\"https:\/\/www.meettheredbaron.com\/fr\/event\/richthofens-grab-in-1931\/\",\"url\":\"https:\/\/www.meettheredbaron.com\/fr\/event\/richthofens-grab-in-1931\/\",\"name\":\"La tombe de Richthofen en 1931 - Meet The Red Baron\",\"isPartOf\":{\"@id\":\"https:\/\/www.meettheredbaron.com\/fr\/#website\"},\"datePublished\":\"2021-12-16T16:31:10+00:00\",\"dateModified\":\"2025-05-20T11:11:47+00:00\",\"breadcrumb\":{\"@id\":\"https:\/\/www.meettheredbaron.com\/fr\/event\/richthofens-grab-in-1931\/#breadcrumb\"},\"inLanguage\":\"fr-FR\",\"potentialAction\":[{\"@type\":\"ReadAction\",\"target\":[\"https:\/\/www.meettheredbaron.com\/fr\/event\/richthofens-grab-in-1931\/\"]}]},{\"@type\":\"BreadcrumbList\",\"@id\":\"https:\/\/www.meettheredbaron.com\/fr\/event\/richthofens-grab-in-1931\/#breadcrumb\",\"itemListElement\":[{\"@type\":\"ListItem\",\"position\":1,\"name\":\"Home\",\"item\":\"https:\/\/www.meettheredbaron.com\/fr\/\"},{\"@type\":\"ListItem\",\"position\":2,\"name\":\"Events\",\"item\":\"https:\/\/www.meettheredbaron.com\/fr\/event\/\"},{\"@type\":\"ListItem\",\"position\":3,\"name\":\"La tombe de Richthofen en 1931\"}]},{\"@type\":\"WebSite\",\"@id\":\"https:\/\/www.meettheredbaron.com\/fr\/#website\",\"url\":\"https:\/\/www.meettheredbaron.com\/fr\/\",\"name\":\"Meet The Red Baron\",\"description\":\"The life and death of Manfred von Richthofen.\",\"publisher\":{\"@id\":\"https:\/\/www.meettheredbaron.com\/fr\/#\/schema\/person\/fd320c77882d0d84e4b88ef15120767f\"},\"potentialAction\":[{\"@type\":\"SearchAction\",\"target\":{\"@type\":\"EntryPoint\",\"urlTemplate\":\"https:\/\/www.meettheredbaron.com\/fr\/?s={search_term_string}\"},\"query-input\":{\"@type\":\"PropertyValueSpecification\",\"valueRequired\":true,\"valueName\":\"search_term_string\"}}],\"inLanguage\":\"fr-FR\"},{\"@type\":[\"Person\",\"Organization\"],\"@id\":\"https:\/\/www.meettheredbaron.com\/fr\/#\/schema\/person\/fd320c77882d0d84e4b88ef15120767f\",\"name\":\"heinpoblome\",\"image\":{\"@type\":\"ImageObject\",\"inLanguage\":\"fr-FR\",\"@id\":\"https:\/\/www.meettheredbaron.com\/fr\/#\/schema\/person\/image\/\",\"url\":\"https:\/\/www.meettheredbaron.com\/wp-content\/uploads\/2021\/12\/266-scaled.jpg\",\"contentUrl\":\"https:\/\/www.meettheredbaron.com\/wp-content\/uploads\/2021\/12\/266-scaled.jpg\",\"width\":1850,\"height\":2560,\"caption\":\"heinpoblome\"},\"logo\":{\"@id\":\"https:\/\/www.meettheredbaron.com\/fr\/#\/schema\/person\/image\/\"},\"sameAs\":[\"http:\/\/www.meettheredbaron.com\"]}]}<\/script>\n<!-- \/ Yoast SEO plugin. -->","yoast_head_json":{"title":"La tombe de Richthofen en 1931 - Meet The Red Baron","robots":{"index":"index","follow":"follow","max-snippet":"max-snippet:-1","max-image-preview":"max-image-preview:large","max-video-preview":"max-video-preview:-1"},"canonical":"https:\/\/www.meettheredbaron.com\/fr\/event\/richthofens-grab-in-1931\/","og_locale":"fr_FR","og_type":"article","og_title":"La tombe de Richthofen en 1931 - Meet The Red Baron","og_description":"Richthofens Grab in 1931","og_url":"https:\/\/www.meettheredbaron.com\/fr\/event\/richthofens-grab-in-1931\/","og_site_name":"Meet The Red Baron","article_modified_time":"2025-05-20T11:11:47+00:00","schema":{"@context":"https:\/\/schema.org","@graph":[{"@type":"WebPage","@id":"https:\/\/www.meettheredbaron.com\/fr\/event\/richthofens-grab-in-1931\/","url":"https:\/\/www.meettheredbaron.com\/fr\/event\/richthofens-grab-in-1931\/","name":"La tombe de Richthofen en 1931 - Meet The Red Baron","isPartOf":{"@id":"https:\/\/www.meettheredbaron.com\/fr\/#website"},"datePublished":"2021-12-16T16:31:10+00:00","dateModified":"2025-05-20T11:11:47+00:00","breadcrumb":{"@id":"https:\/\/www.meettheredbaron.com\/fr\/event\/richthofens-grab-in-1931\/#breadcrumb"},"inLanguage":"fr-FR","potentialAction":[{"@type":"ReadAction","target":["https:\/\/www.meettheredbaron.com\/fr\/event\/richthofens-grab-in-1931\/"]}]},{"@type":"BreadcrumbList","@id":"https:\/\/www.meettheredbaron.com\/fr\/event\/richthofens-grab-in-1931\/#breadcrumb","itemListElement":[{"@type":"ListItem","position":1,"name":"Home","item":"https:\/\/www.meettheredbaron.com\/fr\/"},{"@type":"ListItem","position":2,"name":"Events","item":"https:\/\/www.meettheredbaron.com\/fr\/event\/"},{"@type":"ListItem","position":3,"name":"La tombe de Richthofen en 1931"}]},{"@type":"WebSite","@id":"https:\/\/www.meettheredbaron.com\/fr\/#website","url":"https:\/\/www.meettheredbaron.com\/fr\/","name":"Meet The Red Baron","description":"The life and death of Manfred von Richthofen.","publisher":{"@id":"https:\/\/www.meettheredbaron.com\/fr\/#\/schema\/person\/fd320c77882d0d84e4b88ef15120767f"},"potentialAction":[{"@type":"SearchAction","target":{"@type":"EntryPoint","urlTemplate":"https:\/\/www.meettheredbaron.com\/fr\/?s={search_term_string}"},"query-input":{"@type":"PropertyValueSpecification","valueRequired":true,"valueName":"search_term_string"}}],"inLanguage":"fr-FR"},{"@type":["Person","Organization"],"@id":"https:\/\/www.meettheredbaron.com\/fr\/#\/schema\/person\/fd320c77882d0d84e4b88ef15120767f","name":"heinpoblome","image":{"@type":"ImageObject","inLanguage":"fr-FR","@id":"https:\/\/www.meettheredbaron.com\/fr\/#\/schema\/person\/image\/","url":"https:\/\/www.meettheredbaron.com\/wp-content\/uploads\/2021\/12\/266-scaled.jpg","contentUrl":"https:\/\/www.meettheredbaron.com\/wp-content\/uploads\/2021\/12\/266-scaled.jpg","width":1850,"height":2560,"caption":"heinpoblome"},"logo":{"@id":"https:\/\/www.meettheredbaron.com\/fr\/#\/schema\/person\/image\/"},"sameAs":["http:\/\/www.meettheredbaron.com"]}]}},"toolset-meta":{"field-group-for-events-2":[],"field-group-for-events":{"date":{"type":"date","raw":"-1362614400","formatted":"10\/28\/1926 00:00"},"date-as-a-string":{"type":"textfield","raw":"10\/28\/1926"},"date-description":{"type":"textfield","raw":""},"geolocation":{"type":"google_address","raw":"52.532013517448796, 13.371082578543202"},"location-description":{"type":"textfield","raw":"Invalidenfriedhof"},"town-name":{"type":"textfield","raw":"Berlin"},"historical-town-name":{"type":"textfield","raw":""},"event-id":{"type":"numeric","raw":"467"},"event-short":{"type":"textfield","raw":"La tombe de Richthofen en 1931"},"event-description":{"type":"wysiwyg","raw":"\"Au cours de l'ann\u00e9e 1926, le minist\u00e8re de l'Arm\u00e9e du Reich a \u00e9t\u00e9 inform\u00e9 par diff\u00e9rentes parties du m\u00e9contentement concernant l'\u00e9tat non entretenu de la tombe, qui n'\u00e9tait connue que par la croix en bois \u00e9rig\u00e9e en 1918 (avec l'inscription \u201cRichthofen, von Baron, Capitaine\u201d) et qui n'\u00e9tait pas d\u00e9cor\u00e9e pour le reste. C'est ainsi que, gr\u00e2ce \u00e0 des fonds priv\u00e9s et \u00e0 la participation d\u00e9terminante de l'association \u201cRing der Flieger e.V.\u201d, une pierre de couverture fut \u00e9rig\u00e9e sur la tombe et une c\u00e9r\u00e9monie d'inauguration de la tombe eut lieu le 28 octobre 1926\"."},"event-type-id":{"type":"numeric","raw":"2"},"source-id":{"type":"numeric","raw":"21"},"source-long-in-event":{"type":"textfield","raw":"https:\/\/www.bundesarchiv.de\/DE\/Content\/Virtuelle-Ausstellungen\/Manfred-Von-Richthofen-Der-Rote-Kampfflieger\/manfred-von-richthofen-der-rote-kampfflieger.html"},"pagenumber":{"type":"textfield","raw":""},"airplane-id":{"type":"textfield","raw":""},"combat-id":{"type":"textfield","raw":""},"event-type":{"type":"select","raw":"2"},"source-language":{"type":"select","raw":"2"},"picture":{"type":"image","raw":["https:\/\/www.meettheredbaron.com\/wp-content\/uploads\/2024\/07\/124.jpg","http:\/\/www.meettheredbaron.com\/wp-content\/uploads\/2021\/12\/205.jpg"],"repeatable":[{"raw":"https:\/\/www.meettheredbaron.com\/wp-content\/uploads\/2024\/07\/124.jpg","attachment_id":10790},{"raw":"http:\/\/www.meettheredbaron.com\/wp-content\/uploads\/2021\/12\/205.jpg","attachment_id":8375}]}}},"_links":{"self":[{"href":"https:\/\/www.meettheredbaron.com\/fr\/wp-json\/wp\/v2\/event\/13023","targetHints":{"allow":["GET"]}}],"collection":[{"href":"https:\/\/www.meettheredbaron.com\/fr\/wp-json\/wp\/v2\/event"}],"about":[{"href":"https:\/\/www.meettheredbaron.com\/fr\/wp-json\/wp\/v2\/types\/event"}],"replies":[{"embeddable":true,"href":"https:\/\/www.meettheredbaron.com\/fr\/wp-json\/wp\/v2\/comments?post=13023"}],"wp:attachment":[{"href":"https:\/\/www.meettheredbaron.com\/fr\/wp-json\/wp\/v2\/media?parent=13023"}],"wp:term":[{"taxonomy":"event-type","embeddable":true,"href":"https:\/\/www.meettheredbaron.com\/fr\/wp-json\/wp\/v2\/event-type?post=13023"},{"taxonomy":"source-language","embeddable":true,"href":"https:\/\/www.meettheredbaron.com\/fr\/wp-json\/wp\/v2\/source-language?post=13023"},{"taxonomy":"source-id-tax","embeddable":true,"href":"https:\/\/www.meettheredbaron.com\/fr\/wp-json\/wp\/v2\/source-id-tax?post=13023"}],"curies":[{"name":"wp","href":"https:\/\/api.w.org\/{rel}","templated":true}]}}