{"id":12984,"date":"2021-12-30T09:15:46","date_gmt":"2021-12-30T08:15:46","guid":{"rendered":"https:\/\/www.meettheredbaron.com\/event\/getuigenis-van-georg-von-der-osten\/"},"modified":"2025-05-21T13:50:12","modified_gmt":"2025-05-21T12:50:12","slug":"getuigenis-van-georg-von-der-osten","status":"publish","type":"event","link":"https:\/\/www.meettheredbaron.com\/fr\/event\/getuigenis-van-georg-von-der-osten\/","title":{"rendered":"T\u00e9moignage de Georg von der Osten"},"content":{"rendered":"\n<p>\u00ab\u00a0&#8230;Le 11 ao\u00fbt 1917, je suis arriv\u00e9 au Jasta 11 \u00e0 Markebeke. Le Freiherr von Richthofen portait un bandage \u00e0 la t\u00eate \u00e0 la suite d&rsquo;une commotion c\u00e9r\u00e9brale subie lors d&rsquo;un combat a\u00e9rien. Il n&rsquo;a pas vol\u00e9 pendant cette p\u00e9riode.<\/p>\n","protected":false},"comment_status":"open","ping_status":"closed","template":"","event-type":[248],"source-language":[265],"source-id-tax":[400],"class_list":["post-12984","event","type-event","status-publish","hentry","event-type-testimonial-fr","source-language-neerlandais","source-id-tax-marke-2-wereldoorlog-1-fr","entry","no-media"],"yoast_head":"<!-- This site is optimized with the Yoast SEO plugin v26.7 - https:\/\/yoast.com\/wordpress\/plugins\/seo\/ -->\n<title>T\u00e9moignage de Georg von der Osten - Meet The Red Baron<\/title>\n<meta name=\"robots\" content=\"index, follow, max-snippet:-1, max-image-preview:large, max-video-preview:-1\" \/>\n<link rel=\"canonical\" href=\"https:\/\/www.meettheredbaron.com\/fr\/event\/getuigenis-van-georg-von-der-osten\/\" \/>\n<meta property=\"og:locale\" content=\"fr_FR\" \/>\n<meta property=\"og:type\" content=\"article\" \/>\n<meta property=\"og:title\" content=\"T\u00e9moignage de Georg von der Osten - Meet The Red Baron\" \/>\n<meta property=\"og:description\" content=\"\u00ab\u00a0&#8230;Le 11 ao\u00fbt 1917, je suis arriv\u00e9 au Jasta 11 \u00e0 Markebeke. Le Freiherr von Richthofen portait un bandage \u00e0 la t\u00eate \u00e0 la suite d&rsquo;une commotion c\u00e9r\u00e9brale subie lors d&rsquo;un combat a\u00e9rien. Il n&rsquo;a pas vol\u00e9 pendant cette p\u00e9riode.\" \/>\n<meta property=\"og:url\" content=\"https:\/\/www.meettheredbaron.com\/fr\/event\/getuigenis-van-georg-von-der-osten\/\" \/>\n<meta property=\"og:site_name\" content=\"Meet The Red Baron\" \/>\n<meta property=\"article:modified_time\" content=\"2025-05-21T12:50:12+00:00\" \/>\n<script type=\"application\/ld+json\" class=\"yoast-schema-graph\">{\"@context\":\"https:\/\/schema.org\",\"@graph\":[{\"@type\":\"WebPage\",\"@id\":\"https:\/\/www.meettheredbaron.com\/fr\/event\/getuigenis-van-georg-von-der-osten\/\",\"url\":\"https:\/\/www.meettheredbaron.com\/fr\/event\/getuigenis-van-georg-von-der-osten\/\",\"name\":\"T\u00e9moignage de Georg von der Osten - Meet The Red Baron\",\"isPartOf\":{\"@id\":\"https:\/\/www.meettheredbaron.com\/fr\/#website\"},\"datePublished\":\"2021-12-30T08:15:46+00:00\",\"dateModified\":\"2025-05-21T12:50:12+00:00\",\"breadcrumb\":{\"@id\":\"https:\/\/www.meettheredbaron.com\/fr\/event\/getuigenis-van-georg-von-der-osten\/#breadcrumb\"},\"inLanguage\":\"fr-FR\",\"potentialAction\":[{\"@type\":\"ReadAction\",\"target\":[\"https:\/\/www.meettheredbaron.com\/fr\/event\/getuigenis-van-georg-von-der-osten\/\"]}]},{\"@type\":\"BreadcrumbList\",\"@id\":\"https:\/\/www.meettheredbaron.com\/fr\/event\/getuigenis-van-georg-von-der-osten\/#breadcrumb\",\"itemListElement\":[{\"@type\":\"ListItem\",\"position\":1,\"name\":\"Home\",\"item\":\"https:\/\/www.meettheredbaron.com\/fr\/\"},{\"@type\":\"ListItem\",\"position\":2,\"name\":\"Events\",\"item\":\"https:\/\/www.meettheredbaron.com\/fr\/event\/\"},{\"@type\":\"ListItem\",\"position\":3,\"name\":\"T\u00e9moignage de Georg von der Osten\"}]},{\"@type\":\"WebSite\",\"@id\":\"https:\/\/www.meettheredbaron.com\/fr\/#website\",\"url\":\"https:\/\/www.meettheredbaron.com\/fr\/\",\"name\":\"Meet The Red Baron\",\"description\":\"The life and death of Manfred von Richthofen.\",\"publisher\":{\"@id\":\"https:\/\/www.meettheredbaron.com\/fr\/#\/schema\/person\/fd320c77882d0d84e4b88ef15120767f\"},\"potentialAction\":[{\"@type\":\"SearchAction\",\"target\":{\"@type\":\"EntryPoint\",\"urlTemplate\":\"https:\/\/www.meettheredbaron.com\/fr\/?s={search_term_string}\"},\"query-input\":{\"@type\":\"PropertyValueSpecification\",\"valueRequired\":true,\"valueName\":\"search_term_string\"}}],\"inLanguage\":\"fr-FR\"},{\"@type\":[\"Person\",\"Organization\"],\"@id\":\"https:\/\/www.meettheredbaron.com\/fr\/#\/schema\/person\/fd320c77882d0d84e4b88ef15120767f\",\"name\":\"heinpoblome\",\"image\":{\"@type\":\"ImageObject\",\"inLanguage\":\"fr-FR\",\"@id\":\"https:\/\/www.meettheredbaron.com\/fr\/#\/schema\/person\/image\/\",\"url\":\"https:\/\/www.meettheredbaron.com\/wp-content\/uploads\/2021\/12\/266-scaled.jpg\",\"contentUrl\":\"https:\/\/www.meettheredbaron.com\/wp-content\/uploads\/2021\/12\/266-scaled.jpg\",\"width\":1850,\"height\":2560,\"caption\":\"heinpoblome\"},\"logo\":{\"@id\":\"https:\/\/www.meettheredbaron.com\/fr\/#\/schema\/person\/image\/\"},\"sameAs\":[\"http:\/\/www.meettheredbaron.com\"]}]}<\/script>\n<!-- \/ Yoast SEO plugin. -->","yoast_head_json":{"title":"T\u00e9moignage de Georg von der Osten - Meet The Red Baron","robots":{"index":"index","follow":"follow","max-snippet":"max-snippet:-1","max-image-preview":"max-image-preview:large","max-video-preview":"max-video-preview:-1"},"canonical":"https:\/\/www.meettheredbaron.com\/fr\/event\/getuigenis-van-georg-von-der-osten\/","og_locale":"fr_FR","og_type":"article","og_title":"T\u00e9moignage de Georg von der Osten - Meet The Red Baron","og_description":"\u00ab\u00a0&#8230;Le 11 ao\u00fbt 1917, je suis arriv\u00e9 au Jasta 11 \u00e0 Markebeke. Le Freiherr von Richthofen portait un bandage \u00e0 la t\u00eate \u00e0 la suite d&rsquo;une commotion c\u00e9r\u00e9brale subie lors d&rsquo;un combat a\u00e9rien. Il n&rsquo;a pas vol\u00e9 pendant cette p\u00e9riode.","og_url":"https:\/\/www.meettheredbaron.com\/fr\/event\/getuigenis-van-georg-von-der-osten\/","og_site_name":"Meet The Red Baron","article_modified_time":"2025-05-21T12:50:12+00:00","schema":{"@context":"https:\/\/schema.org","@graph":[{"@type":"WebPage","@id":"https:\/\/www.meettheredbaron.com\/fr\/event\/getuigenis-van-georg-von-der-osten\/","url":"https:\/\/www.meettheredbaron.com\/fr\/event\/getuigenis-van-georg-von-der-osten\/","name":"T\u00e9moignage de Georg von der Osten - Meet The Red Baron","isPartOf":{"@id":"https:\/\/www.meettheredbaron.com\/fr\/#website"},"datePublished":"2021-12-30T08:15:46+00:00","dateModified":"2025-05-21T12:50:12+00:00","breadcrumb":{"@id":"https:\/\/www.meettheredbaron.com\/fr\/event\/getuigenis-van-georg-von-der-osten\/#breadcrumb"},"inLanguage":"fr-FR","potentialAction":[{"@type":"ReadAction","target":["https:\/\/www.meettheredbaron.com\/fr\/event\/getuigenis-van-georg-von-der-osten\/"]}]},{"@type":"BreadcrumbList","@id":"https:\/\/www.meettheredbaron.com\/fr\/event\/getuigenis-van-georg-von-der-osten\/#breadcrumb","itemListElement":[{"@type":"ListItem","position":1,"name":"Home","item":"https:\/\/www.meettheredbaron.com\/fr\/"},{"@type":"ListItem","position":2,"name":"Events","item":"https:\/\/www.meettheredbaron.com\/fr\/event\/"},{"@type":"ListItem","position":3,"name":"T\u00e9moignage de Georg von der Osten"}]},{"@type":"WebSite","@id":"https:\/\/www.meettheredbaron.com\/fr\/#website","url":"https:\/\/www.meettheredbaron.com\/fr\/","name":"Meet The Red Baron","description":"The life and death of Manfred von Richthofen.","publisher":{"@id":"https:\/\/www.meettheredbaron.com\/fr\/#\/schema\/person\/fd320c77882d0d84e4b88ef15120767f"},"potentialAction":[{"@type":"SearchAction","target":{"@type":"EntryPoint","urlTemplate":"https:\/\/www.meettheredbaron.com\/fr\/?s={search_term_string}"},"query-input":{"@type":"PropertyValueSpecification","valueRequired":true,"valueName":"search_term_string"}}],"inLanguage":"fr-FR"},{"@type":["Person","Organization"],"@id":"https:\/\/www.meettheredbaron.com\/fr\/#\/schema\/person\/fd320c77882d0d84e4b88ef15120767f","name":"heinpoblome","image":{"@type":"ImageObject","inLanguage":"fr-FR","@id":"https:\/\/www.meettheredbaron.com\/fr\/#\/schema\/person\/image\/","url":"https:\/\/www.meettheredbaron.com\/wp-content\/uploads\/2021\/12\/266-scaled.jpg","contentUrl":"https:\/\/www.meettheredbaron.com\/wp-content\/uploads\/2021\/12\/266-scaled.jpg","width":1850,"height":2560,"caption":"heinpoblome"},"logo":{"@id":"https:\/\/www.meettheredbaron.com\/fr\/#\/schema\/person\/image\/"},"sameAs":["http:\/\/www.meettheredbaron.com"]}]}},"toolset-meta":{"field-group-for-events-2":[],"field-group-for-events":{"date":{"type":"date","raw":"-1653350400","formatted":"08\/11\/1917 00:00"},"date-as-a-string":{"type":"textfield","raw":"08\/11\/1917"},"date-description":{"type":"textfield","raw":""},"geolocation":{"type":"google_address","raw":"50.816141687498735, 3.2403333562695864"},"location-description":{"type":"textfield","raw":"Markebeke"},"town-name":{"type":"textfield","raw":"Marke"},"historical-town-name":{"type":"textfield","raw":""},"event-id":{"type":"numeric","raw":"37"},"event-short":{"type":"textfield","raw":"T\u00e9moignage de Georg von der Osten"},"event-description":{"type":"wysiwyg","raw":"\"...Le 11 ao\u00fbt 1917, je suis arriv\u00e9 au Jasta 11 \u00e0 Markebeke. Le Freiherr von Richthofen portait un bandage \u00e0 la t\u00eate \u00e0 la suite d'une commotion c\u00e9r\u00e9brale subie lors d'un combat a\u00e9rien. Il n'a pas vol\u00e9 pendant cette p\u00e9riode."},"event-type-id":{"type":"numeric","raw":"6"},"source-id":{"type":"numeric","raw":"1"},"source-long-in-event":{"type":"textfield","raw":"Marke 2 Wereldoorlog 1"},"pagenumber":{"type":"textfield","raw":""},"airplane-id":{"type":"textfield","raw":""},"combat-id":{"type":"textfield","raw":""},"event-type":{"type":"select","raw":"6"},"source-language":{"type":"select","raw":"3"},"picture":{"type":"image","raw":[""],"repeatable":[{"raw":""}]}}},"_links":{"self":[{"href":"https:\/\/www.meettheredbaron.com\/fr\/wp-json\/wp\/v2\/event\/12984","targetHints":{"allow":["GET"]}}],"collection":[{"href":"https:\/\/www.meettheredbaron.com\/fr\/wp-json\/wp\/v2\/event"}],"about":[{"href":"https:\/\/www.meettheredbaron.com\/fr\/wp-json\/wp\/v2\/types\/event"}],"replies":[{"embeddable":true,"href":"https:\/\/www.meettheredbaron.com\/fr\/wp-json\/wp\/v2\/comments?post=12984"}],"wp:attachment":[{"href":"https:\/\/www.meettheredbaron.com\/fr\/wp-json\/wp\/v2\/media?parent=12984"}],"wp:term":[{"taxonomy":"event-type","embeddable":true,"href":"https:\/\/www.meettheredbaron.com\/fr\/wp-json\/wp\/v2\/event-type?post=12984"},{"taxonomy":"source-language","embeddable":true,"href":"https:\/\/www.meettheredbaron.com\/fr\/wp-json\/wp\/v2\/source-language?post=12984"},{"taxonomy":"source-id-tax","embeddable":true,"href":"https:\/\/www.meettheredbaron.com\/fr\/wp-json\/wp\/v2\/source-id-tax?post=12984"}],"curies":[{"name":"wp","href":"https:\/\/api.w.org\/{rel}","templated":true}]}}