{"id":12861,"date":"2022-01-07T17:55:45","date_gmt":"2022-01-07T16:55:45","guid":{"rendered":"https:\/\/www.meettheredbaron.com\/event\/die-beisetzung\/"},"modified":"2025-05-24T11:18:52","modified_gmt":"2025-05-24T10:18:52","slug":"die-beisetzung","status":"publish","type":"event","link":"https:\/\/www.meettheredbaron.com\/fr\/event\/die-beisetzung\/","title":{"rendered":"L&rsquo;enterrement"},"content":{"rendered":"\n<p>\u00ab\u00a0L&rsquo;apr\u00e8s-midi du 20 novembre, l&rsquo;enterrement a eu lieu. D\u00e8s l&rsquo;heure du d\u00e9jeuner, la marche de la foule commen\u00e7a. Puis vint le pr\u00e9sident du Reich, von Hindenburg, que ma m\u00e8re et moi avons salu\u00e9. Avec lui apparurent le chancelier Luther, le ministre de la Reichswehr Dr. Ge\u00dfler, le g\u00e9n\u00e9ral von Seeckt \u00e0 la t\u00eate de toute la g\u00e9n\u00e9ralit\u00e9 berlinoise et l&rsquo;amiral Zenker avec les officiers de la marine. La c\u00e9r\u00e9monie \u00e0 l&rsquo;\u00e9glise fut digne et br\u00e8ve. Puis huit aviateurs, chevaliers de l&rsquo;ordre Pour le m\u00e9rite, ont hiss\u00e9 le cercueil sur l&rsquo;aff\u00fbt fourni par le 2e r\u00e9giment d&rsquo;artillerie prussien. Une compagnie du r\u00e9giment de la garde se pla\u00e7a en t\u00eate et, au son sourd des tambours, le cort\u00e8ge se dirigea vers le cimeti\u00e8re des Invalides par une route bord\u00e9e d&rsquo;innombrables associations. Un ancien camarade de r\u00e9giment, aujourd&rsquo;hui officier de la Reichsweh, portait devant le cercueil la multitude de m\u00e9dailles de guerre que Manfred avait re\u00e7ues au cours de sa vie. Au-dessus du cimeti\u00e8re, les avions tournaient avec des fanions noirs, et la compagnie d&rsquo;honneur a tir\u00e9 trois fois le dernier salut. Tandis que la fanfare de la Reichswehr jouait la chanson du bon camarade, le cercueil s&rsquo;enfon\u00e7a dans le sol. Le ministre de la Reichswehr pronon\u00e7a les mots suivants : \u00ab En rendant \u00e0 la terre la d\u00e9pouille de Manfred von Ricthofen, nous faisons en m\u00eame temps le v\u0153u d&rsquo;appartenir, dans la foi et l&rsquo;esp\u00e9rance, \u00e0 notre patrie pour laquelle il est tomb\u00e9 \u00bb.<\/p>\n\n\n\n<p>Parmi les innombrables participants \u00e0 cette c\u00e9r\u00e9monie fun\u00e9raire, il n&rsquo;y aura eu personne qui n&rsquo;aura pas approuv\u00e9 ces paroles du plus profond de son \u00e2me. C&rsquo;est ainsi que Manfred a trouv\u00e9 sa derni\u00e8re demeure durable au c\u0153ur de la capitale du Reich. Mais les milliers et les milliers de camarades du peuple qui, chaque ann\u00e9e, surtout les dimanches et les jours f\u00e9ri\u00e9s, se rendent encore aujourd&rsquo;hui en nombre non diminu\u00e9 sur sa tombe et se penchent en esprit, \u00e9plor\u00e9s et pensifs, mais en m\u00eame temps remplis de fiert\u00e9 patriotique, devant les manches du chevaleresque h\u00e9ros allemand des airs, montrent \u00e0 quel point son souvenir perdure dans le c\u0153ur du peuple\u00a0\u00bb.<\/p>\n","protected":false},"comment_status":"open","ping_status":"closed","template":"","event-type":[223],"source-language":[259],"source-id-tax":[295],"class_list":["post-12861","event","type-event","status-publish","hentry","event-type-relocation-trips-fr","source-language-allemand-fr","source-id-tax-der-rote-kampfflieger-von-rittmeister-manfred-freiherrn-von-richthofen-1933-eingeleitet-und-erganzt-von-bolko-freiherr-von-richthofen-mit-einem-vorwort-von-generalfeldmarschall-hermann-goring-verl-fr","entry","no-media"],"yoast_head":"<!-- This site is optimized with the Yoast SEO plugin v26.7 - https:\/\/yoast.com\/wordpress\/plugins\/seo\/ -->\n<title>L&#039;enterrement - Meet The Red Baron<\/title>\n<meta name=\"robots\" content=\"index, follow, max-snippet:-1, max-image-preview:large, max-video-preview:-1\" \/>\n<link rel=\"canonical\" href=\"https:\/\/www.meettheredbaron.com\/fr\/event\/die-beisetzung\/\" \/>\n<meta property=\"og:locale\" content=\"fr_FR\" \/>\n<meta property=\"og:type\" content=\"article\" \/>\n<meta property=\"og:title\" content=\"L&#039;enterrement - Meet The Red Baron\" \/>\n<meta property=\"og:description\" content=\"\u00ab\u00a0L&rsquo;apr\u00e8s-midi du 20 novembre, l&rsquo;enterrement a eu lieu. D\u00e8s l&rsquo;heure du d\u00e9jeuner, la marche de la foule commen\u00e7a. Puis vint le pr\u00e9sident du Reich, von Hindenburg, que ma m\u00e8re et moi avons salu\u00e9. Avec lui apparurent le chancelier Luther, le ministre de la Reichswehr Dr. Ge\u00dfler, le g\u00e9n\u00e9ral von Seeckt \u00e0 la t\u00eate de toute&hellip;\" \/>\n<meta property=\"og:url\" content=\"https:\/\/www.meettheredbaron.com\/fr\/event\/die-beisetzung\/\" \/>\n<meta property=\"og:site_name\" content=\"Meet The Red Baron\" \/>\n<meta property=\"article:modified_time\" content=\"2025-05-24T10:18:52+00:00\" \/>\n<script type=\"application\/ld+json\" class=\"yoast-schema-graph\">{\"@context\":\"https:\/\/schema.org\",\"@graph\":[{\"@type\":\"WebPage\",\"@id\":\"https:\/\/www.meettheredbaron.com\/fr\/event\/die-beisetzung\/\",\"url\":\"https:\/\/www.meettheredbaron.com\/fr\/event\/die-beisetzung\/\",\"name\":\"L'enterrement - Meet The Red Baron\",\"isPartOf\":{\"@id\":\"https:\/\/www.meettheredbaron.com\/fr\/#website\"},\"datePublished\":\"2022-01-07T16:55:45+00:00\",\"dateModified\":\"2025-05-24T10:18:52+00:00\",\"breadcrumb\":{\"@id\":\"https:\/\/www.meettheredbaron.com\/fr\/event\/die-beisetzung\/#breadcrumb\"},\"inLanguage\":\"fr-FR\",\"potentialAction\":[{\"@type\":\"ReadAction\",\"target\":[\"https:\/\/www.meettheredbaron.com\/fr\/event\/die-beisetzung\/\"]}]},{\"@type\":\"BreadcrumbList\",\"@id\":\"https:\/\/www.meettheredbaron.com\/fr\/event\/die-beisetzung\/#breadcrumb\",\"itemListElement\":[{\"@type\":\"ListItem\",\"position\":1,\"name\":\"Home\",\"item\":\"https:\/\/www.meettheredbaron.com\/fr\/\"},{\"@type\":\"ListItem\",\"position\":2,\"name\":\"Events\",\"item\":\"https:\/\/www.meettheredbaron.com\/fr\/event\/\"},{\"@type\":\"ListItem\",\"position\":3,\"name\":\"L&#8217;enterrement\"}]},{\"@type\":\"WebSite\",\"@id\":\"https:\/\/www.meettheredbaron.com\/fr\/#website\",\"url\":\"https:\/\/www.meettheredbaron.com\/fr\/\",\"name\":\"Meet The Red Baron\",\"description\":\"The life and death of Manfred von Richthofen.\",\"publisher\":{\"@id\":\"https:\/\/www.meettheredbaron.com\/fr\/#\/schema\/person\/fd320c77882d0d84e4b88ef15120767f\"},\"potentialAction\":[{\"@type\":\"SearchAction\",\"target\":{\"@type\":\"EntryPoint\",\"urlTemplate\":\"https:\/\/www.meettheredbaron.com\/fr\/?s={search_term_string}\"},\"query-input\":{\"@type\":\"PropertyValueSpecification\",\"valueRequired\":true,\"valueName\":\"search_term_string\"}}],\"inLanguage\":\"fr-FR\"},{\"@type\":[\"Person\",\"Organization\"],\"@id\":\"https:\/\/www.meettheredbaron.com\/fr\/#\/schema\/person\/fd320c77882d0d84e4b88ef15120767f\",\"name\":\"heinpoblome\",\"image\":{\"@type\":\"ImageObject\",\"inLanguage\":\"fr-FR\",\"@id\":\"https:\/\/www.meettheredbaron.com\/fr\/#\/schema\/person\/image\/\",\"url\":\"https:\/\/www.meettheredbaron.com\/wp-content\/uploads\/2021\/12\/266-scaled.jpg\",\"contentUrl\":\"https:\/\/www.meettheredbaron.com\/wp-content\/uploads\/2021\/12\/266-scaled.jpg\",\"width\":1850,\"height\":2560,\"caption\":\"heinpoblome\"},\"logo\":{\"@id\":\"https:\/\/www.meettheredbaron.com\/fr\/#\/schema\/person\/image\/\"},\"sameAs\":[\"http:\/\/www.meettheredbaron.com\"]}]}<\/script>\n<!-- \/ Yoast SEO plugin. -->","yoast_head_json":{"title":"L'enterrement - Meet The Red Baron","robots":{"index":"index","follow":"follow","max-snippet":"max-snippet:-1","max-image-preview":"max-image-preview:large","max-video-preview":"max-video-preview:-1"},"canonical":"https:\/\/www.meettheredbaron.com\/fr\/event\/die-beisetzung\/","og_locale":"fr_FR","og_type":"article","og_title":"L'enterrement - Meet The Red Baron","og_description":"\u00ab\u00a0L&rsquo;apr\u00e8s-midi du 20 novembre, l&rsquo;enterrement a eu lieu. D\u00e8s l&rsquo;heure du d\u00e9jeuner, la marche de la foule commen\u00e7a. Puis vint le pr\u00e9sident du Reich, von Hindenburg, que ma m\u00e8re et moi avons salu\u00e9. Avec lui apparurent le chancelier Luther, le ministre de la Reichswehr Dr. Ge\u00dfler, le g\u00e9n\u00e9ral von Seeckt \u00e0 la t\u00eate de toute&hellip;","og_url":"https:\/\/www.meettheredbaron.com\/fr\/event\/die-beisetzung\/","og_site_name":"Meet The Red Baron","article_modified_time":"2025-05-24T10:18:52+00:00","schema":{"@context":"https:\/\/schema.org","@graph":[{"@type":"WebPage","@id":"https:\/\/www.meettheredbaron.com\/fr\/event\/die-beisetzung\/","url":"https:\/\/www.meettheredbaron.com\/fr\/event\/die-beisetzung\/","name":"L'enterrement - Meet The Red Baron","isPartOf":{"@id":"https:\/\/www.meettheredbaron.com\/fr\/#website"},"datePublished":"2022-01-07T16:55:45+00:00","dateModified":"2025-05-24T10:18:52+00:00","breadcrumb":{"@id":"https:\/\/www.meettheredbaron.com\/fr\/event\/die-beisetzung\/#breadcrumb"},"inLanguage":"fr-FR","potentialAction":[{"@type":"ReadAction","target":["https:\/\/www.meettheredbaron.com\/fr\/event\/die-beisetzung\/"]}]},{"@type":"BreadcrumbList","@id":"https:\/\/www.meettheredbaron.com\/fr\/event\/die-beisetzung\/#breadcrumb","itemListElement":[{"@type":"ListItem","position":1,"name":"Home","item":"https:\/\/www.meettheredbaron.com\/fr\/"},{"@type":"ListItem","position":2,"name":"Events","item":"https:\/\/www.meettheredbaron.com\/fr\/event\/"},{"@type":"ListItem","position":3,"name":"L&#8217;enterrement"}]},{"@type":"WebSite","@id":"https:\/\/www.meettheredbaron.com\/fr\/#website","url":"https:\/\/www.meettheredbaron.com\/fr\/","name":"Meet The Red Baron","description":"The life and death of Manfred von Richthofen.","publisher":{"@id":"https:\/\/www.meettheredbaron.com\/fr\/#\/schema\/person\/fd320c77882d0d84e4b88ef15120767f"},"potentialAction":[{"@type":"SearchAction","target":{"@type":"EntryPoint","urlTemplate":"https:\/\/www.meettheredbaron.com\/fr\/?s={search_term_string}"},"query-input":{"@type":"PropertyValueSpecification","valueRequired":true,"valueName":"search_term_string"}}],"inLanguage":"fr-FR"},{"@type":["Person","Organization"],"@id":"https:\/\/www.meettheredbaron.com\/fr\/#\/schema\/person\/fd320c77882d0d84e4b88ef15120767f","name":"heinpoblome","image":{"@type":"ImageObject","inLanguage":"fr-FR","@id":"https:\/\/www.meettheredbaron.com\/fr\/#\/schema\/person\/image\/","url":"https:\/\/www.meettheredbaron.com\/wp-content\/uploads\/2021\/12\/266-scaled.jpg","contentUrl":"https:\/\/www.meettheredbaron.com\/wp-content\/uploads\/2021\/12\/266-scaled.jpg","width":1850,"height":2560,"caption":"heinpoblome"},"logo":{"@id":"https:\/\/www.meettheredbaron.com\/fr\/#\/schema\/person\/image\/"},"sameAs":["http:\/\/www.meettheredbaron.com"]}]}},"toolset-meta":{"field-group-for-events-2":[],"field-group-for-events":{"date":{"type":"date","raw":"-1392163200","formatted":"11\/20\/1925 00:00"},"date-as-a-string":{"type":"textfield","raw":"11\/20\/1925"},"date-description":{"type":"textfield","raw":""},"geolocation":{"type":"google_address","raw":"52.532013517448796, 13.371082578543202"},"location-description":{"type":"textfield","raw":"Invalidenfriedhof"},"town-name":{"type":"textfield","raw":"Berlin"},"historical-town-name":{"type":"textfield","raw":""},"event-id":{"type":"numeric","raw":"506"},"event-short":{"type":"textfield","raw":"L'enterrement"},"event-description":{"type":"wysiwyg","raw":"\"L'apr\u00e8s-midi du 20 novembre, l'enterrement a eu lieu. D\u00e8s l'heure du d\u00e9jeuner, la marche de la foule commen\u00e7a. Puis vint le pr\u00e9sident du Reich, von Hindenburg, que ma m\u00e8re et moi avons salu\u00e9. Avec lui apparurent le chancelier Luther, le ministre de la Reichswehr Dr. Ge\u00dfler, le g\u00e9n\u00e9ral von Seeckt \u00e0 la t\u00eate de toute la g\u00e9n\u00e9ralit\u00e9 berlinoise et l'amiral Zenker avec les officiers de la marine. La c\u00e9r\u00e9monie \u00e0 l'\u00e9glise fut digne et br\u00e8ve. Puis huit aviateurs, chevaliers de l'ordre Pour le m\u00e9rite, ont hiss\u00e9 le cercueil sur l'aff\u00fbt fourni par le 2e r\u00e9giment d'artillerie prussien. Une compagnie du r\u00e9giment de la garde se pla\u00e7a en t\u00eate et, au son sourd des tambours, le cort\u00e8ge se dirigea vers le cimeti\u00e8re des Invalides par une route bord\u00e9e d'innombrables associations. Un ancien camarade de r\u00e9giment, aujourd'hui officier de la Reichsweh, portait devant le cercueil la multitude de m\u00e9dailles de guerre que Manfred avait re\u00e7ues au cours de sa vie. Au-dessus du cimeti\u00e8re, les avions tournaient avec des fanions noirs, et la compagnie d'honneur a tir\u00e9 trois fois le dernier salut. Tandis que la fanfare de la Reichswehr jouait la chanson du bon camarade, le cercueil s'enfon\u00e7a dans le sol. Le ministre de la Reichswehr pronon\u00e7a les mots suivants : \u00ab En rendant \u00e0 la terre la d\u00e9pouille de Manfred von Ricthofen, nous faisons en m\u00eame temps le v\u0153u d'appartenir, dans la foi et l'esp\u00e9rance, \u00e0 notre patrie pour laquelle il est tomb\u00e9 \u00bb.\r\n\r\nParmi les innombrables participants \u00e0 cette c\u00e9r\u00e9monie fun\u00e9raire, il n'y aura eu personne qui n'aura pas approuv\u00e9 ces paroles du plus profond de son \u00e2me. C'est ainsi que Manfred a trouv\u00e9 sa derni\u00e8re demeure durable au c\u0153ur de la capitale du Reich. Mais les milliers et les milliers de camarades du peuple qui, chaque ann\u00e9e, surtout les dimanches et les jours f\u00e9ri\u00e9s, se rendent encore aujourd'hui en nombre non diminu\u00e9 sur sa tombe et se penchent en esprit, \u00e9plor\u00e9s et pensifs, mais en m\u00eame temps remplis de fiert\u00e9 patriotique, devant les manches du chevaleresque h\u00e9ros allemand des airs, montrent \u00e0 quel point son souvenir perdure dans le c\u0153ur du peuple\"."},"event-type-id":{"type":"numeric","raw":"1"},"source-id":{"type":"numeric","raw":"22"},"source-long-in-event":{"type":"textfield","raw":"Der rote Kampfflieger von Rittmeister Manfred Freiherrn von Richthofen, 1933, Eingeleitet und erg\u00e4nzt von Bolko Freiherr von Richthofen, mit einem Vorwort von Generalfeldmarschall Hermann G\u00f6ring, Verlag Ullstein & Co, Berlin"},"pagenumber":{"type":"textfield","raw":"261"},"airplane-id":{"type":"textfield","raw":""},"combat-id":{"type":"textfield","raw":""},"event-type":{"type":"select","raw":"3"},"source-language":{"type":"select","raw":"2"},"picture":{"type":"image","raw":["https:\/\/www.meettheredbaron.com\/wp-content\/uploads\/2021\/12\/166.jpg","https:\/\/www.meettheredbaron.com\/wp-content\/uploads\/2021\/12\/167.jpg","https:\/\/www.meettheredbaron.com\/wp-content\/uploads\/2025\/12\/618.jpg"],"repeatable":[{"raw":"https:\/\/www.meettheredbaron.com\/wp-content\/uploads\/2021\/12\/166.jpg","attachment_id":8261},{"raw":"https:\/\/www.meettheredbaron.com\/wp-content\/uploads\/2021\/12\/167.jpg","attachment_id":8264},{"raw":"https:\/\/www.meettheredbaron.com\/wp-content\/uploads\/2025\/12\/618.jpg","attachment_id":18352}]}}},"_links":{"self":[{"href":"https:\/\/www.meettheredbaron.com\/fr\/wp-json\/wp\/v2\/event\/12861","targetHints":{"allow":["GET"]}}],"collection":[{"href":"https:\/\/www.meettheredbaron.com\/fr\/wp-json\/wp\/v2\/event"}],"about":[{"href":"https:\/\/www.meettheredbaron.com\/fr\/wp-json\/wp\/v2\/types\/event"}],"replies":[{"embeddable":true,"href":"https:\/\/www.meettheredbaron.com\/fr\/wp-json\/wp\/v2\/comments?post=12861"}],"wp:attachment":[{"href":"https:\/\/www.meettheredbaron.com\/fr\/wp-json\/wp\/v2\/media?parent=12861"}],"wp:term":[{"taxonomy":"event-type","embeddable":true,"href":"https:\/\/www.meettheredbaron.com\/fr\/wp-json\/wp\/v2\/event-type?post=12861"},{"taxonomy":"source-language","embeddable":true,"href":"https:\/\/www.meettheredbaron.com\/fr\/wp-json\/wp\/v2\/source-language?post=12861"},{"taxonomy":"source-id-tax","embeddable":true,"href":"https:\/\/www.meettheredbaron.com\/fr\/wp-json\/wp\/v2\/source-id-tax?post=12861"}],"curies":[{"name":"wp","href":"https:\/\/api.w.org\/{rel}","templated":true}]}}