{"id":12507,"date":"2023-02-18T10:35:00","date_gmt":"2023-02-18T09:35:00","guid":{"rendered":"https:\/\/www.meettheredbaron.com\/event\/besuch-im-hauptquartier\/"},"modified":"2025-06-27T08:30:41","modified_gmt":"2025-06-27T07:30:41","slug":"besuch-im-hauptquartier","status":"publish","type":"event","link":"https:\/\/www.meettheredbaron.com\/fr\/event\/besuch-im-hauptquartier\/","title":{"rendered":"Visite au si\u00e8ge"},"content":{"rendered":"\n<p>\u00ab C&rsquo;\u00e9tait le 1er mai 1917, lorsque j&rsquo;ai pris cong\u00e9 de mon escadron le matin et que je me suis envol\u00e9 vers le Grand H.-Qu. J&rsquo;\u00e9tais assis \u00e0 l&rsquo;arri\u00e8re, comme Franz. Notre premi\u00e8re escale \u00e9tait Cologne.<\/p>\n\n\n\n<p>C&rsquo;est la premi\u00e8re fois que je prends des vacances avec la Pour le M\u00e9rite et la premi\u00e8re fois que je retourne dans mon pays natal apr\u00e8s m&rsquo;\u00eatre fait un nom. C&rsquo;est pourquoi j&rsquo;\u00e9tais encore tr\u00e8s surpris que les gens me regardent ainsi. Nous sommes descendus \u00e0 Cologne ; notre avion \u00e9tait admir\u00e9 comme un miracle. Mais je m&rsquo;y suis vite habitu\u00e9 et j&rsquo;ai compris que c&rsquo;\u00e9tait pour moi. Apr\u00e8s une heure de pause, nous avons poursuivi notre vol vers Kreuznach. L\u00e0, j&rsquo;ai \u00e9t\u00e9 chaleureusement accueilli par tous les aviateurs qui se trouvaient aupr\u00e8s du commandant en chef des forces a\u00e9riennes, le \u00ab Kogen \u00bb. Je les connaissais tous, pour la plupart d\u00e9j\u00e0 depuis la B.A.D. et la B.A.N. J&rsquo;ai \u00e9galement fait plus ample connaissance avec les autres. J&rsquo;ai \u00e9t\u00e9 accueilli avec des fleurs et un tonnerre d&rsquo;applaudissements. J&rsquo;ai tout de suite eu le sentiment qu&rsquo;ici, dans cette grande forge, on vivait avec chaque individu et ses succ\u00e8s, et qu&rsquo;on n&rsquo;\u00e9tait pas ballott\u00e9 comme un num\u00e9ro dans une machine \u00e0 calculer. \u00bb<\/p>\n","protected":false},"comment_status":"open","ping_status":"closed","template":"","event-type":[223],"source-language":[259],"source-id-tax":[304],"class_list":["post-12507","event","type-event","status-publish","hentry","event-type-relocation-trips-fr","source-language-allemand-fr","source-id-tax-ein-heldenleben-1920-fr","entry","no-media"],"yoast_head":"<!-- This site is optimized with the Yoast SEO plugin v26.7 - https:\/\/yoast.com\/wordpress\/plugins\/seo\/ -->\n<title>Visite au si\u00e8ge - Meet The Red Baron<\/title>\n<meta name=\"description\" content=\"Besuch im Hauptquartier. Es war am 1. Mai 1917, als ich morgens von meiner Staffel Abscied nahm und ins Gr. H.-Qu. flog. Ich sa\u00df hinten drin\" \/>\n<meta name=\"robots\" content=\"index, follow, max-snippet:-1, max-image-preview:large, max-video-preview:-1\" \/>\n<link rel=\"canonical\" href=\"https:\/\/www.meettheredbaron.com\/fr\/event\/besuch-im-hauptquartier\/\" \/>\n<meta property=\"og:locale\" content=\"fr_FR\" \/>\n<meta property=\"og:type\" content=\"article\" \/>\n<meta property=\"og:title\" content=\"Visite au si\u00e8ge - Meet The Red Baron\" \/>\n<meta property=\"og:description\" content=\"Besuch im Hauptquartier. Es war am 1. Mai 1917, als ich morgens von meiner Staffel Abscied nahm und ins Gr. H.-Qu. flog. Ich sa\u00df hinten drin\" \/>\n<meta property=\"og:url\" content=\"https:\/\/www.meettheredbaron.com\/fr\/event\/besuch-im-hauptquartier\/\" \/>\n<meta property=\"og:site_name\" content=\"Meet The Red Baron\" \/>\n<meta property=\"article:modified_time\" content=\"2025-06-27T07:30:41+00:00\" \/>\n<script type=\"application\/ld+json\" class=\"yoast-schema-graph\">{\"@context\":\"https:\/\/schema.org\",\"@graph\":[{\"@type\":\"WebPage\",\"@id\":\"https:\/\/www.meettheredbaron.com\/fr\/event\/besuch-im-hauptquartier\/\",\"url\":\"https:\/\/www.meettheredbaron.com\/fr\/event\/besuch-im-hauptquartier\/\",\"name\":\"Visite au si\u00e8ge - Meet The Red Baron\",\"isPartOf\":{\"@id\":\"https:\/\/www.meettheredbaron.com\/fr\/#website\"},\"datePublished\":\"2023-02-18T09:35:00+00:00\",\"dateModified\":\"2025-06-27T07:30:41+00:00\",\"description\":\"Besuch im Hauptquartier. Es war am 1. Mai 1917, als ich morgens von meiner Staffel Abscied nahm und ins Gr. H.-Qu. flog. Ich sa\u00df hinten drin\",\"breadcrumb\":{\"@id\":\"https:\/\/www.meettheredbaron.com\/fr\/event\/besuch-im-hauptquartier\/#breadcrumb\"},\"inLanguage\":\"fr-FR\",\"potentialAction\":[{\"@type\":\"ReadAction\",\"target\":[\"https:\/\/www.meettheredbaron.com\/fr\/event\/besuch-im-hauptquartier\/\"]}]},{\"@type\":\"BreadcrumbList\",\"@id\":\"https:\/\/www.meettheredbaron.com\/fr\/event\/besuch-im-hauptquartier\/#breadcrumb\",\"itemListElement\":[{\"@type\":\"ListItem\",\"position\":1,\"name\":\"Home\",\"item\":\"https:\/\/www.meettheredbaron.com\/fr\/\"},{\"@type\":\"ListItem\",\"position\":2,\"name\":\"Events\",\"item\":\"https:\/\/www.meettheredbaron.com\/fr\/event\/\"},{\"@type\":\"ListItem\",\"position\":3,\"name\":\"Visite au si\u00e8ge\"}]},{\"@type\":\"WebSite\",\"@id\":\"https:\/\/www.meettheredbaron.com\/fr\/#website\",\"url\":\"https:\/\/www.meettheredbaron.com\/fr\/\",\"name\":\"Meet The Red Baron\",\"description\":\"The life and death of Manfred von Richthofen.\",\"publisher\":{\"@id\":\"https:\/\/www.meettheredbaron.com\/fr\/#\/schema\/person\/fd320c77882d0d84e4b88ef15120767f\"},\"potentialAction\":[{\"@type\":\"SearchAction\",\"target\":{\"@type\":\"EntryPoint\",\"urlTemplate\":\"https:\/\/www.meettheredbaron.com\/fr\/?s={search_term_string}\"},\"query-input\":{\"@type\":\"PropertyValueSpecification\",\"valueRequired\":true,\"valueName\":\"search_term_string\"}}],\"inLanguage\":\"fr-FR\"},{\"@type\":[\"Person\",\"Organization\"],\"@id\":\"https:\/\/www.meettheredbaron.com\/fr\/#\/schema\/person\/fd320c77882d0d84e4b88ef15120767f\",\"name\":\"heinpoblome\",\"image\":{\"@type\":\"ImageObject\",\"inLanguage\":\"fr-FR\",\"@id\":\"https:\/\/www.meettheredbaron.com\/fr\/#\/schema\/person\/image\/\",\"url\":\"https:\/\/www.meettheredbaron.com\/wp-content\/uploads\/2021\/12\/266-scaled.jpg\",\"contentUrl\":\"https:\/\/www.meettheredbaron.com\/wp-content\/uploads\/2021\/12\/266-scaled.jpg\",\"width\":1850,\"height\":2560,\"caption\":\"heinpoblome\"},\"logo\":{\"@id\":\"https:\/\/www.meettheredbaron.com\/fr\/#\/schema\/person\/image\/\"},\"sameAs\":[\"http:\/\/www.meettheredbaron.com\"]}]}<\/script>\n<!-- \/ Yoast SEO plugin. -->","yoast_head_json":{"title":"Visite au si\u00e8ge - Meet The Red Baron","description":"Besuch im Hauptquartier. Es war am 1. Mai 1917, als ich morgens von meiner Staffel Abscied nahm und ins Gr. H.-Qu. flog. Ich sa\u00df hinten drin","robots":{"index":"index","follow":"follow","max-snippet":"max-snippet:-1","max-image-preview":"max-image-preview:large","max-video-preview":"max-video-preview:-1"},"canonical":"https:\/\/www.meettheredbaron.com\/fr\/event\/besuch-im-hauptquartier\/","og_locale":"fr_FR","og_type":"article","og_title":"Visite au si\u00e8ge - Meet The Red Baron","og_description":"Besuch im Hauptquartier. Es war am 1. Mai 1917, als ich morgens von meiner Staffel Abscied nahm und ins Gr. H.-Qu. flog. Ich sa\u00df hinten drin","og_url":"https:\/\/www.meettheredbaron.com\/fr\/event\/besuch-im-hauptquartier\/","og_site_name":"Meet The Red Baron","article_modified_time":"2025-06-27T07:30:41+00:00","schema":{"@context":"https:\/\/schema.org","@graph":[{"@type":"WebPage","@id":"https:\/\/www.meettheredbaron.com\/fr\/event\/besuch-im-hauptquartier\/","url":"https:\/\/www.meettheredbaron.com\/fr\/event\/besuch-im-hauptquartier\/","name":"Visite au si\u00e8ge - Meet The Red Baron","isPartOf":{"@id":"https:\/\/www.meettheredbaron.com\/fr\/#website"},"datePublished":"2023-02-18T09:35:00+00:00","dateModified":"2025-06-27T07:30:41+00:00","description":"Besuch im Hauptquartier. Es war am 1. Mai 1917, als ich morgens von meiner Staffel Abscied nahm und ins Gr. H.-Qu. flog. Ich sa\u00df hinten drin","breadcrumb":{"@id":"https:\/\/www.meettheredbaron.com\/fr\/event\/besuch-im-hauptquartier\/#breadcrumb"},"inLanguage":"fr-FR","potentialAction":[{"@type":"ReadAction","target":["https:\/\/www.meettheredbaron.com\/fr\/event\/besuch-im-hauptquartier\/"]}]},{"@type":"BreadcrumbList","@id":"https:\/\/www.meettheredbaron.com\/fr\/event\/besuch-im-hauptquartier\/#breadcrumb","itemListElement":[{"@type":"ListItem","position":1,"name":"Home","item":"https:\/\/www.meettheredbaron.com\/fr\/"},{"@type":"ListItem","position":2,"name":"Events","item":"https:\/\/www.meettheredbaron.com\/fr\/event\/"},{"@type":"ListItem","position":3,"name":"Visite au si\u00e8ge"}]},{"@type":"WebSite","@id":"https:\/\/www.meettheredbaron.com\/fr\/#website","url":"https:\/\/www.meettheredbaron.com\/fr\/","name":"Meet The Red Baron","description":"The life and death of Manfred von Richthofen.","publisher":{"@id":"https:\/\/www.meettheredbaron.com\/fr\/#\/schema\/person\/fd320c77882d0d84e4b88ef15120767f"},"potentialAction":[{"@type":"SearchAction","target":{"@type":"EntryPoint","urlTemplate":"https:\/\/www.meettheredbaron.com\/fr\/?s={search_term_string}"},"query-input":{"@type":"PropertyValueSpecification","valueRequired":true,"valueName":"search_term_string"}}],"inLanguage":"fr-FR"},{"@type":["Person","Organization"],"@id":"https:\/\/www.meettheredbaron.com\/fr\/#\/schema\/person\/fd320c77882d0d84e4b88ef15120767f","name":"heinpoblome","image":{"@type":"ImageObject","inLanguage":"fr-FR","@id":"https:\/\/www.meettheredbaron.com\/fr\/#\/schema\/person\/image\/","url":"https:\/\/www.meettheredbaron.com\/wp-content\/uploads\/2021\/12\/266-scaled.jpg","contentUrl":"https:\/\/www.meettheredbaron.com\/wp-content\/uploads\/2021\/12\/266-scaled.jpg","width":1850,"height":2560,"caption":"heinpoblome"},"logo":{"@id":"https:\/\/www.meettheredbaron.com\/fr\/#\/schema\/person\/image\/"},"sameAs":["http:\/\/www.meettheredbaron.com"]}]}},"toolset-meta":{"field-group-for-events-2":[],"field-group-for-events":{"date":{"type":"date","raw":"-1662163200","formatted":"05\/01\/1917 00:00"},"date-as-a-string":{"type":"textfield","raw":"05\/01\/1917"},"date-description":{"type":"textfield","raw":""},"geolocation":{"type":"google_address","raw":"49.837291383185374, 7.852933158611976"},"location-description":{"type":"textfield","raw":"Hotel Oranienhof"},"town-name":{"type":"textfield","raw":"Bad Kreuznach"},"historical-town-name":{"type":"textfield","raw":""},"event-id":{"type":"numeric","raw":"624"},"event-short":{"type":"textfield","raw":"Visite au si\u00e8ge"},"event-description":{"type":"wysiwyg","raw":"\u00ab C'\u00e9tait le 1er mai 1917, lorsque j'ai pris cong\u00e9 de mon escadron le matin et que je me suis envol\u00e9 vers le Grand H.-Qu. J'\u00e9tais assis \u00e0 l'arri\u00e8re, comme Franz. Notre premi\u00e8re escale \u00e9tait Cologne.\r\n\r\nC'est la premi\u00e8re fois que je prends des vacances avec la Pour le M\u00e9rite et la premi\u00e8re fois que je retourne dans mon pays natal apr\u00e8s m'\u00eatre fait un nom. C'est pourquoi j'\u00e9tais encore tr\u00e8s surpris que les gens me regardent ainsi. Nous sommes descendus \u00e0 Cologne ; notre avion \u00e9tait admir\u00e9 comme un miracle. Mais je m'y suis vite habitu\u00e9 et j'ai compris que c'\u00e9tait pour moi. Apr\u00e8s une heure de pause, nous avons poursuivi notre vol vers Kreuznach. L\u00e0, j'ai \u00e9t\u00e9 chaleureusement accueilli par tous les aviateurs qui se trouvaient aupr\u00e8s du commandant en chef des forces a\u00e9riennes, le \u00ab Kogen \u00bb. Je les connaissais tous, pour la plupart d\u00e9j\u00e0 depuis la B.A.D. et la B.A.N. J'ai \u00e9galement fait plus ample connaissance avec les autres. J'ai \u00e9t\u00e9 accueilli avec des fleurs et un tonnerre d'applaudissements. J'ai tout de suite eu le sentiment qu'ici, dans cette grande forge, on vivait avec chaque individu et ses succ\u00e8s, et qu'on n'\u00e9tait pas ballott\u00e9 comme un num\u00e9ro dans une machine \u00e0 calculer. \u00bb"},"event-type-id":{"type":"numeric","raw":"3"},"source-id":{"type":"numeric","raw":"55"},"source-long-in-event":{"type":"textfield","raw":"Ein Heldenleben, Ullstein & Co, 1920"},"pagenumber":{"type":"textfield","raw":"143"},"airplane-id":{"type":"textfield","raw":"0"},"combat-id":{"type":"textfield","raw":"0"},"event-type":{"type":"select","raw":"3"},"source-language":{"type":"select","raw":"2"},"picture":{"type":"image","raw":[""],"repeatable":[{"raw":""}]}}},"_links":{"self":[{"href":"https:\/\/www.meettheredbaron.com\/fr\/wp-json\/wp\/v2\/event\/12507","targetHints":{"allow":["GET"]}}],"collection":[{"href":"https:\/\/www.meettheredbaron.com\/fr\/wp-json\/wp\/v2\/event"}],"about":[{"href":"https:\/\/www.meettheredbaron.com\/fr\/wp-json\/wp\/v2\/types\/event"}],"replies":[{"embeddable":true,"href":"https:\/\/www.meettheredbaron.com\/fr\/wp-json\/wp\/v2\/comments?post=12507"}],"wp:attachment":[{"href":"https:\/\/www.meettheredbaron.com\/fr\/wp-json\/wp\/v2\/media?parent=12507"}],"wp:term":[{"taxonomy":"event-type","embeddable":true,"href":"https:\/\/www.meettheredbaron.com\/fr\/wp-json\/wp\/v2\/event-type?post=12507"},{"taxonomy":"source-language","embeddable":true,"href":"https:\/\/www.meettheredbaron.com\/fr\/wp-json\/wp\/v2\/source-language?post=12507"},{"taxonomy":"source-id-tax","embeddable":true,"href":"https:\/\/www.meettheredbaron.com\/fr\/wp-json\/wp\/v2\/source-id-tax?post=12507"}],"curies":[{"name":"wp","href":"https:\/\/api.w.org\/{rel}","templated":true}]}}