{"id":10973,"date":"2023-05-12T09:19:28","date_gmt":"2023-05-12T08:19:28","guid":{"rendered":"https:\/\/www.meettheredbaron.com\/?page_id=10973"},"modified":"2025-12-30T11:33:49","modified_gmt":"2025-12-30T10:33:49","slug":"an-diesem-tag","status":"publish","type":"page","link":"https:\/\/www.meettheredbaron.com\/de\/an-diesem-tag\/","title":{"rendered":"An diesem Tag"},"content":{"rendered":"\n<div class=\"wp-block-toolset-blocks-container tb-container\" data-toolset-blocks-container=\"c4fa5849c5aeb2ed29db2537357c7e97\">\n<div class=\"wp-block-columns is-layout-flex wp-container-core-columns-is-layout-28f84493 wp-block-columns-is-layout-flex\">\n<div class=\"wp-block-column is-layout-flow wp-block-column-is-layout-flow\" style=\"flex-basis:25%\">\n<h1 class=\"wp-block-heading has-text-align-center\">2 Mai<\/h1>\n\n\n\n<h2 class=\"tb-heading\" data-toolset-blocks-heading=\"bc3126805d68251f908517bdc53946e3\" data-last-update=\"1.4\">(UTC+1)<\/h2>\n<\/div>\n\n\n\n<div class=\"wp-block-column is-layout-flow wp-block-column-is-layout-flow\" style=\"flex-basis:75%\">\n<h1 class=\"tb-heading has-text-color aligncenter\" data-toolset-blocks-heading=\"f8b49924a578feda4c67a542abd954ed\" data-last-update=\"1.4\">Ereignisse an diesem Tag im Leben von Manfred von Richthofen<\/h1>\n<\/div>\n<\/div>\n\n\n<div class=\"wpv-view-output\" data-toolset-views-view-editor=\"ef98b0f4be0653ffe9dc83d3748ecd74\"><div class=\"wpv-view-wrapper\"><div class=\"wpv-custom-search-loading-overlay js-wpv-custom-search-loading-overlay\" style=\"display:none;background:rgba( 255, 255, 255, 1 );\">\n\t\t\t\t\t<div class=\"spinner\">\n\t\t\t\t\t\t<div class=\"icon\" style=\"background:url(https:\/\/www.meettheredbaron.com\/wp-content\/plugins\/toolset-blocks\/embedded\/res\/img\/ajax-loader2.svg)\"><\/div>\n\t\t\t\t\t<\/div>\n\t\t\t\t<\/div><div class=\"wp-block-toolset-views-view-editor\">\n<div class=\"wp-block-toolset-views-custom-search-container\">  <\/div>\n\n\n<div id=\"wpv-view-layout-17130\" class=\"js-wpv-view-layout js-wpv-layout-responsive js-wpv-view-layout-17130\" data-viewnumber=\"17130\" data-pagination=\"{&quot;id&quot;:17130,&quot;query&quot;:&quot;normal&quot;,&quot;type&quot;:&quot;disabled&quot;,&quot;effect&quot;:&quot;fade&quot;,&quot;duration&quot;:500,&quot;speed&quot;:5,&quot;pause_on_hover&quot;:&quot;enabled&quot;,&quot;stop_rollover&quot;:&quot;false&quot;,&quot;cache_pages&quot;:&quot;enabled&quot;,&quot;preload_images&quot;:&quot;enabled&quot;,&quot;preload_pages&quot;:&quot;enabled&quot;,&quot;preload_reach&quot;:1,&quot;spinner&quot;:&quot;builtin&quot;,&quot;spinner_image&quot;:&quot;https:\/\/www.meettheredbaron.com\/wp-content\/plugins\/toolset-blocks\/embedded\/res\/img\/ajax-loader.gif&quot;,&quot;callback_next&quot;:&quot;&quot;,&quot;manage_history&quot;:&quot;enabled&quot;,&quot;has_controls_in_form&quot;:&quot;disabled&quot;,&quot;infinite_tolerance&quot;:&quot;0&quot;,&quot;max_pages&quot;:0,&quot;page&quot;:1,&quot;base_permalink&quot;:&quot;\/de\/wp-json\/wp\/v2\/pages\/10973?wpv_view_count=17130&amp;wpv_paged=WPV_PAGE_NUM&quot;,&quot;loop&quot;:{&quot;type&quot;:&quot;&quot;,&quot;name&quot;:&quot;&quot;,&quot;data&quot;:[],&quot;id&quot;:0}}\" data-permalink=\"\/de\/wp-json\/wp\/v2\/pages\/10973?wpv_view_count=17130\">\n\n<div style=\"height:50px\" aria-hidden=\"true\" class=\"wp-block-spacer\"><\/div>\n\n\n<div class=\"js-wpv-loop-wrapper\">\n<div class=\"wp-block-toolset-views-view-template-block wpv-block-loop-item php-to-be-replaced-with-shortcode\" data-toolset-views-view-template-block=\"5ee3fb2966e3bd13aaaa4e0552eae22e\">\n<div class=\"wp-block-columns is-layout-flex wp-container-core-columns-is-layout-28f84493 wp-block-columns-is-layout-flex\">\n<div class=\"wp-block-column is-layout-flow wp-block-column-is-layout-flow\" style=\"flex-basis:33.33%\">\n<a class=\"wp-block-toolset-blocks-container tb-container\" href=\"https:\/\/www.meettheredbaron.com\/de\/event\/mvr-seven-years\/\" target=\"_blank\" style=\"display:block\" rel=\"noopener noreferrer\" data-toolset-blocks-container=\"1ea330cea20836baa3553a8d187d158d\">\n<figure class=\"wp-block-image tb-image tb-image-dynamic tb-image-frame-none\" data-toolset-blocks-image=\"253a17356e21d86635e865480464a888\"><img loading=\"lazy\" src=\"https:\/\/www.meettheredbaron.com\/wp-content\/uploads\/2023\/08\/36-158x300.webp\" alt=\"\" class=\"\"><\/figure>\n<\/a>\n<\/div>\n\n\n\n<div class=\"wp-block-column is-layout-flow wp-block-column-is-layout-flow\" style=\"flex-basis:66.66%\">\n<div class=\"wp-block-columns is-layout-flex wp-container-core-columns-is-layout-28f84493 wp-block-columns-is-layout-flex\">\n<div class=\"wp-block-column is-layout-flow wp-block-column-is-layout-flow\" style=\"flex-basis:66.66%\">\n<a class=\"wp-block-toolset-blocks-container tb-container\" href=\"https:\/\/www.meettheredbaron.com\/de\/event\/mvr-seven-years\/\" target=\"_blank\" style=\"display:block\" rel=\"noopener noreferrer\" data-toolset-blocks-container=\"fb58a80146db2bd8c70ccb83dce75858\">\n<h2 class=\"tb-heading has-text-color\" data-toolset-blocks-heading=\"8859b72d2e1e794792a4ad9d37df9cc9\" data-last-update=\"1.4\">MvR sieben Jahre alt<\/h2>\n<\/a>\n\n\n\n<div class=\"wp-block-columns is-layout-flex wp-container-core-columns-is-layout-28f84493 wp-block-columns-is-layout-flex\">\n<div class=\"wp-block-column is-layout-flow wp-block-column-is-layout-flow\" style=\"flex-basis:5%\">\n<figure class=\"wp-block-image tb-image tb-image-dynamic tb-image-frame-none\" data-toolset-blocks-image=\"004774e16dbd3078619724a199f66c09\"><img loading=\"lazy\" src=\"http:\/\/www.meettheredbaron.com\/wp-content\/uploads\/2021\/12\/books-icon-50x50.png\" alt=\"\" class=\"wp-image-8118\"><\/figure>\n<\/div>\n\n\n\n<div class=\"wp-block-column is-layout-flow wp-block-column-is-layout-flow\" style=\"flex-basis:95%\">\n<div class=\"tb-fields-and-text\" data-toolset-blocks-fields-and-text=\"776f45455a12ce66957b6038e4ae61e7\"><p>Die Erinnerungen der Mutter des roten Kampffliegers Kunigunde Freifrau von Richthofen. Im Verlag Ullstein - Berlin, 1937.<span class=\"tb-shortcode-placeholder\">?p. <\/span>8<span id=\"tb-caret-placement-fix\" class=\"tb-shortcode-placeholder\">?<\/span><\/p><\/div>\n<\/div>\n<\/div>\n<\/div>\n\n\n\n<div class=\"wp-block-column is-layout-flow wp-block-column-is-layout-flow\" style=\"flex-basis:33.33%\">\n<div class=\"tb-field\" data-toolset-blocks-field=\"a7be66a17502ac6dd1022ec55b9788df\" data-last-update=\"1.4\">2 Mai 1899<\/div>\n\n\n\n<div class=\"tb-field\" data-toolset-blocks-field=\"2c908d83c1b2ba46205337e64b652fdc\" data-last-update=\"1.4\"><\/div>\n\n\n\n<div class=\"tb-field\" data-toolset-blocks-field=\"153e4059b4357e0c50c84b59fc41a5b1\" data-last-update=\"1.4\"><\/div>\n\n\n\n<div class=\"tb-field\" data-toolset-blocks-field=\"c3380468ce11fa2e1c1bd31ac5febdf3\" data-last-update=\"1.4\">Borek<\/div>\n\n\n\n<div class=\"tb-field\" data-toolset-blocks-field=\"5adce6ba8cd3795736abf38f642cb9bd\" data-last-update=\"1.4\">Kleinburg<\/div>\n<\/div>\n<\/div>\n\n\n\n<div class=\"tb-field\" data-toolset-blocks-field=\"a7852f53fb8d75b8e85e72071a76c2b5\" data-last-update=\"1.4\"><p>&#8222;Das Bild zeigt Manfred von Richthofen als Kind im Alter von etwa sieben Jahren. Er tr\u00e4gt einen Matrosen-Anzug, der in der Zeit sehr modern war.&#8220;<\/p>\n<\/div>\n<\/div>\n<\/div>\n\n\n\n<div class=\"wp-block-toolset-blocks-container tb-container\" data-toolset-blocks-container=\"ed3832aa6201cbec5b1e5b902dc067e2\">\n<div class=\"tb-social-share tb-social-share--092 tb-social-share--round\" data-shareurl=\"https:\/\/www.meettheredbaron.com\/de\/event\/mvr-seven-years\/\" data-title=\"MvR sieben Jahre alt\" data-image=\"https:\/\/www.meettheredbaron.com\/wp-content\/uploads\/2023\/08\/36.jpg\" data-toolset-blocks-social-share=\"2fe96ffcae1ca886c0bbb61cee116ff7\"><div class=\"tb-social-share__excerpt\"><\/div><div class=\"tb-social-share__network\"><div role=\"button\" class=\"SocialMediaShareButton SocialMediaShareButton--facebook tb-social-share__facebook__share-button\"><\/div><\/div><div class=\"tb-social-share__network\"><div role=\"button\" class=\"SocialMediaShareButton SocialMediaShareButton--linkedin tb-social-share__linkedin__share-button\"><\/div><\/div><div class=\"tb-social-share__network\"><div role=\"button\" class=\"SocialMediaShareButton SocialMediaShareButton--twitter tb-social-share__twitter__share-button\"><\/div><\/div><div class=\"tb-social-share__network\"><div role=\"button\" class=\"SocialMediaShareButton SocialMediaShareButton--pinterest tb-social-share__pinterest__share-button\"><\/div><\/div><div class=\"tb-social-share__network\"><div role=\"button\" class=\"SocialMediaShareButton SocialMediaShareButton--telegram tb-social-share__telegram__share-button\"><\/div><\/div><div class=\"tb-social-share__network\"><div role=\"button\" class=\"SocialMediaShareButton SocialMediaShareButton--reddit tb-social-share__reddit__share-button\"><\/div><\/div><div class=\"tb-social-share__network\"><div role=\"button\" class=\"SocialMediaShareButton SocialMediaShareButton--email tb-social-share__email__share-button\"><\/div><\/div><\/div>\n<\/div>\n<\/div>\n\n<div class=\"wp-block-toolset-views-view-template-block wpv-block-loop-item php-to-be-replaced-with-shortcode\" data-toolset-views-view-template-block=\"5ee3fb2966e3bd13aaaa4e0552eae22e\">\n<div class=\"wp-block-columns is-layout-flex wp-container-core-columns-is-layout-28f84493 wp-block-columns-is-layout-flex\">\n<div class=\"wp-block-column is-layout-flow wp-block-column-is-layout-flow\" style=\"flex-basis:33.33%\">\n<a class=\"wp-block-toolset-blocks-container tb-container\" href=\"https:\/\/www.meettheredbaron.com\/de\/event\/mrs-richthofen-on-child-development\/\" target=\"_blank\" style=\"display:block\" rel=\"noopener noreferrer\" data-toolset-blocks-container=\"1ea330cea20836baa3553a8d187d158d\">\n\n<\/a>\n<\/div>\n\n\n\n<div class=\"wp-block-column is-layout-flow wp-block-column-is-layout-flow\" style=\"flex-basis:66.66%\">\n<div class=\"wp-block-columns is-layout-flex wp-container-core-columns-is-layout-28f84493 wp-block-columns-is-layout-flex\">\n<div class=\"wp-block-column is-layout-flow wp-block-column-is-layout-flow\" style=\"flex-basis:66.66%\">\n<a class=\"wp-block-toolset-blocks-container tb-container\" href=\"https:\/\/www.meettheredbaron.com\/de\/event\/mrs-richthofen-on-child-development\/\" target=\"_blank\" style=\"display:block\" rel=\"noopener noreferrer\" data-toolset-blocks-container=\"fb58a80146db2bd8c70ccb83dce75858\">\n<h2 class=\"tb-heading has-text-color\" data-toolset-blocks-heading=\"8859b72d2e1e794792a4ad9d37df9cc9\" data-last-update=\"1.4\">Frau von Richthofen \u00fcber die kindliche Entwicklung<\/h2>\n<\/a>\n\n\n\n<div class=\"wp-block-columns is-layout-flex wp-container-core-columns-is-layout-28f84493 wp-block-columns-is-layout-flex\">\n<div class=\"wp-block-column is-layout-flow wp-block-column-is-layout-flow\" style=\"flex-basis:5%\">\n<figure class=\"wp-block-image tb-image tb-image-dynamic tb-image-frame-none\" data-toolset-blocks-image=\"004774e16dbd3078619724a199f66c09\"><img loading=\"lazy\" src=\"http:\/\/www.meettheredbaron.com\/wp-content\/uploads\/2021\/12\/books-icon-50x50.png\" alt=\"\" class=\"wp-image-8118\"><\/figure>\n<\/div>\n\n\n\n<div class=\"wp-block-column is-layout-flow wp-block-column-is-layout-flow\" style=\"flex-basis:95%\">\n<div class=\"tb-fields-and-text\" data-toolset-blocks-fields-and-text=\"776f45455a12ce66957b6038e4ae61e7\"><p>The Red Knight of Germany, the story of Baron von Richthofen, Floyd Gibbons, 1927, 1959 Bantam Books<span class=\"tb-shortcode-placeholder\">?p. <\/span>7<span id=\"tb-caret-placement-fix\" class=\"tb-shortcode-placeholder\">?<\/span><\/p><\/div>\n<\/div>\n<\/div>\n<\/div>\n\n\n\n<div class=\"wp-block-column is-layout-flow wp-block-column-is-layout-flow\" style=\"flex-basis:33.33%\">\n<div class=\"tb-field\" data-toolset-blocks-field=\"a7be66a17502ac6dd1022ec55b9788df\" data-last-update=\"1.4\">2 Mai 1900<\/div>\n\n\n\n<div class=\"tb-field\" data-toolset-blocks-field=\"2c908d83c1b2ba46205337e64b652fdc\" data-last-update=\"1.4\"><\/div>\n\n\n\n<div class=\"tb-field\" data-toolset-blocks-field=\"153e4059b4357e0c50c84b59fc41a5b1\" data-last-update=\"1.4\">Powstancow Slaskich 92-94, Borek Wroclaw<\/div>\n\n\n\n<div class=\"tb-field\" data-toolset-blocks-field=\"c3380468ce11fa2e1c1bd31ac5febdf3\" data-last-update=\"1.4\">Borek<\/div>\n\n\n\n<div class=\"tb-field\" data-toolset-blocks-field=\"5adce6ba8cd3795736abf38f642cb9bd\" data-last-update=\"1.4\">Kleinburg<\/div>\n<\/div>\n<\/div>\n\n\n\n<div class=\"tb-field\" data-toolset-blocks-field=\"a7852f53fb8d75b8e85e72071a76c2b5\" data-last-update=\"1.4\"><p>\u201eEine leicht zu ver\u00e4ngstigende Mutter ist ein gro\u00dfes Hindernis f\u00fcr die k\u00f6rperliche Entwicklung von Kindern\u201c, sagte Frau von Richthofen. \u201eAls Manfred noch ein kleiner Junge war, hielten mich viele meiner Freunde wohl f\u00fcr eine eher nachl\u00e4ssige Mutter, weil ich den beiden Jungen nicht verbot, sich an einigen ihrer Lieblingsbesch\u00e4ftigungen zu beteiligen. Aber ich war damals und bin auch heute noch davon \u00fcberzeugt, dass Kinder nur dann beweglich werden k\u00f6nnen, wenn man ihnen die Freiheit l\u00e4sst, selbst zu beurteilen, was sie ihrem K\u00f6rper zumuten k\u00f6nnen.\u201c<\/p>\n<\/div>\n<\/div>\n<\/div>\n\n\n\n<div class=\"wp-block-toolset-blocks-container tb-container\" data-toolset-blocks-container=\"ed3832aa6201cbec5b1e5b902dc067e2\">\n<div class=\"tb-social-share tb-social-share--092 tb-social-share--round\" data-shareurl=\"https:\/\/www.meettheredbaron.com\/de\/event\/mrs-richthofen-on-child-development\/\" data-title=\"Frau von Richthofen \u00fcber die kindliche Entwicklung\" data-image=\"\" data-toolset-blocks-social-share=\"2fe96ffcae1ca886c0bbb61cee116ff7\"><div class=\"tb-social-share__excerpt\"><\/div><div class=\"tb-social-share__network\"><div role=\"button\" class=\"SocialMediaShareButton SocialMediaShareButton--facebook tb-social-share__facebook__share-button\"><\/div><\/div><div class=\"tb-social-share__network\"><div role=\"button\" class=\"SocialMediaShareButton SocialMediaShareButton--linkedin tb-social-share__linkedin__share-button\"><\/div><\/div><div class=\"tb-social-share__network\"><div role=\"button\" class=\"SocialMediaShareButton SocialMediaShareButton--twitter tb-social-share__twitter__share-button\"><\/div><\/div><div class=\"tb-social-share__network\"><div role=\"button\" class=\"SocialMediaShareButton SocialMediaShareButton--pinterest tb-social-share__pinterest__share-button\"><\/div><\/div><div class=\"tb-social-share__network\"><div role=\"button\" class=\"SocialMediaShareButton SocialMediaShareButton--telegram tb-social-share__telegram__share-button\"><\/div><\/div><div class=\"tb-social-share__network\"><div role=\"button\" class=\"SocialMediaShareButton SocialMediaShareButton--reddit tb-social-share__reddit__share-button\"><\/div><\/div><div class=\"tb-social-share__network\"><div role=\"button\" class=\"SocialMediaShareButton SocialMediaShareButton--email tb-social-share__email__share-button\"><\/div><\/div><\/div>\n<\/div>\n<\/div>\n\n<div class=\"wp-block-toolset-views-view-template-block wpv-block-loop-item php-to-be-replaced-with-shortcode\" data-toolset-views-view-template-block=\"5ee3fb2966e3bd13aaaa4e0552eae22e\">\n<div class=\"wp-block-columns is-layout-flex wp-container-core-columns-is-layout-28f84493 wp-block-columns-is-layout-flex\">\n<div class=\"wp-block-column is-layout-flow wp-block-column-is-layout-flow\" style=\"flex-basis:33.33%\">\n<a class=\"wp-block-toolset-blocks-container tb-container\" href=\"https:\/\/www.meettheredbaron.com\/de\/event\/das-habe-ich-selbst-getan\/\" target=\"_blank\" style=\"display:block\" rel=\"noopener noreferrer\" data-toolset-blocks-container=\"1ea330cea20836baa3553a8d187d158d\">\n\n<\/a>\n<\/div>\n\n\n\n<div class=\"wp-block-column is-layout-flow wp-block-column-is-layout-flow\" style=\"flex-basis:66.66%\">\n<div class=\"wp-block-columns is-layout-flex wp-container-core-columns-is-layout-28f84493 wp-block-columns-is-layout-flex\">\n<div class=\"wp-block-column is-layout-flow wp-block-column-is-layout-flow\" style=\"flex-basis:66.66%\">\n<a class=\"wp-block-toolset-blocks-container tb-container\" href=\"https:\/\/www.meettheredbaron.com\/de\/event\/das-habe-ich-selbst-getan\/\" target=\"_blank\" style=\"display:block\" rel=\"noopener noreferrer\" data-toolset-blocks-container=\"fb58a80146db2bd8c70ccb83dce75858\">\n<h2 class=\"tb-heading has-text-color\" data-toolset-blocks-heading=\"8859b72d2e1e794792a4ad9d37df9cc9\" data-last-update=\"1.4\">Das habe ich selbst getan<\/h2>\n<\/a>\n\n\n\n<div class=\"wp-block-columns is-layout-flex wp-container-core-columns-is-layout-28f84493 wp-block-columns-is-layout-flex\">\n<div class=\"wp-block-column is-layout-flow wp-block-column-is-layout-flow\" style=\"flex-basis:5%\">\n<figure class=\"wp-block-image tb-image tb-image-dynamic tb-image-frame-none\" data-toolset-blocks-image=\"004774e16dbd3078619724a199f66c09\"><img loading=\"lazy\" src=\"http:\/\/www.meettheredbaron.com\/wp-content\/uploads\/2021\/12\/books-icon-50x50.png\" alt=\"\" class=\"wp-image-8118\"><\/figure>\n<\/div>\n\n\n\n<div class=\"wp-block-column is-layout-flow wp-block-column-is-layout-flow\" style=\"flex-basis:95%\">\n<div class=\"tb-fields-and-text\" data-toolset-blocks-fields-and-text=\"776f45455a12ce66957b6038e4ae61e7\"><p>Der rote Kampfflieger von Rittmeister Manfred Freiherrn von Richthofen, 1933, Eingeleitet und erg\u00e4nzt von Bolko Freiherr von Richthofen, mit einem Vorwort von Generalfeldmarschall Hermann G\u00f6ring, Verlag Ullstein & Co, Berlin<span class=\"tb-shortcode-placeholder\">?p. <\/span><span id=\"tb-caret-placement-fix\" class=\"tb-shortcode-placeholder\">?<\/span><\/p><\/div>\n<\/div>\n<\/div>\n<\/div>\n\n\n\n<div class=\"wp-block-column is-layout-flow wp-block-column-is-layout-flow\" style=\"flex-basis:33.33%\">\n<div class=\"tb-field\" data-toolset-blocks-field=\"a7be66a17502ac6dd1022ec55b9788df\" data-last-update=\"1.4\">2 Mai 1900<\/div>\n\n\n\n<div class=\"tb-field\" data-toolset-blocks-field=\"2c908d83c1b2ba46205337e64b652fdc\" data-last-update=\"1.4\"><\/div>\n\n\n\n<div class=\"tb-field\" data-toolset-blocks-field=\"153e4059b4357e0c50c84b59fc41a5b1\" data-last-update=\"1.4\">Powstancow Slaskich 92-94, Borek Wroclaw<\/div>\n\n\n\n<div class=\"tb-field\" data-toolset-blocks-field=\"c3380468ce11fa2e1c1bd31ac5febdf3\" data-last-update=\"1.4\">Borek<\/div>\n\n\n\n<div class=\"tb-field\" data-toolset-blocks-field=\"5adce6ba8cd3795736abf38f642cb9bd\" data-last-update=\"1.4\">Kleinburg<\/div>\n<\/div>\n<\/div>\n\n\n\n<div class=\"tb-field\" data-toolset-blocks-field=\"a7852f53fb8d75b8e85e72071a76c2b5\" data-last-update=\"1.4\"><p>&#8222;Denn Manfred hat schon von den ersten Tagen seiner Jugend an Proben nicht gew\u00f6hnlicher Energie abgelegt. Als achtj\u00e4riger Junge erwarteten ihn meine Eltern eines Tages in Breslau von der Bahn. Es sollte mit zwei gro\u00dfen Handkoffern von einem l\u00e4ngeren Aufenthalt auf dem Lande zur\u00fcckkehren. Der Bursche wurde zur Abholung auf den Bahnhof geschickt, er kam allein zur\u00fcck. Manfred war nicht zu finden. Was war geschehen? Ein Telfon gab es damals noch nicht. Die Aufregung stieg. W\u00e4hrend meine Eltern noch dar\u00fcber beraten, klingelt die Entreeglocke, und Manfred steht wohlbehalten mit beiden Koffern vor der T\u00fcr. &#8222;Du hast dir wohl eine Droschke genommen?&#8220;. &#8222;Nein, ich hatte kein Geld.&#8220; &#8222;Wer hat dir denn die Koffer getragen?&#8220; &#8222;Das habe ich selbst getan.&#8220;<\/p>\n<p>Meine Eltern waren sprachlos und ungl\u00e4ublig, denn die Koffer waren so schwer, da\u00df Manfred M\u00fche gehabr h\u00e4tte, nur einen zu heben. Aber dann erhielten sie die Aufkl\u00e4rung. &#8222;Einen habe ich schon heben k\u00f6nnen, den habe ich immer ein St\u00fcck weit getragen und inzwischen auf den anderen aufgepa\u00dft, dann habe ich den zweiten geholt, und so bin ich allm\u00e4hlich angekommen, leider hat es ein bi\u00dfchen lange gedauert.&#8220;<\/p>\n<p>Und das alles mit solch selbstverst\u00e4ndlicher Ruhe und Sicherheit, da\u00df meine Eltern Manfred schon damals getrost die Sorge f\u00fcr sich selbst im gro\u00dfen und ganzen allein \u00fcberlassen konnten.&#8220;<\/p>\n<\/div>\n<\/div>\n<\/div>\n\n\n\n<div class=\"wp-block-toolset-blocks-container tb-container\" data-toolset-blocks-container=\"ed3832aa6201cbec5b1e5b902dc067e2\">\n<div class=\"tb-social-share tb-social-share--092 tb-social-share--round\" data-shareurl=\"https:\/\/www.meettheredbaron.com\/de\/event\/das-habe-ich-selbst-getan\/\" data-title=\"Das habe ich selbst getan\" data-image=\"\" data-toolset-blocks-social-share=\"2fe96ffcae1ca886c0bbb61cee116ff7\"><div class=\"tb-social-share__excerpt\"><\/div><div class=\"tb-social-share__network\"><div role=\"button\" class=\"SocialMediaShareButton SocialMediaShareButton--facebook tb-social-share__facebook__share-button\"><\/div><\/div><div class=\"tb-social-share__network\"><div role=\"button\" class=\"SocialMediaShareButton SocialMediaShareButton--linkedin tb-social-share__linkedin__share-button\"><\/div><\/div><div class=\"tb-social-share__network\"><div role=\"button\" class=\"SocialMediaShareButton SocialMediaShareButton--twitter tb-social-share__twitter__share-button\"><\/div><\/div><div class=\"tb-social-share__network\"><div role=\"button\" class=\"SocialMediaShareButton SocialMediaShareButton--pinterest tb-social-share__pinterest__share-button\"><\/div><\/div><div class=\"tb-social-share__network\"><div role=\"button\" class=\"SocialMediaShareButton SocialMediaShareButton--telegram tb-social-share__telegram__share-button\"><\/div><\/div><div class=\"tb-social-share__network\"><div role=\"button\" class=\"SocialMediaShareButton SocialMediaShareButton--reddit tb-social-share__reddit__share-button\"><\/div><\/div><div class=\"tb-social-share__network\"><div role=\"button\" class=\"SocialMediaShareButton SocialMediaShareButton--email tb-social-share__email__share-button\"><\/div><\/div><\/div>\n<\/div>\n<\/div>\n\n<div class=\"wp-block-toolset-views-view-template-block wpv-block-loop-item php-to-be-replaced-with-shortcode\" data-toolset-views-view-template-block=\"5ee3fb2966e3bd13aaaa4e0552eae22e\">\n<div class=\"wp-block-columns is-layout-flex wp-container-core-columns-is-layout-28f84493 wp-block-columns-is-layout-flex\">\n<div class=\"wp-block-column is-layout-flow wp-block-column-is-layout-flow\" style=\"flex-basis:33.33%\">\n<a class=\"wp-block-toolset-blocks-container tb-container\" href=\"https:\/\/www.meettheredbaron.com\/de\/event\/mvr-acht-jahre-alt\/\" target=\"_blank\" style=\"display:block\" rel=\"noopener noreferrer\" data-toolset-blocks-container=\"1ea330cea20836baa3553a8d187d158d\">\n\n<\/a>\n<\/div>\n\n\n\n<div class=\"wp-block-column is-layout-flow wp-block-column-is-layout-flow\" style=\"flex-basis:66.66%\">\n<div class=\"wp-block-columns is-layout-flex wp-container-core-columns-is-layout-28f84493 wp-block-columns-is-layout-flex\">\n<div class=\"wp-block-column is-layout-flow wp-block-column-is-layout-flow\" style=\"flex-basis:66.66%\">\n<a class=\"wp-block-toolset-blocks-container tb-container\" href=\"https:\/\/www.meettheredbaron.com\/de\/event\/mvr-acht-jahre-alt\/\" target=\"_blank\" style=\"display:block\" rel=\"noopener noreferrer\" data-toolset-blocks-container=\"fb58a80146db2bd8c70ccb83dce75858\">\n<h2 class=\"tb-heading has-text-color\" data-toolset-blocks-heading=\"8859b72d2e1e794792a4ad9d37df9cc9\" data-last-update=\"1.4\">MvR acht Jahre alt<\/h2>\n<\/a>\n\n\n\n<div class=\"wp-block-columns is-layout-flex wp-container-core-columns-is-layout-28f84493 wp-block-columns-is-layout-flex\">\n<div class=\"wp-block-column is-layout-flow wp-block-column-is-layout-flow\" style=\"flex-basis:5%\">\n<figure class=\"wp-block-image tb-image tb-image-dynamic tb-image-frame-none\" data-toolset-blocks-image=\"004774e16dbd3078619724a199f66c09\"><img loading=\"lazy\" src=\"http:\/\/www.meettheredbaron.com\/wp-content\/uploads\/2021\/12\/books-icon-50x50.png\" alt=\"\" class=\"wp-image-8118\"><\/figure>\n<\/div>\n\n\n\n<div class=\"wp-block-column is-layout-flow wp-block-column-is-layout-flow\" style=\"flex-basis:95%\">\n<div class=\"tb-fields-and-text\" data-toolset-blocks-fields-and-text=\"776f45455a12ce66957b6038e4ae61e7\"><p>Der rote Kampfflieger von Rittmeister Manfred Freiherrn von Richthofen, 1933, Eingeleitet und erg\u00e4nzt von Bolko Freiherr von Richthofen, mit einem Vorwort von Generalfeldmarschall Hermann G\u00f6ring, Verlag Ullstein & Co, Berlin<span class=\"tb-shortcode-placeholder\">?p. <\/span><span id=\"tb-caret-placement-fix\" class=\"tb-shortcode-placeholder\">?<\/span><\/p><\/div>\n<\/div>\n<\/div>\n<\/div>\n\n\n\n<div class=\"wp-block-column is-layout-flow wp-block-column-is-layout-flow\" style=\"flex-basis:33.33%\">\n<div class=\"tb-field\" data-toolset-blocks-field=\"a7be66a17502ac6dd1022ec55b9788df\" data-last-update=\"1.4\">2 Mai 1900<\/div>\n\n\n\n<div class=\"tb-field\" data-toolset-blocks-field=\"2c908d83c1b2ba46205337e64b652fdc\" data-last-update=\"1.4\"><\/div>\n\n\n\n<div class=\"tb-field\" data-toolset-blocks-field=\"153e4059b4357e0c50c84b59fc41a5b1\" data-last-update=\"1.4\">Powstancow Slaskich 92-94, Borek Wroclaw<\/div>\n\n\n\n<div class=\"tb-field\" data-toolset-blocks-field=\"c3380468ce11fa2e1c1bd31ac5febdf3\" data-last-update=\"1.4\">Borek<\/div>\n\n\n\n<div class=\"tb-field\" data-toolset-blocks-field=\"5adce6ba8cd3795736abf38f642cb9bd\" data-last-update=\"1.4\">Kleinburg<\/div>\n<\/div>\n<\/div>\n\n\n\n<div class=\"tb-field\" data-toolset-blocks-field=\"a7852f53fb8d75b8e85e72071a76c2b5\" data-last-update=\"1.4\"><p>&#8222;Im achten Lebensjahre erkletterte er die gr\u00f6\u00dfter Apfelb\u00e4ume des Gutes, die sonst kaum jemand erreichen konnte. Dann lie\u00df er sich aber nicht vom Stamm herab, sondern von au\u00dfen an den Zweigen, diese mit gr\u00f6\u00dfter Geschicklichkeit greifend. Meine Eltern haben ihm oft dabei zugesehen, aber niemal das Gef\u00fchl gehabt, da\u00df ihm irgend etwas passieren k\u00f6nnte, so sicher waren alle seine Bewegungen. Meine Mutter ist mit uns Jungens \u00fcberhaupt niemals \u00e4ngstlich gewesen. Sie war der Meinung, da\u00df Kinder nur dann wirklich geschickt und allen Gefahren gewachsen sein k\u00f6nnten, wenn man ihnen jede nur denkbare k\u00f6rperliche Bewegungsfreiheit lasse. Nur so w\u00fcrden sie m\u00f6glichst zetig zu beurteilen verm\u00f6gen, was sie sich selbst zutrauen k\u00f6nnten. Ganz ohne Zwischenf\u00e4lle ist das nat\u00fcrlich nicht immer abgegangen, aber etwas Ernsteres hat sich nie ereignet.&#8220;<\/p>\n<\/div>\n<\/div>\n<\/div>\n\n\n\n<div class=\"wp-block-toolset-blocks-container tb-container\" data-toolset-blocks-container=\"ed3832aa6201cbec5b1e5b902dc067e2\">\n<div class=\"tb-social-share tb-social-share--092 tb-social-share--round\" data-shareurl=\"https:\/\/www.meettheredbaron.com\/de\/event\/mvr-acht-jahre-alt\/\" data-title=\"MvR acht Jahre alt\" data-image=\"\" data-toolset-blocks-social-share=\"2fe96ffcae1ca886c0bbb61cee116ff7\"><div class=\"tb-social-share__excerpt\"><\/div><div class=\"tb-social-share__network\"><div role=\"button\" class=\"SocialMediaShareButton SocialMediaShareButton--facebook tb-social-share__facebook__share-button\"><\/div><\/div><div class=\"tb-social-share__network\"><div role=\"button\" class=\"SocialMediaShareButton SocialMediaShareButton--linkedin tb-social-share__linkedin__share-button\"><\/div><\/div><div class=\"tb-social-share__network\"><div role=\"button\" class=\"SocialMediaShareButton SocialMediaShareButton--twitter tb-social-share__twitter__share-button\"><\/div><\/div><div class=\"tb-social-share__network\"><div role=\"button\" class=\"SocialMediaShareButton SocialMediaShareButton--pinterest tb-social-share__pinterest__share-button\"><\/div><\/div><div class=\"tb-social-share__network\"><div role=\"button\" class=\"SocialMediaShareButton SocialMediaShareButton--telegram tb-social-share__telegram__share-button\"><\/div><\/div><div class=\"tb-social-share__network\"><div role=\"button\" class=\"SocialMediaShareButton SocialMediaShareButton--reddit tb-social-share__reddit__share-button\"><\/div><\/div><div class=\"tb-social-share__network\"><div role=\"button\" class=\"SocialMediaShareButton SocialMediaShareButton--email tb-social-share__email__share-button\"><\/div><\/div><\/div>\n<\/div>\n<\/div>\n\n<div class=\"wp-block-toolset-views-view-template-block wpv-block-loop-item php-to-be-replaced-with-shortcode\" data-toolset-views-view-template-block=\"5ee3fb2966e3bd13aaaa4e0552eae22e\">\n<div class=\"wp-block-columns is-layout-flex wp-container-core-columns-is-layout-28f84493 wp-block-columns-is-layout-flex\">\n<div class=\"wp-block-column is-layout-flow wp-block-column-is-layout-flow\" style=\"flex-basis:33.33%\">\n<a class=\"wp-block-toolset-blocks-container tb-container\" href=\"https:\/\/www.meettheredbaron.com\/de\/event\/manfred-war-uberaus-wahrheitsliebend\/\" target=\"_blank\" style=\"display:block\" rel=\"noopener noreferrer\" data-toolset-blocks-container=\"1ea330cea20836baa3553a8d187d158d\">\n\n<\/a>\n<\/div>\n\n\n\n<div class=\"wp-block-column is-layout-flow wp-block-column-is-layout-flow\" style=\"flex-basis:66.66%\">\n<div class=\"wp-block-columns is-layout-flex wp-container-core-columns-is-layout-28f84493 wp-block-columns-is-layout-flex\">\n<div class=\"wp-block-column is-layout-flow wp-block-column-is-layout-flow\" style=\"flex-basis:66.66%\">\n<a class=\"wp-block-toolset-blocks-container tb-container\" href=\"https:\/\/www.meettheredbaron.com\/de\/event\/manfred-war-uberaus-wahrheitsliebend\/\" target=\"_blank\" style=\"display:block\" rel=\"noopener noreferrer\" data-toolset-blocks-container=\"fb58a80146db2bd8c70ccb83dce75858\">\n<h2 class=\"tb-heading has-text-color\" data-toolset-blocks-heading=\"8859b72d2e1e794792a4ad9d37df9cc9\" data-last-update=\"1.4\">Manfred war \u00fcberaus wahrheitsliebend<\/h2>\n<\/a>\n\n\n\n<div class=\"wp-block-columns is-layout-flex wp-container-core-columns-is-layout-28f84493 wp-block-columns-is-layout-flex\">\n<div class=\"wp-block-column is-layout-flow wp-block-column-is-layout-flow\" style=\"flex-basis:5%\">\n<figure class=\"wp-block-image tb-image tb-image-dynamic tb-image-frame-none\" data-toolset-blocks-image=\"004774e16dbd3078619724a199f66c09\"><img loading=\"lazy\" src=\"http:\/\/www.meettheredbaron.com\/wp-content\/uploads\/2021\/12\/books-icon-50x50.png\" alt=\"\" class=\"wp-image-8118\"><\/figure>\n<\/div>\n\n\n\n<div class=\"wp-block-column is-layout-flow wp-block-column-is-layout-flow\" style=\"flex-basis:95%\">\n<div class=\"tb-fields-and-text\" data-toolset-blocks-fields-and-text=\"776f45455a12ce66957b6038e4ae61e7\"><p>Der rote Kampfflieger von Rittmeister Manfred Freiherrn von Richthofen, 1933, Eingeleitet und erg\u00e4nzt von Bolko Freiherr von Richthofen, mit einem Vorwort von Generalfeldmarschall Hermann G\u00f6ring, Verlag Ullstein & Co, Berlin<span class=\"tb-shortcode-placeholder\">?p. <\/span>21<span id=\"tb-caret-placement-fix\" class=\"tb-shortcode-placeholder\">?<\/span><\/p><\/div>\n<\/div>\n<\/div>\n<\/div>\n\n\n\n<div class=\"wp-block-column is-layout-flow wp-block-column-is-layout-flow\" style=\"flex-basis:33.33%\">\n<div class=\"tb-field\" data-toolset-blocks-field=\"a7be66a17502ac6dd1022ec55b9788df\" data-last-update=\"1.4\">2 Mai 1904<\/div>\n\n\n\n<div class=\"tb-field\" data-toolset-blocks-field=\"2c908d83c1b2ba46205337e64b652fdc\" data-last-update=\"1.4\"><\/div>\n\n\n\n<div class=\"tb-field\" data-toolset-blocks-field=\"153e4059b4357e0c50c84b59fc41a5b1\" data-last-update=\"1.4\">W\u0142adys\u0142awa Sikorskiego 19, 58-105 \u015awidnica, Polen<\/div>\n\n\n\n<div class=\"tb-field\" data-toolset-blocks-field=\"c3380468ce11fa2e1c1bd31ac5febdf3\" data-last-update=\"1.4\">Swidnica<\/div>\n\n\n\n<div class=\"tb-field\" data-toolset-blocks-field=\"5adce6ba8cd3795736abf38f642cb9bd\" data-last-update=\"1.4\">Schweidnitz<\/div>\n<\/div>\n<\/div>\n\n\n\n<div class=\"tb-field\" data-toolset-blocks-field=\"a7852f53fb8d75b8e85e72071a76c2b5\" data-last-update=\"1.4\"><p>&#8222;Manfred war \u00fcberaus wahrheitsliebend. Meine Mutter kann heute noch nicht genug r\u00fchmen, in welchem Ma\u00dfe sich die Eltern stets auf ihn verlassen konnten. Er gab pr\u00e4zise und klare Antworten auf jede Frage, ohne R\u00fccksicht darauf, was die Folgen f\u00fcr ihn sein konnten. So hatte er einmal aud dem gro\u00dfm\u00fctterlichen Gute als zw\u00f6lfj\u00e4hriger Junge seine Jagdpassion nicht z\u00fcglen k\u00f6nnen. Als er auf der Weistritz keine wilden Enten finden konnte, erlegte er einige zahme, die dann im Entenstall der Gro\u00dfmutter fehlten. Manfred wurde in strenges Verh\u00f6r genommen, aber das dauerte nur eine halbe Minute. Er kam gar nicht auf den Gedanken, seine Tat leugnen oder gar besch\u00f6nigen zu wollen. Und die gute Gro\u00dfmutter verzieh von Herzen gern ihrem Enkel, der nicht l\u00fcgen konnte. Diese ersten &#8222;Jagdtroph\u00e4en&#8220; Manfreds, drei Erpelfedern, h\u00e4ngen noch heute in seiner Stube in Schweidnitz. Die Besucher werden sie nicht ohne R\u00fchrung ansehen k\u00f6nnen. So hat Manfred in seiner Mutter diese Empfindungen und diese \u00dcberzeugung von der Wesenart Manfreds in die kurzen Worte zusammenzufassen: &#8222;Er stand fest, whohin er gestellt war.&#8220; Dieser Glaube an eigenes K\u00f6nnen, gepaart mit innerer Vornehmheit und selbstverst\u00e4ndlicher Bescheidenheit, haben, wie ich glaube, menin Bruder im besonderen Ma\u00dfe bef\u00e4higt, ein wirklicher F\u00fchrer zu sein. Seine Ulanen, als er Leutnant war, und sp\u00e4ter alle seine Untergebenen im Jagdgeschwader Richthofen konnten ihm felsenfest vertrauen. Er sagte ihnen keine Schmeicheleien, aber er sch\u00fctzte sie und hielt sein Wort, und Dienen unter ihm wurde erleichtert durch den Frohsinn und die Heiterkeit, ja oftmals durch den \u00dcbermut, mit dem er sich auch schwersten Aufgaben gegen\u00fcber gewachsen zeigte. Denn in einem war er allen, die ihm im Kriege zu folgen hatten, ein vielleicht beispielloses Vorbild: in der Tapferkeit seines Geistes, in dem absoluten Mangel jeder Furcht, ja in der v\u00f6lligen Unm\u00f6glichkeit, sich \u00fcberhaupt einen Vorgang oder ein bevorstehendes Ereignis vorstellen zu k\u00f6nnen, das f\u00fcr ihn mit irgendeinem gef\u00fchl von Angst verbunden sein k\u00f6nnte.&#8220;<\/p>\n<\/div>\n<\/div>\n<\/div>\n\n\n\n<div class=\"wp-block-toolset-blocks-container tb-container\" data-toolset-blocks-container=\"ed3832aa6201cbec5b1e5b902dc067e2\">\n<div class=\"tb-social-share tb-social-share--092 tb-social-share--round\" data-shareurl=\"https:\/\/www.meettheredbaron.com\/de\/event\/manfred-war-uberaus-wahrheitsliebend\/\" data-title=\"Manfred war \u00fcberaus wahrheitsliebend\" data-image=\"\" data-toolset-blocks-social-share=\"2fe96ffcae1ca886c0bbb61cee116ff7\"><div class=\"tb-social-share__excerpt\"><\/div><div class=\"tb-social-share__network\"><div role=\"button\" class=\"SocialMediaShareButton SocialMediaShareButton--facebook tb-social-share__facebook__share-button\"><\/div><\/div><div class=\"tb-social-share__network\"><div role=\"button\" class=\"SocialMediaShareButton SocialMediaShareButton--linkedin tb-social-share__linkedin__share-button\"><\/div><\/div><div class=\"tb-social-share__network\"><div role=\"button\" class=\"SocialMediaShareButton SocialMediaShareButton--twitter tb-social-share__twitter__share-button\"><\/div><\/div><div class=\"tb-social-share__network\"><div role=\"button\" class=\"SocialMediaShareButton SocialMediaShareButton--pinterest tb-social-share__pinterest__share-button\"><\/div><\/div><div class=\"tb-social-share__network\"><div role=\"button\" class=\"SocialMediaShareButton SocialMediaShareButton--telegram tb-social-share__telegram__share-button\"><\/div><\/div><div class=\"tb-social-share__network\"><div role=\"button\" class=\"SocialMediaShareButton SocialMediaShareButton--reddit tb-social-share__reddit__share-button\"><\/div><\/div><div class=\"tb-social-share__network\"><div role=\"button\" class=\"SocialMediaShareButton SocialMediaShareButton--email tb-social-share__email__share-button\"><\/div><\/div><\/div>\n<\/div>\n<\/div>\n\n<div class=\"wp-block-toolset-views-view-template-block wpv-block-loop-item php-to-be-replaced-with-shortcode\" data-toolset-views-view-template-block=\"5ee3fb2966e3bd13aaaa4e0552eae22e\">\n<div class=\"wp-block-columns is-layout-flex wp-container-core-columns-is-layout-28f84493 wp-block-columns-is-layout-flex\">\n<div class=\"wp-block-column is-layout-flow wp-block-column-is-layout-flow\" style=\"flex-basis:33.33%\">\n<a class=\"wp-block-toolset-blocks-container tb-container\" href=\"https:\/\/www.meettheredbaron.com\/de\/event\/es-spukt-in-dem-gutshause\/\" target=\"_blank\" style=\"display:block\" rel=\"noopener noreferrer\" data-toolset-blocks-container=\"1ea330cea20836baa3553a8d187d158d\">\n\n<\/a>\n<\/div>\n\n\n\n<div class=\"wp-block-column is-layout-flow wp-block-column-is-layout-flow\" style=\"flex-basis:66.66%\">\n<div class=\"wp-block-columns is-layout-flex wp-container-core-columns-is-layout-28f84493 wp-block-columns-is-layout-flex\">\n<div class=\"wp-block-column is-layout-flow wp-block-column-is-layout-flow\" style=\"flex-basis:66.66%\">\n<a class=\"wp-block-toolset-blocks-container tb-container\" href=\"https:\/\/www.meettheredbaron.com\/de\/event\/es-spukt-in-dem-gutshause\/\" target=\"_blank\" style=\"display:block\" rel=\"noopener noreferrer\" data-toolset-blocks-container=\"fb58a80146db2bd8c70ccb83dce75858\">\n<h2 class=\"tb-heading has-text-color\" data-toolset-blocks-heading=\"8859b72d2e1e794792a4ad9d37df9cc9\" data-last-update=\"1.4\">Es spukt in dem Gutshause<\/h2>\n<\/a>\n\n\n\n<div class=\"wp-block-columns is-layout-flex wp-container-core-columns-is-layout-28f84493 wp-block-columns-is-layout-flex\">\n<div class=\"wp-block-column is-layout-flow wp-block-column-is-layout-flow\" style=\"flex-basis:5%\">\n<figure class=\"wp-block-image tb-image tb-image-dynamic tb-image-frame-none\" data-toolset-blocks-image=\"004774e16dbd3078619724a199f66c09\"><img loading=\"lazy\" src=\"http:\/\/www.meettheredbaron.com\/wp-content\/uploads\/2021\/12\/books-icon-50x50.png\" alt=\"\" class=\"wp-image-8118\"><\/figure>\n<\/div>\n\n\n\n<div class=\"wp-block-column is-layout-flow wp-block-column-is-layout-flow\" style=\"flex-basis:95%\">\n<div class=\"tb-fields-and-text\" data-toolset-blocks-fields-and-text=\"776f45455a12ce66957b6038e4ae61e7\"><p>Der rote Kampfflieger von Rittmeister Manfred Freiherrn von Richthofen, 1933, Eingeleitet und erg\u00e4nzt von Bolko Freiherr von Richthofen, mit einem Vorwort von Generalfeldmarschall Hermann G\u00f6ring, Verlag Ullstein & Co, Berlin<span class=\"tb-shortcode-placeholder\">?p. <\/span>23<span id=\"tb-caret-placement-fix\" class=\"tb-shortcode-placeholder\">?<\/span><\/p><\/div>\n<\/div>\n<\/div>\n<\/div>\n\n\n\n<div class=\"wp-block-column is-layout-flow wp-block-column-is-layout-flow\" style=\"flex-basis:33.33%\">\n<div class=\"tb-field\" data-toolset-blocks-field=\"a7be66a17502ac6dd1022ec55b9788df\" data-last-update=\"1.4\">2 Mai 1905<\/div>\n\n\n\n<div class=\"tb-field\" data-toolset-blocks-field=\"2c908d83c1b2ba46205337e64b652fdc\" data-last-update=\"1.4\"><\/div>\n\n\n\n<div class=\"tb-field\" data-toolset-blocks-field=\"153e4059b4357e0c50c84b59fc41a5b1\" data-last-update=\"1.4\">W\u0142adys\u0142awa Sikorskiego 19, 58-105 \u015awidnica, Polen<\/div>\n\n\n\n<div class=\"tb-field\" data-toolset-blocks-field=\"c3380468ce11fa2e1c1bd31ac5febdf3\" data-last-update=\"1.4\">Swidnica<\/div>\n\n\n\n<div class=\"tb-field\" data-toolset-blocks-field=\"5adce6ba8cd3795736abf38f642cb9bd\" data-last-update=\"1.4\">Schweidnitz<\/div>\n<\/div>\n<\/div>\n\n\n\n<div class=\"tb-field\" data-toolset-blocks-field=\"a7852f53fb8d75b8e85e72071a76c2b5\" data-last-update=\"1.4\"><p>&#8222;Die Gefahr untersch\u00e4tzte er nicht, aber sie spielte in seinem Leben keine Rolle. Das war schon in fr\u00fchester Jugend der Fall. Im Gutshause sollte es, wie die M\u00e4dchen behaupteten, spuken. Oben aud dem Boden hatte sich einmal ein Knecht erh\u00e4ngt, und seitdem gehe es dort um, so erz\u00e4hlte man sich in der Gesindestube. Der dreizehnj\u00e4hrige Manfred wollte diesen Spuk erleben. Er lie\u00df sich genau die Stelle auf dem Boden zeigen, wo das Ungl\u00fcck sich ereignete hatte, und sein Bett auf die Stelle tragen, un zu schlafen. Meine Mutter kannte Manfreds Furchtlosigkeit, aber sie beschlo\u00df doch, ihn auf die Probe zu stellen. Sie schlich sich mit meiner Schwester nach oben und begann allm\u00e4hlich Kastanien auf dem Boden entlangzurollen. Zun\u00e4chst schlief Manfred ganz fest. Aber das Gepolter wurde verst\u00e4rkt. Dann wachte er pl\u00f6tzlich auf, sprang auf, ergriff einen Kn\u00fcppel und st\u00fcrzte auf die Ruhest\u00f6rer los. Meine Mutter mu\u00dfte schnell Licht machen, sonst w\u00e4re es ihr \u00fcbel ergangen. Aber bei Manfred war von Angst keine Spur. Und das hat sich nicht ge\u00e4ndert bis zu seinem letzten Flug, von dem er nicht mehr lebend zu seinem Geschwader und zu den Seinen zur\u00fcckkehren sollte.&#8220;<\/p>\n<\/div>\n<\/div>\n<\/div>\n\n\n\n<div class=\"wp-block-toolset-blocks-container tb-container\" data-toolset-blocks-container=\"ed3832aa6201cbec5b1e5b902dc067e2\">\n<div class=\"tb-social-share tb-social-share--092 tb-social-share--round\" data-shareurl=\"https:\/\/www.meettheredbaron.com\/de\/event\/es-spukt-in-dem-gutshause\/\" data-title=\"Es spukt in dem Gutshause\" data-image=\"\" data-toolset-blocks-social-share=\"2fe96ffcae1ca886c0bbb61cee116ff7\"><div class=\"tb-social-share__excerpt\"><\/div><div class=\"tb-social-share__network\"><div role=\"button\" class=\"SocialMediaShareButton SocialMediaShareButton--facebook tb-social-share__facebook__share-button\"><\/div><\/div><div class=\"tb-social-share__network\"><div role=\"button\" class=\"SocialMediaShareButton SocialMediaShareButton--linkedin tb-social-share__linkedin__share-button\"><\/div><\/div><div class=\"tb-social-share__network\"><div role=\"button\" class=\"SocialMediaShareButton SocialMediaShareButton--twitter tb-social-share__twitter__share-button\"><\/div><\/div><div class=\"tb-social-share__network\"><div role=\"button\" class=\"SocialMediaShareButton SocialMediaShareButton--pinterest tb-social-share__pinterest__share-button\"><\/div><\/div><div class=\"tb-social-share__network\"><div role=\"button\" class=\"SocialMediaShareButton SocialMediaShareButton--telegram tb-social-share__telegram__share-button\"><\/div><\/div><div class=\"tb-social-share__network\"><div role=\"button\" class=\"SocialMediaShareButton SocialMediaShareButton--reddit tb-social-share__reddit__share-button\"><\/div><\/div><div class=\"tb-social-share__network\"><div role=\"button\" class=\"SocialMediaShareButton SocialMediaShareButton--email tb-social-share__email__share-button\"><\/div><\/div><\/div>\n<\/div>\n<\/div>\n\n<div class=\"wp-block-toolset-views-view-template-block wpv-block-loop-item php-to-be-replaced-with-shortcode\" data-toolset-views-view-template-block=\"5ee3fb2966e3bd13aaaa4e0552eae22e\">\n<div class=\"wp-block-columns is-layout-flex wp-container-core-columns-is-layout-28f84493 wp-block-columns-is-layout-flex\">\n<div class=\"wp-block-column is-layout-flow wp-block-column-is-layout-flow\" style=\"flex-basis:33.33%\">\n<a class=\"wp-block-toolset-blocks-container tb-container\" href=\"https:\/\/www.meettheredbaron.com\/de\/event\/hindenburg-und-ludendorff\/\" target=\"_blank\" style=\"display:block\" rel=\"noopener noreferrer\" data-toolset-blocks-container=\"1ea330cea20836baa3553a8d187d158d\">\n\n<\/a>\n<\/div>\n\n\n\n<div class=\"wp-block-column is-layout-flow wp-block-column-is-layout-flow\" style=\"flex-basis:66.66%\">\n<div class=\"wp-block-columns is-layout-flex wp-container-core-columns-is-layout-28f84493 wp-block-columns-is-layout-flex\">\n<div class=\"wp-block-column is-layout-flow wp-block-column-is-layout-flow\" style=\"flex-basis:66.66%\">\n<a class=\"wp-block-toolset-blocks-container tb-container\" href=\"https:\/\/www.meettheredbaron.com\/de\/event\/hindenburg-und-ludendorff\/\" target=\"_blank\" style=\"display:block\" rel=\"noopener noreferrer\" data-toolset-blocks-container=\"fb58a80146db2bd8c70ccb83dce75858\">\n<h2 class=\"tb-heading has-text-color\" data-toolset-blocks-heading=\"8859b72d2e1e794792a4ad9d37df9cc9\" data-last-update=\"1.4\">Hindenburg und Ludendorff<\/h2>\n<\/a>\n\n\n\n<div class=\"wp-block-columns is-layout-flex wp-container-core-columns-is-layout-28f84493 wp-block-columns-is-layout-flex\">\n<div class=\"wp-block-column is-layout-flow wp-block-column-is-layout-flow\" style=\"flex-basis:5%\">\n<figure class=\"wp-block-image tb-image tb-image-dynamic tb-image-frame-none\" data-toolset-blocks-image=\"004774e16dbd3078619724a199f66c09\"><img loading=\"lazy\" src=\"http:\/\/www.meettheredbaron.com\/wp-content\/uploads\/2021\/12\/books-icon-50x50.png\" alt=\"\" class=\"wp-image-8118\"><\/figure>\n<\/div>\n\n\n\n<div class=\"wp-block-column is-layout-flow wp-block-column-is-layout-flow\" style=\"flex-basis:95%\">\n<div class=\"tb-fields-and-text\" data-toolset-blocks-fields-and-text=\"776f45455a12ce66957b6038e4ae61e7\"><p>Ein Heldenleben, Ullstein & Co, 1920<span class=\"tb-shortcode-placeholder\">?p. <\/span>143<span id=\"tb-caret-placement-fix\" class=\"tb-shortcode-placeholder\">?<\/span><\/p><\/div>\n<\/div>\n<\/div>\n<\/div>\n\n\n\n<div class=\"wp-block-column is-layout-flow wp-block-column-is-layout-flow\" style=\"flex-basis:33.33%\">\n<div class=\"tb-field\" data-toolset-blocks-field=\"a7be66a17502ac6dd1022ec55b9788df\" data-last-update=\"1.4\">2 Mai 1917<\/div>\n\n\n\n<div class=\"tb-field\" data-toolset-blocks-field=\"2c908d83c1b2ba46205337e64b652fdc\" data-last-update=\"1.4\"><\/div>\n\n\n\n<div class=\"tb-field\" data-toolset-blocks-field=\"153e4059b4357e0c50c84b59fc41a5b1\" data-last-update=\"1.4\">Hotel Oranienhof<\/div>\n\n\n\n<div class=\"tb-field\" data-toolset-blocks-field=\"c3380468ce11fa2e1c1bd31ac5febdf3\" data-last-update=\"1.4\">Bad Kreuznach<\/div>\n\n\n\n<div class=\"tb-field\" data-toolset-blocks-field=\"5adce6ba8cd3795736abf38f642cb9bd\" data-last-update=\"1.4\"><\/div>\n<\/div>\n<\/div>\n\n\n\n<div class=\"tb-field\" data-toolset-blocks-field=\"a7852f53fb8d75b8e85e72071a76c2b5\" data-last-update=\"1.4\"><p>&#8222;Am n\u00e4chsten Tage mu\u00dfte ich mich Hindenburg und Ludendorff vorstellen. Hindenburg war, wie \u00fcblich, zur Besuchszeit mit Zivilisten und Uniformierten \u00fcberh\u00e4uft, so da\u00df ich wenig mit ihm sprach.<\/p>\n<p>Im Vorzimmer von Ludendorff sa\u00df ich eine Stunde und hatte Gelegenheit zu beobachten, wie dieser Mann besch\u00e4ftigt ist. In dem Raum, in dem ich sa\u00df, waren eine Menge hoher und wichtiger Pers\u00f6nlichkeiten. Da sa\u00df Ballin, neben ihm ein hoher Generalsstabsoffizier mit einem dicken Aktenb\u00fcndel; dann wieder der Minister des \u00c4u\u00dferen. Bethmann hatte sich auch angemeldet, Helfferich kam gerade heraus; so und so viele Generale warteten auch noch auf Audienz, und dazu kam ich.<\/p>\n<p>Nach einer Stunde winkte mir der Adjutant und schob mich rein. Ludendorff stand auf, gab mir die Hand, fragte mich nun nicht: &#8222;Wie geht&#8217;s Ihnen denn? Sie sehen so dick und munter aus&#8220;, sondern winkte blo\u00df mit der Hand auf einen Stuhl und fragte: &#8222;Wie ist jetzt der Flugbetrieb bei Arras?&#8220; Ich fing ihm dann an zu erz\u00e4hlen und ging wohl so in ein kleines Schw\u00e4\u00dfchen \u00fcber, was weniger milit\u00e4risch Wichtiges enthielt. Da schnitt er mir einfach die Rede ab und kam auf Dinge zu sprechen, die ich eben erw\u00e4hnt hatte. Man merkte gleich, er geht aufs Ganze. Nachdem er aus mir herausbekommen hatte, was er \u00fcber den Flugbetrieb an der Hauptkampffront von Arras wissen wollte, war ich kurz entlassen. Ich mu\u00df sagen, ich war ganz zufrieden, denn dieser ernste, sachlich n\u00fcchtern denkende Mensch war mir unheimlich.<\/p>\n<p>Am abend des 2. Mai war Hindenburg beim &#8222;Kogen&#8220; eingeladen. Die Sache war mir zu Ehren arrangiert. Ludendorff erschien gleichfalls. Ich sa\u00df rechts von Hindenburg. Bei Tisch hielt er eine Rede auf mich. Alles Sachen, die mir glatt runtergingen! Im Laufe des Gespr\u00e4chs fragte er mich in seiner gutm\u00fctigen, ruhigen Art, die ein unbedingtes Vertrauen einfl\u00f6\u00dft: &#8222;Nun sagen Sie mal, Richthofen, sind Sie auch Kadett gewesen?&#8220; Ich erz\u00e4hlte ihm, da\u00df ich bei der 2. Kompagnie in Wahlstatt, und zwar auf Stube 6 meine milit\u00e4rische Laufbahn begonnen h\u00e4tte. Da sagte der alte Herr: &#8222;Na sehen Sie, ich habe auch auf Stube 6 angefangen, Soldat zu spielen, und habe der Stube zur Erinnerung mein Bild geschenkt.&#8220;&#8220;<\/p>\n<p>&nbsp;<\/p>\n<\/div>\n<\/div>\n<\/div>\n\n\n\n<div class=\"wp-block-toolset-blocks-container tb-container\" data-toolset-blocks-container=\"ed3832aa6201cbec5b1e5b902dc067e2\">\n<div class=\"tb-social-share tb-social-share--092 tb-social-share--round\" data-shareurl=\"https:\/\/www.meettheredbaron.com\/de\/event\/hindenburg-und-ludendorff\/\" data-title=\"Hindenburg und Ludendorff\" data-image=\"\" data-toolset-blocks-social-share=\"2fe96ffcae1ca886c0bbb61cee116ff7\"><div class=\"tb-social-share__excerpt\"><\/div><div class=\"tb-social-share__network\"><div role=\"button\" class=\"SocialMediaShareButton SocialMediaShareButton--facebook tb-social-share__facebook__share-button\"><\/div><\/div><div class=\"tb-social-share__network\"><div role=\"button\" class=\"SocialMediaShareButton SocialMediaShareButton--linkedin tb-social-share__linkedin__share-button\"><\/div><\/div><div class=\"tb-social-share__network\"><div role=\"button\" class=\"SocialMediaShareButton SocialMediaShareButton--twitter tb-social-share__twitter__share-button\"><\/div><\/div><div class=\"tb-social-share__network\"><div role=\"button\" class=\"SocialMediaShareButton SocialMediaShareButton--pinterest tb-social-share__pinterest__share-button\"><\/div><\/div><div class=\"tb-social-share__network\"><div role=\"button\" class=\"SocialMediaShareButton SocialMediaShareButton--telegram tb-social-share__telegram__share-button\"><\/div><\/div><div class=\"tb-social-share__network\"><div role=\"button\" class=\"SocialMediaShareButton SocialMediaShareButton--reddit tb-social-share__reddit__share-button\"><\/div><\/div><div class=\"tb-social-share__network\"><div role=\"button\" class=\"SocialMediaShareButton SocialMediaShareButton--email tb-social-share__email__share-button\"><\/div><\/div><\/div>\n<\/div>\n<\/div>\n\n<div class=\"wp-block-toolset-views-view-template-block wpv-block-loop-item php-to-be-replaced-with-shortcode\" data-toolset-views-view-template-block=\"5ee3fb2966e3bd13aaaa4e0552eae22e\">\n<div class=\"wp-block-columns is-layout-flex wp-container-core-columns-is-layout-28f84493 wp-block-columns-is-layout-flex\">\n<div class=\"wp-block-column is-layout-flow wp-block-column-is-layout-flow\" style=\"flex-basis:33.33%\">\n<a class=\"wp-block-toolset-blocks-container tb-container\" href=\"https:\/\/www.meettheredbaron.com\/de\/event\/mvr-at-headquarters\/\" target=\"_blank\" style=\"display:block\" rel=\"noopener noreferrer\" data-toolset-blocks-container=\"1ea330cea20836baa3553a8d187d158d\">\n\n<\/a>\n<\/div>\n\n\n\n<div class=\"wp-block-column is-layout-flow wp-block-column-is-layout-flow\" style=\"flex-basis:66.66%\">\n<div class=\"wp-block-columns is-layout-flex wp-container-core-columns-is-layout-28f84493 wp-block-columns-is-layout-flex\">\n<div class=\"wp-block-column is-layout-flow wp-block-column-is-layout-flow\" style=\"flex-basis:66.66%\">\n<a class=\"wp-block-toolset-blocks-container tb-container\" href=\"https:\/\/www.meettheredbaron.com\/de\/event\/mvr-at-headquarters\/\" target=\"_blank\" style=\"display:block\" rel=\"noopener noreferrer\" data-toolset-blocks-container=\"fb58a80146db2bd8c70ccb83dce75858\">\n<h2 class=\"tb-heading has-text-color\" data-toolset-blocks-heading=\"8859b72d2e1e794792a4ad9d37df9cc9\" data-last-update=\"1.4\">MvR im Hauptquartier<\/h2>\n<\/a>\n\n\n\n<div class=\"wp-block-columns is-layout-flex wp-container-core-columns-is-layout-28f84493 wp-block-columns-is-layout-flex\">\n<div class=\"wp-block-column is-layout-flow wp-block-column-is-layout-flow\" style=\"flex-basis:5%\">\n<figure class=\"wp-block-image tb-image tb-image-dynamic tb-image-frame-none\" data-toolset-blocks-image=\"004774e16dbd3078619724a199f66c09\"><img loading=\"lazy\" src=\"http:\/\/www.meettheredbaron.com\/wp-content\/uploads\/2021\/12\/books-icon-50x50.png\" alt=\"\" class=\"wp-image-8118\"><\/figure>\n<\/div>\n\n\n\n<div class=\"wp-block-column is-layout-flow wp-block-column-is-layout-flow\" style=\"flex-basis:95%\">\n<div class=\"tb-fields-and-text\" data-toolset-blocks-fields-and-text=\"776f45455a12ce66957b6038e4ae61e7\"><p>Richthofen, Beyond the legend of the Red Baron, Peter Kilduff, Arms and Armour, 1993<span class=\"tb-shortcode-placeholder\">?p. <\/span>108<span id=\"tb-caret-placement-fix\" class=\"tb-shortcode-placeholder\">?<\/span><\/p><\/div>\n<\/div>\n<\/div>\n<\/div>\n\n\n\n<div class=\"wp-block-column is-layout-flow wp-block-column-is-layout-flow\" style=\"flex-basis:33.33%\">\n<div class=\"tb-field\" data-toolset-blocks-field=\"a7be66a17502ac6dd1022ec55b9788df\" data-last-update=\"1.4\">2 Mai 1917<\/div>\n\n\n\n<div class=\"tb-field\" data-toolset-blocks-field=\"2c908d83c1b2ba46205337e64b652fdc\" data-last-update=\"1.4\"><\/div>\n\n\n\n<div class=\"tb-field\" data-toolset-blocks-field=\"153e4059b4357e0c50c84b59fc41a5b1\" data-last-update=\"1.4\">Hotel Oranienhof<\/div>\n\n\n\n<div class=\"tb-field\" data-toolset-blocks-field=\"c3380468ce11fa2e1c1bd31ac5febdf3\" data-last-update=\"1.4\">Bad Kreuznach<\/div>\n\n\n\n<div class=\"tb-field\" data-toolset-blocks-field=\"5adce6ba8cd3795736abf38f642cb9bd\" data-last-update=\"1.4\"><\/div>\n<\/div>\n<\/div>\n\n\n\n<div class=\"tb-field\" data-toolset-blocks-field=\"a7852f53fb8d75b8e85e72071a76c2b5\" data-last-update=\"1.4\"><p>&#8222;Manfred von Richthofen verbrachte seinen 25. und letzten Geburtstag in Gesellschaft einiger der wichtigsten Pers\u00f6nlichkeiten Deutschlands. Am Morgen meldete er sich im luxuri\u00f6sen Hotel Oranienhof, das zum Hauptquartier des Generalstabs geworden war. Eine Stunde lang sa\u00df er vor dem B\u00fcro von General der Infanterie Erich Ludendorff und beobachtete, wie Adjutanten mit gro\u00dfen Stapeln von Unterlagen ein- und ausgingen. Albert Ballin, Generaldirektor der Hamburg-Amerika-Linie, sa\u00df in der N\u00e4he, nahm Richthofen in seiner schlichten Dienstuniform \u00fcberhaupt nicht wahr und interessierte sich auch nicht f\u00fcr den Pour le M\u00e9rite an Manfreds Kragen. Ballin war in ein leises Gespr\u00e4ch mit einem hochrangigen Mitglied des Generalstabs vertieft. Dann kam Au\u00dfenminister Arthur Zimmermann, gefolgt von Reichskanzler Theobald von Bethmann-Hollweg und Karl Helferrich, dem Sekret\u00e4r des Reichsschatzamtes.<\/p>\n<p>Nachdem mehrere Gener\u00e4le hereingebeten worden waren, war Richthofen an der Reihe. Mit einer Handbewegung des Adjutanten wurde er an den anderen W\u00fcrdentr\u00e4gern vorbeigeleitet und in Ludendorffs B\u00fcro gef\u00fchrt. Der streng blickende Generalquartiermeister hatte keine Zeit f\u00fcr H\u00f6flichkeiten und fragte sofort nach den Luftoperationen an der Front bei Arras. Wie Richthofen in einer Erinnerung festhielt, die zu offen war, um zu seinen Lebzeiten ver\u00f6ffentlicht zu werden: \u201eIch begann, ihm zu erz\u00e4hlen, und kam dabei auf ein kleines Gespr\u00e4ch, das milit\u00e4risch kaum von Bedeutung war. Dann unterbrach er mich einfach und kam auf Dinge zu sprechen, die ich bereits erw\u00e4hnt hatte. Man merkte, dass er alles gab. Nachdem er mir entlockt hatte, was er \u00fcber die Operationen an der Hauptfront bei Arras wissen wollte, wurde ich abrupt entlassen. Ich muss sagen, dass ich ziemlich zufrieden war, denn dieser ernste, professionelle, n\u00fcchtern denkende Mensch war mir fremd.<\/p>\n<p>Richthofen war erleichtert, das Hotel Oranienhof zu verlassen und hinaus in die Sonne und die frische Luft der Kaiser-Wilhelmstra\u00dfe zu treten. Es war nur ein kurzer Spaziergang bis zur Elisabethenstra\u00dfe, an deren Ende sich die Residenz des Kaisers befand, mit einem herrlichen Blick auf die Nahe.\u201c<\/p>\n<\/div>\n<\/div>\n<\/div>\n\n\n\n<div class=\"wp-block-toolset-blocks-container tb-container\" data-toolset-blocks-container=\"ed3832aa6201cbec5b1e5b902dc067e2\">\n<div class=\"tb-social-share tb-social-share--092 tb-social-share--round\" data-shareurl=\"https:\/\/www.meettheredbaron.com\/de\/event\/mvr-at-headquarters\/\" data-title=\"MvR im Hauptquartier\" data-image=\"\" data-toolset-blocks-social-share=\"2fe96ffcae1ca886c0bbb61cee116ff7\"><div class=\"tb-social-share__excerpt\"><\/div><div class=\"tb-social-share__network\"><div role=\"button\" class=\"SocialMediaShareButton SocialMediaShareButton--facebook tb-social-share__facebook__share-button\"><\/div><\/div><div class=\"tb-social-share__network\"><div role=\"button\" class=\"SocialMediaShareButton SocialMediaShareButton--linkedin tb-social-share__linkedin__share-button\"><\/div><\/div><div class=\"tb-social-share__network\"><div role=\"button\" class=\"SocialMediaShareButton SocialMediaShareButton--twitter tb-social-share__twitter__share-button\"><\/div><\/div><div class=\"tb-social-share__network\"><div role=\"button\" class=\"SocialMediaShareButton SocialMediaShareButton--pinterest tb-social-share__pinterest__share-button\"><\/div><\/div><div class=\"tb-social-share__network\"><div role=\"button\" class=\"SocialMediaShareButton SocialMediaShareButton--telegram tb-social-share__telegram__share-button\"><\/div><\/div><div class=\"tb-social-share__network\"><div role=\"button\" class=\"SocialMediaShareButton SocialMediaShareButton--reddit tb-social-share__reddit__share-button\"><\/div><\/div><div class=\"tb-social-share__network\"><div role=\"button\" class=\"SocialMediaShareButton SocialMediaShareButton--email tb-social-share__email__share-button\"><\/div><\/div><\/div>\n<\/div>\n<\/div>\n\n<div class=\"wp-block-toolset-views-view-template-block wpv-block-loop-item php-to-be-replaced-with-shortcode\" data-toolset-views-view-template-block=\"5ee3fb2966e3bd13aaaa4e0552eae22e\">\n<div class=\"wp-block-columns is-layout-flex wp-container-core-columns-is-layout-28f84493 wp-block-columns-is-layout-flex\">\n<div class=\"wp-block-column is-layout-flow wp-block-column-is-layout-flow\" style=\"flex-basis:33.33%\">\n<a class=\"wp-block-toolset-blocks-container tb-container\" href=\"https:\/\/www.meettheredbaron.com\/de\/event\/mvr-aufs-hauptquartier\/\" target=\"_blank\" style=\"display:block\" rel=\"noopener noreferrer\" data-toolset-blocks-container=\"1ea330cea20836baa3553a8d187d158d\">\n\n<\/a>\n<\/div>\n\n\n\n<div class=\"wp-block-column is-layout-flow wp-block-column-is-layout-flow\" style=\"flex-basis:66.66%\">\n<div class=\"wp-block-columns is-layout-flex wp-container-core-columns-is-layout-28f84493 wp-block-columns-is-layout-flex\">\n<div class=\"wp-block-column is-layout-flow wp-block-column-is-layout-flow\" style=\"flex-basis:66.66%\">\n<a class=\"wp-block-toolset-blocks-container tb-container\" href=\"https:\/\/www.meettheredbaron.com\/de\/event\/mvr-aufs-hauptquartier\/\" target=\"_blank\" style=\"display:block\" rel=\"noopener noreferrer\" data-toolset-blocks-container=\"fb58a80146db2bd8c70ccb83dce75858\">\n<h2 class=\"tb-heading has-text-color\" data-toolset-blocks-heading=\"8859b72d2e1e794792a4ad9d37df9cc9\" data-last-update=\"1.4\">MvR aufs Hauptquartier<\/h2>\n<\/a>\n\n\n\n<div class=\"wp-block-columns is-layout-flex wp-container-core-columns-is-layout-28f84493 wp-block-columns-is-layout-flex\">\n<div class=\"wp-block-column is-layout-flow wp-block-column-is-layout-flow\" style=\"flex-basis:5%\">\n<figure class=\"wp-block-image tb-image tb-image-dynamic tb-image-frame-none\" data-toolset-blocks-image=\"004774e16dbd3078619724a199f66c09\"><img loading=\"lazy\" src=\"http:\/\/www.meettheredbaron.com\/wp-content\/uploads\/2021\/12\/books-icon-50x50.png\" alt=\"\" class=\"wp-image-8118\"><\/figure>\n<\/div>\n\n\n\n<div class=\"wp-block-column is-layout-flow wp-block-column-is-layout-flow\" style=\"flex-basis:95%\">\n<div class=\"tb-fields-and-text\" data-toolset-blocks-fields-and-text=\"776f45455a12ce66957b6038e4ae61e7\"><p>Die Erinnerungen der Mutter des roten Kampffliegers Kunigunde Freifrau von Richthofen. Im Verlag Ullstein - Berlin, 1937.<span class=\"tb-shortcode-placeholder\">?p. <\/span>112<span id=\"tb-caret-placement-fix\" class=\"tb-shortcode-placeholder\">?<\/span><\/p><\/div>\n<\/div>\n<\/div>\n<\/div>\n\n\n\n<div class=\"wp-block-column is-layout-flow wp-block-column-is-layout-flow\" style=\"flex-basis:33.33%\">\n<div class=\"tb-field\" data-toolset-blocks-field=\"a7be66a17502ac6dd1022ec55b9788df\" data-last-update=\"1.4\">2 Mai 1917<\/div>\n\n\n\n<div class=\"tb-field\" data-toolset-blocks-field=\"2c908d83c1b2ba46205337e64b652fdc\" data-last-update=\"1.4\"><\/div>\n\n\n\n<div class=\"tb-field\" data-toolset-blocks-field=\"153e4059b4357e0c50c84b59fc41a5b1\" data-last-update=\"1.4\">Hotel Oranienhof<\/div>\n\n\n\n<div class=\"tb-field\" data-toolset-blocks-field=\"c3380468ce11fa2e1c1bd31ac5febdf3\" data-last-update=\"1.4\">Bad Kreuznach<\/div>\n\n\n\n<div class=\"tb-field\" data-toolset-blocks-field=\"5adce6ba8cd3795736abf38f642cb9bd\" data-last-update=\"1.4\"><\/div>\n<\/div>\n<\/div>\n\n\n\n<div class=\"tb-field\" data-toolset-blocks-field=\"a7852f53fb8d75b8e85e72071a76c2b5\" data-last-update=\"1.4\"><p>&#8222;&#8220;Wie war der Besuch im Hauptquartier?&#8220;, frage ich. Manfred gibt eine humorvolle Schilderung; ich erfahre viel Interessantes. Starken Eindruck hat vor allem Ludendorff mit seiner knappen, sachlichen Art auf ihn gemacht. &#8222;Er ist kein Mann f\u00fcr ein kleines Schw\u00e4tzchen; er geht aufs Ganze&#8220;, meint Manfred. Anders Hindenburg, an dessen rechter Seite Manfred w\u00e4hrend der Tafel sa\u00df. Er fragte in seiner gutm\u00fctigen, jovialen Art: &#8222;Nun, sagen Sie mal, Richthofen, sind Sie auch Kadett gewesen?&#8220; &#8211; Manfred erz\u00e4hlte, da\u00df er bei der 2. Kompanie in Wahlstatt auf Stube sechs seine milit\u00e4rische Laufbahn begonnen h\u00e4tte. Darauf Hindenburg: &#8222;Na sehen Sie, ich habe auch auf Stube sechs angefangen.&#8220; Im gro\u00dfen ganzen, glaube ich, war Manfred froh, als er das Gro\u00dfe Hauptquartier wieder hinter sich hatte. F\u00fcr ihn, den eingeschworenen Frontsoldaten, sind solche Empf\u00e4nge wie der, zu dem er am 1. Mai befohlen war, kein Duell von Erbauung. Er war kein Freund von h\u00f6flicher Luft und (wie er mit einem drolligen Seufzer bemerkte) &#8222;f\u00fcr den Beruf eines Fl\u00fcgeladjutanten g\u00e4nzlich ungeeignet&#8220;. Er sehnte sich nach dem Dr\u00f6hnen der Propeller, dem Lachen der Maschinegewehre, den straffen, aber frischen Leben mit seinen Kameraden da drau\u00dfen in den Baracken und Zelten. Er wollte jeden Tag wieder neu erobern, unter Einfa\u00df seines Lebens. Das lag in seiner Natur.&#8220;<\/p>\n<\/div>\n<\/div>\n<\/div>\n\n\n\n<div class=\"wp-block-toolset-blocks-container tb-container\" data-toolset-blocks-container=\"ed3832aa6201cbec5b1e5b902dc067e2\">\n<div class=\"tb-social-share tb-social-share--092 tb-social-share--round\" data-shareurl=\"https:\/\/www.meettheredbaron.com\/de\/event\/mvr-aufs-hauptquartier\/\" data-title=\"MvR aufs Hauptquartier\" data-image=\"\" data-toolset-blocks-social-share=\"2fe96ffcae1ca886c0bbb61cee116ff7\"><div class=\"tb-social-share__excerpt\"><\/div><div class=\"tb-social-share__network\"><div role=\"button\" class=\"SocialMediaShareButton SocialMediaShareButton--facebook tb-social-share__facebook__share-button\"><\/div><\/div><div class=\"tb-social-share__network\"><div role=\"button\" class=\"SocialMediaShareButton SocialMediaShareButton--linkedin tb-social-share__linkedin__share-button\"><\/div><\/div><div class=\"tb-social-share__network\"><div role=\"button\" class=\"SocialMediaShareButton SocialMediaShareButton--twitter tb-social-share__twitter__share-button\"><\/div><\/div><div class=\"tb-social-share__network\"><div role=\"button\" class=\"SocialMediaShareButton SocialMediaShareButton--pinterest tb-social-share__pinterest__share-button\"><\/div><\/div><div class=\"tb-social-share__network\"><div role=\"button\" class=\"SocialMediaShareButton SocialMediaShareButton--telegram tb-social-share__telegram__share-button\"><\/div><\/div><div class=\"tb-social-share__network\"><div role=\"button\" class=\"SocialMediaShareButton SocialMediaShareButton--reddit tb-social-share__reddit__share-button\"><\/div><\/div><div class=\"tb-social-share__network\"><div role=\"button\" class=\"SocialMediaShareButton SocialMediaShareButton--email tb-social-share__email__share-button\"><\/div><\/div><\/div>\n<\/div>\n<\/div>\n\n<div class=\"wp-block-toolset-views-view-template-block wpv-block-loop-item php-to-be-replaced-with-shortcode\" data-toolset-views-view-template-block=\"5ee3fb2966e3bd13aaaa4e0552eae22e\">\n<div class=\"wp-block-columns is-layout-flex wp-container-core-columns-is-layout-28f84493 wp-block-columns-is-layout-flex\">\n<div class=\"wp-block-column is-layout-flow wp-block-column-is-layout-flow\" style=\"flex-basis:33.33%\">\n<a class=\"wp-block-toolset-blocks-container tb-container\" href=\"https:\/\/www.meettheredbaron.com\/de\/event\/trauerfeier-fur-manfred\/\" target=\"_blank\" style=\"display:block\" rel=\"noopener noreferrer\" data-toolset-blocks-container=\"1ea330cea20836baa3553a8d187d158d\">\n<figure class=\"wp-block-image tb-image tb-image-dynamic tb-image-frame-none\" data-toolset-blocks-image=\"253a17356e21d86635e865480464a888\"><img width=\"185\" height=\"110\" loading=\"lazy\" src=\"https:\/\/www.meettheredbaron.com\/wp-content\/uploads\/2021\/12\/149.jpg\" alt=\"\" class=\"wp-image-8229\"><\/figure>\n<\/a>\n<\/div>\n\n\n\n<div class=\"wp-block-column is-layout-flow wp-block-column-is-layout-flow\" style=\"flex-basis:66.66%\">\n<div class=\"wp-block-columns is-layout-flex wp-container-core-columns-is-layout-28f84493 wp-block-columns-is-layout-flex\">\n<div class=\"wp-block-column is-layout-flow wp-block-column-is-layout-flow\" style=\"flex-basis:66.66%\">\n<a class=\"wp-block-toolset-blocks-container tb-container\" href=\"https:\/\/www.meettheredbaron.com\/de\/event\/trauerfeier-fur-manfred\/\" target=\"_blank\" style=\"display:block\" rel=\"noopener noreferrer\" data-toolset-blocks-container=\"fb58a80146db2bd8c70ccb83dce75858\">\n<h2 class=\"tb-heading has-text-color\" data-toolset-blocks-heading=\"8859b72d2e1e794792a4ad9d37df9cc9\" data-last-update=\"1.4\">Trauerfeier f\u00fcr Manfred<\/h2>\n<\/a>\n\n\n\n<div class=\"wp-block-columns is-layout-flex wp-container-core-columns-is-layout-28f84493 wp-block-columns-is-layout-flex\">\n<div class=\"wp-block-column is-layout-flow wp-block-column-is-layout-flow\" style=\"flex-basis:5%\">\n<figure class=\"wp-block-image tb-image tb-image-dynamic tb-image-frame-none\" data-toolset-blocks-image=\"004774e16dbd3078619724a199f66c09\"><img loading=\"lazy\" src=\"http:\/\/www.meettheredbaron.com\/wp-content\/uploads\/2021\/12\/books-icon-50x50.png\" alt=\"\" class=\"wp-image-8118\"><\/figure>\n<\/div>\n\n\n\n<div class=\"wp-block-column is-layout-flow wp-block-column-is-layout-flow\" style=\"flex-basis:95%\">\n<div class=\"tb-fields-and-text\" data-toolset-blocks-fields-and-text=\"776f45455a12ce66957b6038e4ae61e7\"><p>Die Erinnerungen der Mutter des roten Kampffliegers Kunigunde Freifrau von Richthofen. Im Verlag Ullstein - Berlin, 1937.<span class=\"tb-shortcode-placeholder\">?p. <\/span>168<span id=\"tb-caret-placement-fix\" class=\"tb-shortcode-placeholder\">?<\/span><\/p><\/div>\n<\/div>\n<\/div>\n<\/div>\n\n\n\n<div class=\"wp-block-column is-layout-flow wp-block-column-is-layout-flow\" style=\"flex-basis:33.33%\">\n<div class=\"tb-field\" data-toolset-blocks-field=\"a7be66a17502ac6dd1022ec55b9788df\" data-last-update=\"1.4\">2 Mai 1918<\/div>\n\n\n\n<div class=\"tb-field\" data-toolset-blocks-field=\"2c908d83c1b2ba46205337e64b652fdc\" data-last-update=\"1.4\"><\/div>\n\n\n\n<div class=\"tb-field\" data-toolset-blocks-field=\"153e4059b4357e0c50c84b59fc41a5b1\" data-last-update=\"1.4\"><\/div>\n\n\n\n<div class=\"tb-field\" data-toolset-blocks-field=\"c3380468ce11fa2e1c1bd31ac5febdf3\" data-last-update=\"1.4\">Berlin<\/div>\n\n\n\n<div class=\"tb-field\" data-toolset-blocks-field=\"5adce6ba8cd3795736abf38f642cb9bd\" data-last-update=\"1.4\"><\/div>\n<\/div>\n<\/div>\n\n\n\n<div class=\"tb-field\" data-toolset-blocks-field=\"a7852f53fb8d75b8e85e72071a76c2b5\" data-last-update=\"1.4\"><p>&#8222;Wir sind nach Berlin gefahren, Albrecht, Ilse, Bolko und ich. In der Garnisonkirche soll eine Trauerfeier f\u00fcr Manfred stattfinden. Es ist der 2. Mai &#8211; und heute ist Manfreds Geburtstag! Um ein Uhr machte uns Exzellenz von Hoeppner, der Kommandierende der Luftstreitkr\u00e4fte, seinen Besuch. Ich fragte ihn nach vielem, was mir auf dem Herzen lag, zun\u00e4chst \u00fcber Manfreds Tod. Er glaubte mir bestimmt versichern zu k\u00f6nnen, da\u00df Manfred von der Erde aus einen Treffer bekommen hat. Er sagte: &#8222;Wir haben keinen Ersatz f\u00fcr Ihren Sohn in der ganzen Fliegertruppe.&#8220; Lothar ist aus D\u00fbsseldorf in Berlin eingetroffen. Wie elend und ver\u00e4ndert er aussieht, ich bemerkte es mit gro\u00dfem Schmerz. Er ist noch tief niedergeschlagen \u00fcber den Tod des geliebten und verehrten Bruders. Kurz vor vier Uhr fuhren wir in zwei Wagen nach der alten Garnisonkirche. In dichten Reihen bildete das Publikum Spalier. Feierlich erklangen die Glocken. Vor der Kirche empfing uns (in Vertretung des Kaisers) General Manfred von Richthofen, ein Vetter meines Mannes, Reitergeneral im Kriege, und Exzellenz von Hoeppner. Wir nahmen die f\u00fcr uns bestimmten Ehrenpl\u00e4tze ein. Der Altar vor uns ist mit schwarzem Tuch ausgeschlagen, nur das Christusbild in der Mitte ist frei geblieben. Auf vier umflorten Sockeln stehen bronzene Becken, aus denen lodernde Flammen aufz\u00fcngeln. Ein katasalkartiger Aufbau, dessen Mittelpunkt ein schwarzes Samtkissen mit Manfreds Orden bildet. Niemals hat er sie alle getragen, ich selbst sehe sie heute zum erstenmal. Oben aus der Mitte des Katafalks springen nach rechts und links die L\u00e4ufe von vier Maschinengewehren hervor.Unter dem Ordenskissen ist ein riesiger Kranz mit schwarzem Flor um einen zersplitterten Propeller geschlungen. Auf der rechten und linken Seite stehen, wie aus Erz gegossen, je acht Flieger in schwarzen Lederjacken und Sturzhelmen. Verdiente Unteroffiziere, jeder von ihnen hat das E.K. 1 und das Fliegerabzeichen. Rechts und links von dem Katafalk ist ebenfalls je ein Flieger postiert. W\u00e4hrend der ganzen Feier, die wohl \u00fcber eine Stunde dauerte, standen sie, ohne sich zu r\u00fchren, ohne mit einer Wimper zu zucken &#8211; in seiner Strenge ein unverge\u00dfliches Bild. Um vier Uhr erschien die Kaiserin nebst Prinz und Prinzessin Sigismund von Preu\u00dfen. Sie nahmen rechts von uns in der Loge Platz. Die Feier begann. Der Geistliche sprach, da\u00df die Leistungen und das Werk des Toten uns tr\u00f6\u00dften m\u00fcssen. Nicht das Sterben des gew\u00f6hnliches Lebens habe sich an ihn herangewagt, sondern der Tod in seiner ganzen heroischen Sch\u00f6nheit. Als die Glut des Farbenspiels am buntesten, as die Wucht der Handlungen am gewaltigsten war, da rauschte der Vorgang \u00fcber dieses Leben nieder. Nur ein Dichter k\u00f6nne ihm gerecht werden. &#8222;Im Fr\u00fchling ist er dahingegangen &#8211; was ihm vorenthalten wurde, ist ein langer, hei\u00dfer Sommer und ein welkender Herbst.&#8220; Das Requiem von Brahms&#8230; Das sch\u00f6ne alte Kavallerie-Signal, die Retraite &#8211; wie ums Abendrot \u00fcber einsames Schlachtfeld hingeblasen&#8230; Ein Abschiedsgru\u00df dem jungen Reitersmann. * Eine leise, kaum vernehmbare Stimme sprach zu mir, bekundete mir ihr Beleid. Ich blickte in g\u00fctige Augen. Der Kaiserin Gesicht war m\u00fctterlich und tief bek\u00fcmmert. &#8222;Ich hatte gew\u00fcnscht, &#8222;sagte ich, &#8222;da\u00df Manfred seinem Vaterlande noch l\u00e4nger h\u00e4tte dienen k\u00f6nnen.&#8220; Die hohe Frau mickte still, ein Zug von Schmerz lag um ihren Mund, sie wu\u00dfte wohl, was Leid ist; das Schicksal hatte auch ihr viel zu tragen aufgegeben, auch sie kannte die Qualen durchwachter N\u00e4chte. Sie begann weiterzureden, immer noch mit leiser, schonender Stimme. Sie sprach von Manfreds Besuch in Homburg; ich erwiderte, wie begl\u00fcckt mein Sohn damals \u00fcber ihre Freundlichkeit gewesen sei. Sofort war diese Begebenheit in mir lebendig: Genau vor einem Jahr war es gewesen, an einem strahlenden Mai, an seinem Geburtstage, da sollte er sich der Kaiserin vorstellen. Der in zweiundf\u00fcnfzig K\u00e4mpfen Siegreiche flog in der alten Lederjacke, von der er sich im Felde niemals trennte, ins Gro\u00dfe Hauptquartier. Die Kaiserin nahm ihn gleich bei der Landung in Empfang, und als er Miene machte, sich wegen seiner Kleidung zu entschuldigen, streichelte sie das schmucklose Kleidungst\u00fcck und sagte: &#8222;Die gute Jacke &#8211; zweiundf\u00fcnfzig Luftsiege hat sie erlebt.&#8220; Es war nun wohl Zeit, zu gehen, wir wandten uns aus der Sakristei; da kam die Kaiserin, die sich mit meinem Kindern und Albrecht besch\u00e4ftigt hatte, nochmals auf mich zu. Noch einmal fanden sich unsere Augen, noch einmal dr\u00fcckte sie mir die Hand, und ich beugte mich herab und k\u00fc\u00dfte die ihrige. Wir fahren ins hotel zur\u00fcck. Viele Bekannte haben sich dort versammelt. Ich freue mich, als sich einige Herren von Manfreds Geschwader melden lassen. Wir sehen uns gegen\u00fcber. Ich mustere diese jungen ernsten Menschen, Manfreds Kameraden. Suche in ihren Gesichtern zu lesen, was auch in Manfreds Z\u00fcgen lag, das Fronterlebnis. Ein schmales, gutgeschnittenes Gesicht f\u00e4llt mir besonders auf. Der blutjunge Ulanenoffizier ist sehr erregt. Der Kummer arbeitet in seinen feinen, zarten Z\u00fcgen. Sein Name klingt an mein Ohr. Das also ist Hans Joachim Wolff, von dem Manfred mir so herzlich erz\u00e4hlte; der den sch\u00f6nen Brief an Lothar schrieb, als sein verehrter und bewunderter Rittmeister den Fliegertod gestorben war&#8230; &#8222;&#8230;ich besonders bin tief ungl\u00fccklich. Ich habe an ihm mehr verloren als nur das gro\u00dfe Vorbild, das er allen war. Ich habe ihn geliebt wie einen Vater. Ich war gl\u00fccklich, wenn ich mit ihm zusammen sein d\u00fcrfte&#8230;&#8220; Nun stand er vor mir, und es war so, da\u00df ich ihn tr\u00f6sten mu\u00dfte. Es war, als spr\u00e4che ich zu meinem eigenen Sohn. Er sagte, er h\u00e4tte immer eine besondere Verpflichtung in sich gesp\u00fcrt, \u00fcber das Leben seines gro\u00dfen Kommandeurs zu wachen, wie ein Schildtr\u00e4ger es tut. Aber in der Stunde, als das Unfa\u00dfliche geschah, w\u00e4re er selbst in einen Luftkampf verwickelt gewesen und h\u00e4tte seinen F\u00fchrer aus den Augen verloren&#8230;Jetzt mache er sich bittersten Vorw\u00fcrfe. Ich war ger\u00fchrt von so viel Liebe und Treue; ich schlo\u00df ihn in mein Herz. M\u00f6ge er seinen Eltern erhalten bleiben &#8211; er ist ihr einziges Kind. * Wir sprachen noch einiges. Ich war diesen jungen Menschen dankbar. Manfred lebte in ihnen. Sie trugen mir viel Tr\u00f6stliches zu. Manfred sei gl\u00fccklich, befriedigt gewesen; er sei bewundert, ja verg\u00f6ttert worden. Der Kaiser hatte beabsichtigt &#8211; so erz\u00e4hlen sie -, ihm nach seinem 80. Luftsieg des Eichenlaub zum Pour le M\u00e9rite zu verleihen und ein Handschreiben herauszugeben, worin ihm das Fliegen verboten werden sollte. Manfred hatte bereits Urlaub, sein Schlafwagenbillett lag schon auf seinem Tisch. Er war bei Herrn Vo\u00df in Freiburg, dem Vater des toten Lufthelden, zur Auerhahnjagd angesagt. Vorher war sein Besuch beim deutschen Kronprinzen angemeldet. Die Kameraden sagten auch aus, Manfred habe den Wunsch gehabt, s\u00e4mtlichen Geschwadern zur Verf\u00fcgung zu stehen; er wollte sich dann bei dieser oder jener Staffel ansagen und mit ihnen gegen den Feind fliegen. Die Herren erz\u00e4hlten ferner, wie sie sich gegenseitig ihre Best\u00fcrzung nicht eingestehen wollten, als ihr Kommandeur nicht wiederkam. Sie hofften, er sei irgendwo gelandet und w\u00fcrde pl\u00f6tzlich wieder da sein. Exzellenz von Hoeppner erg\u00e4nzte noch, Manfred habe nach seinem 63. Luftsieg gebeten, da\u00df man von nun an seine Siege der Staffel und nicht mehr ihm pers\u00f6nlich anrechnen m\u00f6chte; aber das habe man unter keinen Umst\u00e4nden getan. Eine m\u00fctterliche Freundin unseres Hauses hatte der Trauerfeier beigewohnt. Sie hatte Lothar ganz besonders in ihr Herz geschlossen &#8211; er sollte einst ihr Erbe sein. Tief bek\u00fcmmert \u00fcber Manfreds Tod und \u00fcber Lothars zweite Verwundung kam sie zu mir und bat mich, ich m\u00f6chte ein Gesuch einreichen, damit Lothar aufh\u00f6re zu fliegen. Ihre Sorge war von wahrhaft m\u00fctterlicher Liebe diktiert. Aber &#8211; hatten nicht Tausende von M\u00fcttern ihre S\u00f6hne geopfert wie ich &#8211; schwebten nicht aber Tausende in der gleichen bangen Sorge um die Lebenden?! Erst k\u00fcrzlich hatte eine meiner Bekannten binnen vier Wochen drei tapfere und bl\u00fchende S\u00f6hne verloren. Wir alle trugen das gleiche Los. Unsere S\u00f6hne beschirmten mit ihren Leibern, mit ihrem Blut die Heimat. Wer sollte da f\u00fcr sich eine Ausnahme beanspruchen?! Und vor allen Dingen &#8211; was w\u00fcrde Lothar selbst dazu sagen? Meine Blicke wanderten zu ihm hin\u00fcber. Ernst und gefa\u00dft sprach er, der den Schlag vielleicht am furchtbarsten empfand, mit seinen Kameraden. Lothar h\u00e4tte es einfach nicht getan, er h\u00e4tte einen solchen Schritt von mir nur als peinvoll empfunden. &#8211; Nein, das tat ich ihm nicht an. &#8222;So Gott will, wird Lothar leben&#8220;, erwiderte ich der treuen alten Freundin. So Gott will &#8211; &#8211; &#8211; Als ich den jungen Offizieren die Hand zum Abschied reichte, dankte ich noch einmal f\u00fcr diese Stunde. Sie hatte mir wohlgetan. Ich nahm das Bewu\u00dftsein mit, wie gl\u00fccklich Manfred in seinem tapferen Fliegerdasein gewesen war; wie er dieses Leben mit keinem auf der ganzen Welt h\u00e4tte tauschen m\u00f6gen. * Wir fuhren nach Schweidnitz zur\u00fcck; erst jetzt f\u00fchlte ich, wie stark die Nervenanspannung in den letzten Tagen gewesen war. Nun, da ich nicht mehr aller Augen auf mich gerichtet f\u00fchlte, mochte ich zusehen, wie ich mit mir selbst fertig wurde. Ich suchte die Einsamkeit und f\u00fcrchtete sie zugleich. Einmal stand Menzke vor mir. Er brachte seines toten Rittmeisters Sachen. Wir knieten an dem Koffer und sichteten und ordneten. Menzke konnte kaum sprechen vor Kummer. Ich sagte ihm, er solle sich zum Abschied etwas aussuchen. Der Gute w\u00e4hlte ein bescheidenes St\u00fcck von der Ausr\u00fcstung, die Manfred im Felde getragen hatte.&#8220;<\/p>\n<\/div>\n<\/div>\n<\/div>\n\n\n\n<div class=\"wp-block-toolset-blocks-container tb-container\" data-toolset-blocks-container=\"ed3832aa6201cbec5b1e5b902dc067e2\">\n<div class=\"tb-social-share tb-social-share--092 tb-social-share--round\" data-shareurl=\"https:\/\/www.meettheredbaron.com\/de\/event\/trauerfeier-fur-manfred\/\" data-title=\"Trauerfeier f\u00fcr Manfred\" data-image=\"http:\/\/www.meettheredbaron.com\/wp-content\/uploads\/2021\/12\/149.jpg\" data-toolset-blocks-social-share=\"2fe96ffcae1ca886c0bbb61cee116ff7\"><div class=\"tb-social-share__excerpt\"><\/div><div class=\"tb-social-share__network\"><div role=\"button\" class=\"SocialMediaShareButton SocialMediaShareButton--facebook tb-social-share__facebook__share-button\"><\/div><\/div><div class=\"tb-social-share__network\"><div role=\"button\" class=\"SocialMediaShareButton SocialMediaShareButton--linkedin tb-social-share__linkedin__share-button\"><\/div><\/div><div class=\"tb-social-share__network\"><div role=\"button\" class=\"SocialMediaShareButton SocialMediaShareButton--twitter tb-social-share__twitter__share-button\"><\/div><\/div><div class=\"tb-social-share__network\"><div role=\"button\" class=\"SocialMediaShareButton SocialMediaShareButton--pinterest tb-social-share__pinterest__share-button\"><\/div><\/div><div class=\"tb-social-share__network\"><div role=\"button\" class=\"SocialMediaShareButton SocialMediaShareButton--telegram tb-social-share__telegram__share-button\"><\/div><\/div><div class=\"tb-social-share__network\"><div role=\"button\" class=\"SocialMediaShareButton SocialMediaShareButton--reddit tb-social-share__reddit__share-button\"><\/div><\/div><div class=\"tb-social-share__network\"><div role=\"button\" class=\"SocialMediaShareButton SocialMediaShareButton--email tb-social-share__email__share-button\"><\/div><\/div><\/div>\n<\/div>\n<\/div>\n<\/div><\/div><\/div><\/div><\/div><\/div>\n","protected":false},"excerpt":{"rendered":"","protected":false},"author":1,"featured_media":0,"parent":0,"menu_order":0,"comment_status":"open","ping_status":"closed","template":"","meta":{"footnotes":""},"class_list":["post-10973","page","type-page","status-publish","hentry","entry","no-media"],"yoast_head":"<!-- This site is optimized with the Yoast SEO plugin v26.7 - https:\/\/yoast.com\/wordpress\/plugins\/seo\/ -->\n<title>An diesem Tag - Meet The Red Baron<\/title>\n<meta name=\"robots\" content=\"index, follow, max-snippet:-1, max-image-preview:large, max-video-preview:-1\" \/>\n<link rel=\"canonical\" href=\"https:\/\/www.meettheredbaron.com\/de\/an-diesem-tag\/\" \/>\n<meta property=\"og:locale\" content=\"de_DE\" \/>\n<meta property=\"og:type\" content=\"article\" \/>\n<meta property=\"og:title\" content=\"An diesem Tag - Meet The Red Baron\" \/>\n<meta property=\"og:url\" content=\"https:\/\/www.meettheredbaron.com\/de\/an-diesem-tag\/\" \/>\n<meta property=\"og:site_name\" content=\"Meet The Red Baron\" \/>\n<meta property=\"article:modified_time\" content=\"2025-12-30T10:33:49+00:00\" \/>\n<meta property=\"og:image\" content=\"http:\/\/www.meettheredbaron.com\/wp-content\/uploads\/2021\/12\/books-icon-50x50.png\" \/>\n<script type=\"application\/ld+json\" class=\"yoast-schema-graph\">{\"@context\":\"https:\/\/schema.org\",\"@graph\":[{\"@type\":\"WebPage\",\"@id\":\"https:\/\/www.meettheredbaron.com\/de\/an-diesem-tag\/\",\"url\":\"https:\/\/www.meettheredbaron.com\/de\/an-diesem-tag\/\",\"name\":\"An diesem Tag - Meet The Red Baron\",\"isPartOf\":{\"@id\":\"https:\/\/www.meettheredbaron.com\/de\/#website\"},\"primaryImageOfPage\":{\"@id\":\"https:\/\/www.meettheredbaron.com\/de\/an-diesem-tag\/#primaryimage\"},\"image\":{\"@id\":\"https:\/\/www.meettheredbaron.com\/de\/an-diesem-tag\/#primaryimage\"},\"thumbnailUrl\":\"http:\/\/www.meettheredbaron.com\/wp-content\/uploads\/2021\/12\/books-icon-50x50.png\",\"datePublished\":\"2023-05-12T08:19:28+00:00\",\"dateModified\":\"2025-12-30T10:33:49+00:00\",\"breadcrumb\":{\"@id\":\"https:\/\/www.meettheredbaron.com\/de\/an-diesem-tag\/#breadcrumb\"},\"inLanguage\":\"de\",\"potentialAction\":[{\"@type\":\"ReadAction\",\"target\":[\"https:\/\/www.meettheredbaron.com\/de\/an-diesem-tag\/\"]}]},{\"@type\":\"ImageObject\",\"inLanguage\":\"de\",\"@id\":\"https:\/\/www.meettheredbaron.com\/de\/an-diesem-tag\/#primaryimage\",\"url\":\"http:\/\/www.meettheredbaron.com\/wp-content\/uploads\/2021\/12\/books-icon-50x50.png\",\"contentUrl\":\"http:\/\/www.meettheredbaron.com\/wp-content\/uploads\/2021\/12\/books-icon-50x50.png\"},{\"@type\":\"BreadcrumbList\",\"@id\":\"https:\/\/www.meettheredbaron.com\/de\/an-diesem-tag\/#breadcrumb\",\"itemListElement\":[{\"@type\":\"ListItem\",\"position\":1,\"name\":\"Home\",\"item\":\"https:\/\/www.meettheredbaron.com\/de\/\"},{\"@type\":\"ListItem\",\"position\":2,\"name\":\"An diesem Tag\"}]},{\"@type\":\"WebSite\",\"@id\":\"https:\/\/www.meettheredbaron.com\/de\/#website\",\"url\":\"https:\/\/www.meettheredbaron.com\/de\/\",\"name\":\"Meet The Red Baron\",\"description\":\"The life and death of Manfred von Richthofen.\",\"publisher\":{\"@id\":\"https:\/\/www.meettheredbaron.com\/de\/#\/schema\/person\/fd320c77882d0d84e4b88ef15120767f\"},\"potentialAction\":[{\"@type\":\"SearchAction\",\"target\":{\"@type\":\"EntryPoint\",\"urlTemplate\":\"https:\/\/www.meettheredbaron.com\/de\/?s={search_term_string}\"},\"query-input\":{\"@type\":\"PropertyValueSpecification\",\"valueRequired\":true,\"valueName\":\"search_term_string\"}}],\"inLanguage\":\"de\"},{\"@type\":[\"Person\",\"Organization\"],\"@id\":\"https:\/\/www.meettheredbaron.com\/de\/#\/schema\/person\/fd320c77882d0d84e4b88ef15120767f\",\"name\":\"heinpoblome\",\"image\":{\"@type\":\"ImageObject\",\"inLanguage\":\"de\",\"@id\":\"https:\/\/www.meettheredbaron.com\/de\/#\/schema\/person\/image\/\",\"url\":\"https:\/\/www.meettheredbaron.com\/wp-content\/uploads\/2021\/12\/266-scaled.jpg\",\"contentUrl\":\"https:\/\/www.meettheredbaron.com\/wp-content\/uploads\/2021\/12\/266-scaled.jpg\",\"width\":1850,\"height\":2560,\"caption\":\"heinpoblome\"},\"logo\":{\"@id\":\"https:\/\/www.meettheredbaron.com\/de\/#\/schema\/person\/image\/\"},\"sameAs\":[\"http:\/\/www.meettheredbaron.com\"]}]}<\/script>\n<!-- \/ Yoast SEO plugin. -->","yoast_head_json":{"title":"An diesem Tag - Meet The Red Baron","robots":{"index":"index","follow":"follow","max-snippet":"max-snippet:-1","max-image-preview":"max-image-preview:large","max-video-preview":"max-video-preview:-1"},"canonical":"https:\/\/www.meettheredbaron.com\/de\/an-diesem-tag\/","og_locale":"de_DE","og_type":"article","og_title":"An diesem Tag - Meet The Red Baron","og_url":"https:\/\/www.meettheredbaron.com\/de\/an-diesem-tag\/","og_site_name":"Meet The Red Baron","article_modified_time":"2025-12-30T10:33:49+00:00","og_image":[{"url":"http:\/\/www.meettheredbaron.com\/wp-content\/uploads\/2021\/12\/books-icon-50x50.png","type":"","width":"","height":""}],"schema":{"@context":"https:\/\/schema.org","@graph":[{"@type":"WebPage","@id":"https:\/\/www.meettheredbaron.com\/de\/an-diesem-tag\/","url":"https:\/\/www.meettheredbaron.com\/de\/an-diesem-tag\/","name":"An diesem Tag - Meet The Red Baron","isPartOf":{"@id":"https:\/\/www.meettheredbaron.com\/de\/#website"},"primaryImageOfPage":{"@id":"https:\/\/www.meettheredbaron.com\/de\/an-diesem-tag\/#primaryimage"},"image":{"@id":"https:\/\/www.meettheredbaron.com\/de\/an-diesem-tag\/#primaryimage"},"thumbnailUrl":"http:\/\/www.meettheredbaron.com\/wp-content\/uploads\/2021\/12\/books-icon-50x50.png","datePublished":"2023-05-12T08:19:28+00:00","dateModified":"2025-12-30T10:33:49+00:00","breadcrumb":{"@id":"https:\/\/www.meettheredbaron.com\/de\/an-diesem-tag\/#breadcrumb"},"inLanguage":"de","potentialAction":[{"@type":"ReadAction","target":["https:\/\/www.meettheredbaron.com\/de\/an-diesem-tag\/"]}]},{"@type":"ImageObject","inLanguage":"de","@id":"https:\/\/www.meettheredbaron.com\/de\/an-diesem-tag\/#primaryimage","url":"http:\/\/www.meettheredbaron.com\/wp-content\/uploads\/2021\/12\/books-icon-50x50.png","contentUrl":"http:\/\/www.meettheredbaron.com\/wp-content\/uploads\/2021\/12\/books-icon-50x50.png"},{"@type":"BreadcrumbList","@id":"https:\/\/www.meettheredbaron.com\/de\/an-diesem-tag\/#breadcrumb","itemListElement":[{"@type":"ListItem","position":1,"name":"Home","item":"https:\/\/www.meettheredbaron.com\/de\/"},{"@type":"ListItem","position":2,"name":"An diesem Tag"}]},{"@type":"WebSite","@id":"https:\/\/www.meettheredbaron.com\/de\/#website","url":"https:\/\/www.meettheredbaron.com\/de\/","name":"Meet The Red Baron","description":"The life and death of Manfred von Richthofen.","publisher":{"@id":"https:\/\/www.meettheredbaron.com\/de\/#\/schema\/person\/fd320c77882d0d84e4b88ef15120767f"},"potentialAction":[{"@type":"SearchAction","target":{"@type":"EntryPoint","urlTemplate":"https:\/\/www.meettheredbaron.com\/de\/?s={search_term_string}"},"query-input":{"@type":"PropertyValueSpecification","valueRequired":true,"valueName":"search_term_string"}}],"inLanguage":"de"},{"@type":["Person","Organization"],"@id":"https:\/\/www.meettheredbaron.com\/de\/#\/schema\/person\/fd320c77882d0d84e4b88ef15120767f","name":"heinpoblome","image":{"@type":"ImageObject","inLanguage":"de","@id":"https:\/\/www.meettheredbaron.com\/de\/#\/schema\/person\/image\/","url":"https:\/\/www.meettheredbaron.com\/wp-content\/uploads\/2021\/12\/266-scaled.jpg","contentUrl":"https:\/\/www.meettheredbaron.com\/wp-content\/uploads\/2021\/12\/266-scaled.jpg","width":1850,"height":2560,"caption":"heinpoblome"},"logo":{"@id":"https:\/\/www.meettheredbaron.com\/de\/#\/schema\/person\/image\/"},"sameAs":["http:\/\/www.meettheredbaron.com"]}]}},"_links":{"self":[{"href":"https:\/\/www.meettheredbaron.com\/de\/wp-json\/wp\/v2\/pages\/10973","targetHints":{"allow":["GET"]}}],"collection":[{"href":"https:\/\/www.meettheredbaron.com\/de\/wp-json\/wp\/v2\/pages"}],"about":[{"href":"https:\/\/www.meettheredbaron.com\/de\/wp-json\/wp\/v2\/types\/page"}],"author":[{"embeddable":true,"href":"https:\/\/www.meettheredbaron.com\/de\/wp-json\/wp\/v2\/users\/1"}],"replies":[{"embeddable":true,"href":"https:\/\/www.meettheredbaron.com\/de\/wp-json\/wp\/v2\/comments?post=10973"}],"version-history":[{"count":1,"href":"https:\/\/www.meettheredbaron.com\/de\/wp-json\/wp\/v2\/pages\/10973\/revisions"}],"predecessor-version":[{"id":18360,"href":"https:\/\/www.meettheredbaron.com\/de\/wp-json\/wp\/v2\/pages\/10973\/revisions\/18360"}],"wp:attachment":[{"href":"https:\/\/www.meettheredbaron.com\/de\/wp-json\/wp\/v2\/media?parent=10973"}],"curies":[{"name":"wp","href":"https:\/\/api.w.org\/{rel}","templated":true}]}}