{"id":14107,"date":"2021-12-16T17:30:58","date_gmt":"2021-12-16T16:30:58","guid":{"rendered":"https:\/\/www.meettheredbaron.com\/event\/towards-busendorf-diedenhofen\/"},"modified":"2025-01-05T10:28:12","modified_gmt":"2025-01-05T09:28:12","slug":"towards-busendorf-diedenhofen","status":"publish","type":"event","link":"https:\/\/www.meettheredbaron.com\/de\/event\/towards-busendorf-diedenhofen\/","title":{"rendered":"Richtung Busendorf, Diedenhofen"},"content":{"rendered":"<p>&#8222;Nach Frankreich. In meinem Garnisonort wurden wir nun verladen. Wohin? &#8211; Keine Ahnung, ob West, Ost, S\u00fcd, Nord. Gemunkelt wurde viel, meistens aber vorbei. Aber in diesem Fall hatten wir wohl den richtigen Riecher: Westen. Uns stand zu viert ein Abteil zweiter Klasse zur Verf\u00fcgung. Man musste sich auf eine lange Bahnfahrt verproviantieren. Getr\u00e4nke fehlten nat\u00fcrlich nicht. Aber schon am ersten Tage merkten wir, dass so ein Abteil zweiter Klasse doch verflucht eng ist f\u00fcr vier kriegsstarke J\u00fcnglinge, und so zogen wir denn vor, uns etwas mehr zu verteilen. Ich richtete mir die eine H\u00e4lfte eines Packwagens zur Wohn- und Schlafst\u00e4tte ein und hatte damit ganz entschieden etwas Gutes getan. Ich hatte Luft, Licht usw. Stroh hatte ich mir in einer Station verschafft, die Zeltbahn wurde darauf gedeckt. Ich schlief in meinem Schlafwagen so fest, als l\u00e4ge ich in Ostrowo in meinem Familiebett. Die Fahrt ging Tag und Nacht, erst durch ganz Schlesien, Sachsen, immer mehr gen Westen. Wir hatten scheinbar Richtung Metz; selbst der Transportf\u00fchrer wusste nicht wo es hinging. Auf jeder Station, auch da, wo wir nicht hielten, stand ein Meer von Menschen, die uns mit Hurra und Blumen \u00fcbersch\u00fctteten. Eine wilde Kriegsbegeisterung lag im deutschen Volk; das merkte man. Die Ulanen wurden besonders angestaunt. Der Zug, der vorher durch die Station geeilt war, mochte wohl verbreitet haben, dass wir bereits amFeinde gewesen waren &#8211; undwir hatten erst acht Tage Krieg.Auch hatte im ersten Heeresbericht bereits mein Regiment Erw\u00e4hnung gefunden.Ulanenregiment 1 und das Infanterieregiment 155 eroberten Kalisch. Wir waren also die gefeierten Helden und kamen uns auch ganz als solche vor. Wedel hatte ein Kosakenschwert gefunden und zeigte dies den erstaunten M\u00e4dchen. Das machte grossen Eindruck. Wir behaupteten nat\u00fcrlich, es klebte Blut daran, und dichteten dem friedlichen Schwert eines Gendarmerieh\u00e4uptlings ein ganz ungeheures M\u00e4rchen an. Man war doch schrecklich ausgelassen. Bis wir schliesslich in Busendorf bei Diedenhofen ausgeladen wurden. Kurz bevor der Zug ankam, hielten wir in einem langen Tunnel. Ich muss sagen, es ist schon ungem\u00fctlich, in einem Tunnel in Friedenszeiten pl\u00f6tzlich zu halten, besonders aber im Kriege. Nun erlaubte sich ein \u00dcberm\u00fctiger einen Scherz und gab einen Schuss ab. Es dauerte nicht lange, so fing in diesem Tunnel ein w\u00fcstes Geschiesse an. Dass keiner verletzt wurde, ist ein Wunder. Was die Ursache dazu war, ist nie herausgekommen.&#8220;<\/p>\n","protected":false},"comment_status":"open","ping_status":"closed","template":"","event-type":[222],"source-language":[260],"source-id-tax":[293],"class_list":["post-14107","event","type-event","status-publish","hentry","event-type-relocation-trips-de","source-language-deutsch-de","source-id-tax-der-rote-kampfflieger-von-rittmeister-manfred-freiherrn-von-richthofen-1917-351-000-400-000-verlag-ullstein-co-berlin-wien-de","entry","no-media"],"yoast_head":"<!-- This site is optimized with the Yoast SEO plugin v26.7 - https:\/\/yoast.com\/wordpress\/plugins\/seo\/ -->\n<title>Richtung Busendorf, Diedenhofen - Meet The Red Baron<\/title>\n<meta name=\"description\" content=\"Towards Busendorf, Diedenhofen. Nach Frankreich. In meinem Garnisonort wurden wir nun verladen. Wohin? - Keine Ahnung, ob West, Ost, S\u00fcd, N..\" \/>\n<meta name=\"robots\" content=\"index, follow, max-snippet:-1, max-image-preview:large, max-video-preview:-1\" \/>\n<link rel=\"canonical\" href=\"https:\/\/www.meettheredbaron.com\/de\/event\/towards-busendorf-diedenhofen\/\" \/>\n<meta property=\"og:locale\" content=\"de_DE\" \/>\n<meta property=\"og:type\" content=\"article\" \/>\n<meta property=\"og:title\" content=\"Richtung Busendorf, Diedenhofen - Meet The Red Baron\" \/>\n<meta property=\"og:description\" content=\"Towards Busendorf, Diedenhofen. Nach Frankreich. In meinem Garnisonort wurden wir nun verladen. Wohin? - Keine Ahnung, ob West, Ost, S\u00fcd, N..\" \/>\n<meta property=\"og:url\" content=\"https:\/\/www.meettheredbaron.com\/de\/event\/towards-busendorf-diedenhofen\/\" \/>\n<meta property=\"og:site_name\" content=\"Meet The Red Baron\" \/>\n<meta property=\"article:modified_time\" content=\"2025-01-05T09:28:12+00:00\" \/>\n<script type=\"application\/ld+json\" class=\"yoast-schema-graph\">{\"@context\":\"https:\/\/schema.org\",\"@graph\":[{\"@type\":\"WebPage\",\"@id\":\"https:\/\/www.meettheredbaron.com\/de\/event\/towards-busendorf-diedenhofen\/\",\"url\":\"https:\/\/www.meettheredbaron.com\/de\/event\/towards-busendorf-diedenhofen\/\",\"name\":\"Richtung Busendorf, Diedenhofen - Meet The Red Baron\",\"isPartOf\":{\"@id\":\"https:\/\/www.meettheredbaron.com\/de\/#website\"},\"datePublished\":\"2021-12-16T16:30:58+00:00\",\"dateModified\":\"2025-01-05T09:28:12+00:00\",\"description\":\"Towards Busendorf, Diedenhofen. Nach Frankreich. In meinem Garnisonort wurden wir nun verladen. Wohin? - Keine Ahnung, ob West, Ost, S\u00fcd, N..\",\"breadcrumb\":{\"@id\":\"https:\/\/www.meettheredbaron.com\/de\/event\/towards-busendorf-diedenhofen\/#breadcrumb\"},\"inLanguage\":\"de\",\"potentialAction\":[{\"@type\":\"ReadAction\",\"target\":[\"https:\/\/www.meettheredbaron.com\/de\/event\/towards-busendorf-diedenhofen\/\"]}]},{\"@type\":\"BreadcrumbList\",\"@id\":\"https:\/\/www.meettheredbaron.com\/de\/event\/towards-busendorf-diedenhofen\/#breadcrumb\",\"itemListElement\":[{\"@type\":\"ListItem\",\"position\":1,\"name\":\"Home\",\"item\":\"https:\/\/www.meettheredbaron.com\/de\/\"},{\"@type\":\"ListItem\",\"position\":2,\"name\":\"Events\",\"item\":\"https:\/\/www.meettheredbaron.com\/de\/event\/\"},{\"@type\":\"ListItem\",\"position\":3,\"name\":\"Richtung Busendorf, Diedenhofen\"}]},{\"@type\":\"WebSite\",\"@id\":\"https:\/\/www.meettheredbaron.com\/de\/#website\",\"url\":\"https:\/\/www.meettheredbaron.com\/de\/\",\"name\":\"Meet The Red Baron\",\"description\":\"The life and death of Manfred von Richthofen.\",\"publisher\":{\"@id\":\"https:\/\/www.meettheredbaron.com\/de\/#\/schema\/person\/fd320c77882d0d84e4b88ef15120767f\"},\"potentialAction\":[{\"@type\":\"SearchAction\",\"target\":{\"@type\":\"EntryPoint\",\"urlTemplate\":\"https:\/\/www.meettheredbaron.com\/de\/?s={search_term_string}\"},\"query-input\":{\"@type\":\"PropertyValueSpecification\",\"valueRequired\":true,\"valueName\":\"search_term_string\"}}],\"inLanguage\":\"de\"},{\"@type\":[\"Person\",\"Organization\"],\"@id\":\"https:\/\/www.meettheredbaron.com\/de\/#\/schema\/person\/fd320c77882d0d84e4b88ef15120767f\",\"name\":\"heinpoblome\",\"image\":{\"@type\":\"ImageObject\",\"inLanguage\":\"de\",\"@id\":\"https:\/\/www.meettheredbaron.com\/de\/#\/schema\/person\/image\/\",\"url\":\"https:\/\/www.meettheredbaron.com\/wp-content\/uploads\/2021\/12\/266-scaled.jpg\",\"contentUrl\":\"https:\/\/www.meettheredbaron.com\/wp-content\/uploads\/2021\/12\/266-scaled.jpg\",\"width\":1850,\"height\":2560,\"caption\":\"heinpoblome\"},\"logo\":{\"@id\":\"https:\/\/www.meettheredbaron.com\/de\/#\/schema\/person\/image\/\"},\"sameAs\":[\"http:\/\/www.meettheredbaron.com\"]}]}<\/script>\n<!-- \/ Yoast SEO plugin. -->","yoast_head_json":{"title":"Richtung Busendorf, Diedenhofen - Meet The Red Baron","description":"Towards Busendorf, Diedenhofen. Nach Frankreich. In meinem Garnisonort wurden wir nun verladen. Wohin? - Keine Ahnung, ob West, Ost, S\u00fcd, N..","robots":{"index":"index","follow":"follow","max-snippet":"max-snippet:-1","max-image-preview":"max-image-preview:large","max-video-preview":"max-video-preview:-1"},"canonical":"https:\/\/www.meettheredbaron.com\/de\/event\/towards-busendorf-diedenhofen\/","og_locale":"de_DE","og_type":"article","og_title":"Richtung Busendorf, Diedenhofen - Meet The Red Baron","og_description":"Towards Busendorf, Diedenhofen. Nach Frankreich. In meinem Garnisonort wurden wir nun verladen. Wohin? - Keine Ahnung, ob West, Ost, S\u00fcd, N..","og_url":"https:\/\/www.meettheredbaron.com\/de\/event\/towards-busendorf-diedenhofen\/","og_site_name":"Meet The Red Baron","article_modified_time":"2025-01-05T09:28:12+00:00","schema":{"@context":"https:\/\/schema.org","@graph":[{"@type":"WebPage","@id":"https:\/\/www.meettheredbaron.com\/de\/event\/towards-busendorf-diedenhofen\/","url":"https:\/\/www.meettheredbaron.com\/de\/event\/towards-busendorf-diedenhofen\/","name":"Richtung Busendorf, Diedenhofen - Meet The Red Baron","isPartOf":{"@id":"https:\/\/www.meettheredbaron.com\/de\/#website"},"datePublished":"2021-12-16T16:30:58+00:00","dateModified":"2025-01-05T09:28:12+00:00","description":"Towards Busendorf, Diedenhofen. Nach Frankreich. In meinem Garnisonort wurden wir nun verladen. Wohin? - Keine Ahnung, ob West, Ost, S\u00fcd, N..","breadcrumb":{"@id":"https:\/\/www.meettheredbaron.com\/de\/event\/towards-busendorf-diedenhofen\/#breadcrumb"},"inLanguage":"de","potentialAction":[{"@type":"ReadAction","target":["https:\/\/www.meettheredbaron.com\/de\/event\/towards-busendorf-diedenhofen\/"]}]},{"@type":"BreadcrumbList","@id":"https:\/\/www.meettheredbaron.com\/de\/event\/towards-busendorf-diedenhofen\/#breadcrumb","itemListElement":[{"@type":"ListItem","position":1,"name":"Home","item":"https:\/\/www.meettheredbaron.com\/de\/"},{"@type":"ListItem","position":2,"name":"Events","item":"https:\/\/www.meettheredbaron.com\/de\/event\/"},{"@type":"ListItem","position":3,"name":"Richtung Busendorf, Diedenhofen"}]},{"@type":"WebSite","@id":"https:\/\/www.meettheredbaron.com\/de\/#website","url":"https:\/\/www.meettheredbaron.com\/de\/","name":"Meet The Red Baron","description":"The life and death of Manfred von Richthofen.","publisher":{"@id":"https:\/\/www.meettheredbaron.com\/de\/#\/schema\/person\/fd320c77882d0d84e4b88ef15120767f"},"potentialAction":[{"@type":"SearchAction","target":{"@type":"EntryPoint","urlTemplate":"https:\/\/www.meettheredbaron.com\/de\/?s={search_term_string}"},"query-input":{"@type":"PropertyValueSpecification","valueRequired":true,"valueName":"search_term_string"}}],"inLanguage":"de"},{"@type":["Person","Organization"],"@id":"https:\/\/www.meettheredbaron.com\/de\/#\/schema\/person\/fd320c77882d0d84e4b88ef15120767f","name":"heinpoblome","image":{"@type":"ImageObject","inLanguage":"de","@id":"https:\/\/www.meettheredbaron.com\/de\/#\/schema\/person\/image\/","url":"https:\/\/www.meettheredbaron.com\/wp-content\/uploads\/2021\/12\/266-scaled.jpg","contentUrl":"https:\/\/www.meettheredbaron.com\/wp-content\/uploads\/2021\/12\/266-scaled.jpg","width":1850,"height":2560,"caption":"heinpoblome"},"logo":{"@id":"https:\/\/www.meettheredbaron.com\/de\/#\/schema\/person\/image\/"},"sameAs":["http:\/\/www.meettheredbaron.com"]}]}},"toolset-meta":{"field-group-for-events-2":[],"field-group-for-events":{"date":{"type":"date","raw":"-1747872000","formatted":"08\/13\/1914 00:00"},"date-as-a-string":{"type":"textfield","raw":"8\/13\/1914"},"date-description":{"type":"textfield","raw":"wir hatten erst acht Tage Krieg"},"geolocation":{"type":"google_address","raw":"49.29003766553522, 6.529122799951919"},"location-description":{"type":"textfield","raw":"near Diedenhofen (Thionville)"},"town-name":{"type":"textfield","raw":"Bouzonville"},"historical-town-name":{"type":"textfield","raw":"Busendorf"},"event-id":{"type":"numeric","raw":"93"},"event-short":{"type":"textfield","raw":"Richtung Busendorf, Diedenhofen"},"event-description":{"type":"wysiwyg","raw":"\"Nach Frankreich. In meinem Garnisonort wurden wir nun verladen. Wohin? - Keine Ahnung, ob West, Ost, S\u00fcd, Nord. Gemunkelt wurde viel, meistens aber vorbei. Aber in diesem Fall hatten wir wohl den richtigen Riecher: Westen. Uns stand zu viert ein Abteil zweiter Klasse zur Verf\u00fcgung. Man musste sich auf eine lange Bahnfahrt verproviantieren. Getr\u00e4nke fehlten nat\u00fcrlich nicht. Aber schon am ersten Tage merkten wir, dass so ein Abteil zweiter Klasse doch verflucht eng ist f\u00fcr vier kriegsstarke J\u00fcnglinge, und so zogen wir denn vor, uns etwas mehr zu verteilen. Ich richtete mir die eine H\u00e4lfte eines Packwagens zur Wohn- und Schlafst\u00e4tte ein und hatte damit ganz entschieden etwas Gutes getan. Ich hatte Luft, Licht usw. Stroh hatte ich mir in einer Station verschafft, die Zeltbahn wurde darauf gedeckt. Ich schlief in meinem Schlafwagen so fest, als l\u00e4ge ich in Ostrowo in meinem Familiebett. Die Fahrt ging Tag und Nacht, erst durch ganz Schlesien, Sachsen, immer mehr gen Westen. Wir hatten scheinbar Richtung Metz; selbst der Transportf\u00fchrer wusste nicht wo es hinging. Auf jeder Station, auch da, wo wir nicht hielten, stand ein Meer von Menschen, die uns mit Hurra und Blumen \u00fcbersch\u00fctteten. Eine wilde Kriegsbegeisterung lag im deutschen Volk; das merkte man. Die Ulanen wurden besonders angestaunt. Der Zug, der vorher durch die Station geeilt war, mochte wohl verbreitet haben, dass wir bereits amFeinde gewesen waren - undwir hatten erst acht Tage Krieg.Auch hatte im ersten Heeresbericht bereits mein Regiment Erw\u00e4hnung gefunden.Ulanenregiment 1 und das Infanterieregiment 155 eroberten Kalisch. Wir waren also die gefeierten Helden und kamen uns auch ganz als solche vor. Wedel hatte ein Kosakenschwert gefunden und zeigte dies den erstaunten M\u00e4dchen. Das machte grossen Eindruck. Wir behaupteten nat\u00fcrlich, es klebte Blut daran, und dichteten dem friedlichen Schwert eines Gendarmerieh\u00e4uptlings ein ganz ungeheures M\u00e4rchen an. Man war doch schrecklich ausgelassen. Bis wir schliesslich in Busendorf bei Diedenhofen ausgeladen wurden. Kurz bevor der Zug ankam, hielten wir in einem langen Tunnel. Ich muss sagen, es ist schon ungem\u00fctlich, in einem Tunnel in Friedenszeiten pl\u00f6tzlich zu halten, besonders aber im Kriege. Nun erlaubte sich ein \u00dcberm\u00fctiger einen Scherz und gab einen Schuss ab. Es dauerte nicht lange, so fing in diesem Tunnel ein w\u00fcstes Geschiesse an. Dass keiner verletzt wurde, ist ein Wunder. Was die Ursache dazu war, ist nie herausgekommen.\""},"event-type-id":{"type":"numeric","raw":"3"},"source-id":{"type":"numeric","raw":"4"},"source-long-in-event":{"type":"textfield","raw":"Der rote Kampfflieger von Rittmeister Manfred Freiherrn von Richthofen, 1917, 351.000 - 400.000, Verlag Ullstein & Co, Berlin-Wien"},"pagenumber":{"type":"textfield","raw":"25"},"airplane-id":{"type":"textfield","raw":""},"combat-id":{"type":"textfield","raw":""},"event-type":{"type":"select","raw":"3"},"source-language":{"type":"select","raw":"2"},"picture":{"type":"image","raw":[""],"repeatable":[{"raw":""}]}}},"_links":{"self":[{"href":"https:\/\/www.meettheredbaron.com\/de\/wp-json\/wp\/v2\/event\/14107","targetHints":{"allow":["GET"]}}],"collection":[{"href":"https:\/\/www.meettheredbaron.com\/de\/wp-json\/wp\/v2\/event"}],"about":[{"href":"https:\/\/www.meettheredbaron.com\/de\/wp-json\/wp\/v2\/types\/event"}],"replies":[{"embeddable":true,"href":"https:\/\/www.meettheredbaron.com\/de\/wp-json\/wp\/v2\/comments?post=14107"}],"wp:attachment":[{"href":"https:\/\/www.meettheredbaron.com\/de\/wp-json\/wp\/v2\/media?parent=14107"}],"wp:term":[{"taxonomy":"event-type","embeddable":true,"href":"https:\/\/www.meettheredbaron.com\/de\/wp-json\/wp\/v2\/event-type?post=14107"},{"taxonomy":"source-language","embeddable":true,"href":"https:\/\/www.meettheredbaron.com\/de\/wp-json\/wp\/v2\/source-language?post=14107"},{"taxonomy":"source-id-tax","embeddable":true,"href":"https:\/\/www.meettheredbaron.com\/de\/wp-json\/wp\/v2\/source-id-tax?post=14107"}],"curies":[{"name":"wp","href":"https:\/\/api.w.org\/{rel}","templated":true}]}}