{"id":13645,"date":"2021-12-16T17:31:02","date_gmt":"2021-12-16T16:31:02","guid":{"rendered":"https:\/\/www.meettheredbaron.com\/event\/mvr-flies-to-hq-to-meet-kaiser-wilhelm-ii-ludendorff-and-hindenburg\/"},"modified":"2025-11-26T13:33:17","modified_gmt":"2025-11-26T12:33:17","slug":"mvr-flies-to-hq-to-meet-kaiser-wilhelm-ii-ludendorff-and-hindenburg","status":"publish","type":"event","link":"https:\/\/www.meettheredbaron.com\/de\/event\/mvr-flies-to-hq-to-meet-kaiser-wilhelm-ii-ludendorff-and-hindenburg\/","title":{"rendered":"MvR fliegt zum Hauptquartier, um Kaiser Wilhelm II., Ludendorff und Hindenburg zu treffen"},"content":{"rendered":"<p>&#8222;Flug in die Heimat F\u00fcnfzig sind abgeschossen. Zweiundf\u00fcnfzig fand ich besser. Deshalb scho\u00df ich gleich am selben Tage zwei mehr ab. Es ging eigentlich gegen die Verabredung. Eigentlich hatte man mir blo\u00df einundvierzig zugebilligt; weshalb die Zahl einundvierzig herauskam, kann sich wohl jeder denken, aber gerade deshalb wollte ich es durchaus vermeiden. Ich bin kein Rekordarbeiter, \u00fcberhaupt liegen uns in der Fliegertruppe alle Rekorde fern. Man erf\u00fcllt nur seine Pflicht. Boelcke h\u00e4tte hundert abgeschossen, w\u00e4re ihm nicht das Ungl\u00fcck passiert. Und manch anderer der guten gefallenen Kameraden h\u00e4tte eine ganz andere Zahl erreichen k\u00f6nnen, wenn ihn nicht sein pl\u00f6tzlicher Tod daran verhindert h\u00e4tte. Aber so ein halbes Hundert macht einem eben doch auch Spa\u00df. Nun hatte ich es schlie\u00dflich auch erreicht, da\u00df man mir f\u00fcnfzig zubilligte, bevor ich meinen Urlaub antrat. Hoffentlich kann ich noch das zweite F\u00fcnfzig feiern. Am Abend desselben Tages klingelte es, und nichts Geringeres als das \u00bbGro\u00dfe Hauptquartier\u00ab w\u00fcnschte mich zu sprechen. Ich kam mir ganz spa\u00dfig vor, so mit der \u00bbGro\u00dfen Bude\u00ab verbunden zu sein. Ich erhielt unter anderem die erfreuliche Nachricht, da\u00df Seine Majest\u00e4t den Wunsch ge\u00e4u\u00dfert h\u00e4tte, mich pers\u00f6nlich zu sprechen, und zwar war gleich der Tag angesagt: am 2. Mai. Dies ereignete sich aber schon am 30. April abends neun Uhr. Mit dem Zuge w\u00e4re es nicht mehr m\u00f6glich gewesen, dem Wunsch des Allerh\u00f6chsten Kriegsherrn nachzukommen. So zog ich es vor, was ja auch viel sch\u00f6ner ist, die Reise auf dem Luftwege zu erledigen. Am n\u00e4chsten Morgen wurde gestartet, und zwar nicht in meinem Einsitzer \u00bbLe petit rouge\u00ab, sondern in einem dicken, gro\u00dfen Zweisitzer. Ich setzte mich hinten \u2019rein, d. h. also nicht an den \u00bbKn\u00fcppel\u00ab. Arbeiten mu\u00dfte in diesem Falle der Leutnant Krefft, auch einer der Herren meiner Jagdstaffel. Er wollte gerade auf Erholungsurlaub, es pa\u00dfte also ausgezeichnet. So kam er auch schneller in die Heimat. Es war ihm nicht unsympathisch. Meine Abreise ging etwas Hals \u00fcber Kopf. Ich konnte in dem Flugzeug nichts weiter mitnehmen als die Zahnb\u00fcrste, mu\u00dfte mich also gleich so anziehen, wie ich mich im Gro\u00dfen Hauptquartier vorzustellen hatte. Und so im Felde hat eben der Milit\u00e4rsoldat nicht viel mit von sch\u00f6nen Kleidungsst\u00fccken, jedenfalls nicht so ein armes Frontschwein wie ich. Die F\u00fchrung der Staffel \u00fcbernahm mein Bruder. Ich verabschiedete mich kurz, denn ich hoffte, bald im Kreise dieser lieben Menschen meine T\u00e4tigkeit wieder aufnehmen zu k\u00f6nnen. Der Flug ging nun \u00fcber L\u00fcttich, Namur auf Aachen und K\u00f6ln. Es war doch sch\u00f6n, so mal ohne kriegerische Gedanken durch das Luftmeer zu segeln. Herrliches Wetter, wie wir es schon seit langem nicht gehabt hatten. Gewi\u00df gab es am heutigen Tage m\u00e4chtig viel zu tun an der Front. Bald sind die eigenen Fesselballons nicht mehr zu sehen. Immer weiter weg von dem Donner der Schlachten von Arras. Unter uns Bilder des Friedens. Fahrende Dampfer. Dort saust ein D-Zug durchs Gel\u00e4nde, wir \u00fcberholen ihn spielend. Der Wind ist uns g\u00fcnstig. Die Erde scheint uns wie eine Tenne so platt. Die sch\u00f6nen Maasberge sind nicht zu erkennen als Berge. Man erkennt sie nicht einmal am Schatten, denn die Sonne steht fast senkrecht. Man wei\u00df nur, da\u00df sie vorhanden sind, und mit etwas Phantasie kann man sich sogar in ihre k\u00fchlen Schluchten verkriechen. Es war doch etwas sp\u00e4t geworden, und so kamen wir in die Mittagsstunde. Eine Wolkenschicht zieht sich unter uns zusammen und verdeckt die Erde v\u00f6llig. Nach Sonne und Kompa\u00df orientierend fliegen wir weiter. Die N\u00e4he von Holland ist uns allm\u00e4hlich aber doch unsympathisch, und so ziehen wir es vor, wieder mit dem Erdboden F\u00fchlung zu nehmen. Wir gehen unter die Wolke und befinden uns gerade \u00fcber Namur. Nun geht es weiter nach Aachen. Aachen lassen wir links liegen und erreichen zur Mittagszeit K\u00f6ln. Die Stimmung in unserem Flugzeug war gehoben. Vor uns ein l\u00e4ngerer Urlaub, au\u00dferdem das sch\u00f6ne Wetter, die gelungene Sache, wenigstens K\u00f6ln erreicht zu haben, und die Gewi\u00dfheit, da\u00df, wenn einem auch jetzt etwas passiert, man doch noch das Gro\u00dfe Hauptquartier erreichen konnte. Man hatte uns in K\u00f6ln telegraphisch angesagt, so wurden wir dort erwartet. Am Tage vorher hatte mein zweiundf\u00fcnfzigster Luftsieg in der Zeitung gestanden. So war der Empfang auch danach. Durch den dreist\u00fcndigen Flug hatte ich doch etwas Sch\u00e4delbrummen, und so zog ich es vor, erst einen kleinen Mittagsschlummer einzulegen, bevor ich im Gro\u00dfen Hauptquartier eintraf. Wir flogen nun von K\u00f6ln ein ganzes St\u00fcckchen den Rhein entlang. Ich kannte die Strecke. Ich bin sie oft gefahren, auf dem Dampfer, mit dem Auto und der Eisenbahn, und nun im Flugzeug. Was war das Sch\u00f6nste? Es ist schwer zu sagen. Gewisse Einzelheiten sieht man ja nat\u00fcrlich vom Dampfer aus besser. Aber der Gesamtblick aus dem Flugzeug ist auch nicht zu verachten. Der Rhein hat eben einen besonderen Reiz, so auch von oben. Wir flogen nicht zu hoch, um nicht das Gef\u00fchl der Berge v\u00f6llig zu verlieren, denn das ist doch wohl das Sch\u00f6nste am Rhein, die riesigen, bewaldeten H\u00f6hen, die Burgen usw. Die einzelnen H\u00e4user konnten wir nat\u00fcrlich nicht sehen. Schade, da\u00df man nicht langsam und schnell fliegen kann. Ich h\u00e4tte gewi\u00df den langsamsten Gang eingestellt. Nur zu schnell verschwand ein sch\u00f6nes Bild nach dem anderen. Man hat, wenn man h\u00f6her fliegt, ja nicht das Gef\u00fchl, da\u00df es sehr schnell vorw\u00e4rts geht. In einem Auto oder einem D-Zug zum Beispiel kommt einem die Geschwindigkeit ganz ungeheuer vor, dagegen im Flugzeug eigentlich immer langsam, wenn man eine gewisse H\u00f6he erreicht hat. Man merkt es eigentlich erst daran, wenn man mal f\u00fcnf Minuten nicht \u2019rausgeguckt hat und dann mit einem Male wieder die Orientierung aufnimmt. Da ist das Bild, das man noch kurz vorher im Kopfe hatte, mit einem Male v\u00f6llig ver\u00e4ndert. Was man unter sich sah, sieht man auf einmal in einem Winkel, gar nicht zum Wiedererkennen. Deshalb kann man sich so schnell verorientieren, wenn man mal f\u00fcr einen Augenblick nicht aufpa\u00dft. So kamen wir am Nachmittag im Gro\u00dfen Hauptquartier an, herzlich empfangen von einigen mir bekannten Kameraden, die dort in der \u00bbGro\u00dfen Bude\u00ab zu arbeiten haben. Sie tun mir ordentlich leid, die Tintenspione. Sie haben ja nur den halben Spa\u00df vom Kriege. Zun\u00e4chst meldete ich mich bei dem Kommandierenden General der Luftstreitkr\u00e4fte. Am n\u00e4chsten Vormittag ereignete sich nun der gro\u00dfe Moment, wo ich Hindenburg und Ludendorff vorgestellt werden sollte. Ich mu\u00dfte eine ganze Weile warten. Wie die Begr\u00fc\u00dfung im einzelnen war, kann ich eigentlich schlecht schreiben. Erst meldete ich mich bei Hindenburg, dann bei Ludendorff. Es ist ein unheimliches Gef\u00fchl in dem Raum, wo das Geschick der Erde entschieden wird. So war ich ganz froh, wie ich die \u00bbGro\u00dfe Bude\u00ab wieder hinter mir hatte und mittags bei Seiner Majest\u00e4t zum Fr\u00fchst\u00fcck befohlen war. Es war ja heute mein Geburtstag, und irgendeiner hatte es wohl Seiner Majest\u00e4t verraten, und so gratulierte er mir. Einmal zu meinem Erfolg, dann zum f\u00fcnfundzwanzigsten Lebensjahr. Auch ein kleines Geburtstagsgeschenk \u00fcberraschte mich. Fr\u00fcher h\u00e4tte ich es mir wohl nie tr\u00e4umen lassen, da\u00df ich am f\u00fcnfundzwanzigsten Geburtstag rechts von Hindenburg sitzen und in einer Rede vom Generalfeldmarschall erw\u00e4hnt werden w\u00fcrde.&#8220;<\/p>\n","protected":false},"comment_status":"open","ping_status":"closed","template":"","event-type":[222],"source-language":[260],"source-id-tax":[293],"class_list":["post-13645","event","type-event","status-publish","hentry","event-type-relocation-trips-de","source-language-deutsch-de","source-id-tax-der-rote-kampfflieger-von-rittmeister-manfred-freiherrn-von-richthofen-1917-351-000-400-000-verlag-ullstein-co-berlin-wien-de","entry","no-media"],"yoast_head":"<!-- This site is optimized with the Yoast SEO plugin v26.7 - https:\/\/yoast.com\/wordpress\/plugins\/seo\/ -->\n<title>MvR fliegt zum Hauptquartier, um Kaiser Wilhelm II., Ludendorff und Hindenburg zu treffen - Meet The Red Baron<\/title>\n<meta name=\"robots\" content=\"index, follow, max-snippet:-1, max-image-preview:large, max-video-preview:-1\" \/>\n<link rel=\"canonical\" href=\"https:\/\/www.meettheredbaron.com\/de\/event\/mvr-flies-to-hq-to-meet-kaiser-wilhelm-ii-ludendorff-and-hindenburg\/\" \/>\n<meta property=\"og:locale\" content=\"de_DE\" \/>\n<meta property=\"og:type\" content=\"article\" \/>\n<meta property=\"og:title\" content=\"MvR fliegt zum Hauptquartier, um Kaiser Wilhelm II., Ludendorff und Hindenburg zu treffen - Meet The Red Baron\" \/>\n<meta property=\"og:description\" content=\"MvR flies to HQ to meet Kaiser Wilhelm II, Ludendorff and Hindenburg\" \/>\n<meta property=\"og:url\" content=\"https:\/\/www.meettheredbaron.com\/de\/event\/mvr-flies-to-hq-to-meet-kaiser-wilhelm-ii-ludendorff-and-hindenburg\/\" \/>\n<meta property=\"og:site_name\" content=\"Meet The Red Baron\" \/>\n<meta property=\"article:modified_time\" content=\"2025-11-26T12:33:17+00:00\" \/>\n<script type=\"application\/ld+json\" class=\"yoast-schema-graph\">{\"@context\":\"https:\/\/schema.org\",\"@graph\":[{\"@type\":\"WebPage\",\"@id\":\"https:\/\/www.meettheredbaron.com\/de\/event\/mvr-flies-to-hq-to-meet-kaiser-wilhelm-ii-ludendorff-and-hindenburg\/\",\"url\":\"https:\/\/www.meettheredbaron.com\/de\/event\/mvr-flies-to-hq-to-meet-kaiser-wilhelm-ii-ludendorff-and-hindenburg\/\",\"name\":\"MvR fliegt zum Hauptquartier, um Kaiser Wilhelm II., Ludendorff und Hindenburg zu treffen - Meet The Red Baron\",\"isPartOf\":{\"@id\":\"https:\/\/www.meettheredbaron.com\/de\/#website\"},\"datePublished\":\"2021-12-16T16:31:02+00:00\",\"dateModified\":\"2025-11-26T12:33:17+00:00\",\"breadcrumb\":{\"@id\":\"https:\/\/www.meettheredbaron.com\/de\/event\/mvr-flies-to-hq-to-meet-kaiser-wilhelm-ii-ludendorff-and-hindenburg\/#breadcrumb\"},\"inLanguage\":\"de\",\"potentialAction\":[{\"@type\":\"ReadAction\",\"target\":[\"https:\/\/www.meettheredbaron.com\/de\/event\/mvr-flies-to-hq-to-meet-kaiser-wilhelm-ii-ludendorff-and-hindenburg\/\"]}]},{\"@type\":\"BreadcrumbList\",\"@id\":\"https:\/\/www.meettheredbaron.com\/de\/event\/mvr-flies-to-hq-to-meet-kaiser-wilhelm-ii-ludendorff-and-hindenburg\/#breadcrumb\",\"itemListElement\":[{\"@type\":\"ListItem\",\"position\":1,\"name\":\"Home\",\"item\":\"https:\/\/www.meettheredbaron.com\/de\/\"},{\"@type\":\"ListItem\",\"position\":2,\"name\":\"Events\",\"item\":\"https:\/\/www.meettheredbaron.com\/de\/event\/\"},{\"@type\":\"ListItem\",\"position\":3,\"name\":\"MvR fliegt zum Hauptquartier, um Kaiser Wilhelm II., Ludendorff und Hindenburg zu treffen\"}]},{\"@type\":\"WebSite\",\"@id\":\"https:\/\/www.meettheredbaron.com\/de\/#website\",\"url\":\"https:\/\/www.meettheredbaron.com\/de\/\",\"name\":\"Meet The Red Baron\",\"description\":\"The life and death of Manfred von Richthofen.\",\"publisher\":{\"@id\":\"https:\/\/www.meettheredbaron.com\/de\/#\/schema\/person\/fd320c77882d0d84e4b88ef15120767f\"},\"potentialAction\":[{\"@type\":\"SearchAction\",\"target\":{\"@type\":\"EntryPoint\",\"urlTemplate\":\"https:\/\/www.meettheredbaron.com\/de\/?s={search_term_string}\"},\"query-input\":{\"@type\":\"PropertyValueSpecification\",\"valueRequired\":true,\"valueName\":\"search_term_string\"}}],\"inLanguage\":\"de\"},{\"@type\":[\"Person\",\"Organization\"],\"@id\":\"https:\/\/www.meettheredbaron.com\/de\/#\/schema\/person\/fd320c77882d0d84e4b88ef15120767f\",\"name\":\"heinpoblome\",\"image\":{\"@type\":\"ImageObject\",\"inLanguage\":\"de\",\"@id\":\"https:\/\/www.meettheredbaron.com\/de\/#\/schema\/person\/image\/\",\"url\":\"https:\/\/www.meettheredbaron.com\/wp-content\/uploads\/2021\/12\/266-scaled.jpg\",\"contentUrl\":\"https:\/\/www.meettheredbaron.com\/wp-content\/uploads\/2021\/12\/266-scaled.jpg\",\"width\":1850,\"height\":2560,\"caption\":\"heinpoblome\"},\"logo\":{\"@id\":\"https:\/\/www.meettheredbaron.com\/de\/#\/schema\/person\/image\/\"},\"sameAs\":[\"http:\/\/www.meettheredbaron.com\"]}]}<\/script>\n<!-- \/ Yoast SEO plugin. -->","yoast_head_json":{"title":"MvR fliegt zum Hauptquartier, um Kaiser Wilhelm II., Ludendorff und Hindenburg zu treffen - Meet The Red Baron","robots":{"index":"index","follow":"follow","max-snippet":"max-snippet:-1","max-image-preview":"max-image-preview:large","max-video-preview":"max-video-preview:-1"},"canonical":"https:\/\/www.meettheredbaron.com\/de\/event\/mvr-flies-to-hq-to-meet-kaiser-wilhelm-ii-ludendorff-and-hindenburg\/","og_locale":"de_DE","og_type":"article","og_title":"MvR fliegt zum Hauptquartier, um Kaiser Wilhelm II., Ludendorff und Hindenburg zu treffen - Meet The Red Baron","og_description":"MvR flies to HQ to meet Kaiser Wilhelm II, Ludendorff and Hindenburg","og_url":"https:\/\/www.meettheredbaron.com\/de\/event\/mvr-flies-to-hq-to-meet-kaiser-wilhelm-ii-ludendorff-and-hindenburg\/","og_site_name":"Meet The Red Baron","article_modified_time":"2025-11-26T12:33:17+00:00","schema":{"@context":"https:\/\/schema.org","@graph":[{"@type":"WebPage","@id":"https:\/\/www.meettheredbaron.com\/de\/event\/mvr-flies-to-hq-to-meet-kaiser-wilhelm-ii-ludendorff-and-hindenburg\/","url":"https:\/\/www.meettheredbaron.com\/de\/event\/mvr-flies-to-hq-to-meet-kaiser-wilhelm-ii-ludendorff-and-hindenburg\/","name":"MvR fliegt zum Hauptquartier, um Kaiser Wilhelm II., Ludendorff und Hindenburg zu treffen - Meet The Red Baron","isPartOf":{"@id":"https:\/\/www.meettheredbaron.com\/de\/#website"},"datePublished":"2021-12-16T16:31:02+00:00","dateModified":"2025-11-26T12:33:17+00:00","breadcrumb":{"@id":"https:\/\/www.meettheredbaron.com\/de\/event\/mvr-flies-to-hq-to-meet-kaiser-wilhelm-ii-ludendorff-and-hindenburg\/#breadcrumb"},"inLanguage":"de","potentialAction":[{"@type":"ReadAction","target":["https:\/\/www.meettheredbaron.com\/de\/event\/mvr-flies-to-hq-to-meet-kaiser-wilhelm-ii-ludendorff-and-hindenburg\/"]}]},{"@type":"BreadcrumbList","@id":"https:\/\/www.meettheredbaron.com\/de\/event\/mvr-flies-to-hq-to-meet-kaiser-wilhelm-ii-ludendorff-and-hindenburg\/#breadcrumb","itemListElement":[{"@type":"ListItem","position":1,"name":"Home","item":"https:\/\/www.meettheredbaron.com\/de\/"},{"@type":"ListItem","position":2,"name":"Events","item":"https:\/\/www.meettheredbaron.com\/de\/event\/"},{"@type":"ListItem","position":3,"name":"MvR fliegt zum Hauptquartier, um Kaiser Wilhelm II., Ludendorff und Hindenburg zu treffen"}]},{"@type":"WebSite","@id":"https:\/\/www.meettheredbaron.com\/de\/#website","url":"https:\/\/www.meettheredbaron.com\/de\/","name":"Meet The Red Baron","description":"The life and death of Manfred von Richthofen.","publisher":{"@id":"https:\/\/www.meettheredbaron.com\/de\/#\/schema\/person\/fd320c77882d0d84e4b88ef15120767f"},"potentialAction":[{"@type":"SearchAction","target":{"@type":"EntryPoint","urlTemplate":"https:\/\/www.meettheredbaron.com\/de\/?s={search_term_string}"},"query-input":{"@type":"PropertyValueSpecification","valueRequired":true,"valueName":"search_term_string"}}],"inLanguage":"de"},{"@type":["Person","Organization"],"@id":"https:\/\/www.meettheredbaron.com\/de\/#\/schema\/person\/fd320c77882d0d84e4b88ef15120767f","name":"heinpoblome","image":{"@type":"ImageObject","inLanguage":"de","@id":"https:\/\/www.meettheredbaron.com\/de\/#\/schema\/person\/image\/","url":"https:\/\/www.meettheredbaron.com\/wp-content\/uploads\/2021\/12\/266-scaled.jpg","contentUrl":"https:\/\/www.meettheredbaron.com\/wp-content\/uploads\/2021\/12\/266-scaled.jpg","width":1850,"height":2560,"caption":"heinpoblome"},"logo":{"@id":"https:\/\/www.meettheredbaron.com\/de\/#\/schema\/person\/image\/"},"sameAs":["http:\/\/www.meettheredbaron.com"]}]}},"toolset-meta":{"field-group-for-events-2":[],"field-group-for-events":{"date":{"type":"date","raw":"-1662163200","formatted":"05\/01\/1917 00:00"},"date-as-a-string":{"type":"textfield","raw":"5\/1\/1917"},"date-description":{"type":"textfield","raw":""},"geolocation":{"type":"google_address","raw":"49.837291383185374, 7.852933158611976"},"location-description":{"type":"textfield","raw":"Hotel Oranienhof"},"town-name":{"type":"textfield","raw":"Bad Kreuznach"},"historical-town-name":{"type":"textfield","raw":""},"event-id":{"type":"numeric","raw":"207"},"event-short":{"type":"textfield","raw":"MvR fliegt zum Hauptquartier, um Kaiser Wilhelm II., Ludendorff und Hindenburg zu treffen"},"event-description":{"type":"wysiwyg","raw":"\"Flug in die Heimat F\u00fcnfzig sind abgeschossen. Zweiundf\u00fcnfzig fand ich besser. Deshalb scho\u00df ich gleich am selben Tage zwei mehr ab. Es ging eigentlich gegen die Verabredung. Eigentlich hatte man mir blo\u00df einundvierzig zugebilligt; weshalb die Zahl einundvierzig herauskam, kann sich wohl jeder denken, aber gerade deshalb wollte ich es durchaus vermeiden. Ich bin kein Rekordarbeiter, \u00fcberhaupt liegen uns in der Fliegertruppe alle Rekorde fern. Man erf\u00fcllt nur seine Pflicht. Boelcke h\u00e4tte hundert abgeschossen, w\u00e4re ihm nicht das Ungl\u00fcck passiert. Und manch anderer der guten gefallenen Kameraden h\u00e4tte eine ganz andere Zahl erreichen k\u00f6nnen, wenn ihn nicht sein pl\u00f6tzlicher Tod daran verhindert h\u00e4tte. Aber so ein halbes Hundert macht einem eben doch auch Spa\u00df. Nun hatte ich es schlie\u00dflich auch erreicht, da\u00df man mir f\u00fcnfzig zubilligte, bevor ich meinen Urlaub antrat. Hoffentlich kann ich noch das zweite F\u00fcnfzig feiern. Am Abend desselben Tages klingelte es, und nichts Geringeres als das \u00bbGro\u00dfe Hauptquartier\u00ab w\u00fcnschte mich zu sprechen. Ich kam mir ganz spa\u00dfig vor, so mit der \u00bbGro\u00dfen Bude\u00ab verbunden zu sein. Ich erhielt unter anderem die erfreuliche Nachricht, da\u00df Seine Majest\u00e4t den Wunsch ge\u00e4u\u00dfert h\u00e4tte, mich pers\u00f6nlich zu sprechen, und zwar war gleich der Tag angesagt: am 2. Mai. Dies ereignete sich aber schon am 30. April abends neun Uhr. Mit dem Zuge w\u00e4re es nicht mehr m\u00f6glich gewesen, dem Wunsch des Allerh\u00f6chsten Kriegsherrn nachzukommen. So zog ich es vor, was ja auch viel sch\u00f6ner ist, die Reise auf dem Luftwege zu erledigen. Am n\u00e4chsten Morgen wurde gestartet, und zwar nicht in meinem Einsitzer \u00bbLe petit rouge\u00ab, sondern in einem dicken, gro\u00dfen Zweisitzer. Ich setzte mich hinten \u2019rein, d. h. also nicht an den \u00bbKn\u00fcppel\u00ab. Arbeiten mu\u00dfte in diesem Falle der Leutnant Krefft, auch einer der Herren meiner Jagdstaffel. Er wollte gerade auf Erholungsurlaub, es pa\u00dfte also ausgezeichnet. So kam er auch schneller in die Heimat. Es war ihm nicht unsympathisch. Meine Abreise ging etwas Hals \u00fcber Kopf. Ich konnte in dem Flugzeug nichts weiter mitnehmen als die Zahnb\u00fcrste, mu\u00dfte mich also gleich so anziehen, wie ich mich im Gro\u00dfen Hauptquartier vorzustellen hatte. Und so im Felde hat eben der Milit\u00e4rsoldat nicht viel mit von sch\u00f6nen Kleidungsst\u00fccken, jedenfalls nicht so ein armes Frontschwein wie ich. Die F\u00fchrung der Staffel \u00fcbernahm mein Bruder. Ich verabschiedete mich kurz, denn ich hoffte, bald im Kreise dieser lieben Menschen meine T\u00e4tigkeit wieder aufnehmen zu k\u00f6nnen. Der Flug ging nun \u00fcber L\u00fcttich, Namur auf Aachen und K\u00f6ln. Es war doch sch\u00f6n, so mal ohne kriegerische Gedanken durch das Luftmeer zu segeln. Herrliches Wetter, wie wir es schon seit langem nicht gehabt hatten. Gewi\u00df gab es am heutigen Tage m\u00e4chtig viel zu tun an der Front. Bald sind die eigenen Fesselballons nicht mehr zu sehen. Immer weiter weg von dem Donner der Schlachten von Arras. Unter uns Bilder des Friedens. Fahrende Dampfer. Dort saust ein D-Zug durchs Gel\u00e4nde, wir \u00fcberholen ihn spielend. Der Wind ist uns g\u00fcnstig. Die Erde scheint uns wie eine Tenne so platt. Die sch\u00f6nen Maasberge sind nicht zu erkennen als Berge. Man erkennt sie nicht einmal am Schatten, denn die Sonne steht fast senkrecht. Man wei\u00df nur, da\u00df sie vorhanden sind, und mit etwas Phantasie kann man sich sogar in ihre k\u00fchlen Schluchten verkriechen. Es war doch etwas sp\u00e4t geworden, und so kamen wir in die Mittagsstunde. Eine Wolkenschicht zieht sich unter uns zusammen und verdeckt die Erde v\u00f6llig. Nach Sonne und Kompa\u00df orientierend fliegen wir weiter. Die N\u00e4he von Holland ist uns allm\u00e4hlich aber doch unsympathisch, und so ziehen wir es vor, wieder mit dem Erdboden F\u00fchlung zu nehmen. Wir gehen unter die Wolke und befinden uns gerade \u00fcber Namur. Nun geht es weiter nach Aachen. Aachen lassen wir links liegen und erreichen zur Mittagszeit K\u00f6ln. Die Stimmung in unserem Flugzeug war gehoben. Vor uns ein l\u00e4ngerer Urlaub, au\u00dferdem das sch\u00f6ne Wetter, die gelungene Sache, wenigstens K\u00f6ln erreicht zu haben, und die Gewi\u00dfheit, da\u00df, wenn einem auch jetzt etwas passiert, man doch noch das Gro\u00dfe Hauptquartier erreichen konnte. Man hatte uns in K\u00f6ln telegraphisch angesagt, so wurden wir dort erwartet. Am Tage vorher hatte mein zweiundf\u00fcnfzigster Luftsieg in der Zeitung gestanden. So war der Empfang auch danach. Durch den dreist\u00fcndigen Flug hatte ich doch etwas Sch\u00e4delbrummen, und so zog ich es vor, erst einen kleinen Mittagsschlummer einzulegen, bevor ich im Gro\u00dfen Hauptquartier eintraf. Wir flogen nun von K\u00f6ln ein ganzes St\u00fcckchen den Rhein entlang. Ich kannte die Strecke. Ich bin sie oft gefahren, auf dem Dampfer, mit dem Auto und der Eisenbahn, und nun im Flugzeug. Was war das Sch\u00f6nste? Es ist schwer zu sagen. Gewisse Einzelheiten sieht man ja nat\u00fcrlich vom Dampfer aus besser. Aber der Gesamtblick aus dem Flugzeug ist auch nicht zu verachten. Der Rhein hat eben einen besonderen Reiz, so auch von oben. Wir flogen nicht zu hoch, um nicht das Gef\u00fchl der Berge v\u00f6llig zu verlieren, denn das ist doch wohl das Sch\u00f6nste am Rhein, die riesigen, bewaldeten H\u00f6hen, die Burgen usw. Die einzelnen H\u00e4user konnten wir nat\u00fcrlich nicht sehen. Schade, da\u00df man nicht langsam und schnell fliegen kann. Ich h\u00e4tte gewi\u00df den langsamsten Gang eingestellt. Nur zu schnell verschwand ein sch\u00f6nes Bild nach dem anderen. Man hat, wenn man h\u00f6her fliegt, ja nicht das Gef\u00fchl, da\u00df es sehr schnell vorw\u00e4rts geht. In einem Auto oder einem D-Zug zum Beispiel kommt einem die Geschwindigkeit ganz ungeheuer vor, dagegen im Flugzeug eigentlich immer langsam, wenn man eine gewisse H\u00f6he erreicht hat. Man merkt es eigentlich erst daran, wenn man mal f\u00fcnf Minuten nicht \u2019rausgeguckt hat und dann mit einem Male wieder die Orientierung aufnimmt. Da ist das Bild, das man noch kurz vorher im Kopfe hatte, mit einem Male v\u00f6llig ver\u00e4ndert. Was man unter sich sah, sieht man auf einmal in einem Winkel, gar nicht zum Wiedererkennen. Deshalb kann man sich so schnell verorientieren, wenn man mal f\u00fcr einen Augenblick nicht aufpa\u00dft. So kamen wir am Nachmittag im Gro\u00dfen Hauptquartier an, herzlich empfangen von einigen mir bekannten Kameraden, die dort in der \u00bbGro\u00dfen Bude\u00ab zu arbeiten haben. Sie tun mir ordentlich leid, die Tintenspione. Sie haben ja nur den halben Spa\u00df vom Kriege. Zun\u00e4chst meldete ich mich bei dem Kommandierenden General der Luftstreitkr\u00e4fte. Am n\u00e4chsten Vormittag ereignete sich nun der gro\u00dfe Moment, wo ich Hindenburg und Ludendorff vorgestellt werden sollte. Ich mu\u00dfte eine ganze Weile warten. Wie die Begr\u00fc\u00dfung im einzelnen war, kann ich eigentlich schlecht schreiben. Erst meldete ich mich bei Hindenburg, dann bei Ludendorff. Es ist ein unheimliches Gef\u00fchl in dem Raum, wo das Geschick der Erde entschieden wird. So war ich ganz froh, wie ich die \u00bbGro\u00dfe Bude\u00ab wieder hinter mir hatte und mittags bei Seiner Majest\u00e4t zum Fr\u00fchst\u00fcck befohlen war. Es war ja heute mein Geburtstag, und irgendeiner hatte es wohl Seiner Majest\u00e4t verraten, und so gratulierte er mir. Einmal zu meinem Erfolg, dann zum f\u00fcnfundzwanzigsten Lebensjahr. Auch ein kleines Geburtstagsgeschenk \u00fcberraschte mich. Fr\u00fcher h\u00e4tte ich es mir wohl nie tr\u00e4umen lassen, da\u00df ich am f\u00fcnfundzwanzigsten Geburtstag rechts von Hindenburg sitzen und in einer Rede vom Generalfeldmarschall erw\u00e4hnt werden w\u00fcrde.\""},"event-type-id":{"type":"numeric","raw":"3"},"source-id":{"type":"numeric","raw":"4"},"source-long-in-event":{"type":"textfield","raw":"Der rote Kampfflieger von Rittmeister Manfred Freiherrn von Richthofen, 1917, 351.000 - 400.000, Verlag Ullstein & Co, Berlin-Wien"},"pagenumber":{"type":"textfield","raw":"154"},"airplane-id":{"type":"textfield","raw":""},"combat-id":{"type":"textfield","raw":""},"event-type":{"type":"select","raw":"3"},"source-language":{"type":"select","raw":"2"},"picture":{"type":"image","raw":["https:\/\/www.meettheredbaron.com\/wp-content\/uploads\/2024\/03\/219.jpg","https:\/\/www.meettheredbaron.com\/wp-content\/uploads\/2024\/03\/74.jpg","https:\/\/www.meettheredbaron.com\/wp-content\/uploads\/2024\/03\/87.jpg","https:\/\/www.meettheredbaron.com\/wp-content\/uploads\/2024\/03\/239.jpg","https:\/\/www.meettheredbaron.com\/wp-content\/uploads\/2024\/03\/334.jpg","https:\/\/www.meettheredbaron.com\/wp-content\/uploads\/2025\/11\/335.jpg","https:\/\/www.meettheredbaron.com\/wp-content\/uploads\/2024\/03\/236.jpg","https:\/\/www.meettheredbaron.com\/wp-content\/uploads\/2024\/03\/237.jpg","https:\/\/www.meettheredbaron.com\/wp-content\/uploads\/2024\/03\/340.jpg","https:\/\/www.meettheredbaron.com\/wp-content\/uploads\/2021\/12\/336.jpg","https:\/\/www.meettheredbaron.com\/wp-content\/uploads\/2024\/03\/333.jpg","https:\/\/www.meettheredbaron.com\/wp-content\/uploads\/2024\/03\/339.jpg","https:\/\/www.meettheredbaron.com\/wp-content\/uploads\/2024\/03\/240.jpg","https:\/\/www.meettheredbaron.com\/wp-content\/uploads\/2024\/03\/242.jpg","https:\/\/www.meettheredbaron.com\/wp-content\/uploads\/2024\/03\/241.jpg","https:\/\/www.meettheredbaron.com\/wp-content\/uploads\/2025\/11\/598.jpg","https:\/\/www.meettheredbaron.com\/wp-content\/uploads\/2025\/11\/48.jpg","http:\/\/www.meettheredbaron.com\/wp-content\/uploads\/2021\/12\/47-1.jpg","https:\/\/www.meettheredbaron.com\/wp-content\/uploads\/2024\/03\/307.jpg","https:\/\/www.meettheredbaron.com\/wp-content\/uploads\/2025\/11\/606.jpg"],"repeatable":[{"raw":"https:\/\/www.meettheredbaron.com\/wp-content\/uploads\/2024\/03\/219.jpg","attachment_id":9972},{"raw":"https:\/\/www.meettheredbaron.com\/wp-content\/uploads\/2024\/03\/74.jpg","attachment_id":9966},{"raw":"https:\/\/www.meettheredbaron.com\/wp-content\/uploads\/2024\/03\/87.jpg","attachment_id":9969},{"raw":"https:\/\/www.meettheredbaron.com\/wp-content\/uploads\/2024\/03\/239.jpg","attachment_id":9981},{"raw":"https:\/\/www.meettheredbaron.com\/wp-content\/uploads\/2024\/03\/334.jpg","attachment_id":9999},{"raw":"https:\/\/www.meettheredbaron.com\/wp-content\/uploads\/2025\/11\/335.jpg","attachment_id":17981},{"raw":"https:\/\/www.meettheredbaron.com\/wp-content\/uploads\/2024\/03\/236.jpg","attachment_id":9975},{"raw":"https:\/\/www.meettheredbaron.com\/wp-content\/uploads\/2024\/03\/237.jpg","attachment_id":9978},{"raw":"https:\/\/www.meettheredbaron.com\/wp-content\/uploads\/2024\/03\/340.jpg","attachment_id":10008},{"raw":"https:\/\/www.meettheredbaron.com\/wp-content\/uploads\/2021\/12\/336.jpg","attachment_id":8415},{"raw":"https:\/\/www.meettheredbaron.com\/wp-content\/uploads\/2024\/03\/333.jpg","attachment_id":9996},{"raw":"https:\/\/www.meettheredbaron.com\/wp-content\/uploads\/2024\/03\/339.jpg","attachment_id":10005},{"raw":"https:\/\/www.meettheredbaron.com\/wp-content\/uploads\/2024\/03\/240.jpg","attachment_id":9984},{"raw":"https:\/\/www.meettheredbaron.com\/wp-content\/uploads\/2024\/03\/242.jpg","attachment_id":9990},{"raw":"https:\/\/www.meettheredbaron.com\/wp-content\/uploads\/2024\/03\/241.jpg","attachment_id":9987},{"raw":"https:\/\/www.meettheredbaron.com\/wp-content\/uploads\/2025\/11\/598.jpg","attachment_id":17923},{"raw":"https:\/\/www.meettheredbaron.com\/wp-content\/uploads\/2025\/11\/48.jpg","attachment_id":18044},{"raw":"http:\/\/www.meettheredbaron.com\/wp-content\/uploads\/2021\/12\/47-1.jpg","attachment_id":8151},{"raw":"https:\/\/www.meettheredbaron.com\/wp-content\/uploads\/2024\/03\/307.jpg","attachment_id":9993},{"raw":"https:\/\/www.meettheredbaron.com\/wp-content\/uploads\/2025\/11\/606.jpg","attachment_id":18049}]}}},"_links":{"self":[{"href":"https:\/\/www.meettheredbaron.com\/de\/wp-json\/wp\/v2\/event\/13645","targetHints":{"allow":["GET"]}}],"collection":[{"href":"https:\/\/www.meettheredbaron.com\/de\/wp-json\/wp\/v2\/event"}],"about":[{"href":"https:\/\/www.meettheredbaron.com\/de\/wp-json\/wp\/v2\/types\/event"}],"replies":[{"embeddable":true,"href":"https:\/\/www.meettheredbaron.com\/de\/wp-json\/wp\/v2\/comments?post=13645"}],"wp:attachment":[{"href":"https:\/\/www.meettheredbaron.com\/de\/wp-json\/wp\/v2\/media?parent=13645"}],"wp:term":[{"taxonomy":"event-type","embeddable":true,"href":"https:\/\/www.meettheredbaron.com\/de\/wp-json\/wp\/v2\/event-type?post=13645"},{"taxonomy":"source-language","embeddable":true,"href":"https:\/\/www.meettheredbaron.com\/de\/wp-json\/wp\/v2\/source-language?post=13645"},{"taxonomy":"source-id-tax","embeddable":true,"href":"https:\/\/www.meettheredbaron.com\/de\/wp-json\/wp\/v2\/source-id-tax?post=13645"}],"curies":[{"name":"wp","href":"https:\/\/api.w.org\/{rel}","templated":true}]}}