{"id":13483,"date":"2021-12-16T17:31:05","date_gmt":"2021-12-16T16:31:05","guid":{"rendered":"https:\/\/www.meettheredbaron.com\/event\/lothar-erzahlt-uber-mvr\/"},"modified":"2025-04-09T11:23:59","modified_gmt":"2025-04-09T10:23:59","slug":"lothar-erzahlt-uber-mvr","status":"publish","type":"event","link":"https:\/\/www.meettheredbaron.com\/de\/event\/lothar-erzahlt-uber-mvr\/","title":{"rendered":"Lothar erz\u00e4hlt \u00fcber MvR"},"content":{"rendered":"<p>&#8222;Am 25. kam Lother, ganz \u00fcberraschend&#8230; &#8230;Wir verlieren uns in alte Zeiten, und alles ist wieder freundlich und hell. Einmal, da scho\u00df Manfred in blindem Jagdeifer f\u00fcnf Enten tot &#8211; die auf der Weistritz schwammen. Es waren aber nur zahme. Doch es gab keine Strafe, weil er gleich die Wahrheit sagte. Und ein andermal, als wir im Walde streiften, da steht Manfred pl\u00f6zlich auf einem Steg, der \u00fcber ein schwarzes Wasser f\u00fcrht. Er sagt zu Lothar, wie selbstverst\u00e4ndlich: &#8222;Pa\u00df auf du, ich falle jetzt ins Wasser.&#8220; Gleich darauf verschwand er in der wirklich pechschwarzen Flut. &#8222;Das war ein sch\u00f6ner Schrecken, wei\u00df du noch?&#8220; Lothar wei\u00dft es noch, er lacht, da\u00df der Gl\u00fchpunkt seiner Zigarette an zu tanzen f\u00e4ngt; es ist schon schummerig im Zimmer. &#8222;Nat\u00fcrlich&#8220;, sagt er, &#8222;wir gingen dan zur M\u00fchle, denn er roch nicht gut.&#8220; &#8222;Ja, ja, er mu\u00dfte gebadet werden, mit sehr viel Seife.&#8220; &#8222;Und dann, der Heimweg. Eine Stunde R\u00fcckfahrt &#8211; und Manfred hatte nichts auf dem Leibe als das Hemd, das die M\u00fcllerin geborgt hatte, und den Kadettenmantel dar\u00fcber, dazu war er barfu\u00df.&#8220; &#8222;Es hat ihm nicht mal eine Erk\u00e4ltung eingetragen.&#8220; Immer m\u00f6chte ich mit Lothar so sitzen und sprechen, aber morgen mu\u00df er wieder fort. Dieser Tag jedoch geh\u00f6rt noch uns, und manchmal haben wir bis in die Nacht schon geplaudert. &#8222;Einmal wollten wir euch Jungens aber richtig auf die Mutprobe stellen, Ilse und ich. Es ging doch das Geraune, oben auf dem Boden unseres Hauses habe ich fr\u00fcher mal jemand erh\u00e4ngt, und nun spuke es, wei\u00dft du noch, Lother?&#8220; &#8222;F\u00fbr uns Jungens war das so nett gruselig. Nachts schurrte und polterte es oben auf dem Boden, und man h\u00f6rte ein \u00c4chzen &#8211; die Haush\u00e4ltersleute sagten so&#8230;&#8220; &#8222;Manfred war ganz wild darauf, diesen Spuk zu erleben, da lie\u00dfen wier dein Bett, Lothar, und das Manfreds an die Stelle tragen&#8230;&#8220; &#8222;Wir hatten uns einen t\u00fcchtigen Kn\u00fcppel mit ins Bett genommen; Manfred sagte, er woillte dem Geist schon heimleuchten.&#8220; &#8222;Der Geist &#8211; das waren wir, n\u00e4mlich Ilse und ich, wir hatten uns leise nach oben geschlichen und rollten Kastanien \u00fcber die Diele.&#8220; &#8222;Ich h\u00f6rte es zuerst, ich lag mit offnen Augen vor Erregung. &#8218;Manfred&#8216; rief ich, &#8218;Manfred!&#8216; Der schlief ganz fest. Schlie\u00dflich wachte er auf, ich h\u00f6rte, wie er sich im Bett aufrichtete.&#8220; &#8222;Den Rest kann ich besser erz\u00e4hlen, denn es ging um unsere Haut. Mit einem Satz war er aus dem Bett und rannte mit geschwungenem Kn\u00fcppel auf uns los. Ich mu\u00dfte schnell Licht machen, sonst h\u00e4tten wir schon Pr\u00fcgel bezogen.&#8220; &#8222;Manfred war damals vierzehn.&#8220; &#8222;Nein, dreizehn.&#8220; Lothar lacht herzlich. Am n\u00e4chsten Tage habe ich ihn wieder zur Bahn gebracht&#8230;&#8220;<\/p>\n","protected":false},"comment_status":"open","ping_status":"closed","template":"","event-type":[256],"source-language":[260],"source-id-tax":[323],"class_list":["post-13483","event","type-event","status-publish","hentry","event-type-anecdote-de","source-language-deutsch-de","source-id-tax-die-erinnerungen-der-mutter-des-roten-kampffliegers-kunigunde-freifrau-von-richthofen-im-verlag-ullstein-berlin-1937-de","entry","no-media"],"yoast_head":"<!-- This site is optimized with the Yoast SEO plugin v26.7 - https:\/\/yoast.com\/wordpress\/plugins\/seo\/ -->\n<title>Lothar erz\u00e4hlt \u00fcber MvR - Meet The Red Baron<\/title>\n<meta name=\"robots\" content=\"index, follow, max-snippet:-1, max-image-preview:large, max-video-preview:-1\" \/>\n<link rel=\"canonical\" href=\"https:\/\/www.meettheredbaron.com\/de\/event\/lothar-erzahlt-uber-mvr\/\" \/>\n<meta property=\"og:locale\" content=\"de_DE\" \/>\n<meta property=\"og:type\" content=\"article\" \/>\n<meta property=\"og:title\" content=\"Lothar erz\u00e4hlt \u00fcber MvR - Meet The Red Baron\" \/>\n<meta property=\"og:description\" content=\"Lothar erz\u00e4hlt \u00fcber MvR\" \/>\n<meta property=\"og:url\" content=\"https:\/\/www.meettheredbaron.com\/de\/event\/lothar-erzahlt-uber-mvr\/\" \/>\n<meta property=\"og:site_name\" content=\"Meet The Red Baron\" \/>\n<meta property=\"article:modified_time\" content=\"2025-04-09T10:23:59+00:00\" \/>\n<script type=\"application\/ld+json\" class=\"yoast-schema-graph\">{\"@context\":\"https:\/\/schema.org\",\"@graph\":[{\"@type\":\"WebPage\",\"@id\":\"https:\/\/www.meettheredbaron.com\/de\/event\/lothar-erzahlt-uber-mvr\/\",\"url\":\"https:\/\/www.meettheredbaron.com\/de\/event\/lothar-erzahlt-uber-mvr\/\",\"name\":\"Lothar erz\u00e4hlt \u00fcber MvR - Meet The Red Baron\",\"isPartOf\":{\"@id\":\"https:\/\/www.meettheredbaron.com\/de\/#website\"},\"datePublished\":\"2021-12-16T16:31:05+00:00\",\"dateModified\":\"2025-04-09T10:23:59+00:00\",\"breadcrumb\":{\"@id\":\"https:\/\/www.meettheredbaron.com\/de\/event\/lothar-erzahlt-uber-mvr\/#breadcrumb\"},\"inLanguage\":\"de\",\"potentialAction\":[{\"@type\":\"ReadAction\",\"target\":[\"https:\/\/www.meettheredbaron.com\/de\/event\/lothar-erzahlt-uber-mvr\/\"]}]},{\"@type\":\"BreadcrumbList\",\"@id\":\"https:\/\/www.meettheredbaron.com\/de\/event\/lothar-erzahlt-uber-mvr\/#breadcrumb\",\"itemListElement\":[{\"@type\":\"ListItem\",\"position\":1,\"name\":\"Home\",\"item\":\"https:\/\/www.meettheredbaron.com\/de\/\"},{\"@type\":\"ListItem\",\"position\":2,\"name\":\"Events\",\"item\":\"https:\/\/www.meettheredbaron.com\/de\/event\/\"},{\"@type\":\"ListItem\",\"position\":3,\"name\":\"Lothar erz\u00e4hlt \u00fcber MvR\"}]},{\"@type\":\"WebSite\",\"@id\":\"https:\/\/www.meettheredbaron.com\/de\/#website\",\"url\":\"https:\/\/www.meettheredbaron.com\/de\/\",\"name\":\"Meet The Red Baron\",\"description\":\"The life and death of Manfred von Richthofen.\",\"publisher\":{\"@id\":\"https:\/\/www.meettheredbaron.com\/de\/#\/schema\/person\/fd320c77882d0d84e4b88ef15120767f\"},\"potentialAction\":[{\"@type\":\"SearchAction\",\"target\":{\"@type\":\"EntryPoint\",\"urlTemplate\":\"https:\/\/www.meettheredbaron.com\/de\/?s={search_term_string}\"},\"query-input\":{\"@type\":\"PropertyValueSpecification\",\"valueRequired\":true,\"valueName\":\"search_term_string\"}}],\"inLanguage\":\"de\"},{\"@type\":[\"Person\",\"Organization\"],\"@id\":\"https:\/\/www.meettheredbaron.com\/de\/#\/schema\/person\/fd320c77882d0d84e4b88ef15120767f\",\"name\":\"heinpoblome\",\"image\":{\"@type\":\"ImageObject\",\"inLanguage\":\"de\",\"@id\":\"https:\/\/www.meettheredbaron.com\/de\/#\/schema\/person\/image\/\",\"url\":\"https:\/\/www.meettheredbaron.com\/wp-content\/uploads\/2021\/12\/266-scaled.jpg\",\"contentUrl\":\"https:\/\/www.meettheredbaron.com\/wp-content\/uploads\/2021\/12\/266-scaled.jpg\",\"width\":1850,\"height\":2560,\"caption\":\"heinpoblome\"},\"logo\":{\"@id\":\"https:\/\/www.meettheredbaron.com\/de\/#\/schema\/person\/image\/\"},\"sameAs\":[\"http:\/\/www.meettheredbaron.com\"]}]}<\/script>\n<!-- \/ Yoast SEO plugin. -->","yoast_head_json":{"title":"Lothar erz\u00e4hlt \u00fcber MvR - Meet The Red Baron","robots":{"index":"index","follow":"follow","max-snippet":"max-snippet:-1","max-image-preview":"max-image-preview:large","max-video-preview":"max-video-preview:-1"},"canonical":"https:\/\/www.meettheredbaron.com\/de\/event\/lothar-erzahlt-uber-mvr\/","og_locale":"de_DE","og_type":"article","og_title":"Lothar erz\u00e4hlt \u00fcber MvR - Meet The Red Baron","og_description":"Lothar erz\u00e4hlt \u00fcber MvR","og_url":"https:\/\/www.meettheredbaron.com\/de\/event\/lothar-erzahlt-uber-mvr\/","og_site_name":"Meet The Red Baron","article_modified_time":"2025-04-09T10:23:59+00:00","schema":{"@context":"https:\/\/schema.org","@graph":[{"@type":"WebPage","@id":"https:\/\/www.meettheredbaron.com\/de\/event\/lothar-erzahlt-uber-mvr\/","url":"https:\/\/www.meettheredbaron.com\/de\/event\/lothar-erzahlt-uber-mvr\/","name":"Lothar erz\u00e4hlt \u00fcber MvR - Meet The Red Baron","isPartOf":{"@id":"https:\/\/www.meettheredbaron.com\/de\/#website"},"datePublished":"2021-12-16T16:31:05+00:00","dateModified":"2025-04-09T10:23:59+00:00","breadcrumb":{"@id":"https:\/\/www.meettheredbaron.com\/de\/event\/lothar-erzahlt-uber-mvr\/#breadcrumb"},"inLanguage":"de","potentialAction":[{"@type":"ReadAction","target":["https:\/\/www.meettheredbaron.com\/de\/event\/lothar-erzahlt-uber-mvr\/"]}]},{"@type":"BreadcrumbList","@id":"https:\/\/www.meettheredbaron.com\/de\/event\/lothar-erzahlt-uber-mvr\/#breadcrumb","itemListElement":[{"@type":"ListItem","position":1,"name":"Home","item":"https:\/\/www.meettheredbaron.com\/de\/"},{"@type":"ListItem","position":2,"name":"Events","item":"https:\/\/www.meettheredbaron.com\/de\/event\/"},{"@type":"ListItem","position":3,"name":"Lothar erz\u00e4hlt \u00fcber MvR"}]},{"@type":"WebSite","@id":"https:\/\/www.meettheredbaron.com\/de\/#website","url":"https:\/\/www.meettheredbaron.com\/de\/","name":"Meet The Red Baron","description":"The life and death of Manfred von Richthofen.","publisher":{"@id":"https:\/\/www.meettheredbaron.com\/de\/#\/schema\/person\/fd320c77882d0d84e4b88ef15120767f"},"potentialAction":[{"@type":"SearchAction","target":{"@type":"EntryPoint","urlTemplate":"https:\/\/www.meettheredbaron.com\/de\/?s={search_term_string}"},"query-input":{"@type":"PropertyValueSpecification","valueRequired":true,"valueName":"search_term_string"}}],"inLanguage":"de"},{"@type":["Person","Organization"],"@id":"https:\/\/www.meettheredbaron.com\/de\/#\/schema\/person\/fd320c77882d0d84e4b88ef15120767f","name":"heinpoblome","image":{"@type":"ImageObject","inLanguage":"de","@id":"https:\/\/www.meettheredbaron.com\/de\/#\/schema\/person\/image\/","url":"https:\/\/www.meettheredbaron.com\/wp-content\/uploads\/2021\/12\/266-scaled.jpg","contentUrl":"https:\/\/www.meettheredbaron.com\/wp-content\/uploads\/2021\/12\/266-scaled.jpg","width":1850,"height":2560,"caption":"heinpoblome"},"logo":{"@id":"https:\/\/www.meettheredbaron.com\/de\/#\/schema\/person\/image\/"},"sameAs":["http:\/\/www.meettheredbaron.com"]}]}},"toolset-meta":{"field-group-for-events-2":[],"field-group-for-events":{"date":{"type":"date","raw":"-1680998400","formatted":"09\/25\/1916 00:00"},"date-as-a-string":{"type":"textfield","raw":"9\/25\/1916"},"date-description":{"type":"textfield","raw":""},"geolocation":{"type":"google_address","raw":"50.84890767354939, 16.476310886960174"},"location-description":{"type":"textfield","raw":"W\u0142adys\u0142awa Sikorskiego 19, 58-105 \u015awidnica, Polen"},"town-name":{"type":"textfield","raw":"Swidnica"},"historical-town-name":{"type":"textfield","raw":"Schweidnitz"},"event-id":{"type":"numeric","raw":"326"},"event-short":{"type":"textfield","raw":"Lothar erz\u00e4hlt \u00fcber MvR"},"event-description":{"type":"wysiwyg","raw":"\"Am 25. kam Lother, ganz \u00fcberraschend... ...Wir verlieren uns in alte Zeiten, und alles ist wieder freundlich und hell. Einmal, da scho\u00df Manfred in blindem Jagdeifer f\u00fcnf Enten tot - die auf der Weistritz schwammen. Es waren aber nur zahme. Doch es gab keine Strafe, weil er gleich die Wahrheit sagte. Und ein andermal, als wir im Walde streiften, da steht Manfred pl\u00f6zlich auf einem Steg, der \u00fcber ein schwarzes Wasser f\u00fcrht. Er sagt zu Lothar, wie selbstverst\u00e4ndlich: \"Pa\u00df auf du, ich falle jetzt ins Wasser.\" Gleich darauf verschwand er in der wirklich pechschwarzen Flut. \"Das war ein sch\u00f6ner Schrecken, wei\u00df du noch?\" Lothar wei\u00dft es noch, er lacht, da\u00df der Gl\u00fchpunkt seiner Zigarette an zu tanzen f\u00e4ngt; es ist schon schummerig im Zimmer. \"Nat\u00fcrlich\", sagt er, \"wir gingen dan zur M\u00fchle, denn er roch nicht gut.\" \"Ja, ja, er mu\u00dfte gebadet werden, mit sehr viel Seife.\" \"Und dann, der Heimweg. Eine Stunde R\u00fcckfahrt - und Manfred hatte nichts auf dem Leibe als das Hemd, das die M\u00fcllerin geborgt hatte, und den Kadettenmantel dar\u00fcber, dazu war er barfu\u00df.\" \"Es hat ihm nicht mal eine Erk\u00e4ltung eingetragen.\" Immer m\u00f6chte ich mit Lothar so sitzen und sprechen, aber morgen mu\u00df er wieder fort. Dieser Tag jedoch geh\u00f6rt noch uns, und manchmal haben wir bis in die Nacht schon geplaudert. \"Einmal wollten wir euch Jungens aber richtig auf die Mutprobe stellen, Ilse und ich. Es ging doch das Geraune, oben auf dem Boden unseres Hauses habe ich fr\u00fcher mal jemand erh\u00e4ngt, und nun spuke es, wei\u00dft du noch, Lother?\" \"F\u00fbr uns Jungens war das so nett gruselig. Nachts schurrte und polterte es oben auf dem Boden, und man h\u00f6rte ein \u00c4chzen - die Haush\u00e4ltersleute sagten so...\" \"Manfred war ganz wild darauf, diesen Spuk zu erleben, da lie\u00dfen wier dein Bett, Lothar, und das Manfreds an die Stelle tragen...\" \"Wir hatten uns einen t\u00fcchtigen Kn\u00fcppel mit ins Bett genommen; Manfred sagte, er woillte dem Geist schon heimleuchten.\" \"Der Geist - das waren wir, n\u00e4mlich Ilse und ich, wir hatten uns leise nach oben geschlichen und rollten Kastanien \u00fcber die Diele.\" \"Ich h\u00f6rte es zuerst, ich lag mit offnen Augen vor Erregung. 'Manfred' rief ich, 'Manfred!' Der schlief ganz fest. Schlie\u00dflich wachte er auf, ich h\u00f6rte, wie er sich im Bett aufrichtete.\" \"Den Rest kann ich besser erz\u00e4hlen, denn es ging um unsere Haut. Mit einem Satz war er aus dem Bett und rannte mit geschwungenem Kn\u00fcppel auf uns los. Ich mu\u00dfte schnell Licht machen, sonst h\u00e4tten wir schon Pr\u00fcgel bezogen.\" \"Manfred war damals vierzehn.\" \"Nein, dreizehn.\" Lothar lacht herzlich. Am n\u00e4chsten Tage habe ich ihn wieder zur Bahn gebracht...\""},"event-type-id":{"type":"numeric","raw":"10"},"source-id":{"type":"numeric","raw":"10"},"source-long-in-event":{"type":"textfield","raw":"Die Erinnerungen der Mutter des roten Kampffliegers Kunigunde Freifrau von Richthofen. Im Verlag Ullstein - Berlin, 1937."},"pagenumber":{"type":"textfield","raw":"83"},"airplane-id":{"type":"textfield","raw":""},"combat-id":{"type":"textfield","raw":""},"event-type":{"type":"select","raw":"10"},"source-language":{"type":"select","raw":"2"},"picture":{"type":"image","raw":[""],"repeatable":[{"raw":""}]}}},"_links":{"self":[{"href":"https:\/\/www.meettheredbaron.com\/de\/wp-json\/wp\/v2\/event\/13483","targetHints":{"allow":["GET"]}}],"collection":[{"href":"https:\/\/www.meettheredbaron.com\/de\/wp-json\/wp\/v2\/event"}],"about":[{"href":"https:\/\/www.meettheredbaron.com\/de\/wp-json\/wp\/v2\/types\/event"}],"replies":[{"embeddable":true,"href":"https:\/\/www.meettheredbaron.com\/de\/wp-json\/wp\/v2\/comments?post=13483"}],"wp:attachment":[{"href":"https:\/\/www.meettheredbaron.com\/de\/wp-json\/wp\/v2\/media?parent=13483"}],"wp:term":[{"taxonomy":"event-type","embeddable":true,"href":"https:\/\/www.meettheredbaron.com\/de\/wp-json\/wp\/v2\/event-type?post=13483"},{"taxonomy":"source-language","embeddable":true,"href":"https:\/\/www.meettheredbaron.com\/de\/wp-json\/wp\/v2\/source-language?post=13483"},{"taxonomy":"source-id-tax","embeddable":true,"href":"https:\/\/www.meettheredbaron.com\/de\/wp-json\/wp\/v2\/source-id-tax?post=13483"}],"curies":[{"name":"wp","href":"https:\/\/api.w.org\/{rel}","templated":true}]}}