{"id":13003,"date":"2021-12-28T11:08:47","date_gmt":"2021-12-28T10:08:47","guid":{"rendered":"https:\/\/www.meettheredbaron.com\/event\/somme-schlacht\/"},"modified":"2025-05-21T13:33:57","modified_gmt":"2025-05-21T12:33:57","slug":"somme-schlacht","status":"publish","type":"event","link":"https:\/\/www.meettheredbaron.com\/de\/event\/somme-schlacht\/","title":{"rendered":"Somme Schlacht"},"content":{"rendered":"\n<p>&#8222;Ich habe in meinem ganzen Leben kein sch\u00f6neres Jagdgefilde kennengelernt als in den Tagen der Somme-Schlacht. Morgens, wenn man aufgestanden, kamen schon die ersten Engl\u00e4nder, und die letzten verschwanden, nachdem schon lange die Sonne untergegangen war. \u00bbEin Dorado f\u00fcr die Jagdflieger\u00ab, hat Boelcke einmal gesagt. Es ist damals die Zeit gewesen, wo Boelcke in zwei Monaten mit seinen Absch\u00fcssen von zwanzig auf vierzig gestiegen war. Wir Anf\u00e4nger hatten damals noch nicht die Erfahrung wie unser Meister und waren ganz zufrieden, wenn wir nicht selbst Senge bezogen. Aber sch\u00f6n war es! Kein Start ohne Luftkampf. Oft gro\u00dfe Luftschlachten von vierzig bis sechzig Engl\u00e4ndern gegen leider nicht immer so viele Deutsche. Bei ihnen macht es die Quantit\u00e4t und bei uns die Qualit\u00e4t. Aber der Engl\u00e4nder ist ein schneidiger Bursche, das mu\u00df man ihm lassen. Er kam ab und zu in ganz niedriger H\u00f6he und besuchte Boelcke auf seinem Platz mit Bomben. Er forderte zum Kampf f\u00f6rmlich heraus und nahm ihn auch stets an. Ich habe kaum einen Engl\u00e4nder getroffen, der den Kampf verweigert h\u00e4tte, w\u00e4hrend der Franzose es vorzieht, jede Ber\u00fchrung mit dem Gegner in der Luft peinlichst zu vermeiden. Es waren sch\u00f6ne Zeiten bei unserer Jagdstaffel. Der Geist des F\u00fchrers \u00fcbertrug sich auf seine Sch\u00fcler. Wir konnten uns blindlings seiner F\u00fchrung anvertrauen. Die M\u00f6glichkeit, da\u00df einer im Stich gelassen wurde, gab es nicht. Der Gedanke kam einem \u00fcberhaupt nicht. Und so r\u00e4umten wir flott und munter unter unseren Feinden auf. An dem Tage, an dem Boelcke fiel, hatte die Staffel schon vierzig. Jetzt hat sie weit \u00fcber hundert. Der Geist Boelckes lebt fort unter seinen t\u00fcchtigen Nachfolgern.&#8220;<\/p>\n","protected":false},"comment_status":"open","ping_status":"closed","template":"","event-type":[257],"source-language":[260],"source-id-tax":[293],"class_list":["post-13003","event","type-event","status-publish","hentry","event-type-air-combat-de","source-language-deutsch-de","source-id-tax-der-rote-kampfflieger-von-rittmeister-manfred-freiherrn-von-richthofen-1917-351-000-400-000-verlag-ullstein-co-berlin-wien-de","entry","no-media"],"yoast_head":"<!-- This site is optimized with the Yoast SEO plugin v26.7 - https:\/\/yoast.com\/wordpress\/plugins\/seo\/ -->\n<title>Somme Schlacht - Meet The Red Baron<\/title>\n<meta name=\"description\" content=\"Somme Schlacht. Ich habe in meinem ganzen Leben kein sch\u00f6neres Jagdgefilde kennengelernt als in den Tagen der Somme-Schlacht.\" \/>\n<meta name=\"robots\" content=\"index, follow, max-snippet:-1, max-image-preview:large, max-video-preview:-1\" \/>\n<link rel=\"canonical\" href=\"https:\/\/www.meettheredbaron.com\/de\/event\/somme-schlacht\/\" \/>\n<meta property=\"og:locale\" content=\"de_DE\" \/>\n<meta property=\"og:type\" content=\"article\" \/>\n<meta property=\"og:title\" content=\"Somme Schlacht - Meet The Red Baron\" \/>\n<meta property=\"og:description\" content=\"Somme Schlacht. Ich habe in meinem ganzen Leben kein sch\u00f6neres Jagdgefilde kennengelernt als in den Tagen der Somme-Schlacht.\" \/>\n<meta property=\"og:url\" content=\"https:\/\/www.meettheredbaron.com\/de\/event\/somme-schlacht\/\" \/>\n<meta property=\"og:site_name\" content=\"Meet The Red Baron\" \/>\n<meta property=\"article:modified_time\" content=\"2025-05-21T12:33:57+00:00\" \/>\n<script type=\"application\/ld+json\" class=\"yoast-schema-graph\">{\"@context\":\"https:\/\/schema.org\",\"@graph\":[{\"@type\":\"WebPage\",\"@id\":\"https:\/\/www.meettheredbaron.com\/de\/event\/somme-schlacht\/\",\"url\":\"https:\/\/www.meettheredbaron.com\/de\/event\/somme-schlacht\/\",\"name\":\"Somme Schlacht - Meet The Red Baron\",\"isPartOf\":{\"@id\":\"https:\/\/www.meettheredbaron.com\/de\/#website\"},\"datePublished\":\"2021-12-28T10:08:47+00:00\",\"dateModified\":\"2025-05-21T12:33:57+00:00\",\"description\":\"Somme Schlacht. Ich habe in meinem ganzen Leben kein sch\u00f6neres Jagdgefilde kennengelernt als in den Tagen der Somme-Schlacht.\",\"breadcrumb\":{\"@id\":\"https:\/\/www.meettheredbaron.com\/de\/event\/somme-schlacht\/#breadcrumb\"},\"inLanguage\":\"de\",\"potentialAction\":[{\"@type\":\"ReadAction\",\"target\":[\"https:\/\/www.meettheredbaron.com\/de\/event\/somme-schlacht\/\"]}]},{\"@type\":\"BreadcrumbList\",\"@id\":\"https:\/\/www.meettheredbaron.com\/de\/event\/somme-schlacht\/#breadcrumb\",\"itemListElement\":[{\"@type\":\"ListItem\",\"position\":1,\"name\":\"Home\",\"item\":\"https:\/\/www.meettheredbaron.com\/de\/\"},{\"@type\":\"ListItem\",\"position\":2,\"name\":\"Events\",\"item\":\"https:\/\/www.meettheredbaron.com\/de\/event\/\"},{\"@type\":\"ListItem\",\"position\":3,\"name\":\"Somme Schlacht\"}]},{\"@type\":\"WebSite\",\"@id\":\"https:\/\/www.meettheredbaron.com\/de\/#website\",\"url\":\"https:\/\/www.meettheredbaron.com\/de\/\",\"name\":\"Meet The Red Baron\",\"description\":\"The life and death of Manfred von Richthofen.\",\"publisher\":{\"@id\":\"https:\/\/www.meettheredbaron.com\/de\/#\/schema\/person\/fd320c77882d0d84e4b88ef15120767f\"},\"potentialAction\":[{\"@type\":\"SearchAction\",\"target\":{\"@type\":\"EntryPoint\",\"urlTemplate\":\"https:\/\/www.meettheredbaron.com\/de\/?s={search_term_string}\"},\"query-input\":{\"@type\":\"PropertyValueSpecification\",\"valueRequired\":true,\"valueName\":\"search_term_string\"}}],\"inLanguage\":\"de\"},{\"@type\":[\"Person\",\"Organization\"],\"@id\":\"https:\/\/www.meettheredbaron.com\/de\/#\/schema\/person\/fd320c77882d0d84e4b88ef15120767f\",\"name\":\"heinpoblome\",\"image\":{\"@type\":\"ImageObject\",\"inLanguage\":\"de\",\"@id\":\"https:\/\/www.meettheredbaron.com\/de\/#\/schema\/person\/image\/\",\"url\":\"https:\/\/www.meettheredbaron.com\/wp-content\/uploads\/2021\/12\/266-scaled.jpg\",\"contentUrl\":\"https:\/\/www.meettheredbaron.com\/wp-content\/uploads\/2021\/12\/266-scaled.jpg\",\"width\":1850,\"height\":2560,\"caption\":\"heinpoblome\"},\"logo\":{\"@id\":\"https:\/\/www.meettheredbaron.com\/de\/#\/schema\/person\/image\/\"},\"sameAs\":[\"http:\/\/www.meettheredbaron.com\"]}]}<\/script>\n<!-- \/ Yoast SEO plugin. -->","yoast_head_json":{"title":"Somme Schlacht - Meet The Red Baron","description":"Somme Schlacht. Ich habe in meinem ganzen Leben kein sch\u00f6neres Jagdgefilde kennengelernt als in den Tagen der Somme-Schlacht.","robots":{"index":"index","follow":"follow","max-snippet":"max-snippet:-1","max-image-preview":"max-image-preview:large","max-video-preview":"max-video-preview:-1"},"canonical":"https:\/\/www.meettheredbaron.com\/de\/event\/somme-schlacht\/","og_locale":"de_DE","og_type":"article","og_title":"Somme Schlacht - Meet The Red Baron","og_description":"Somme Schlacht. Ich habe in meinem ganzen Leben kein sch\u00f6neres Jagdgefilde kennengelernt als in den Tagen der Somme-Schlacht.","og_url":"https:\/\/www.meettheredbaron.com\/de\/event\/somme-schlacht\/","og_site_name":"Meet The Red Baron","article_modified_time":"2025-05-21T12:33:57+00:00","schema":{"@context":"https:\/\/schema.org","@graph":[{"@type":"WebPage","@id":"https:\/\/www.meettheredbaron.com\/de\/event\/somme-schlacht\/","url":"https:\/\/www.meettheredbaron.com\/de\/event\/somme-schlacht\/","name":"Somme Schlacht - Meet The Red Baron","isPartOf":{"@id":"https:\/\/www.meettheredbaron.com\/de\/#website"},"datePublished":"2021-12-28T10:08:47+00:00","dateModified":"2025-05-21T12:33:57+00:00","description":"Somme Schlacht. Ich habe in meinem ganzen Leben kein sch\u00f6neres Jagdgefilde kennengelernt als in den Tagen der Somme-Schlacht.","breadcrumb":{"@id":"https:\/\/www.meettheredbaron.com\/de\/event\/somme-schlacht\/#breadcrumb"},"inLanguage":"de","potentialAction":[{"@type":"ReadAction","target":["https:\/\/www.meettheredbaron.com\/de\/event\/somme-schlacht\/"]}]},{"@type":"BreadcrumbList","@id":"https:\/\/www.meettheredbaron.com\/de\/event\/somme-schlacht\/#breadcrumb","itemListElement":[{"@type":"ListItem","position":1,"name":"Home","item":"https:\/\/www.meettheredbaron.com\/de\/"},{"@type":"ListItem","position":2,"name":"Events","item":"https:\/\/www.meettheredbaron.com\/de\/event\/"},{"@type":"ListItem","position":3,"name":"Somme Schlacht"}]},{"@type":"WebSite","@id":"https:\/\/www.meettheredbaron.com\/de\/#website","url":"https:\/\/www.meettheredbaron.com\/de\/","name":"Meet The Red Baron","description":"The life and death of Manfred von Richthofen.","publisher":{"@id":"https:\/\/www.meettheredbaron.com\/de\/#\/schema\/person\/fd320c77882d0d84e4b88ef15120767f"},"potentialAction":[{"@type":"SearchAction","target":{"@type":"EntryPoint","urlTemplate":"https:\/\/www.meettheredbaron.com\/de\/?s={search_term_string}"},"query-input":{"@type":"PropertyValueSpecification","valueRequired":true,"valueName":"search_term_string"}}],"inLanguage":"de"},{"@type":["Person","Organization"],"@id":"https:\/\/www.meettheredbaron.com\/de\/#\/schema\/person\/fd320c77882d0d84e4b88ef15120767f","name":"heinpoblome","image":{"@type":"ImageObject","inLanguage":"de","@id":"https:\/\/www.meettheredbaron.com\/de\/#\/schema\/person\/image\/","url":"https:\/\/www.meettheredbaron.com\/wp-content\/uploads\/2021\/12\/266-scaled.jpg","contentUrl":"https:\/\/www.meettheredbaron.com\/wp-content\/uploads\/2021\/12\/266-scaled.jpg","width":1850,"height":2560,"caption":"heinpoblome"},"logo":{"@id":"https:\/\/www.meettheredbaron.com\/de\/#\/schema\/person\/image\/"},"sameAs":["http:\/\/www.meettheredbaron.com"]}]}},"toolset-meta":{"field-group-for-events-2":[],"field-group-for-events":{"date":{"type":"date","raw":"-1680912000","formatted":"09\/26\/1916 00:00"},"date-as-a-string":{"type":"textfield","raw":"09\/26\/1916"},"date-description":{"type":"textfield","raw":"Battle of the Somme - Es ist damals die Zeit gewesen, wo Boelcke in zwei Monaten mit seinen Absch\u00fcssen von zwanzig auf vierzig gestiegen war."},"geolocation":{"type":"google_address","raw":"50.16497649214217, 2.9440469049033346"},"location-description":{"type":"textfield","raw":"Somme Schlacht"},"town-name":{"type":"textfield","raw":"Lagnicourt"},"historical-town-name":{"type":"textfield","raw":""},"event-id":{"type":"numeric","raw":"129"},"event-short":{"type":"textfield","raw":"Somme Schlacht"},"event-description":{"type":"wysiwyg","raw":"<span data-sheets-value=\"{&quot;1&quot;:2,&quot;2&quot;:&quot;Somme-Schlacht Ich habe in meinem ganzen Leben kein sch\u00f6neres Jagdgefilde kennengelernt als in den Tagen der Somme-Schlacht. Morgens, wenn man aufgestanden, kamen schon die ersten Engl\u00e4nder, und die letzten verschwanden, nachdem schon lange die Sonne untergegangen war. \u00bbEin Dorado f\u00fcr die Jagdflieger\u00ab, hat Boelcke einmal gesagt. Es ist damals die Zeit gewesen, wo Boelcke in zwei Monaten mit seinen Absch\u00fcssen von zwanzig auf vierzig gestiegen war. Wir Anf\u00e4nger hatten damals noch nicht die Erfahrung wie unser Meister und waren ganz zufrieden, wenn wir nicht selbst Senge bezogen. Aber sch\u00f6n war es! Kein Start ohne Luftkampf. Oft gro\u00dfe Luftschlachten von vierzig bis sechzig Engl\u00e4ndern gegen leider nicht immer so viele Deutsche. Bei ihnen macht es die Quantit\u00e4t und bei uns die Qualit\u00e4t. Aber der Engl\u00e4nder ist ein schneidiger Bursche, das mu\u00df man ihm lassen. Er kam ab und zu in ganz niedriger H\u00f6he und besuchte Boelcke auf seinem Platz mit Bomben. Er forderte zum Kampf f\u00f6rmlich heraus und nahm ihn auch stets an. Ich habe kaum einen Engl\u00e4nder getroffen, der den Kampf verweigert h\u00e4tte, w\u00e4hrend der Franzose es vorzieht, jede Ber\u00fchrung mit dem Gegner in der Luft peinlichst zu vermeiden. Es waren sch\u00f6ne Zeiten bei unserer Jagdstaffel. Der Geist des F\u00fchrers \u00fcbertrug sich auf seine Sch\u00fcler. Wir konnten uns blindlings seiner F\u00fchrung anvertrauen. Die M\u00f6glichkeit, da\u00df einer im Stich gelassen wurde, gab es nicht. Der Gedanke kam einem \u00fcberhaupt nicht. Und so r\u00e4umten wir flott und munter unter unseren Feinden auf. An dem Tage, an dem Boelcke fiel, hatte die Staffel schon vierzig. Jetzt hat sie weit \u00fcber hundert. Der Geist Boelckes lebt fort unter seinen t\u00fcchtigen Nachfolgern.&quot;}\" data-sheets-userformat=\"{&quot;2&quot;:513,&quot;3&quot;:{&quot;1&quot;:0},&quot;12&quot;:0}\">\"Ich habe in meinem ganzen Leben kein sch\u00f6neres Jagdgefilde kennengelernt als in den Tagen der Somme-Schlacht. Morgens, wenn man aufgestanden, kamen schon die ersten Engl\u00e4nder, und die letzten verschwanden, nachdem schon lange die Sonne untergegangen war. \u00bbEin Dorado f\u00fcr die Jagdflieger\u00ab, hat Boelcke einmal gesagt. Es ist damals die Zeit gewesen, wo Boelcke in zwei Monaten mit seinen Absch\u00fcssen von zwanzig auf vierzig gestiegen war. Wir Anf\u00e4nger hatten damals noch nicht die Erfahrung wie unser Meister und waren ganz zufrieden, wenn wir nicht selbst Senge bezogen. Aber sch\u00f6n war es! Kein Start ohne Luftkampf. Oft gro\u00dfe Luftschlachten von vierzig bis sechzig Engl\u00e4ndern gegen leider nicht immer so viele Deutsche. Bei ihnen macht es die Quantit\u00e4t und bei uns die Qualit\u00e4t. Aber der Engl\u00e4nder ist ein schneidiger Bursche, das mu\u00df man ihm lassen. Er kam ab und zu in ganz niedriger H\u00f6he und besuchte Boelcke auf seinem Platz mit Bomben. Er forderte zum Kampf f\u00f6rmlich heraus und nahm ihn auch stets an. Ich habe kaum einen Engl\u00e4nder getroffen, der den Kampf verweigert h\u00e4tte, w\u00e4hrend der Franzose es vorzieht, jede Ber\u00fchrung mit dem Gegner in der Luft peinlichst zu vermeiden. Es waren sch\u00f6ne Zeiten bei unserer Jagdstaffel. Der Geist des F\u00fchrers \u00fcbertrug sich auf seine Sch\u00fcler. Wir konnten uns blindlings seiner F\u00fchrung anvertrauen. Die M\u00f6glichkeit, da\u00df einer im Stich gelassen wurde, gab es nicht. Der Gedanke kam einem \u00fcberhaupt nicht. Und so r\u00e4umten wir flott und munter unter unseren Feinden auf. An dem Tage, an dem Boelcke fiel, hatte die Staffel schon vierzig. Jetzt hat sie weit \u00fcber hundert. Der Geist Boelckes lebt fort unter seinen t\u00fcchtigen Nachfolgern.\"<\/span>"},"event-type-id":{"type":"numeric","raw":"2"},"source-id":{"type":"numeric","raw":"4"},"source-long-in-event":{"type":"textfield","raw":"Der rote Kampfflieger von Rittmeister Manfred Freiherrn von Richthofen, 1917, 351.000 - 400.000, Verlag Ullstein & Co, Berlin-Wien"},"pagenumber":{"type":"textfield","raw":"94"},"airplane-id":{"type":"textfield","raw":""},"combat-id":{"type":"textfield","raw":""},"event-type":{"type":"select","raw":"5"},"source-language":{"type":"select","raw":"2"},"picture":{"type":"image","raw":["https:\/\/www.meettheredbaron.com\/wp-content\/uploads\/2023\/08\/380.jpg"],"repeatable":[{"raw":"https:\/\/www.meettheredbaron.com\/wp-content\/uploads\/2023\/08\/380.jpg","attachment_id":9489}]}}},"_links":{"self":[{"href":"https:\/\/www.meettheredbaron.com\/de\/wp-json\/wp\/v2\/event\/13003","targetHints":{"allow":["GET"]}}],"collection":[{"href":"https:\/\/www.meettheredbaron.com\/de\/wp-json\/wp\/v2\/event"}],"about":[{"href":"https:\/\/www.meettheredbaron.com\/de\/wp-json\/wp\/v2\/types\/event"}],"replies":[{"embeddable":true,"href":"https:\/\/www.meettheredbaron.com\/de\/wp-json\/wp\/v2\/comments?post=13003"}],"wp:attachment":[{"href":"https:\/\/www.meettheredbaron.com\/de\/wp-json\/wp\/v2\/media?parent=13003"}],"wp:term":[{"taxonomy":"event-type","embeddable":true,"href":"https:\/\/www.meettheredbaron.com\/de\/wp-json\/wp\/v2\/event-type?post=13003"},{"taxonomy":"source-language","embeddable":true,"href":"https:\/\/www.meettheredbaron.com\/de\/wp-json\/wp\/v2\/source-language?post=13003"},{"taxonomy":"source-id-tax","embeddable":true,"href":"https:\/\/www.meettheredbaron.com\/de\/wp-json\/wp\/v2\/source-id-tax?post=13003"}],"curies":[{"name":"wp","href":"https:\/\/api.w.org\/{rel}","templated":true}]}}