{"id":12910,"date":"2022-01-02T12:38:34","date_gmt":"2022-01-02T11:38:34","guid":{"rendered":"https:\/\/www.meettheredbaron.com\/event\/damals-wollte-er-ein-groser-reitergeneral-sein\/"},"modified":"2025-05-22T15:39:48","modified_gmt":"2025-05-22T14:39:48","slug":"damals-wollte-er-ein-groser-reitergeneral-sein","status":"publish","type":"event","link":"https:\/\/www.meettheredbaron.com\/de\/event\/damals-wollte-er-ein-groser-reitergeneral-sein\/","title":{"rendered":"Damals wollte er ein gro\u00dfer Reitergeneral sein"},"content":{"rendered":"\n<p>&#8222;So hat Manfred auch die Kadettenzeit durchgehalten, obwohl ihm diese Art der Erziehung und Jugendbehandlung nicht allzusehr zusagte. Aber er hat die Z\u00e4hne zusammengebissen und bei ellen im Haus der Eltern verbrachten Ferien niemals geklagt. Mir, seinem j\u00fcngeren Bruder, hat er allerdings mehrfag gesagt: &#8222;Wenn du kannst, verzichte auf das Vergn\u00fcgen, im Pennal ist es zwar auch nicht sch\u00f6n, aber immer noch besser.&#8220; Dabei hatte Manfred f\u00fcr den Offiziersberuf sehr fr\u00fchzeitig entschieden, und wohl immer hat bei ihm der Entschlu\u00df festgestanden, in der von ihm erw\u00e4hlten Laufbahn Au\u00dferordentliches zu leisten. Damals dachte er allerdings daran, einmal ein gro\u00dfer Reitergeneral zu werden. Er konnte nicht ahnen, da\u00df er nicht auf der festen Erde, sondern in den L\u00fcften der Erste werden w\u00fcrde.&#8220;<\/p>\n","protected":false},"comment_status":"open","ping_status":"closed","template":"","event-type":[256],"source-language":[260],"source-id-tax":[296],"class_list":["post-12910","event","type-event","status-publish","hentry","event-type-anecdote-de","source-language-deutsch-de","source-id-tax-der-rote-kampfflieger-von-rittmeister-manfred-freiherrn-von-richthofen-1933-eingeleitet-und-erganzt-von-bolko-freiherr-von-richthofen-mit-einem-vorwort-von-generalfeldmarschall-hermann-goring-verl-de","entry","no-media"],"yoast_head":"<!-- This site is optimized with the Yoast SEO plugin v26.7 - https:\/\/yoast.com\/wordpress\/plugins\/seo\/ -->\n<title>Damals wollte er ein gro\u00dfer Reitergeneral sein - Meet The Red Baron<\/title>\n<meta name=\"robots\" content=\"index, follow, max-snippet:-1, max-image-preview:large, max-video-preview:-1\" \/>\n<link rel=\"canonical\" href=\"https:\/\/www.meettheredbaron.com\/de\/event\/damals-wollte-er-ein-groser-reitergeneral-sein\/\" \/>\n<meta property=\"og:locale\" content=\"de_DE\" \/>\n<meta property=\"og:type\" content=\"article\" \/>\n<meta property=\"og:title\" content=\"Damals wollte er ein gro\u00dfer Reitergeneral sein - Meet The Red Baron\" \/>\n<meta property=\"og:description\" content=\"&#8222;So hat Manfred auch die Kadettenzeit durchgehalten, obwohl ihm diese Art der Erziehung und Jugendbehandlung nicht allzusehr zusagte. Aber er hat die Z\u00e4hne zusammengebissen und bei ellen im Haus der Eltern verbrachten Ferien niemals geklagt. Mir, seinem j\u00fcngeren Bruder, hat er allerdings mehrfag gesagt: &#8222;Wenn du kannst, verzichte auf das Vergn\u00fcgen, im Pennal ist es&hellip;\" \/>\n<meta property=\"og:url\" content=\"https:\/\/www.meettheredbaron.com\/de\/event\/damals-wollte-er-ein-groser-reitergeneral-sein\/\" \/>\n<meta property=\"og:site_name\" content=\"Meet The Red Baron\" \/>\n<meta property=\"article:modified_time\" content=\"2025-05-22T14:39:48+00:00\" \/>\n<script type=\"application\/ld+json\" class=\"yoast-schema-graph\">{\"@context\":\"https:\/\/schema.org\",\"@graph\":[{\"@type\":\"WebPage\",\"@id\":\"https:\/\/www.meettheredbaron.com\/de\/event\/damals-wollte-er-ein-groser-reitergeneral-sein\/\",\"url\":\"https:\/\/www.meettheredbaron.com\/de\/event\/damals-wollte-er-ein-groser-reitergeneral-sein\/\",\"name\":\"Damals wollte er ein gro\u00dfer Reitergeneral sein - Meet The Red Baron\",\"isPartOf\":{\"@id\":\"https:\/\/www.meettheredbaron.com\/de\/#website\"},\"datePublished\":\"2022-01-02T11:38:34+00:00\",\"dateModified\":\"2025-05-22T14:39:48+00:00\",\"breadcrumb\":{\"@id\":\"https:\/\/www.meettheredbaron.com\/de\/event\/damals-wollte-er-ein-groser-reitergeneral-sein\/#breadcrumb\"},\"inLanguage\":\"de\",\"potentialAction\":[{\"@type\":\"ReadAction\",\"target\":[\"https:\/\/www.meettheredbaron.com\/de\/event\/damals-wollte-er-ein-groser-reitergeneral-sein\/\"]}]},{\"@type\":\"BreadcrumbList\",\"@id\":\"https:\/\/www.meettheredbaron.com\/de\/event\/damals-wollte-er-ein-groser-reitergeneral-sein\/#breadcrumb\",\"itemListElement\":[{\"@type\":\"ListItem\",\"position\":1,\"name\":\"Home\",\"item\":\"https:\/\/www.meettheredbaron.com\/de\/\"},{\"@type\":\"ListItem\",\"position\":2,\"name\":\"Events\",\"item\":\"https:\/\/www.meettheredbaron.com\/de\/event\/\"},{\"@type\":\"ListItem\",\"position\":3,\"name\":\"Damals wollte er ein gro\u00dfer Reitergeneral sein\"}]},{\"@type\":\"WebSite\",\"@id\":\"https:\/\/www.meettheredbaron.com\/de\/#website\",\"url\":\"https:\/\/www.meettheredbaron.com\/de\/\",\"name\":\"Meet The Red Baron\",\"description\":\"The life and death of Manfred von Richthofen.\",\"publisher\":{\"@id\":\"https:\/\/www.meettheredbaron.com\/de\/#\/schema\/person\/fd320c77882d0d84e4b88ef15120767f\"},\"potentialAction\":[{\"@type\":\"SearchAction\",\"target\":{\"@type\":\"EntryPoint\",\"urlTemplate\":\"https:\/\/www.meettheredbaron.com\/de\/?s={search_term_string}\"},\"query-input\":{\"@type\":\"PropertyValueSpecification\",\"valueRequired\":true,\"valueName\":\"search_term_string\"}}],\"inLanguage\":\"de\"},{\"@type\":[\"Person\",\"Organization\"],\"@id\":\"https:\/\/www.meettheredbaron.com\/de\/#\/schema\/person\/fd320c77882d0d84e4b88ef15120767f\",\"name\":\"heinpoblome\",\"image\":{\"@type\":\"ImageObject\",\"inLanguage\":\"de\",\"@id\":\"https:\/\/www.meettheredbaron.com\/de\/#\/schema\/person\/image\/\",\"url\":\"https:\/\/www.meettheredbaron.com\/wp-content\/uploads\/2021\/12\/266-scaled.jpg\",\"contentUrl\":\"https:\/\/www.meettheredbaron.com\/wp-content\/uploads\/2021\/12\/266-scaled.jpg\",\"width\":1850,\"height\":2560,\"caption\":\"heinpoblome\"},\"logo\":{\"@id\":\"https:\/\/www.meettheredbaron.com\/de\/#\/schema\/person\/image\/\"},\"sameAs\":[\"http:\/\/www.meettheredbaron.com\"]}]}<\/script>\n<!-- \/ Yoast SEO plugin. -->","yoast_head_json":{"title":"Damals wollte er ein gro\u00dfer Reitergeneral sein - Meet The Red Baron","robots":{"index":"index","follow":"follow","max-snippet":"max-snippet:-1","max-image-preview":"max-image-preview:large","max-video-preview":"max-video-preview:-1"},"canonical":"https:\/\/www.meettheredbaron.com\/de\/event\/damals-wollte-er-ein-groser-reitergeneral-sein\/","og_locale":"de_DE","og_type":"article","og_title":"Damals wollte er ein gro\u00dfer Reitergeneral sein - Meet The Red Baron","og_description":"&#8222;So hat Manfred auch die Kadettenzeit durchgehalten, obwohl ihm diese Art der Erziehung und Jugendbehandlung nicht allzusehr zusagte. Aber er hat die Z\u00e4hne zusammengebissen und bei ellen im Haus der Eltern verbrachten Ferien niemals geklagt. Mir, seinem j\u00fcngeren Bruder, hat er allerdings mehrfag gesagt: &#8222;Wenn du kannst, verzichte auf das Vergn\u00fcgen, im Pennal ist es&hellip;","og_url":"https:\/\/www.meettheredbaron.com\/de\/event\/damals-wollte-er-ein-groser-reitergeneral-sein\/","og_site_name":"Meet The Red Baron","article_modified_time":"2025-05-22T14:39:48+00:00","schema":{"@context":"https:\/\/schema.org","@graph":[{"@type":"WebPage","@id":"https:\/\/www.meettheredbaron.com\/de\/event\/damals-wollte-er-ein-groser-reitergeneral-sein\/","url":"https:\/\/www.meettheredbaron.com\/de\/event\/damals-wollte-er-ein-groser-reitergeneral-sein\/","name":"Damals wollte er ein gro\u00dfer Reitergeneral sein - Meet The Red Baron","isPartOf":{"@id":"https:\/\/www.meettheredbaron.com\/de\/#website"},"datePublished":"2022-01-02T11:38:34+00:00","dateModified":"2025-05-22T14:39:48+00:00","breadcrumb":{"@id":"https:\/\/www.meettheredbaron.com\/de\/event\/damals-wollte-er-ein-groser-reitergeneral-sein\/#breadcrumb"},"inLanguage":"de","potentialAction":[{"@type":"ReadAction","target":["https:\/\/www.meettheredbaron.com\/de\/event\/damals-wollte-er-ein-groser-reitergeneral-sein\/"]}]},{"@type":"BreadcrumbList","@id":"https:\/\/www.meettheredbaron.com\/de\/event\/damals-wollte-er-ein-groser-reitergeneral-sein\/#breadcrumb","itemListElement":[{"@type":"ListItem","position":1,"name":"Home","item":"https:\/\/www.meettheredbaron.com\/de\/"},{"@type":"ListItem","position":2,"name":"Events","item":"https:\/\/www.meettheredbaron.com\/de\/event\/"},{"@type":"ListItem","position":3,"name":"Damals wollte er ein gro\u00dfer Reitergeneral sein"}]},{"@type":"WebSite","@id":"https:\/\/www.meettheredbaron.com\/de\/#website","url":"https:\/\/www.meettheredbaron.com\/de\/","name":"Meet The Red Baron","description":"The life and death of Manfred von Richthofen.","publisher":{"@id":"https:\/\/www.meettheredbaron.com\/de\/#\/schema\/person\/fd320c77882d0d84e4b88ef15120767f"},"potentialAction":[{"@type":"SearchAction","target":{"@type":"EntryPoint","urlTemplate":"https:\/\/www.meettheredbaron.com\/de\/?s={search_term_string}"},"query-input":{"@type":"PropertyValueSpecification","valueRequired":true,"valueName":"search_term_string"}}],"inLanguage":"de"},{"@type":["Person","Organization"],"@id":"https:\/\/www.meettheredbaron.com\/de\/#\/schema\/person\/fd320c77882d0d84e4b88ef15120767f","name":"heinpoblome","image":{"@type":"ImageObject","inLanguage":"de","@id":"https:\/\/www.meettheredbaron.com\/de\/#\/schema\/person\/image\/","url":"https:\/\/www.meettheredbaron.com\/wp-content\/uploads\/2021\/12\/266-scaled.jpg","contentUrl":"https:\/\/www.meettheredbaron.com\/wp-content\/uploads\/2021\/12\/266-scaled.jpg","width":1850,"height":2560,"caption":"heinpoblome"},"logo":{"@id":"https:\/\/www.meettheredbaron.com\/de\/#\/schema\/person\/image\/"},"sameAs":["http:\/\/www.meettheredbaron.com"]}]}},"toolset-meta":{"field-group-for-events-2":[],"field-group-for-events":{"date":{"type":"date","raw":"-2096064000","formatted":"08\/01\/1903 00:00"},"date-as-a-string":{"type":"textfield","raw":"08\/01\/1903"},"date-description":{"type":"textfield","raw":"1903-1909"},"geolocation":{"type":"google_address","raw":"51.14543311995445, 16.243070199541556"},"location-description":{"type":"textfield","raw":"Kadettenanstalt Wahlstatt"},"town-name":{"type":"textfield","raw":"Legnickie Pole"},"historical-town-name":{"type":"textfield","raw":"Wahlstatt"},"event-id":{"type":"numeric","raw":"490"},"event-short":{"type":"textfield","raw":"Damals wollte er ein gro\u00dfer Reitergeneral sein"},"event-description":{"type":"wysiwyg","raw":"\"So hat Manfred auch die Kadettenzeit durchgehalten, obwohl ihm diese Art der Erziehung und Jugendbehandlung nicht allzusehr zusagte. Aber er hat die Z\u00e4hne zusammengebissen und bei ellen im Haus der Eltern verbrachten Ferien niemals geklagt. Mir, seinem j\u00fcngeren Bruder, hat er allerdings mehrfag gesagt: \"Wenn du kannst, verzichte auf das Vergn\u00fcgen, im Pennal ist es zwar auch nicht sch\u00f6n, aber immer noch besser.\" Dabei hatte Manfred f\u00fcr den Offiziersberuf sehr fr\u00fchzeitig entschieden, und wohl immer hat bei ihm der Entschlu\u00df festgestanden, in der von ihm erw\u00e4hlten Laufbahn Au\u00dferordentliches zu leisten. Damals dachte er allerdings daran, einmal ein gro\u00dfer Reitergeneral zu werden. Er konnte nicht ahnen, da\u00df er nicht auf der festen Erde, sondern in den L\u00fcften der Erste werden w\u00fcrde.\""},"event-type-id":{"type":"numeric","raw":"10"},"source-id":{"type":"numeric","raw":"22"},"source-long-in-event":{"type":"textfield","raw":"Der rote Kampfflieger von Rittmeister Manfred Freiherrn von Richthofen, 1933, Eingeleitet und erg\u00e4nzt von Bolko Freiherr von Richthofen, mit einem Vorwort von Generalfeldmarschall Hermann G\u00f6ring, Verlag Ullstein & Co, Berlin"},"pagenumber":{"type":"textfield","raw":""},"airplane-id":{"type":"textfield","raw":""},"combat-id":{"type":"textfield","raw":""},"event-type":{"type":"select","raw":"10"},"source-language":{"type":"select","raw":"2"},"picture":{"type":"image","raw":[""],"repeatable":[{"raw":""}]}}},"_links":{"self":[{"href":"https:\/\/www.meettheredbaron.com\/de\/wp-json\/wp\/v2\/event\/12910","targetHints":{"allow":["GET"]}}],"collection":[{"href":"https:\/\/www.meettheredbaron.com\/de\/wp-json\/wp\/v2\/event"}],"about":[{"href":"https:\/\/www.meettheredbaron.com\/de\/wp-json\/wp\/v2\/types\/event"}],"replies":[{"embeddable":true,"href":"https:\/\/www.meettheredbaron.com\/de\/wp-json\/wp\/v2\/comments?post=12910"}],"wp:attachment":[{"href":"https:\/\/www.meettheredbaron.com\/de\/wp-json\/wp\/v2\/media?parent=12910"}],"wp:term":[{"taxonomy":"event-type","embeddable":true,"href":"https:\/\/www.meettheredbaron.com\/de\/wp-json\/wp\/v2\/event-type?post=12910"},{"taxonomy":"source-language","embeddable":true,"href":"https:\/\/www.meettheredbaron.com\/de\/wp-json\/wp\/v2\/source-language?post=12910"},{"taxonomy":"source-id-tax","embeddable":true,"href":"https:\/\/www.meettheredbaron.com\/de\/wp-json\/wp\/v2\/source-id-tax?post=12910"}],"curies":[{"name":"wp","href":"https:\/\/api.w.org\/{rel}","templated":true}]}}