{"id":12862,"date":"2022-01-07T17:55:45","date_gmt":"2022-01-07T16:55:45","guid":{"rendered":"https:\/\/www.meettheredbaron.com\/event\/die-beisetzung\/"},"modified":"2025-05-24T11:17:58","modified_gmt":"2025-05-24T10:17:58","slug":"die-beisetzung","status":"publish","type":"event","link":"https:\/\/www.meettheredbaron.com\/de\/event\/die-beisetzung\/","title":{"rendered":"Die Beisetzung"},"content":{"rendered":"\n<p>&#8222;Am Nachmittag des 20. November fand die Beisetzung statt. Schon zur Mittagszeit begann die Wanderung der Menschenmassen. Dann kam der Reichspr\u00e4sident von Hindenburg, den meine Mutter und ich begr\u00fc\u00dften. Mit ihm erschien der Reichskanzler Luther, der Reichswehrminister Dr. Ge\u00dfler, General von Seeckt an der Spitze der ganzen Berliner Generalit\u00e4t und Admiral Zenker mit den Offizieren der Marine. Die Feier in der Kirche war w\u00fcrdig und kurz. Dann hoben acht Flieger, Ritter des Ordens Pour le m\u00e9rite, den Sarg auf die vom 2. Preu\u00dfischen Artillerie-Regiment gestellte Lafette. Eine Kompanie des Wachtregiments setzte sich an die Spitze, und unter dumpfen Trommelwirbeln ging der Zug auf der von ungez\u00e4hlten Vereinen ges\u00e4umten Stra\u00dfe zum Invalidenfriedhof. Ein fr\u00fcherer Regimentskamerad, jetzt Reichswehroffizier, trug dem Sarg die F\u00fclle der Kriegsorden voran, die Manfred in seinem Leben verliehen worden waren. \u00dcber dem Friedhof kreisten die Flugzeuge mit schwarzen Wimpeln, und dreimal feuerte die Ehrenkompanie den letzten Salut. W\u00e4hrend die Reichswehrkapelle das Lied vom guten Kameraden spielte, sank der Sarg in de Tiefe. Der Reichswehrminister sprach die Worte: &#8222;Wenn wir Manfred von Ricthofens sterbliche \u00dcberreste der Erde zur\u00fcckgeben, legen wir zugleich das Gel\u00f6bnis ab, da\u00df wir in Glauben und Hoffen unserem Vaterlande geh\u00f6ren, f\u00fcr das er gefallen ist.&#8220;<\/p>\n\n\n\n<p>Unter den unz\u00e4hligen Teilnehmern dieser Trauerfeier wird es niemanden gegeben haben, der diesen Worten nicht aus innerster Seele zugestimmt h\u00e4tte. So hat Manfred in der Mitte der Reichshauptstadt seine letzte, bleibende Ruhest\u00e4tte gefunden. Wie sehr aber sein Andenken im Herzen des Volkes fortlebt, das zeigen die Tausend und aber Tausende von Volksgenossen, die jahraus, jahrein, vor allem an Sonn- und Feiertagen, auch heute noch in ungeminderter Zahl sein Grab besuchen und trauernd und nachdenklich, zugleich aber von vaterl\u00e4ndischem Stolz erf\u00fcllt, sich im Geiste vor den Manen des ritterlichen deutschen Helden der L\u00fcfte neigen.&#8220;<\/p>\n","protected":false},"comment_status":"open","ping_status":"closed","template":"","event-type":[222],"source-language":[260],"source-id-tax":[296],"class_list":["post-12862","event","type-event","status-publish","hentry","event-type-relocation-trips-de","source-language-deutsch-de","source-id-tax-der-rote-kampfflieger-von-rittmeister-manfred-freiherrn-von-richthofen-1933-eingeleitet-und-erganzt-von-bolko-freiherr-von-richthofen-mit-einem-vorwort-von-generalfeldmarschall-hermann-goring-verl-de","entry","no-media"],"yoast_head":"<!-- This site is optimized with the Yoast SEO plugin v26.7 - https:\/\/yoast.com\/wordpress\/plugins\/seo\/ -->\n<title>Die Beisetzung - Meet The Red Baron<\/title>\n<meta name=\"robots\" content=\"index, follow, max-snippet:-1, max-image-preview:large, max-video-preview:-1\" \/>\n<link rel=\"canonical\" href=\"https:\/\/www.meettheredbaron.com\/de\/event\/die-beisetzung\/\" \/>\n<meta property=\"og:locale\" content=\"de_DE\" \/>\n<meta property=\"og:type\" content=\"article\" \/>\n<meta property=\"og:title\" content=\"Die Beisetzung - Meet The Red Baron\" \/>\n<meta property=\"og:description\" content=\"&#8222;Am Nachmittag des 20. November fand die Beisetzung statt. Schon zur Mittagszeit begann die Wanderung der Menschenmassen. Dann kam der Reichspr\u00e4sident von Hindenburg, den meine Mutter und ich begr\u00fc\u00dften. Mit ihm erschien der Reichskanzler Luther, der Reichswehrminister Dr. Ge\u00dfler, General von Seeckt an der Spitze der ganzen Berliner Generalit\u00e4t und Admiral Zenker mit den Offizieren&hellip;\" \/>\n<meta property=\"og:url\" content=\"https:\/\/www.meettheredbaron.com\/de\/event\/die-beisetzung\/\" \/>\n<meta property=\"og:site_name\" content=\"Meet The Red Baron\" \/>\n<meta property=\"article:modified_time\" content=\"2025-05-24T10:17:58+00:00\" \/>\n<script type=\"application\/ld+json\" class=\"yoast-schema-graph\">{\"@context\":\"https:\/\/schema.org\",\"@graph\":[{\"@type\":\"WebPage\",\"@id\":\"https:\/\/www.meettheredbaron.com\/de\/event\/die-beisetzung\/\",\"url\":\"https:\/\/www.meettheredbaron.com\/de\/event\/die-beisetzung\/\",\"name\":\"Die Beisetzung - Meet The Red Baron\",\"isPartOf\":{\"@id\":\"https:\/\/www.meettheredbaron.com\/de\/#website\"},\"datePublished\":\"2022-01-07T16:55:45+00:00\",\"dateModified\":\"2025-05-24T10:17:58+00:00\",\"breadcrumb\":{\"@id\":\"https:\/\/www.meettheredbaron.com\/de\/event\/die-beisetzung\/#breadcrumb\"},\"inLanguage\":\"de\",\"potentialAction\":[{\"@type\":\"ReadAction\",\"target\":[\"https:\/\/www.meettheredbaron.com\/de\/event\/die-beisetzung\/\"]}]},{\"@type\":\"BreadcrumbList\",\"@id\":\"https:\/\/www.meettheredbaron.com\/de\/event\/die-beisetzung\/#breadcrumb\",\"itemListElement\":[{\"@type\":\"ListItem\",\"position\":1,\"name\":\"Home\",\"item\":\"https:\/\/www.meettheredbaron.com\/de\/\"},{\"@type\":\"ListItem\",\"position\":2,\"name\":\"Events\",\"item\":\"https:\/\/www.meettheredbaron.com\/de\/event\/\"},{\"@type\":\"ListItem\",\"position\":3,\"name\":\"Die Beisetzung\"}]},{\"@type\":\"WebSite\",\"@id\":\"https:\/\/www.meettheredbaron.com\/de\/#website\",\"url\":\"https:\/\/www.meettheredbaron.com\/de\/\",\"name\":\"Meet The Red Baron\",\"description\":\"The life and death of Manfred von Richthofen.\",\"publisher\":{\"@id\":\"https:\/\/www.meettheredbaron.com\/de\/#\/schema\/person\/fd320c77882d0d84e4b88ef15120767f\"},\"potentialAction\":[{\"@type\":\"SearchAction\",\"target\":{\"@type\":\"EntryPoint\",\"urlTemplate\":\"https:\/\/www.meettheredbaron.com\/de\/?s={search_term_string}\"},\"query-input\":{\"@type\":\"PropertyValueSpecification\",\"valueRequired\":true,\"valueName\":\"search_term_string\"}}],\"inLanguage\":\"de\"},{\"@type\":[\"Person\",\"Organization\"],\"@id\":\"https:\/\/www.meettheredbaron.com\/de\/#\/schema\/person\/fd320c77882d0d84e4b88ef15120767f\",\"name\":\"heinpoblome\",\"image\":{\"@type\":\"ImageObject\",\"inLanguage\":\"de\",\"@id\":\"https:\/\/www.meettheredbaron.com\/de\/#\/schema\/person\/image\/\",\"url\":\"https:\/\/www.meettheredbaron.com\/wp-content\/uploads\/2021\/12\/266-scaled.jpg\",\"contentUrl\":\"https:\/\/www.meettheredbaron.com\/wp-content\/uploads\/2021\/12\/266-scaled.jpg\",\"width\":1850,\"height\":2560,\"caption\":\"heinpoblome\"},\"logo\":{\"@id\":\"https:\/\/www.meettheredbaron.com\/de\/#\/schema\/person\/image\/\"},\"sameAs\":[\"http:\/\/www.meettheredbaron.com\"]}]}<\/script>\n<!-- \/ Yoast SEO plugin. -->","yoast_head_json":{"title":"Die Beisetzung - Meet The Red Baron","robots":{"index":"index","follow":"follow","max-snippet":"max-snippet:-1","max-image-preview":"max-image-preview:large","max-video-preview":"max-video-preview:-1"},"canonical":"https:\/\/www.meettheredbaron.com\/de\/event\/die-beisetzung\/","og_locale":"de_DE","og_type":"article","og_title":"Die Beisetzung - Meet The Red Baron","og_description":"&#8222;Am Nachmittag des 20. November fand die Beisetzung statt. Schon zur Mittagszeit begann die Wanderung der Menschenmassen. Dann kam der Reichspr\u00e4sident von Hindenburg, den meine Mutter und ich begr\u00fc\u00dften. Mit ihm erschien der Reichskanzler Luther, der Reichswehrminister Dr. Ge\u00dfler, General von Seeckt an der Spitze der ganzen Berliner Generalit\u00e4t und Admiral Zenker mit den Offizieren&hellip;","og_url":"https:\/\/www.meettheredbaron.com\/de\/event\/die-beisetzung\/","og_site_name":"Meet The Red Baron","article_modified_time":"2025-05-24T10:17:58+00:00","schema":{"@context":"https:\/\/schema.org","@graph":[{"@type":"WebPage","@id":"https:\/\/www.meettheredbaron.com\/de\/event\/die-beisetzung\/","url":"https:\/\/www.meettheredbaron.com\/de\/event\/die-beisetzung\/","name":"Die Beisetzung - Meet The Red Baron","isPartOf":{"@id":"https:\/\/www.meettheredbaron.com\/de\/#website"},"datePublished":"2022-01-07T16:55:45+00:00","dateModified":"2025-05-24T10:17:58+00:00","breadcrumb":{"@id":"https:\/\/www.meettheredbaron.com\/de\/event\/die-beisetzung\/#breadcrumb"},"inLanguage":"de","potentialAction":[{"@type":"ReadAction","target":["https:\/\/www.meettheredbaron.com\/de\/event\/die-beisetzung\/"]}]},{"@type":"BreadcrumbList","@id":"https:\/\/www.meettheredbaron.com\/de\/event\/die-beisetzung\/#breadcrumb","itemListElement":[{"@type":"ListItem","position":1,"name":"Home","item":"https:\/\/www.meettheredbaron.com\/de\/"},{"@type":"ListItem","position":2,"name":"Events","item":"https:\/\/www.meettheredbaron.com\/de\/event\/"},{"@type":"ListItem","position":3,"name":"Die Beisetzung"}]},{"@type":"WebSite","@id":"https:\/\/www.meettheredbaron.com\/de\/#website","url":"https:\/\/www.meettheredbaron.com\/de\/","name":"Meet The Red Baron","description":"The life and death of Manfred von Richthofen.","publisher":{"@id":"https:\/\/www.meettheredbaron.com\/de\/#\/schema\/person\/fd320c77882d0d84e4b88ef15120767f"},"potentialAction":[{"@type":"SearchAction","target":{"@type":"EntryPoint","urlTemplate":"https:\/\/www.meettheredbaron.com\/de\/?s={search_term_string}"},"query-input":{"@type":"PropertyValueSpecification","valueRequired":true,"valueName":"search_term_string"}}],"inLanguage":"de"},{"@type":["Person","Organization"],"@id":"https:\/\/www.meettheredbaron.com\/de\/#\/schema\/person\/fd320c77882d0d84e4b88ef15120767f","name":"heinpoblome","image":{"@type":"ImageObject","inLanguage":"de","@id":"https:\/\/www.meettheredbaron.com\/de\/#\/schema\/person\/image\/","url":"https:\/\/www.meettheredbaron.com\/wp-content\/uploads\/2021\/12\/266-scaled.jpg","contentUrl":"https:\/\/www.meettheredbaron.com\/wp-content\/uploads\/2021\/12\/266-scaled.jpg","width":1850,"height":2560,"caption":"heinpoblome"},"logo":{"@id":"https:\/\/www.meettheredbaron.com\/de\/#\/schema\/person\/image\/"},"sameAs":["http:\/\/www.meettheredbaron.com"]}]}},"toolset-meta":{"field-group-for-events-2":[],"field-group-for-events":{"date":{"type":"date","raw":"-1392163200","formatted":"11\/20\/1925 00:00"},"date-as-a-string":{"type":"textfield","raw":"11\/20\/1925"},"date-description":{"type":"textfield","raw":""},"geolocation":{"type":"google_address","raw":"52.532013517448796, 13.371082578543202"},"location-description":{"type":"textfield","raw":"Invalidenfriedhof"},"town-name":{"type":"textfield","raw":"Berlin"},"historical-town-name":{"type":"textfield","raw":""},"event-id":{"type":"numeric","raw":"506"},"event-short":{"type":"textfield","raw":"Die Beisetzung"},"event-description":{"type":"wysiwyg","raw":"\"Am Nachmittag des 20. November fand die Beisetzung statt. Schon zur Mittagszeit begann die Wanderung der Menschenmassen. Dann kam der Reichspr\u00e4sident von Hindenburg, den meine Mutter und ich begr\u00fc\u00dften. Mit ihm erschien der Reichskanzler Luther, der Reichswehrminister Dr. Ge\u00dfler, General von Seeckt an der Spitze der ganzen Berliner Generalit\u00e4t und Admiral Zenker mit den Offizieren der Marine. Die Feier in der Kirche war w\u00fcrdig und kurz. Dann hoben acht Flieger, Ritter des Ordens Pour le m\u00e9rite, den Sarg auf die vom 2. Preu\u00dfischen Artillerie-Regiment gestellte Lafette. Eine Kompanie des Wachtregiments setzte sich an die Spitze, und unter dumpfen Trommelwirbeln ging der Zug auf der von ungez\u00e4hlten Vereinen ges\u00e4umten Stra\u00dfe zum Invalidenfriedhof. Ein fr\u00fcherer Regimentskamerad, jetzt Reichswehroffizier, trug dem Sarg die F\u00fclle der Kriegsorden voran, die Manfred in seinem Leben verliehen worden waren. \u00dcber dem Friedhof kreisten die Flugzeuge mit schwarzen Wimpeln, und dreimal feuerte die Ehrenkompanie den letzten Salut. W\u00e4hrend die Reichswehrkapelle das Lied vom guten Kameraden spielte, sank der Sarg in de Tiefe. Der Reichswehrminister sprach die Worte: \"Wenn wir Manfred von Ricthofens sterbliche \u00dcberreste der Erde zur\u00fcckgeben, legen wir zugleich das Gel\u00f6bnis ab, da\u00df wir in Glauben und Hoffen unserem Vaterlande geh\u00f6ren, f\u00fcr das er gefallen ist.\"\r\n\r\nUnter den unz\u00e4hligen Teilnehmern dieser Trauerfeier wird es niemanden gegeben haben, der diesen Worten nicht aus innerster Seele zugestimmt h\u00e4tte. So hat Manfred in der Mitte der Reichshauptstadt seine letzte, bleibende Ruhest\u00e4tte gefunden. Wie sehr aber sein Andenken im Herzen des Volkes fortlebt, das zeigen die Tausend und aber Tausende von Volksgenossen, die jahraus, jahrein, vor allem an Sonn- und Feiertagen, auch heute noch in ungeminderter Zahl sein Grab besuchen und trauernd und nachdenklich, zugleich aber von vaterl\u00e4ndischem Stolz erf\u00fcllt, sich im Geiste vor den Manen des ritterlichen deutschen Helden der L\u00fcfte neigen.\""},"event-type-id":{"type":"numeric","raw":"1"},"source-id":{"type":"numeric","raw":"22"},"source-long-in-event":{"type":"textfield","raw":"Der rote Kampfflieger von Rittmeister Manfred Freiherrn von Richthofen, 1933, Eingeleitet und erg\u00e4nzt von Bolko Freiherr von Richthofen, mit einem Vorwort von Generalfeldmarschall Hermann G\u00f6ring, Verlag Ullstein & Co, Berlin"},"pagenumber":{"type":"textfield","raw":"261"},"airplane-id":{"type":"textfield","raw":""},"combat-id":{"type":"textfield","raw":""},"event-type":{"type":"select","raw":"3"},"source-language":{"type":"select","raw":"2"},"picture":{"type":"image","raw":["https:\/\/www.meettheredbaron.com\/wp-content\/uploads\/2021\/12\/166.jpg","https:\/\/www.meettheredbaron.com\/wp-content\/uploads\/2021\/12\/167.jpg","https:\/\/www.meettheredbaron.com\/wp-content\/uploads\/2025\/12\/618.jpg"],"repeatable":[{"raw":"https:\/\/www.meettheredbaron.com\/wp-content\/uploads\/2021\/12\/166.jpg","attachment_id":8262},{"raw":"https:\/\/www.meettheredbaron.com\/wp-content\/uploads\/2021\/12\/167.jpg","attachment_id":8265},{"raw":"https:\/\/www.meettheredbaron.com\/wp-content\/uploads\/2025\/12\/618.jpg","attachment_id":18353}]}}},"_links":{"self":[{"href":"https:\/\/www.meettheredbaron.com\/de\/wp-json\/wp\/v2\/event\/12862","targetHints":{"allow":["GET"]}}],"collection":[{"href":"https:\/\/www.meettheredbaron.com\/de\/wp-json\/wp\/v2\/event"}],"about":[{"href":"https:\/\/www.meettheredbaron.com\/de\/wp-json\/wp\/v2\/types\/event"}],"replies":[{"embeddable":true,"href":"https:\/\/www.meettheredbaron.com\/de\/wp-json\/wp\/v2\/comments?post=12862"}],"wp:attachment":[{"href":"https:\/\/www.meettheredbaron.com\/de\/wp-json\/wp\/v2\/media?parent=12862"}],"wp:term":[{"taxonomy":"event-type","embeddable":true,"href":"https:\/\/www.meettheredbaron.com\/de\/wp-json\/wp\/v2\/event-type?post=12862"},{"taxonomy":"source-language","embeddable":true,"href":"https:\/\/www.meettheredbaron.com\/de\/wp-json\/wp\/v2\/source-language?post=12862"},{"taxonomy":"source-id-tax","embeddable":true,"href":"https:\/\/www.meettheredbaron.com\/de\/wp-json\/wp\/v2\/source-id-tax?post=12862"}],"curies":[{"name":"wp","href":"https:\/\/api.w.org\/{rel}","templated":true}]}}