{"id":12709,"date":"2022-06-22T12:24:16","date_gmt":"2022-06-22T11:24:16","guid":{"rendered":"https:\/\/www.meettheredbaron.com\/event\/prof-dr-wegener-visits-jasta-11\/"},"modified":"2025-06-20T11:57:25","modified_gmt":"2025-06-20T10:57:25","slug":"prof-dr-wegener-visits-jasta-11","status":"publish","type":"event","link":"https:\/\/www.meettheredbaron.com\/de\/event\/prof-dr-wegener-visits-jasta-11\/","title":{"rendered":"Prof. Dr. Wegener besucht Jasta 11"},"content":{"rendered":"\n<p>&#8222;Am Abend des 11. April war Prof. Dr. Georg Wegener, Korrespondent der K\u00f6lnischen Zeitung, in La Brayelle eingetroffen. Um diesen Gast zu beeindrucken, lie\u00df Richthofen ein Fernrohr aufstellen, damit Wegener die Staffel bei ihrem Aufbruch zu ihrem ersten Einsatz am n\u00e4chsten Tag beobachten konnte. Wie sich herausstellte, hatte der Journalist einen Logenplatz f\u00fcr einen der gr\u00f6\u00dften Triumphe der Jasta 11.<\/p>\n\n\n\n<p>Zun\u00e4chst beobachtete Prof. Dr. Wegener mit gro\u00dfer Faszination die Aufstellung der bunten Flugzeuge und die jungen Flieger, die sie in die Schlacht flogen:<\/p>\n\n\n\n<p>&#8230; Nacheinander, bis der Starttermin feststand, zogen sie ihre Flugkleidung an, die wie eine Kombination aus einem Taucheranzug und einer holl\u00e4ndischen Fischeruniform aussah, und schlenderten mit den H\u00e4nden in den tiefen Taschen, lachend und scherzend, zwischen ihren Bodenmannschaften umher, die ihre Maschinen f\u00fcr den Start vorbereiteten, oder gingen zum gro\u00dfen Fernrohr, um den Himmel sorgf\u00e4ltig zu beobachten. Sogar Richthofen hatte bereits seine Ausr\u00fcstung angezogen und musterte den Himmel sorgf\u00e4ltig mit blo\u00dfem Auge.<\/p>\n\n\n\n<p>Pl\u00f6tzlich \u2013 ich selbst sah nicht die geringste Bewegung am klaren blauen Himmel \u2013 wandte er sich schnell einer in der N\u00e4he h\u00e4ngenden Glocke zu und l\u00e4utete Alarm. Sofort rannten alle Mechaniker zu ihren Maschinen; jeder Pilot eilte zu seiner eigenen, kletterte auf den Sitz, die Propeller dr\u00f6hnten, eines nach dem anderen rannten die kleinen schnellen Flugzeuge \u00fcber eine Strecke auf dem Boden, hoben ab und stiegen schnell in den blauen Himmel auf. Das letzte war Richthofens Flugzeug &#8230;<\/p>\n\n\n\n<p>\u201eDer gute Freund unten auf dem Boden war mehr als nur ein wenig erstaunt\u201c, schrieb Richthofen sp\u00e4ter. \u201eEr hatte sich das Ereignis ganz anders vorgestellt, viel dramatischer. Er fand, dass alles recht harmlos aussah, bis pl\u00f6tzlich einige der Flugzeuge, eines davon brennend wie eine Rakete, abst\u00fcrzten. Ich habe mich allm\u00e4hlich an diesen Anblick gew\u00f6hnt, aber ich muss sagen, dass der erste Engl\u00e4nder, den ich herunterst\u00fcrzen sah, einen schrecklichen Eindruck auf mich machte und ich lange davon tr\u00e4umte.\u201c&#8230;<\/p>\n\n\n\n<p>&#8230;Prof. Dr. Wegener schloss sich den Staffelmitgliedern an, als sie ihre zur\u00fcckkehrenden Kameraden begr\u00fc\u00dften. Er berichtete:<\/p>\n\n\n\n<p>&#8230;\u201eNiemand wurde verletzt. Es sah alles so aus, als h\u00e4tte es ein erfolgreiches Sportereignis sein k\u00f6nnen. Aber Richthofens Maschine zeigte, wie wenig das der Realit\u00e4t entsprach. Eine feindliche Maschinengewehrsalve traf den linken unteren Fl\u00fcgel, und der Stoff sah etwa anderthalb Meter lang aus, als w\u00e4re er mit einem gro\u00dfen Messer aufgeschlitzt worden. Und auf der \u00e4u\u00dferen Holzverkleidung in der N\u00e4he des Pilotensitzes verlief eine zweite Narbe, die zeigte, dass ein weiterer Schuss ihm beinahe das Leben gekostet h\u00e4tte.\u201c<\/p>\n\n\n\n<p>Nach einem sp\u00e4ten Fr\u00fchst\u00fcck startete Richthofen erneut, diesmal \u00fcber die britischen Linien, um RFC-Flugzeuge abzufangen, die von Eins\u00e4tzen \u00fcber deutschen Stellungen zur\u00fcckkehrten.&#8220;<\/p>\n","protected":false},"comment_status":"open","ping_status":"closed","template":"","event-type":[249],"source-language":[225],"source-id-tax":[281],"class_list":["post-12709","event","type-event","status-publish","hentry","event-type-testimonial-de","source-language-englisch","source-id-tax-richthofen-beyond-the-legend-of-the-red-baron-peter-kilduff-arms-and-armour-1993-de","entry","no-media"],"yoast_head":"<!-- This site is optimized with the Yoast SEO plugin v26.7 - https:\/\/yoast.com\/wordpress\/plugins\/seo\/ -->\n<title>Prof. Dr. Wegener besucht Jasta 11 - Meet The Red Baron<\/title>\n<meta name=\"robots\" content=\"index, follow, max-snippet:-1, max-image-preview:large, max-video-preview:-1\" \/>\n<link rel=\"canonical\" href=\"https:\/\/www.meettheredbaron.com\/de\/event\/prof-dr-wegener-visits-jasta-11\/\" \/>\n<meta property=\"og:locale\" content=\"de_DE\" \/>\n<meta property=\"og:type\" content=\"article\" \/>\n<meta property=\"og:title\" content=\"Prof. Dr. Wegener besucht Jasta 11 - Meet The Red Baron\" \/>\n<meta property=\"og:description\" content=\"&#8222;Am Abend des 11. April war Prof. Dr. Georg Wegener, Korrespondent der K\u00f6lnischen Zeitung, in La Brayelle eingetroffen. Um diesen Gast zu beeindrucken, lie\u00df Richthofen ein Fernrohr aufstellen, damit Wegener die Staffel bei ihrem Aufbruch zu ihrem ersten Einsatz am n\u00e4chsten Tag beobachten konnte. Wie sich herausstellte, hatte der Journalist einen Logenplatz f\u00fcr einen der&hellip;\" \/>\n<meta property=\"og:url\" content=\"https:\/\/www.meettheredbaron.com\/de\/event\/prof-dr-wegener-visits-jasta-11\/\" \/>\n<meta property=\"og:site_name\" content=\"Meet The Red Baron\" \/>\n<meta property=\"article:modified_time\" content=\"2025-06-20T10:57:25+00:00\" \/>\n<script type=\"application\/ld+json\" class=\"yoast-schema-graph\">{\"@context\":\"https:\/\/schema.org\",\"@graph\":[{\"@type\":\"WebPage\",\"@id\":\"https:\/\/www.meettheredbaron.com\/de\/event\/prof-dr-wegener-visits-jasta-11\/\",\"url\":\"https:\/\/www.meettheredbaron.com\/de\/event\/prof-dr-wegener-visits-jasta-11\/\",\"name\":\"Prof. Dr. Wegener besucht Jasta 11 - Meet The Red Baron\",\"isPartOf\":{\"@id\":\"https:\/\/www.meettheredbaron.com\/de\/#website\"},\"datePublished\":\"2022-06-22T11:24:16+00:00\",\"dateModified\":\"2025-06-20T10:57:25+00:00\",\"breadcrumb\":{\"@id\":\"https:\/\/www.meettheredbaron.com\/de\/event\/prof-dr-wegener-visits-jasta-11\/#breadcrumb\"},\"inLanguage\":\"de\",\"potentialAction\":[{\"@type\":\"ReadAction\",\"target\":[\"https:\/\/www.meettheredbaron.com\/de\/event\/prof-dr-wegener-visits-jasta-11\/\"]}]},{\"@type\":\"BreadcrumbList\",\"@id\":\"https:\/\/www.meettheredbaron.com\/de\/event\/prof-dr-wegener-visits-jasta-11\/#breadcrumb\",\"itemListElement\":[{\"@type\":\"ListItem\",\"position\":1,\"name\":\"Home\",\"item\":\"https:\/\/www.meettheredbaron.com\/de\/\"},{\"@type\":\"ListItem\",\"position\":2,\"name\":\"Events\",\"item\":\"https:\/\/www.meettheredbaron.com\/de\/event\/\"},{\"@type\":\"ListItem\",\"position\":3,\"name\":\"Prof. Dr. Wegener besucht Jasta 11\"}]},{\"@type\":\"WebSite\",\"@id\":\"https:\/\/www.meettheredbaron.com\/de\/#website\",\"url\":\"https:\/\/www.meettheredbaron.com\/de\/\",\"name\":\"Meet The Red Baron\",\"description\":\"The life and death of Manfred von Richthofen.\",\"publisher\":{\"@id\":\"https:\/\/www.meettheredbaron.com\/de\/#\/schema\/person\/fd320c77882d0d84e4b88ef15120767f\"},\"potentialAction\":[{\"@type\":\"SearchAction\",\"target\":{\"@type\":\"EntryPoint\",\"urlTemplate\":\"https:\/\/www.meettheredbaron.com\/de\/?s={search_term_string}\"},\"query-input\":{\"@type\":\"PropertyValueSpecification\",\"valueRequired\":true,\"valueName\":\"search_term_string\"}}],\"inLanguage\":\"de\"},{\"@type\":[\"Person\",\"Organization\"],\"@id\":\"https:\/\/www.meettheredbaron.com\/de\/#\/schema\/person\/fd320c77882d0d84e4b88ef15120767f\",\"name\":\"heinpoblome\",\"image\":{\"@type\":\"ImageObject\",\"inLanguage\":\"de\",\"@id\":\"https:\/\/www.meettheredbaron.com\/de\/#\/schema\/person\/image\/\",\"url\":\"https:\/\/www.meettheredbaron.com\/wp-content\/uploads\/2021\/12\/266-scaled.jpg\",\"contentUrl\":\"https:\/\/www.meettheredbaron.com\/wp-content\/uploads\/2021\/12\/266-scaled.jpg\",\"width\":1850,\"height\":2560,\"caption\":\"heinpoblome\"},\"logo\":{\"@id\":\"https:\/\/www.meettheredbaron.com\/de\/#\/schema\/person\/image\/\"},\"sameAs\":[\"http:\/\/www.meettheredbaron.com\"]}]}<\/script>\n<!-- \/ Yoast SEO plugin. -->","yoast_head_json":{"title":"Prof. Dr. Wegener besucht Jasta 11 - Meet The Red Baron","robots":{"index":"index","follow":"follow","max-snippet":"max-snippet:-1","max-image-preview":"max-image-preview:large","max-video-preview":"max-video-preview:-1"},"canonical":"https:\/\/www.meettheredbaron.com\/de\/event\/prof-dr-wegener-visits-jasta-11\/","og_locale":"de_DE","og_type":"article","og_title":"Prof. Dr. Wegener besucht Jasta 11 - Meet The Red Baron","og_description":"&#8222;Am Abend des 11. April war Prof. Dr. Georg Wegener, Korrespondent der K\u00f6lnischen Zeitung, in La Brayelle eingetroffen. Um diesen Gast zu beeindrucken, lie\u00df Richthofen ein Fernrohr aufstellen, damit Wegener die Staffel bei ihrem Aufbruch zu ihrem ersten Einsatz am n\u00e4chsten Tag beobachten konnte. Wie sich herausstellte, hatte der Journalist einen Logenplatz f\u00fcr einen der&hellip;","og_url":"https:\/\/www.meettheredbaron.com\/de\/event\/prof-dr-wegener-visits-jasta-11\/","og_site_name":"Meet The Red Baron","article_modified_time":"2025-06-20T10:57:25+00:00","schema":{"@context":"https:\/\/schema.org","@graph":[{"@type":"WebPage","@id":"https:\/\/www.meettheredbaron.com\/de\/event\/prof-dr-wegener-visits-jasta-11\/","url":"https:\/\/www.meettheredbaron.com\/de\/event\/prof-dr-wegener-visits-jasta-11\/","name":"Prof. Dr. Wegener besucht Jasta 11 - Meet The Red Baron","isPartOf":{"@id":"https:\/\/www.meettheredbaron.com\/de\/#website"},"datePublished":"2022-06-22T11:24:16+00:00","dateModified":"2025-06-20T10:57:25+00:00","breadcrumb":{"@id":"https:\/\/www.meettheredbaron.com\/de\/event\/prof-dr-wegener-visits-jasta-11\/#breadcrumb"},"inLanguage":"de","potentialAction":[{"@type":"ReadAction","target":["https:\/\/www.meettheredbaron.com\/de\/event\/prof-dr-wegener-visits-jasta-11\/"]}]},{"@type":"BreadcrumbList","@id":"https:\/\/www.meettheredbaron.com\/de\/event\/prof-dr-wegener-visits-jasta-11\/#breadcrumb","itemListElement":[{"@type":"ListItem","position":1,"name":"Home","item":"https:\/\/www.meettheredbaron.com\/de\/"},{"@type":"ListItem","position":2,"name":"Events","item":"https:\/\/www.meettheredbaron.com\/de\/event\/"},{"@type":"ListItem","position":3,"name":"Prof. Dr. Wegener besucht Jasta 11"}]},{"@type":"WebSite","@id":"https:\/\/www.meettheredbaron.com\/de\/#website","url":"https:\/\/www.meettheredbaron.com\/de\/","name":"Meet The Red Baron","description":"The life and death of Manfred von Richthofen.","publisher":{"@id":"https:\/\/www.meettheredbaron.com\/de\/#\/schema\/person\/fd320c77882d0d84e4b88ef15120767f"},"potentialAction":[{"@type":"SearchAction","target":{"@type":"EntryPoint","urlTemplate":"https:\/\/www.meettheredbaron.com\/de\/?s={search_term_string}"},"query-input":{"@type":"PropertyValueSpecification","valueRequired":true,"valueName":"search_term_string"}}],"inLanguage":"de"},{"@type":["Person","Organization"],"@id":"https:\/\/www.meettheredbaron.com\/de\/#\/schema\/person\/fd320c77882d0d84e4b88ef15120767f","name":"heinpoblome","image":{"@type":"ImageObject","inLanguage":"de","@id":"https:\/\/www.meettheredbaron.com\/de\/#\/schema\/person\/image\/","url":"https:\/\/www.meettheredbaron.com\/wp-content\/uploads\/2021\/12\/266-scaled.jpg","contentUrl":"https:\/\/www.meettheredbaron.com\/wp-content\/uploads\/2021\/12\/266-scaled.jpg","width":1850,"height":2560,"caption":"heinpoblome"},"logo":{"@id":"https:\/\/www.meettheredbaron.com\/de\/#\/schema\/person\/image\/"},"sameAs":["http:\/\/www.meettheredbaron.com"]}]}},"toolset-meta":{"field-group-for-events-2":[],"field-group-for-events":{"date":{"type":"date","raw":"-1663804800","formatted":"04\/12\/1917 00:00"},"date-as-a-string":{"type":"textfield","raw":"04\/12\/1917"},"date-description":{"type":"textfield","raw":""},"geolocation":{"type":"google_address","raw":"50.367639, 3.03435"},"location-description":{"type":"textfield","raw":""},"town-name":{"type":"textfield","raw":"La Brayelle"},"historical-town-name":{"type":"textfield","raw":""},"event-id":{"type":"numeric","raw":"557"},"event-short":{"type":"textfield","raw":"Prof. Dr. Wegener besucht Jasta 11"},"event-description":{"type":"wysiwyg","raw":"\"Am Abend des 11. April war Prof. Dr. Georg Wegener, Korrespondent der K\u00f6lnischen Zeitung, in La Brayelle eingetroffen. Um diesen Gast zu beeindrucken, lie\u00df Richthofen ein Fernrohr aufstellen, damit Wegener die Staffel bei ihrem Aufbruch zu ihrem ersten Einsatz am n\u00e4chsten Tag beobachten konnte. Wie sich herausstellte, hatte der Journalist einen Logenplatz f\u00fcr einen der gr\u00f6\u00dften Triumphe der Jasta 11.\r\n\r\nZun\u00e4chst beobachtete Prof. Dr. Wegener mit gro\u00dfer Faszination die Aufstellung der bunten Flugzeuge und die jungen Flieger, die sie in die Schlacht flogen:\r\n\r\n... Nacheinander, bis der Starttermin feststand, zogen sie ihre Flugkleidung an, die wie eine Kombination aus einem Taucheranzug und einer holl\u00e4ndischen Fischeruniform aussah, und schlenderten mit den H\u00e4nden in den tiefen Taschen, lachend und scherzend, zwischen ihren Bodenmannschaften umher, die ihre Maschinen f\u00fcr den Start vorbereiteten, oder gingen zum gro\u00dfen Fernrohr, um den Himmel sorgf\u00e4ltig zu beobachten. Sogar Richthofen hatte bereits seine Ausr\u00fcstung angezogen und musterte den Himmel sorgf\u00e4ltig mit blo\u00dfem Auge.\r\n\r\nPl\u00f6tzlich \u2013 ich selbst sah nicht die geringste Bewegung am klaren blauen Himmel \u2013 wandte er sich schnell einer in der N\u00e4he h\u00e4ngenden Glocke zu und l\u00e4utete Alarm. Sofort rannten alle Mechaniker zu ihren Maschinen; jeder Pilot eilte zu seiner eigenen, kletterte auf den Sitz, die Propeller dr\u00f6hnten, eines nach dem anderen rannten die kleinen schnellen Flugzeuge \u00fcber eine Strecke auf dem Boden, hoben ab und stiegen schnell in den blauen Himmel auf. Das letzte war Richthofens Flugzeug ...\r\n\r\n\u201eDer gute Freund unten auf dem Boden war mehr als nur ein wenig erstaunt\u201c, schrieb Richthofen sp\u00e4ter. \u201eEr hatte sich das Ereignis ganz anders vorgestellt, viel dramatischer. Er fand, dass alles recht harmlos aussah, bis pl\u00f6tzlich einige der Flugzeuge, eines davon brennend wie eine Rakete, abst\u00fcrzten. Ich habe mich allm\u00e4hlich an diesen Anblick gew\u00f6hnt, aber ich muss sagen, dass der erste Engl\u00e4nder, den ich herunterst\u00fcrzen sah, einen schrecklichen Eindruck auf mich machte und ich lange davon tr\u00e4umte.\u201c...\r\n\r\n...Prof. Dr. Wegener schloss sich den Staffelmitgliedern an, als sie ihre zur\u00fcckkehrenden Kameraden begr\u00fc\u00dften. Er berichtete:\r\n\r\n...\u201eNiemand wurde verletzt. Es sah alles so aus, als h\u00e4tte es ein erfolgreiches Sportereignis sein k\u00f6nnen. Aber Richthofens Maschine zeigte, wie wenig das der Realit\u00e4t entsprach. Eine feindliche Maschinengewehrsalve traf den linken unteren Fl\u00fcgel, und der Stoff sah etwa anderthalb Meter lang aus, als w\u00e4re er mit einem gro\u00dfen Messer aufgeschlitzt worden. Und auf der \u00e4u\u00dferen Holzverkleidung in der N\u00e4he des Pilotensitzes verlief eine zweite Narbe, die zeigte, dass ein weiterer Schuss ihm beinahe das Leben gekostet h\u00e4tte.\u201c\r\n\r\nNach einem sp\u00e4ten Fr\u00fchst\u00fcck startete Richthofen erneut, diesmal \u00fcber die britischen Linien, um RFC-Flugzeuge abzufangen, die von Eins\u00e4tzen \u00fcber deutschen Stellungen zur\u00fcckkehrten.\""},"event-type-id":{"type":"numeric","raw":"6"},"source-id":{"type":"numeric","raw":"33"},"source-long-in-event":{"type":"textfield","raw":"Richthofen, Beyond the legend of the Red Baron, Peter Kilduff, Arms and Armour, 1993"},"pagenumber":{"type":"textfield","raw":"93"},"airplane-id":{"type":"textfield","raw":"0"},"combat-id":{"type":"textfield","raw":"0"},"event-type":{"type":"select","raw":"6"},"source-language":{"type":"select","raw":"1"},"picture":{"type":"image","raw":[""],"repeatable":[{"raw":""}]}}},"_links":{"self":[{"href":"https:\/\/www.meettheredbaron.com\/de\/wp-json\/wp\/v2\/event\/12709","targetHints":{"allow":["GET"]}}],"collection":[{"href":"https:\/\/www.meettheredbaron.com\/de\/wp-json\/wp\/v2\/event"}],"about":[{"href":"https:\/\/www.meettheredbaron.com\/de\/wp-json\/wp\/v2\/types\/event"}],"replies":[{"embeddable":true,"href":"https:\/\/www.meettheredbaron.com\/de\/wp-json\/wp\/v2\/comments?post=12709"}],"wp:attachment":[{"href":"https:\/\/www.meettheredbaron.com\/de\/wp-json\/wp\/v2\/media?parent=12709"}],"wp:term":[{"taxonomy":"event-type","embeddable":true,"href":"https:\/\/www.meettheredbaron.com\/de\/wp-json\/wp\/v2\/event-type?post=12709"},{"taxonomy":"source-language","embeddable":true,"href":"https:\/\/www.meettheredbaron.com\/de\/wp-json\/wp\/v2\/source-language?post=12709"},{"taxonomy":"source-id-tax","embeddable":true,"href":"https:\/\/www.meettheredbaron.com\/de\/wp-json\/wp\/v2\/source-id-tax?post=12709"}],"curies":[{"name":"wp","href":"https:\/\/api.w.org\/{rel}","templated":true}]}}