{"id":12553,"date":"2022-11-09T18:34:20","date_gmt":"2022-11-09T17:34:20","guid":{"rendered":"https:\/\/www.meettheredbaron.com\/event\/kaffee-und-kuchen-with-hans-georg-von-der-osten\/"},"modified":"2025-06-26T08:44:05","modified_gmt":"2025-06-26T07:44:05","slug":"kaffee-und-kuchen-with-hans-georg-von-der-osten","status":"publish","type":"event","link":"https:\/\/www.meettheredbaron.com\/de\/event\/kaffee-und-kuchen-with-hans-georg-von-der-osten\/","title":{"rendered":"Kaffee und Kuchen mit Hans-Georg von der Osten"},"content":{"rendered":"\n<p>&nbsp;Kaffee und Kuchen mit Hans-Georg von der Osten<\/p>\n\n\n\n<p>Von Robin D. Smith<\/p>\n\n\n\n<p>Von 1980 bis 1982 war ich Sekret\u00e4rin an der Botschaft der Vereinigten Staaten von Amerika in Deutschland, die sich zu dieser Zeit in Bonn befand. Eines Tages sprach ich mit meiner Deutschlehrerin, Frau Heide Balle, \u00fcber mein Interesse an Manfred von Richthofen. Sie schien sehr \u00fcberrascht (aber erfreut) und sagte, dass sie als junges M\u00e4dchen ein Poster von Richthofen in ihrem Schlafzimmer hatte und dass sie Richthofens Mutter getroffen hatte, als sie das Haus in Schweidnitz besuchte, um das Museum zu sehen. Ich fragte sie, wie ich herausfinden k\u00f6nne, ob noch jemand aus Richthofens Geschwader am Leben sei, und sie sagte mir, dass die Luftwaffe ein Verbindungsb\u00fcro in der Botschaft habe und dass mir dort vielleicht jemand helfen k\u00f6nne. Ich besuchte das B\u00fcro und stellte mich bei der Sekret\u00e4rin Trudi Abel vor. Mir fiel auf, dass sie eine Richthofen-Medaille an einer Kette um ihren Hals trug. Ich fragte sie, ob sie wisse, ob es noch lebende M\u00e4nner aus Richthofens Schwadron noch am Leben waren, die ich kontaktieren k\u00f6nnte. Sie telefonierte mit jemandem, der ihr sagte, er sei sicher, dass alle aus Richthofens Staffel tot seien, weil es schon so lange her sei. Aber wenigstens konnte Trudi eine Richthofen-Medaille f\u00fcr mich bestellen.<\/p>\n","protected":false},"comment_status":"open","ping_status":"closed","template":"","event-type":[249],"source-language":[225],"source-id-tax":[326],"class_list":["post-12553","event","type-event","status-publish","hentry","event-type-testimonial-de","source-language-englisch","source-id-tax-over-the-front-de","entry","no-media"],"yoast_head":"<!-- This site is optimized with the Yoast SEO plugin v26.7 - https:\/\/yoast.com\/wordpress\/plugins\/seo\/ -->\n<title>Kaffee und Kuchen mit Hans-Georg von der Osten - Meet The Red Baron<\/title>\n<meta name=\"description\" content=\"Kaffee und Kuchen with Hans-Georg von der Osten\" \/>\n<meta name=\"robots\" content=\"index, follow, max-snippet:-1, max-image-preview:large, max-video-preview:-1\" \/>\n<link rel=\"canonical\" href=\"https:\/\/www.meettheredbaron.com\/de\/event\/kaffee-und-kuchen-with-hans-georg-von-der-osten\/\" \/>\n<meta property=\"og:locale\" content=\"de_DE\" \/>\n<meta property=\"og:type\" content=\"article\" \/>\n<meta property=\"og:title\" content=\"Kaffee und Kuchen mit Hans-Georg von der Osten - Meet The Red Baron\" \/>\n<meta property=\"og:description\" content=\"Kaffee und Kuchen with Hans-Georg von der Osten\" \/>\n<meta property=\"og:url\" content=\"https:\/\/www.meettheredbaron.com\/de\/event\/kaffee-und-kuchen-with-hans-georg-von-der-osten\/\" \/>\n<meta property=\"og:site_name\" content=\"Meet The Red Baron\" \/>\n<meta property=\"article:modified_time\" content=\"2025-06-26T07:44:05+00:00\" \/>\n<script type=\"application\/ld+json\" class=\"yoast-schema-graph\">{\"@context\":\"https:\/\/schema.org\",\"@graph\":[{\"@type\":\"WebPage\",\"@id\":\"https:\/\/www.meettheredbaron.com\/de\/event\/kaffee-und-kuchen-with-hans-georg-von-der-osten\/\",\"url\":\"https:\/\/www.meettheredbaron.com\/de\/event\/kaffee-und-kuchen-with-hans-georg-von-der-osten\/\",\"name\":\"Kaffee und Kuchen mit Hans-Georg von der Osten - Meet The Red Baron\",\"isPartOf\":{\"@id\":\"https:\/\/www.meettheredbaron.com\/de\/#website\"},\"datePublished\":\"2022-11-09T17:34:20+00:00\",\"dateModified\":\"2025-06-26T07:44:05+00:00\",\"description\":\"Kaffee und Kuchen with Hans-Georg von der Osten\",\"breadcrumb\":{\"@id\":\"https:\/\/www.meettheredbaron.com\/de\/event\/kaffee-und-kuchen-with-hans-georg-von-der-osten\/#breadcrumb\"},\"inLanguage\":\"de\",\"potentialAction\":[{\"@type\":\"ReadAction\",\"target\":[\"https:\/\/www.meettheredbaron.com\/de\/event\/kaffee-und-kuchen-with-hans-georg-von-der-osten\/\"]}]},{\"@type\":\"BreadcrumbList\",\"@id\":\"https:\/\/www.meettheredbaron.com\/de\/event\/kaffee-und-kuchen-with-hans-georg-von-der-osten\/#breadcrumb\",\"itemListElement\":[{\"@type\":\"ListItem\",\"position\":1,\"name\":\"Home\",\"item\":\"https:\/\/www.meettheredbaron.com\/de\/\"},{\"@type\":\"ListItem\",\"position\":2,\"name\":\"Events\",\"item\":\"https:\/\/www.meettheredbaron.com\/de\/event\/\"},{\"@type\":\"ListItem\",\"position\":3,\"name\":\"Kaffee und Kuchen mit Hans-Georg von der Osten\"}]},{\"@type\":\"WebSite\",\"@id\":\"https:\/\/www.meettheredbaron.com\/de\/#website\",\"url\":\"https:\/\/www.meettheredbaron.com\/de\/\",\"name\":\"Meet The Red Baron\",\"description\":\"The life and death of Manfred von Richthofen.\",\"publisher\":{\"@id\":\"https:\/\/www.meettheredbaron.com\/de\/#\/schema\/person\/fd320c77882d0d84e4b88ef15120767f\"},\"potentialAction\":[{\"@type\":\"SearchAction\",\"target\":{\"@type\":\"EntryPoint\",\"urlTemplate\":\"https:\/\/www.meettheredbaron.com\/de\/?s={search_term_string}\"},\"query-input\":{\"@type\":\"PropertyValueSpecification\",\"valueRequired\":true,\"valueName\":\"search_term_string\"}}],\"inLanguage\":\"de\"},{\"@type\":[\"Person\",\"Organization\"],\"@id\":\"https:\/\/www.meettheredbaron.com\/de\/#\/schema\/person\/fd320c77882d0d84e4b88ef15120767f\",\"name\":\"heinpoblome\",\"image\":{\"@type\":\"ImageObject\",\"inLanguage\":\"de\",\"@id\":\"https:\/\/www.meettheredbaron.com\/de\/#\/schema\/person\/image\/\",\"url\":\"https:\/\/www.meettheredbaron.com\/wp-content\/uploads\/2021\/12\/266-scaled.jpg\",\"contentUrl\":\"https:\/\/www.meettheredbaron.com\/wp-content\/uploads\/2021\/12\/266-scaled.jpg\",\"width\":1850,\"height\":2560,\"caption\":\"heinpoblome\"},\"logo\":{\"@id\":\"https:\/\/www.meettheredbaron.com\/de\/#\/schema\/person\/image\/\"},\"sameAs\":[\"http:\/\/www.meettheredbaron.com\"]}]}<\/script>\n<!-- \/ Yoast SEO plugin. -->","yoast_head_json":{"title":"Kaffee und Kuchen mit Hans-Georg von der Osten - Meet The Red Baron","description":"Kaffee und Kuchen with Hans-Georg von der Osten","robots":{"index":"index","follow":"follow","max-snippet":"max-snippet:-1","max-image-preview":"max-image-preview:large","max-video-preview":"max-video-preview:-1"},"canonical":"https:\/\/www.meettheredbaron.com\/de\/event\/kaffee-und-kuchen-with-hans-georg-von-der-osten\/","og_locale":"de_DE","og_type":"article","og_title":"Kaffee und Kuchen mit Hans-Georg von der Osten - Meet The Red Baron","og_description":"Kaffee und Kuchen with Hans-Georg von der Osten","og_url":"https:\/\/www.meettheredbaron.com\/de\/event\/kaffee-und-kuchen-with-hans-georg-von-der-osten\/","og_site_name":"Meet The Red Baron","article_modified_time":"2025-06-26T07:44:05+00:00","schema":{"@context":"https:\/\/schema.org","@graph":[{"@type":"WebPage","@id":"https:\/\/www.meettheredbaron.com\/de\/event\/kaffee-und-kuchen-with-hans-georg-von-der-osten\/","url":"https:\/\/www.meettheredbaron.com\/de\/event\/kaffee-und-kuchen-with-hans-georg-von-der-osten\/","name":"Kaffee und Kuchen mit Hans-Georg von der Osten - Meet The Red Baron","isPartOf":{"@id":"https:\/\/www.meettheredbaron.com\/de\/#website"},"datePublished":"2022-11-09T17:34:20+00:00","dateModified":"2025-06-26T07:44:05+00:00","description":"Kaffee und Kuchen with Hans-Georg von der Osten","breadcrumb":{"@id":"https:\/\/www.meettheredbaron.com\/de\/event\/kaffee-und-kuchen-with-hans-georg-von-der-osten\/#breadcrumb"},"inLanguage":"de","potentialAction":[{"@type":"ReadAction","target":["https:\/\/www.meettheredbaron.com\/de\/event\/kaffee-und-kuchen-with-hans-georg-von-der-osten\/"]}]},{"@type":"BreadcrumbList","@id":"https:\/\/www.meettheredbaron.com\/de\/event\/kaffee-und-kuchen-with-hans-georg-von-der-osten\/#breadcrumb","itemListElement":[{"@type":"ListItem","position":1,"name":"Home","item":"https:\/\/www.meettheredbaron.com\/de\/"},{"@type":"ListItem","position":2,"name":"Events","item":"https:\/\/www.meettheredbaron.com\/de\/event\/"},{"@type":"ListItem","position":3,"name":"Kaffee und Kuchen mit Hans-Georg von der Osten"}]},{"@type":"WebSite","@id":"https:\/\/www.meettheredbaron.com\/de\/#website","url":"https:\/\/www.meettheredbaron.com\/de\/","name":"Meet The Red Baron","description":"The life and death of Manfred von Richthofen.","publisher":{"@id":"https:\/\/www.meettheredbaron.com\/de\/#\/schema\/person\/fd320c77882d0d84e4b88ef15120767f"},"potentialAction":[{"@type":"SearchAction","target":{"@type":"EntryPoint","urlTemplate":"https:\/\/www.meettheredbaron.com\/de\/?s={search_term_string}"},"query-input":{"@type":"PropertyValueSpecification","valueRequired":true,"valueName":"search_term_string"}}],"inLanguage":"de"},{"@type":["Person","Organization"],"@id":"https:\/\/www.meettheredbaron.com\/de\/#\/schema\/person\/fd320c77882d0d84e4b88ef15120767f","name":"heinpoblome","image":{"@type":"ImageObject","inLanguage":"de","@id":"https:\/\/www.meettheredbaron.com\/de\/#\/schema\/person\/image\/","url":"https:\/\/www.meettheredbaron.com\/wp-content\/uploads\/2021\/12\/266-scaled.jpg","contentUrl":"https:\/\/www.meettheredbaron.com\/wp-content\/uploads\/2021\/12\/266-scaled.jpg","width":1850,"height":2560,"caption":"heinpoblome"},"logo":{"@id":"https:\/\/www.meettheredbaron.com\/de\/#\/schema\/person\/image\/"},"sameAs":["http:\/\/www.meettheredbaron.com"]}]}},"toolset-meta":{"field-group-for-events-2":[],"field-group-for-events":{"date":{"type":"date","raw":"382579200","formatted":"02\/15\/1982 00:00"},"date-as-a-string":{"type":"textfield","raw":"02\/15\/1982"},"date-description":{"type":"textfield","raw":""},"geolocation":{"type":"google_address","raw":"50.90436852440703, 6.921895911854549"},"location-description":{"type":"textfield","raw":"Franz-Marc Str. 11, Koln-Klettenberg"},"town-name":{"type":"textfield","raw":"Koln-Klettenberg"},"historical-town-name":{"type":"textfield","raw":""},"event-id":{"type":"numeric","raw":"609"},"event-short":{"type":"textfield","raw":"Kaffee und Kuchen mit Hans-Georg von der Osten"},"event-description":{"type":"wysiwyg","raw":"<span class=\"fontstyle0\">Kaffee und Kuchen mit Hans-Georg von der Osten <\/span>\r\n\r\n<span class=\"fontstyle0\">Von Robin D. Smith<\/span>\r\n\r\n<span class=\"fontstyle0\">Von 1980 bis 1982 war ich Sekret\u00e4rin an der Botschaft der Vereinigten Staaten von Amerika in Deutschland, die sich zu dieser Zeit in Bonn befand. Eines Tages sprach ich mit meiner Deutschlehrerin, Frau Heide Balle, \u00fcber mein Interesse an Manfred von Richthofen. Sie schien sehr \u00fcberrascht (aber erfreut) und sagte, dass sie als junges M\u00e4dchen ein Poster von Richthofen in ihrem Schlafzimmer hatte und dass sie Richthofens Mutter getroffen hatte, als sie das Haus in Schweidnitz besuchte, um das Museum zu sehen. Ich fragte sie, wie ich herausfinden k\u00f6nne, ob noch jemand aus Richthofens Geschwader am Leben sei, und sie sagte mir, dass die Luftwaffe ein Verbindungsb\u00fcro in der Botschaft habe und dass mir dort vielleicht jemand helfen k\u00f6nne. Ich besuchte das B\u00fcro und stellte mich bei der Sekret\u00e4rin Trudi Abel vor. Mir fiel auf, dass sie eine Richthofen-Medaille an einer Kette um ihren Hals trug. Ich fragte sie, ob sie wisse, ob es noch lebende M\u00e4nner aus Richthofens Schwadron noch am Leben waren, die ich kontaktieren k\u00f6nnte. Sie telefonierte mit jemandem, der ihr sagte, er sei sicher, dass alle aus Richthofens Staffel tot seien, weil es schon so lange her sei. Aber wenigstens konnte Trudi eine Richthofen-Medaille f\u00fcr mich bestellen.<\/span>\r\n\r\n&nbsp;\r\n\r\n<span class=\"fontstyle0\">Als sich das Ende meiner Dienstzeit in Deutschland n\u00e4herte, begann ich mich zu fragen, ob die Information, dass keine M\u00e4nner mehr lebten, die in Richthofens Geschwader gewesen waren, richtig gewesen war. Ich schrieb an das heutige Richthofen-Geschwader in Wittmund und fragte nach. Ein Mann schrieb mir zur\u00fcck und gab mir eine Liste mit den Namen und Adressen von drei noch lebenden M\u00e4nnern aus Richthofens Geschwader. Zwei M\u00e4nner lebten in Bayern, aber der andere Name fiel mir sofort ins Auge, weil ich diesen Mann in einer Richthofen-Dokumentation auf PBS in den USA gesehen hatte: Hans-Georg von der Osten. (Sie k\u00f6nnen den Film auf YouTube ansehen, indem Sie nach \"The Best Documentary Ever - The Red Baron Full Documentary 3688\".) Und von der Osten lebte nur zwanzig Minuten entfernt in K\u00f6ln! Ich war best\u00fcrzt, als ich erfuhr, dass er mir die ganze Zeit so nahe gewesen war und ich mich nun anschickte, Deutschland zu verlassen, aber ich beschloss, mich auf das Positive zu konzentrieren und froh zu sein, dass ich ihn vor meiner Abreise entdeckt hatte. Ich schrieb ihm und erz\u00e4hlte ihm in meinem einfachen Deutsch, dass ich als junges M\u00e4dchen Angst vor Deutschen hatte und dachte, sie seien alle schlechte Menschen. Dann entdeckte ich eines Tages in der Bibliothek das Buch Der Rote Baron (Peter Kilduffs 1969 erschienene \u00dcbersetzung von Richthofens Autobiografie), und mein Bild von den Deutschen \u00e4nderte sich v\u00f6llig. Ich sagte Herrn von der Osten, dass Richthofen gar nicht so b\u00f6se klingt, und ich war \u00fcberrascht, wie viel Deutsche und Amerikaner gemeinsam haben. Herr von der Osten antwortete schnell und schrieb, dass mein Brief ihm gro\u00dfe Freude bereitet habe. Er sagte, er und seine Frau wollten, dass ich zu Kaffee und Kuchen zu ihnen nach K\u00f6ln k\u00e4me, und ich sagte gerne zu.<\/span>\r\n\r\n&nbsp;\r\n\r\n<span class=\"fontstyle0\">Der Tag meines Besuchs war der 15. Februar 1982. Ich erinnere mich an das Jahr, denn es waren nur noch wenige Wochen bis zum Ende meiner Tournee in Deutschland, und ich erinnere mich an das Datum, denn es war der Geburtstag meiner Schwester. Als ich Herrn von der Osten die Hand sch\u00fcttelte, dachte ich: \"Vor langer Zeit hat er die Hand des Roten Barons gesch\u00fcttelt, und jetzt sch\u00fcttelt er meine! Ich hatte das Gef\u00fchl, als w\u00fcrde ich Geschichte ber\u00fchren. Herr von der Osten sagte mir noch einmal, wie gl\u00fccklich ihn mein Brief gemacht hatte. Er sagte, er sei immer ger\u00fchrt, wie freundlich die Amerikaner seien. Nach dem Krieg habe er gedacht, die Amerikaner<\/span>\r\n\r\n&nbsp;\r\n\r\n<span class=\"fontstyle2\">Abonnieren Sie DeepL Pro, um dieses Dokument zu bearbeiten. Weitere Informationen finden Sie auf <\/span><span class=\"fontstyle2\">www.DeepL.com\/pro<\/span>\r\n\r\n&nbsp;\r\n\r\n<span class=\"fontstyle0\">w\u00fcrden ihn hassen, aber sie seien fast immer freundlich zu ihm gewesen. Er habe viele Amerikaner auf den Flugshows getroffen, die er im Laufe der Jahre besucht habe. (Eine besonders interessante Flugshow, an der Herr von der Osten teilnahm, war eine, die im August 1962 in Battle Creek, Michigan, von Richard F. Zinn, dem Sohn des verstorbenen Oberst Frederick W. Zinn, der als Beobachter mit der Lafayette Escadrille geflogen war, organisiert wurde; Herr von der Osten und zwanzig Mitglieder des Lafayette Flying Corps, darunter mehrere Escadrille-Mitglieder, nahmen an einem Wiedersehen von Fliegern aus dem Ersten Weltkrieg teil. Als jemand auf der Flugshow fragte, ob es zwischen den Jagdfliegern des Ersten Weltkriegs tats\u00e4chlich Ritterlichkeit gegeben habe, lachte von der Osten und antwortete: \"Nein! Nein!\", aber er zeigte eine gewisse Ritterlichkeit, als er einen Kranz auf dem Grab von Oberst Zinn niederlegte und sagte: \"Mit h\u00f6chstem Respekt f\u00fcr einen ehrenwerten Gegner.\")<\/span>\r\n\r\n&nbsp;\r\n\r\n<span class=\"fontstyle0\">Nat\u00fcrlich musste ich Herrn von der Osten fragen, wie Richthofen so war. Leutnant von der Osten diente auf einem Flugplatz in Breslau-Gandau, als eines Tages im Fr\u00fchjahr 1917 der ber\u00fchmt gewordene Manfred von Richthofen auf ihn zukam und ihn fragte, ob er ihm ein Flugzeug zu seinem Haus in Schweidnitz bringen k\u00f6nne, damit er selbst in milit\u00e4rischen Angelegenheiten nach Militsch fliegen k\u00f6nne. Sp\u00e4ter im Sommer wurde von der Osten in Richthofens Jagdstaffel 11 versetzt, wo er schlie\u00dflich zum Fliegerass wurde. Herr von der Osten sagte mir, er werde sich immer daran erinnern, wie Richthofen ihm die Hand sch\u00fcttelte und ihm zum Abschuss seines ersten Flugzeugs gratulierte. Diese Geschichte muss er im Laufe der Jahre viele Male erz\u00e4hlt haben, aber sie bereitete ihm offensichtlich immer noch gro\u00dfe Freude. Er sagte, Richthofen habe die \"fantastischste Pers\u00f6nlichkeit\" von allen, die er je getroffen habe; er sei voller Leben und Energie. Ich erz\u00e4hlte Herrn von der Osten, dass ich ihn in einer Fernsehsendung \u00fcber Richthofen gesehen hatte, und er lachte und sagte: \"Und jetzt sehen Sie mich im Fleisch!\" Daraufhin kamen wir auf Filme zu sprechen, und er und seine Frau erz\u00e4hlten mir, dass die Deutschen vor vielen Jahren einen Film \u00fcber Richthofen gedreht hatten (den ich f\u00fcr einen Hollywood-Film hielt), der absolut schrecklich gewesen sei. Frau von der Osten sagte, der Film habe einen Jazz-Soundtrack gehabt, der \u00fcberhaupt nicht dazu gepasst habe, und nach der Vorf\u00fchrung des Films sei die Mutter des Roten Barons, Baronin Kunigunde von Richthofen, zum Regisseur gegangen und habe gesagt: \"Dieser Film hatte nicht den geringsten Geschmack!\" (Ich lese im Vorwort zu Mother of Eagles: The War Diary of Baroness von Richthofen, dass Richthofens Mutter sich im Alter von 90 Jahren selbst das Tippen beigebracht hat, um ein Drehbuch f\u00fcr einen Film \u00fcber ihren Sohn zu schreiben, \"wie er wirklich war\". Dies muss eine Reaktion auf den entt\u00e4uschenden Film gewesen sein, \u00fcber den Herr und Frau von der Osten sprachen). Frau von der Osten sagte, es sei traurig, dass sie nach all dem, was Baronin von Richthofen durchgemacht habe, die schreckliche Verfilmung des Lebens ihres Sohnes ertragen m\u00fcsse, nachdem sie so hohe Erwartungen an den Film gehabt habe. Herr von der Osten sagte: \"Ihr Amerikaner habt einen guten Film \u00fcber Richthofen gemacht\". Ich nahm an, dass er damit Roger Cormans Von Richthofen und Brown meinte, den ich zu diesem Zeitpunkt noch nicht gesehen hatte. Ich sagte ihm, dass ich schon viel Schlechtes \u00fcber diesen Film geh\u00f6rt hatte, aber er bestand darauf, dass es ein guter Film sei. (Ich habe den Film einige Jahre sp\u00e4ter gesehen, und obwohl ich \u00fcber einige historische Ungenauigkeiten erschrocken war, gefielen mir die Flugszenen mit echten Flugzeugen. [Einige Jahre nach meinem Besuch bei Herrn von der Osten schrieb ich Joyce Corrington, die zusammen mit ihrem verstorbenen Ehemann John William Corrington das Drehbuch f\u00fcr den Film geschrieben hatte, und erz\u00e4hlte ihr, dass einem Mitglied von Richthofens Staffel der Film gefallen hatte. Ich glaube, dass er sogar der Baronin von Richthofen gefallen h\u00e4tte, denn es gibt eine sch\u00f6ne Szene zwischen Richthofen und seiner<\/span>\r\n\r\n&nbsp;\r\n\r\n<span class=\"fontstyle0\">Mutter, die ihre enge Bindung zeigt. Ich glaube, ihr h\u00e4tte auch die Szene gefallen, in der Richthofen Hermann G\u00f6ring f\u00fcr sein grausames Verhalten heftig tadelt).<\/span>\r\n\r\n&nbsp;\r\n\r\n<span class=\"fontstyle0\">An einem Punkt unseres Gespr\u00e4chs schien Herr von der Osten \"abwesend\" zu sein. Er h\u00f6rte pl\u00f6tzlich mitten im Satz auf zu sprechen, um dann nach ein paar Sekunden wieder zu sprechen. Seine Frau erkl\u00e4rte, dass Herr von der Osten aufgrund einer im Krieg erlittenen Kopfverletzung vor\u00fcbergehend in Ohnmacht fiel. Das erinnerte mich an Richthofens Kopfverletzung und ich fragte mich, ob Richthofen am Tag seines Todes auch einen fl\u00fcchtigen Blackout gehabt haben k\u00f6nnte. (In den letzten Jahren gab es viele Untersuchungen und Spekulationen \u00fcber Richthofens Kopfwunde und die Rolle, die sie bei seinem Tod gespielt haben k\u00f6nnte). Herr von Osten sagte, er erinnere sich kaum an seine eigene Kopfwunde, au\u00dfer dass seine Mutter ins Krankenhaus kam, um sich um ihn zu k\u00fcmmern.<\/span>\r\n\r\n&nbsp;\r\n\r\n<span class=\"fontstyle0\">Frau von der Osten ging in die K\u00fcche und brachte Kaffee und Kuchen heraus. Ich sagte: \"Ich esse sehr gerne Kuchen!\" (Ich esse sehr gerne Kuchen!), und ich war \u00fcberrascht, als Herr von der Osten sagte , er k\u00f6nne sehen, dass ich gerne Kuchen esse. Ich war \u00fcberrascht \u00fcber die offensichtliche Bemerkung \u00fcber mein Gewicht, aber ich fand es lustig und war nicht beleidigt. Nachdem wir gegessen hatten, holte Herr von der Osten einige alte Fotos hervor, von denen ich einige noch nicht gesehen hatte, die ich aber seither gesehen habe, darunter ein Foto von Kurt Wolffs Beerdigung in der Karmeliterkirche St. Joseph in Courtrai und ein Geschwaderfoto mit Richthofens Krankenschwester. Als ich das Foto mit der Krankenschwester sah, fragte ich Herrn von der Osten, ob er wisse, ob Richthofen eine Freundin gehabt habe. Ich war sehr \u00fcberrascht \u00fcber seine Reaktion. Bis dahin war er sehr freundlich gewesen (er erinnerte mich an Feldwebel Schultz aus der alten Fernsehserie Hogan's Heroes), aber diese Frage schien ihn zu beunruhigen und er rief aus: \"Richthofens Privatleben geht mich nichts an!\" Ich war verlegen und versuchte, mir ein anderes Gespr\u00e4chsthema auszudenken, als Herr von der Osten nach einigen langen Momenten sagte, ein Mann, der mit Richthofen in der Kavallerie gewesen war, habe ihm erz\u00e4hlt, dass Richthofen mit einem polnischen M\u00e4dchen spazieren gegangen sei und ihr Blumen mitgebracht habe. Er beendete das Thema mit den Worten: \"Aber was daraus geworden ist, wei\u00df ich nicht.\" (Der Mann, der Herrn von der Osten von dem polnischen M\u00e4dchen erz\u00e4hlte, war wahrscheinlich Alfred Gerstenberg, ein Mitglied von Richthofens Schwadron, der vor dem Krieg mit Richthofen in der Kavallerie beim Ulanen-Regiment Kaiser Alexander III. von Russland (Westpreu\u00dfisches) Nr. 1 in einer Garnison in Ostrowo, 6 einer Stadt mit \u00fcberwiegend polnischer Bev\u00f6lkerung, gedient hatte. Er und von der Osten wurden beide im August 1917 Richthofens Schwadron zugeteilt. Herr von der Osten schenkte mir ein signiertes Bild von sich selbst, ein Foto, das ich schon oft gesehen hatte, als er im Krieg Pilot war. Dann fing seine Frau an, Englisch zu sprechen - w\u00e4hrend unseres Besuchs hatten wir nur Deutsch gesprochen -, aber offensichtlich hatten wir keine Probleme, uns zu verstehen. Herr von der Osten bedauerte, dass ich Deutschland so bald verlassen w\u00fcrde, und dass er und seine Frau mich gerne noch einmal sehen w\u00fcrden, bevor ich Deutschland verlasse. Als ich abreiste, sagte Herr von der Osten zu mir: \"Ich glaube, alle Amerikaner sind freundlich, aber Sie sind besonders freundlich!\" Als ich sie im M\u00e4rz wiedersah, erz\u00e4hlte mir Herr von der Osten, dass er eine sehr sch\u00f6ne \u00dcberraschung f\u00fcr mich h\u00e4tte. Er sagte, dass das heutige Richthofen-Geschwader in Wittmund, Deutschland, jedes Jahr um den Jahrestag von Richthofens Tod herum einen Ball veranstaltet, und er und seine Frau wollten, dass ich als ihr Gast zu diesem Ball gehe. Zuerst war ich begeistert - dann fragte ich, wann der Ball sei. Dann sank mein Herz. Ich w\u00fcrde in dieser Zeit mit der Mutter meiner besten Freundin nach Lourdes in Frankreich pilgern (wo die Katholiken<\/span>\r\n\r\n&nbsp;\r\n\r\n<span class=\"fontstyle0\">glauben, dass die Jungfrau Maria der heiligen Bernadette erschienen ist). Die Mutter meiner Freundin lebte in Luxemburg, und ihre Kirche sponserte die Reise, die wir schon seit Monaten geplant hatten. Wenn ich absagen w\u00fcrde, w\u00fcrde das sehr verletzte Gef\u00fchle hervorrufen. Ich war sehr, sehr entt\u00e4uscht - und Herr von der Osten schien auch sehr entt\u00e4uscht zu sein, aber da die Mutter meiner Freundin schlie\u00dflich nach der Reise an einem Schlaganfall starb, bin ich froh, dass wir diese Zeit zusammen hatten.<\/span>\r\n\r\n&nbsp;\r\n\r\n<span class=\"fontstyle0\">Frau von der Osten fragte mich, ob es nicht ein ber\u00fchmtes Buch und einen Film \u00fcber Lourdes g\u00e4be, und ich sagte ihr, dass es das g\u00e4be - Das Lied von Bernadette. Seitdem ich den Film als junges M\u00e4dchen gesehen hatte, wollte ich nach Lourdes fahren. Ich erz\u00e4hlte ihr, dass der Film mehrere Academy Awards gewonnen hatte. Sie bat mich, ihr den Namen des Buches aufzuschreiben, auf dem der Film basierte, weil sie es lesen wollte, und das tat ich gerne.<\/span>\r\n\r\n&nbsp;\r\n\r\n<span class=\"fontstyle0\">Schweren Herzens sagte ich Auf Wiedersehen zu Herrn und Frau von der Osten. Obwohl ich traurig war, Deutschland so schnell zu verlassen, nachdem ich ihre Bekanntschaft gemacht hatte, erkannte ich, wie gl\u00fccklich ich mich sch\u00e4tzen konnte, sie \u00fcberhaupt getroffen zu haben. Als ich in die Vereinigten Staaten zur\u00fcckkehrte, schrieb ich Herrn von der Osten einmal, um zu erfahren, wie es ihm ging. Er sagte mir, dass es ihm gut ginge und ich ihn besuchen solle, wenn ich jemals wieder nach Deutschland k\u00e4me.<\/span>\r\n\r\n&nbsp;\r\n\r\n<span class=\"fontstyle0\">Leider habe ich ihn nie wieder gesehen. Hans-Georg von der Osten starb 1987 im Alter von 91 Jahren. 9 Die erste Generation der fliegenden Krieger ist schon vor vielen Jahren ausgestorben, und ich wei\u00df, wie privilegiert ich war, mit einem so liebensw\u00fcrdigen Mitglied ihrer illustren Reihen im Fleisch sprechen zu k\u00f6nnen.<\/span>\r\n\r\nNOTES\r\n\r\n1 Klockenkemper, Jim. \u201dFighting Planes of World War 1 Perform Once Again.\u201d Port Huron\r\nTimes Herald, August 19, 1962. Accessed March 3, 2021. Newspapers.com.\r\n2 Schroeder, Gene. \u201cOld Planes \u2018Fight\u2019 Again: Veterans of Foreign Legion and Lafayette Group\r\nHonor Comrade.\u201d Lansing State Journal, August 20, 1962. Accessed March 3, 2021.\r\nNewspapers.com.\r\n3 Lance J. Bronnenkant, PhD., The Blue Max Airmen: German Airmen Awarded the Pour le\r\nM\u00e8rite (Reno, NV: Aeronaut Books, 2014), Volume 5: 76.\r\n4 \u201cHans-Georg von der Osten,\u201d Wikipedia, last modified Jan. 3, 2021,\r\nhttps:\/\/en.wikipedia.org\/wiki\/Hans-Georg_von_der_Osten.\r\n5 Manfred von Richthofen, \u201cForeword,\u201d in Mother of Eagles: the War Diary of Baroness von\r\nRichthofen, trans. Suzanne Hayes Fischer (Atglen, PA: Schiffer Military History, 2001), 9.\r\n6 Lance J. Bronnenkant, PhD., The Blue Max Airmen: German Airmen Awarded the Pour le\r\nM\u00e8rite (Reno, NV: Aeronaut Books, 2014), Volume 5: 7.\r\n7 Witold Banach, Ausstellung des Museums der Stadt Ostr\u00f3w Wielkopolski zu 100 Jahren des\r\nGrossen Kriegs: September - Dezember 2014 (Berlin: Foundation for German-Polish\r\nCooperation, 2014), 1.\r\n8 Karl Bodenschatz, Hunting with Richthofen: The Bodenschatz Diaries: Sixteen Months of\r\nBattle with JG Freiherr von Richthofen No. 1 (London: Grub Street, 1998), 143, 147.\r\n9 \u201cHans-Georg von der Osten,\u201d Wikipedia, last modified Jan. 3, 2021,\r\nhttps:\/\/en.wikipedia.org\/wiki\/Hans-Georg_von_der_Osten."},"event-type-id":{"type":"numeric","raw":"6"},"source-id":{"type":"numeric","raw":"53"},"source-long-in-event":{"type":"textfield","raw":"Over the Front, quarterly by the League of World War 1 Aviation Historians"},"pagenumber":{"type":"textfield","raw":""},"airplane-id":{"type":"textfield","raw":"0"},"combat-id":{"type":"textfield","raw":"0"},"event-type":{"type":"select","raw":"6"},"source-language":{"type":"select","raw":"1"},"picture":{"type":"image","raw":[""],"repeatable":[{"raw":""}]}}},"_links":{"self":[{"href":"https:\/\/www.meettheredbaron.com\/de\/wp-json\/wp\/v2\/event\/12553","targetHints":{"allow":["GET"]}}],"collection":[{"href":"https:\/\/www.meettheredbaron.com\/de\/wp-json\/wp\/v2\/event"}],"about":[{"href":"https:\/\/www.meettheredbaron.com\/de\/wp-json\/wp\/v2\/types\/event"}],"replies":[{"embeddable":true,"href":"https:\/\/www.meettheredbaron.com\/de\/wp-json\/wp\/v2\/comments?post=12553"}],"wp:attachment":[{"href":"https:\/\/www.meettheredbaron.com\/de\/wp-json\/wp\/v2\/media?parent=12553"}],"wp:term":[{"taxonomy":"event-type","embeddable":true,"href":"https:\/\/www.meettheredbaron.com\/de\/wp-json\/wp\/v2\/event-type?post=12553"},{"taxonomy":"source-language","embeddable":true,"href":"https:\/\/www.meettheredbaron.com\/de\/wp-json\/wp\/v2\/source-language?post=12553"},{"taxonomy":"source-id-tax","embeddable":true,"href":"https:\/\/www.meettheredbaron.com\/de\/wp-json\/wp\/v2\/source-id-tax?post=12553"}],"curies":[{"name":"wp","href":"https:\/\/api.w.org\/{rel}","templated":true}]}}