{"id":12529,"date":"2023-01-22T12:03:08","date_gmt":"2023-01-22T11:03:08","guid":{"rendered":"https:\/\/www.meettheredbaron.com\/event\/hermann-goring-uber-den-21-april-1918\/"},"modified":"2025-06-27T08:03:29","modified_gmt":"2025-06-27T07:03:29","slug":"hermann-goring-uber-den-21-april-1918","status":"publish","type":"event","link":"https:\/\/www.meettheredbaron.com\/de\/event\/hermann-goring-uber-den-21-april-1918\/","title":{"rendered":"Hermann G\u00f6ring \u00fcber den 21. April 1918"},"content":{"rendered":"\n<p>&#8222;In &#8222;Unsere Luftstreitkr\u00e4fte 1914 &#8211; 1918 (Vaterl\u00e4ndischer Verlag Weller, 1930) &#8220; schreibt er: &#8222;Nun soll im folgenden eine klare und wahrheitsgetreue Darstellung vom Tode unseres gr\u00f6\u00dften Kampffliegers gegeven werden. Am 21. April 1918 startete Richthofen mit einigen Flugzeugen seiner alten Leibstaffel 11 in Richtung Amiens. Au\u00dferdem hatte er einer anderen Staffel seines Geschwaders ebenfalls Startbefehl erteilt, so da\u00df diese sich auch in der Luft befand, jedoch ohne Anschlu\u00df an den Rittmeister zu haben, denn sie hatte einen selbst\u00e4ndigen Auftrag.<\/p>\n\n\n\n<p>Richthofen \u00fcberflog, nachdem er die gew\u00fcnschte H\u00f6he erreicht hatte, die feindliche Front und stie\u00df in den gegnerischen Luftraum vor, da er dort feindliche Flugzeuge beobachtet hatte. Es handelte sich zun\u00e4chst um den Angriff auf einige Feindliche Doppelzitzer, sogenannte Artillerieflugzeuge.<\/p>\n\n\n\n<p>W\u00e4hrend er sich mit diesen im Kampf befand, wurden er und die Seinen von einer starken feindlichen Jagdstaffel angegriffen. Er hatte nun gegen eine sehr gro\u00dfe \u00dcbermacht anzuk\u00e4mpfen.<\/p>\n\n\n\n<p>Der Wind war ung\u00fcnstig und trieb die K\u00e4mpfenden immer weiter hinein in die feindliche Front. Richthofen k\u00e4mpfte wie stets hervorragend \u00fcberlegen und achtete ganz besonders auf seine Kameraden, da sie sich ja so weit im feindlichen Luftgebiet befanden und eine gewisse Gefahr bestand, abgeschnitten zu werden. Aus diesem Grunde mu\u00dfte Richthofen bald diesen, beld jenen Gegner unter sein Feuer nehmen, um dadurch den Seinen zu helfen. Er konnte sich also nicht so eingehend mit seinem Gegner besch\u00e4ftigen, wie dies sonst seine Art war, um diesen zum Abschu\u00df zu bringen.<\/p>\n\n\n\n<p>Da sahen seine Kameraden, wie er pl\u00f6tzlich im Sturzflug, aber volkommen intakt, also nicht st\u00fcrzend, herunterging. Am Anfang glaubten sie, er sei hinter einem Gegner her, dem er nun den Rest geben wollte. Fast im gleichen Augenblick h\u00f6rte auch der \u00fcbrige Kampf auf, und die Gegner trennten sich. Jetzt erst konnten die deutschen Flieger beobachten, wie der kleine rote Dreidecker Richthofens &#8211; das gesamte Richthofen-Geschwader war damals nur mit diesen kleinen und ganz vorz\u00fcglichen Fokker-Dreideckern ausger\u00fcstet &#8211; sich schon ganz tief unten befand und, wie es ihnen erschien, gerade zur Landung ansetzte. Gleich darauf erblickten sie auch schon das Flugzeug auf der Erde, nach ihrer Auffassung tadelos gelandet.<\/p>\n\n\n\n<p>J\u00e4her Schrecken erfa\u00dfte sie, und eine eisige Beklemmung legte sich um ihr Herz. Sollten sie nun doch die furchtbare, nicht zu fassende Meldung nach Haufe bringen, da\u00df sie ohne ihren verg\u00f6tterten F\u00fchrer zur\u00fcckkamen, da\u00df es ihnen nicht m\u00f6glich war, das Schreckliche zu verhindern, da\u00df sie nicht ihrem F\u00fchrer helfen konnten, weil sie ja selbst in schwerten Kampf verwickelt waren!<\/p>\n\n\n\n<p>Nie wohl mag es Fliegern zumute gewesen sein, wie diesen Getreuen.&#8220; Soweit G\u00f6ring.&#8220;<\/p>\n","protected":false},"comment_status":"open","ping_status":"closed","template":"","event-type":[249],"source-language":[260],"source-id-tax":[319],"class_list":["post-12529","event","type-event","status-publish","hentry","event-type-testimonial-de","source-language-deutsch-de","source-id-tax-italiaander-de","entry","no-media"],"yoast_head":"<!-- This site is optimized with the Yoast SEO plugin v26.7 - https:\/\/yoast.com\/wordpress\/plugins\/seo\/ -->\n<title>Hermann G\u00f6ring \u00fcber den 21. April 1918 - Meet The Red Baron<\/title>\n<meta name=\"description\" content=\"Hermann G\u00f6ring \u00fcber den 21. April 1918. In &quot;Unsere Luftstreitkr\u00e4fte 1914 - 1918 (Vaterl\u00e4ndischer Verlag Weller, 1930) &quot; schreibt er: &quot;Nun...\" \/>\n<meta name=\"robots\" content=\"index, follow, max-snippet:-1, max-image-preview:large, max-video-preview:-1\" \/>\n<link rel=\"canonical\" href=\"https:\/\/www.meettheredbaron.com\/de\/event\/hermann-goring-uber-den-21-april-1918\/\" \/>\n<meta property=\"og:locale\" content=\"de_DE\" \/>\n<meta property=\"og:type\" content=\"article\" \/>\n<meta property=\"og:title\" content=\"Hermann G\u00f6ring \u00fcber den 21. April 1918 - Meet The Red Baron\" \/>\n<meta property=\"og:description\" content=\"Hermann G\u00f6ring \u00fcber den 21. April 1918. In &quot;Unsere Luftstreitkr\u00e4fte 1914 - 1918 (Vaterl\u00e4ndischer Verlag Weller, 1930) &quot; schreibt er: &quot;Nun...\" \/>\n<meta property=\"og:url\" content=\"https:\/\/www.meettheredbaron.com\/de\/event\/hermann-goring-uber-den-21-april-1918\/\" \/>\n<meta property=\"og:site_name\" content=\"Meet The Red Baron\" \/>\n<meta property=\"article:modified_time\" content=\"2025-06-27T07:03:29+00:00\" \/>\n<script type=\"application\/ld+json\" class=\"yoast-schema-graph\">{\"@context\":\"https:\/\/schema.org\",\"@graph\":[{\"@type\":\"WebPage\",\"@id\":\"https:\/\/www.meettheredbaron.com\/de\/event\/hermann-goring-uber-den-21-april-1918\/\",\"url\":\"https:\/\/www.meettheredbaron.com\/de\/event\/hermann-goring-uber-den-21-april-1918\/\",\"name\":\"Hermann G\u00f6ring \u00fcber den 21. April 1918 - Meet The Red Baron\",\"isPartOf\":{\"@id\":\"https:\/\/www.meettheredbaron.com\/de\/#website\"},\"datePublished\":\"2023-01-22T11:03:08+00:00\",\"dateModified\":\"2025-06-27T07:03:29+00:00\",\"description\":\"Hermann G\u00f6ring \u00fcber den 21. April 1918. In \\\"Unsere Luftstreitkr\u00e4fte 1914 - 1918 (Vaterl\u00e4ndischer Verlag Weller, 1930) \\\" schreibt er: \\\"Nun...\",\"breadcrumb\":{\"@id\":\"https:\/\/www.meettheredbaron.com\/de\/event\/hermann-goring-uber-den-21-april-1918\/#breadcrumb\"},\"inLanguage\":\"de\",\"potentialAction\":[{\"@type\":\"ReadAction\",\"target\":[\"https:\/\/www.meettheredbaron.com\/de\/event\/hermann-goring-uber-den-21-april-1918\/\"]}]},{\"@type\":\"BreadcrumbList\",\"@id\":\"https:\/\/www.meettheredbaron.com\/de\/event\/hermann-goring-uber-den-21-april-1918\/#breadcrumb\",\"itemListElement\":[{\"@type\":\"ListItem\",\"position\":1,\"name\":\"Home\",\"item\":\"https:\/\/www.meettheredbaron.com\/de\/\"},{\"@type\":\"ListItem\",\"position\":2,\"name\":\"Events\",\"item\":\"https:\/\/www.meettheredbaron.com\/de\/event\/\"},{\"@type\":\"ListItem\",\"position\":3,\"name\":\"Hermann G\u00f6ring \u00fcber den 21. April 1918\"}]},{\"@type\":\"WebSite\",\"@id\":\"https:\/\/www.meettheredbaron.com\/de\/#website\",\"url\":\"https:\/\/www.meettheredbaron.com\/de\/\",\"name\":\"Meet The Red Baron\",\"description\":\"The life and death of Manfred von Richthofen.\",\"publisher\":{\"@id\":\"https:\/\/www.meettheredbaron.com\/de\/#\/schema\/person\/fd320c77882d0d84e4b88ef15120767f\"},\"potentialAction\":[{\"@type\":\"SearchAction\",\"target\":{\"@type\":\"EntryPoint\",\"urlTemplate\":\"https:\/\/www.meettheredbaron.com\/de\/?s={search_term_string}\"},\"query-input\":{\"@type\":\"PropertyValueSpecification\",\"valueRequired\":true,\"valueName\":\"search_term_string\"}}],\"inLanguage\":\"de\"},{\"@type\":[\"Person\",\"Organization\"],\"@id\":\"https:\/\/www.meettheredbaron.com\/de\/#\/schema\/person\/fd320c77882d0d84e4b88ef15120767f\",\"name\":\"heinpoblome\",\"image\":{\"@type\":\"ImageObject\",\"inLanguage\":\"de\",\"@id\":\"https:\/\/www.meettheredbaron.com\/de\/#\/schema\/person\/image\/\",\"url\":\"https:\/\/www.meettheredbaron.com\/wp-content\/uploads\/2021\/12\/266-scaled.jpg\",\"contentUrl\":\"https:\/\/www.meettheredbaron.com\/wp-content\/uploads\/2021\/12\/266-scaled.jpg\",\"width\":1850,\"height\":2560,\"caption\":\"heinpoblome\"},\"logo\":{\"@id\":\"https:\/\/www.meettheredbaron.com\/de\/#\/schema\/person\/image\/\"},\"sameAs\":[\"http:\/\/www.meettheredbaron.com\"]}]}<\/script>\n<!-- \/ Yoast SEO plugin. -->","yoast_head_json":{"title":"Hermann G\u00f6ring \u00fcber den 21. April 1918 - Meet The Red Baron","description":"Hermann G\u00f6ring \u00fcber den 21. April 1918. In \"Unsere Luftstreitkr\u00e4fte 1914 - 1918 (Vaterl\u00e4ndischer Verlag Weller, 1930) \" schreibt er: \"Nun...","robots":{"index":"index","follow":"follow","max-snippet":"max-snippet:-1","max-image-preview":"max-image-preview:large","max-video-preview":"max-video-preview:-1"},"canonical":"https:\/\/www.meettheredbaron.com\/de\/event\/hermann-goring-uber-den-21-april-1918\/","og_locale":"de_DE","og_type":"article","og_title":"Hermann G\u00f6ring \u00fcber den 21. April 1918 - Meet The Red Baron","og_description":"Hermann G\u00f6ring \u00fcber den 21. April 1918. In \"Unsere Luftstreitkr\u00e4fte 1914 - 1918 (Vaterl\u00e4ndischer Verlag Weller, 1930) \" schreibt er: \"Nun...","og_url":"https:\/\/www.meettheredbaron.com\/de\/event\/hermann-goring-uber-den-21-april-1918\/","og_site_name":"Meet The Red Baron","article_modified_time":"2025-06-27T07:03:29+00:00","schema":{"@context":"https:\/\/schema.org","@graph":[{"@type":"WebPage","@id":"https:\/\/www.meettheredbaron.com\/de\/event\/hermann-goring-uber-den-21-april-1918\/","url":"https:\/\/www.meettheredbaron.com\/de\/event\/hermann-goring-uber-den-21-april-1918\/","name":"Hermann G\u00f6ring \u00fcber den 21. April 1918 - Meet The Red Baron","isPartOf":{"@id":"https:\/\/www.meettheredbaron.com\/de\/#website"},"datePublished":"2023-01-22T11:03:08+00:00","dateModified":"2025-06-27T07:03:29+00:00","description":"Hermann G\u00f6ring \u00fcber den 21. April 1918. In \"Unsere Luftstreitkr\u00e4fte 1914 - 1918 (Vaterl\u00e4ndischer Verlag Weller, 1930) \" schreibt er: \"Nun...","breadcrumb":{"@id":"https:\/\/www.meettheredbaron.com\/de\/event\/hermann-goring-uber-den-21-april-1918\/#breadcrumb"},"inLanguage":"de","potentialAction":[{"@type":"ReadAction","target":["https:\/\/www.meettheredbaron.com\/de\/event\/hermann-goring-uber-den-21-april-1918\/"]}]},{"@type":"BreadcrumbList","@id":"https:\/\/www.meettheredbaron.com\/de\/event\/hermann-goring-uber-den-21-april-1918\/#breadcrumb","itemListElement":[{"@type":"ListItem","position":1,"name":"Home","item":"https:\/\/www.meettheredbaron.com\/de\/"},{"@type":"ListItem","position":2,"name":"Events","item":"https:\/\/www.meettheredbaron.com\/de\/event\/"},{"@type":"ListItem","position":3,"name":"Hermann G\u00f6ring \u00fcber den 21. April 1918"}]},{"@type":"WebSite","@id":"https:\/\/www.meettheredbaron.com\/de\/#website","url":"https:\/\/www.meettheredbaron.com\/de\/","name":"Meet The Red Baron","description":"The life and death of Manfred von Richthofen.","publisher":{"@id":"https:\/\/www.meettheredbaron.com\/de\/#\/schema\/person\/fd320c77882d0d84e4b88ef15120767f"},"potentialAction":[{"@type":"SearchAction","target":{"@type":"EntryPoint","urlTemplate":"https:\/\/www.meettheredbaron.com\/de\/?s={search_term_string}"},"query-input":{"@type":"PropertyValueSpecification","valueRequired":true,"valueName":"search_term_string"}}],"inLanguage":"de"},{"@type":["Person","Organization"],"@id":"https:\/\/www.meettheredbaron.com\/de\/#\/schema\/person\/fd320c77882d0d84e4b88ef15120767f","name":"heinpoblome","image":{"@type":"ImageObject","inLanguage":"de","@id":"https:\/\/www.meettheredbaron.com\/de\/#\/schema\/person\/image\/","url":"https:\/\/www.meettheredbaron.com\/wp-content\/uploads\/2021\/12\/266-scaled.jpg","contentUrl":"https:\/\/www.meettheredbaron.com\/wp-content\/uploads\/2021\/12\/266-scaled.jpg","width":1850,"height":2560,"caption":"heinpoblome"},"logo":{"@id":"https:\/\/www.meettheredbaron.com\/de\/#\/schema\/person\/image\/"},"sameAs":["http:\/\/www.meettheredbaron.com"]}]}},"toolset-meta":{"field-group-for-events-2":[],"field-group-for-events":{"date":{"type":"date","raw":"-1262304000","formatted":"01\/01\/1930 00:00"},"date-as-a-string":{"type":"textfield","raw":"01\/01\/1930"},"date-description":{"type":"textfield","raw":""},"geolocation":{"type":"google_address","raw":"52.52688589884619, 13.363113597642393"},"location-description":{"type":"textfield","raw":"Vaterl\u00e4ndischer Verlag Weller (Berliner Stadtmission)"},"town-name":{"type":"textfield","raw":"Berlin"},"historical-town-name":{"type":"textfield","raw":""},"event-id":{"type":"numeric","raw":"617"},"event-short":{"type":"textfield","raw":"Hermann G\u00f6ring \u00fcber den 21. April 1918"},"event-description":{"type":"wysiwyg","raw":"\"In \"Unsere Luftstreitkr\u00e4fte 1914 - 1918 (Vaterl\u00e4ndischer Verlag Weller, 1930) \" schreibt er: \"Nun soll im folgenden eine klare und wahrheitsgetreue Darstellung vom Tode unseres gr\u00f6\u00dften Kampffliegers gegeven werden. Am 21. April 1918 startete Richthofen mit einigen Flugzeugen seiner alten Leibstaffel 11 in Richtung Amiens. Au\u00dferdem hatte er einer anderen Staffel seines Geschwaders ebenfalls Startbefehl erteilt, so da\u00df diese sich auch in der Luft befand, jedoch ohne Anschlu\u00df an den Rittmeister zu haben, denn sie hatte einen selbst\u00e4ndigen Auftrag.\r\n\r\nRichthofen \u00fcberflog, nachdem er die gew\u00fcnschte H\u00f6he erreicht hatte, die feindliche Front und stie\u00df in den gegnerischen Luftraum vor, da er dort feindliche Flugzeuge beobachtet hatte. Es handelte sich zun\u00e4chst um den Angriff auf einige Feindliche Doppelzitzer, sogenannte Artillerieflugzeuge.\r\n\r\nW\u00e4hrend er sich mit diesen im Kampf befand, wurden er und die Seinen von einer starken feindlichen Jagdstaffel angegriffen. Er hatte nun gegen eine sehr gro\u00dfe \u00dcbermacht anzuk\u00e4mpfen.\r\n\r\nDer Wind war ung\u00fcnstig und trieb die K\u00e4mpfenden immer weiter hinein in die feindliche Front. Richthofen k\u00e4mpfte wie stets hervorragend \u00fcberlegen und achtete ganz besonders auf seine Kameraden, da sie sich ja so weit im feindlichen Luftgebiet befanden und eine gewisse Gefahr bestand, abgeschnitten zu werden. Aus diesem Grunde mu\u00dfte Richthofen bald diesen, beld jenen Gegner unter sein Feuer nehmen, um dadurch den Seinen zu helfen. Er konnte sich also nicht so eingehend mit seinem Gegner besch\u00e4ftigen, wie dies sonst seine Art war, um diesen zum Abschu\u00df zu bringen.\r\n\r\nDa sahen seine Kameraden, wie er pl\u00f6tzlich im Sturzflug, aber volkommen intakt, also nicht st\u00fcrzend, herunterging. Am Anfang glaubten sie, er sei hinter einem Gegner her, dem er nun den Rest geben wollte. Fast im gleichen Augenblick h\u00f6rte auch der \u00fcbrige Kampf auf, und die Gegner trennten sich. Jetzt erst konnten die deutschen Flieger beobachten, wie der kleine rote Dreidecker Richthofens - das gesamte Richthofen-Geschwader war damals nur mit diesen kleinen und ganz vorz\u00fcglichen Fokker-Dreideckern ausger\u00fcstet - sich schon ganz tief unten befand und, wie es ihnen erschien, gerade zur Landung ansetzte. Gleich darauf erblickten sie auch schon das Flugzeug auf der Erde, nach ihrer Auffassung tadelos gelandet.\r\n\r\nJ\u00e4her Schrecken erfa\u00dfte sie, und eine eisige Beklemmung legte sich um ihr Herz. Sollten sie nun doch die furchtbare, nicht zu fassende Meldung nach Haufe bringen, da\u00df sie ohne ihren verg\u00f6tterten F\u00fchrer zur\u00fcckkamen, da\u00df es ihnen nicht m\u00f6glich war, das Schreckliche zu verhindern, da\u00df sie nicht ihrem F\u00fchrer helfen konnten, weil sie ja selbst in schwerten Kampf verwickelt waren!\r\n\r\nNie wohl mag es Fliegern zumute gewesen sein, wie diesen Getreuen.\" Soweit G\u00f6ring.\""},"event-type-id":{"type":"numeric","raw":"6"},"source-id":{"type":"numeric","raw":"54"},"source-long-in-event":{"type":"textfield","raw":"Richthofen, der beste Jagdflieger des gro\u00dfen Krieges, Italiaander, A. Weichert Verlag, Berlin, 1938"},"pagenumber":{"type":"textfield","raw":"113"},"airplane-id":{"type":"textfield","raw":"0"},"combat-id":{"type":"textfield","raw":"0"},"event-type":{"type":"select","raw":"6"},"source-language":{"type":"select","raw":"2"},"picture":{"type":"image","raw":[""],"repeatable":[{"raw":""}]}}},"_links":{"self":[{"href":"https:\/\/www.meettheredbaron.com\/de\/wp-json\/wp\/v2\/event\/12529","targetHints":{"allow":["GET"]}}],"collection":[{"href":"https:\/\/www.meettheredbaron.com\/de\/wp-json\/wp\/v2\/event"}],"about":[{"href":"https:\/\/www.meettheredbaron.com\/de\/wp-json\/wp\/v2\/types\/event"}],"replies":[{"embeddable":true,"href":"https:\/\/www.meettheredbaron.com\/de\/wp-json\/wp\/v2\/comments?post=12529"}],"wp:attachment":[{"href":"https:\/\/www.meettheredbaron.com\/de\/wp-json\/wp\/v2\/media?parent=12529"}],"wp:term":[{"taxonomy":"event-type","embeddable":true,"href":"https:\/\/www.meettheredbaron.com\/de\/wp-json\/wp\/v2\/event-type?post=12529"},{"taxonomy":"source-language","embeddable":true,"href":"https:\/\/www.meettheredbaron.com\/de\/wp-json\/wp\/v2\/source-language?post=12529"},{"taxonomy":"source-id-tax","embeddable":true,"href":"https:\/\/www.meettheredbaron.com\/de\/wp-json\/wp\/v2\/source-id-tax?post=12529"}],"curies":[{"name":"wp","href":"https:\/\/api.w.org\/{rel}","templated":true}]}}