{"id":12505,"date":"2023-02-18T10:52:44","date_gmt":"2023-02-18T09:52:44","guid":{"rendered":"https:\/\/www.meettheredbaron.com\/event\/hindenburg-und-ludendorff\/"},"modified":"2025-06-27T08:32:20","modified_gmt":"2025-06-27T07:32:20","slug":"hindenburg-und-ludendorff","status":"publish","type":"event","link":"https:\/\/www.meettheredbaron.com\/de\/event\/hindenburg-und-ludendorff\/","title":{"rendered":"Hindenburg und Ludendorff"},"content":{"rendered":"\n<p>&#8222;Am n\u00e4chsten Tage mu\u00dfte ich mich Hindenburg und Ludendorff vorstellen. Hindenburg war, wie \u00fcblich, zur Besuchszeit mit Zivilisten und Uniformierten \u00fcberh\u00e4uft, so da\u00df ich wenig mit ihm sprach.<\/p>\n\n\n\n<p>Im Vorzimmer von Ludendorff sa\u00df ich eine Stunde und hatte Gelegenheit zu beobachten, wie dieser Mann besch\u00e4ftigt ist. In dem Raum, in dem ich sa\u00df, waren eine Menge hoher und wichtiger Pers\u00f6nlichkeiten. Da sa\u00df Ballin, neben ihm ein hoher Generalsstabsoffizier mit einem dicken Aktenb\u00fcndel; dann wieder der Minister des \u00c4u\u00dferen. Bethmann hatte sich auch angemeldet, Helfferich kam gerade heraus; so und so viele Generale warteten auch noch auf Audienz, und dazu kam ich.<\/p>\n\n\n\n<p>Nach einer Stunde winkte mir der Adjutant und schob mich rein. Ludendorff stand auf, gab mir die Hand, fragte mich nun nicht: &#8222;Wie geht&#8217;s Ihnen denn? Sie sehen so dick und munter aus&#8220;, sondern winkte blo\u00df mit der Hand auf einen Stuhl und fragte: &#8222;Wie ist jetzt der Flugbetrieb bei Arras?&#8220; Ich fing ihm dann an zu erz\u00e4hlen und ging wohl so in ein kleines Schw\u00e4\u00dfchen \u00fcber, was weniger milit\u00e4risch Wichtiges enthielt. Da schnitt er mir einfach die Rede ab und kam auf Dinge zu sprechen, die ich eben erw\u00e4hnt hatte. Man merkte gleich, er geht aufs Ganze. Nachdem er aus mir herausbekommen hatte, was er \u00fcber den Flugbetrieb an der Hauptkampffront von Arras wissen wollte, war ich kurz entlassen. Ich mu\u00df sagen, ich war ganz zufrieden, denn dieser ernste, sachlich n\u00fcchtern denkende Mensch war mir unheimlich.<\/p>\n\n\n\n<p>Am abend des 2. Mai war Hindenburg beim &#8222;Kogen&#8220; eingeladen. Die Sache war mir zu Ehren arrangiert. Ludendorff erschien gleichfalls. Ich sa\u00df rechts von Hindenburg. Bei Tisch hielt er eine Rede auf mich. Alles Sachen, die mir glatt runtergingen! Im Laufe des Gespr\u00e4chs fragte er mich in seiner gutm\u00fctigen, ruhigen Art, die ein unbedingtes Vertrauen einfl\u00f6\u00dft: &#8222;Nun sagen Sie mal, Richthofen, sind Sie auch Kadett gewesen?&#8220; Ich erz\u00e4hlte ihm, da\u00df ich bei der 2. Kompagnie in Wahlstatt, und zwar auf Stube 6 meine milit\u00e4rische Laufbahn begonnen h\u00e4tte. Da sagte der alte Herr: &#8222;Na sehen Sie, ich habe auch auf Stube 6 angefangen, Soldat zu spielen, und habe der Stube zur Erinnerung mein Bild geschenkt.&#8220;&#8220;<\/p>\n","protected":false},"comment_status":"open","ping_status":"closed","template":"","event-type":[222],"source-language":[260],"source-id-tax":[305],"class_list":["post-12505","event","type-event","status-publish","hentry","event-type-relocation-trips-de","source-language-deutsch-de","source-id-tax-ein-heldenleben-1920-de","entry","no-media"],"yoast_head":"<!-- This site is optimized with the Yoast SEO plugin v26.7 - https:\/\/yoast.com\/wordpress\/plugins\/seo\/ -->\n<title>Hindenburg und Ludendorff - Meet The Red Baron<\/title>\n<meta name=\"description\" content=\"Hindenburg und Ludendorff.\" \/>\n<meta name=\"robots\" content=\"index, follow, max-snippet:-1, max-image-preview:large, max-video-preview:-1\" \/>\n<link rel=\"canonical\" href=\"https:\/\/www.meettheredbaron.com\/de\/event\/hindenburg-und-ludendorff\/\" \/>\n<meta property=\"og:locale\" content=\"de_DE\" \/>\n<meta property=\"og:type\" content=\"article\" \/>\n<meta property=\"og:title\" content=\"Hindenburg und Ludendorff - Meet The Red Baron\" \/>\n<meta property=\"og:description\" content=\"Hindenburg und Ludendorff.\" \/>\n<meta property=\"og:url\" content=\"https:\/\/www.meettheredbaron.com\/de\/event\/hindenburg-und-ludendorff\/\" \/>\n<meta property=\"og:site_name\" content=\"Meet The Red Baron\" \/>\n<meta property=\"article:modified_time\" content=\"2025-06-27T07:32:20+00:00\" \/>\n<script type=\"application\/ld+json\" class=\"yoast-schema-graph\">{\"@context\":\"https:\/\/schema.org\",\"@graph\":[{\"@type\":\"WebPage\",\"@id\":\"https:\/\/www.meettheredbaron.com\/de\/event\/hindenburg-und-ludendorff\/\",\"url\":\"https:\/\/www.meettheredbaron.com\/de\/event\/hindenburg-und-ludendorff\/\",\"name\":\"Hindenburg und Ludendorff - Meet The Red Baron\",\"isPartOf\":{\"@id\":\"https:\/\/www.meettheredbaron.com\/de\/#website\"},\"datePublished\":\"2023-02-18T09:52:44+00:00\",\"dateModified\":\"2025-06-27T07:32:20+00:00\",\"description\":\"Hindenburg und Ludendorff.\",\"breadcrumb\":{\"@id\":\"https:\/\/www.meettheredbaron.com\/de\/event\/hindenburg-und-ludendorff\/#breadcrumb\"},\"inLanguage\":\"de\",\"potentialAction\":[{\"@type\":\"ReadAction\",\"target\":[\"https:\/\/www.meettheredbaron.com\/de\/event\/hindenburg-und-ludendorff\/\"]}]},{\"@type\":\"BreadcrumbList\",\"@id\":\"https:\/\/www.meettheredbaron.com\/de\/event\/hindenburg-und-ludendorff\/#breadcrumb\",\"itemListElement\":[{\"@type\":\"ListItem\",\"position\":1,\"name\":\"Home\",\"item\":\"https:\/\/www.meettheredbaron.com\/de\/\"},{\"@type\":\"ListItem\",\"position\":2,\"name\":\"Events\",\"item\":\"https:\/\/www.meettheredbaron.com\/de\/event\/\"},{\"@type\":\"ListItem\",\"position\":3,\"name\":\"Hindenburg und Ludendorff\"}]},{\"@type\":\"WebSite\",\"@id\":\"https:\/\/www.meettheredbaron.com\/de\/#website\",\"url\":\"https:\/\/www.meettheredbaron.com\/de\/\",\"name\":\"Meet The Red Baron\",\"description\":\"The life and death of Manfred von Richthofen.\",\"publisher\":{\"@id\":\"https:\/\/www.meettheredbaron.com\/de\/#\/schema\/person\/fd320c77882d0d84e4b88ef15120767f\"},\"potentialAction\":[{\"@type\":\"SearchAction\",\"target\":{\"@type\":\"EntryPoint\",\"urlTemplate\":\"https:\/\/www.meettheredbaron.com\/de\/?s={search_term_string}\"},\"query-input\":{\"@type\":\"PropertyValueSpecification\",\"valueRequired\":true,\"valueName\":\"search_term_string\"}}],\"inLanguage\":\"de\"},{\"@type\":[\"Person\",\"Organization\"],\"@id\":\"https:\/\/www.meettheredbaron.com\/de\/#\/schema\/person\/fd320c77882d0d84e4b88ef15120767f\",\"name\":\"heinpoblome\",\"image\":{\"@type\":\"ImageObject\",\"inLanguage\":\"de\",\"@id\":\"https:\/\/www.meettheredbaron.com\/de\/#\/schema\/person\/image\/\",\"url\":\"https:\/\/www.meettheredbaron.com\/wp-content\/uploads\/2021\/12\/266-scaled.jpg\",\"contentUrl\":\"https:\/\/www.meettheredbaron.com\/wp-content\/uploads\/2021\/12\/266-scaled.jpg\",\"width\":1850,\"height\":2560,\"caption\":\"heinpoblome\"},\"logo\":{\"@id\":\"https:\/\/www.meettheredbaron.com\/de\/#\/schema\/person\/image\/\"},\"sameAs\":[\"http:\/\/www.meettheredbaron.com\"]}]}<\/script>\n<!-- \/ Yoast SEO plugin. -->","yoast_head_json":{"title":"Hindenburg und Ludendorff - Meet The Red Baron","description":"Hindenburg und Ludendorff.","robots":{"index":"index","follow":"follow","max-snippet":"max-snippet:-1","max-image-preview":"max-image-preview:large","max-video-preview":"max-video-preview:-1"},"canonical":"https:\/\/www.meettheredbaron.com\/de\/event\/hindenburg-und-ludendorff\/","og_locale":"de_DE","og_type":"article","og_title":"Hindenburg und Ludendorff - Meet The Red Baron","og_description":"Hindenburg und Ludendorff.","og_url":"https:\/\/www.meettheredbaron.com\/de\/event\/hindenburg-und-ludendorff\/","og_site_name":"Meet The Red Baron","article_modified_time":"2025-06-27T07:32:20+00:00","schema":{"@context":"https:\/\/schema.org","@graph":[{"@type":"WebPage","@id":"https:\/\/www.meettheredbaron.com\/de\/event\/hindenburg-und-ludendorff\/","url":"https:\/\/www.meettheredbaron.com\/de\/event\/hindenburg-und-ludendorff\/","name":"Hindenburg und Ludendorff - Meet The Red Baron","isPartOf":{"@id":"https:\/\/www.meettheredbaron.com\/de\/#website"},"datePublished":"2023-02-18T09:52:44+00:00","dateModified":"2025-06-27T07:32:20+00:00","description":"Hindenburg und Ludendorff.","breadcrumb":{"@id":"https:\/\/www.meettheredbaron.com\/de\/event\/hindenburg-und-ludendorff\/#breadcrumb"},"inLanguage":"de","potentialAction":[{"@type":"ReadAction","target":["https:\/\/www.meettheredbaron.com\/de\/event\/hindenburg-und-ludendorff\/"]}]},{"@type":"BreadcrumbList","@id":"https:\/\/www.meettheredbaron.com\/de\/event\/hindenburg-und-ludendorff\/#breadcrumb","itemListElement":[{"@type":"ListItem","position":1,"name":"Home","item":"https:\/\/www.meettheredbaron.com\/de\/"},{"@type":"ListItem","position":2,"name":"Events","item":"https:\/\/www.meettheredbaron.com\/de\/event\/"},{"@type":"ListItem","position":3,"name":"Hindenburg und Ludendorff"}]},{"@type":"WebSite","@id":"https:\/\/www.meettheredbaron.com\/de\/#website","url":"https:\/\/www.meettheredbaron.com\/de\/","name":"Meet The Red Baron","description":"The life and death of Manfred von Richthofen.","publisher":{"@id":"https:\/\/www.meettheredbaron.com\/de\/#\/schema\/person\/fd320c77882d0d84e4b88ef15120767f"},"potentialAction":[{"@type":"SearchAction","target":{"@type":"EntryPoint","urlTemplate":"https:\/\/www.meettheredbaron.com\/de\/?s={search_term_string}"},"query-input":{"@type":"PropertyValueSpecification","valueRequired":true,"valueName":"search_term_string"}}],"inLanguage":"de"},{"@type":["Person","Organization"],"@id":"https:\/\/www.meettheredbaron.com\/de\/#\/schema\/person\/fd320c77882d0d84e4b88ef15120767f","name":"heinpoblome","image":{"@type":"ImageObject","inLanguage":"de","@id":"https:\/\/www.meettheredbaron.com\/de\/#\/schema\/person\/image\/","url":"https:\/\/www.meettheredbaron.com\/wp-content\/uploads\/2021\/12\/266-scaled.jpg","contentUrl":"https:\/\/www.meettheredbaron.com\/wp-content\/uploads\/2021\/12\/266-scaled.jpg","width":1850,"height":2560,"caption":"heinpoblome"},"logo":{"@id":"https:\/\/www.meettheredbaron.com\/de\/#\/schema\/person\/image\/"},"sameAs":["http:\/\/www.meettheredbaron.com"]}]}},"toolset-meta":{"field-group-for-events-2":[],"field-group-for-events":{"date":{"type":"date","raw":"-1662076800","formatted":"05\/02\/1917 00:00"},"date-as-a-string":{"type":"textfield","raw":"05\/02\/1917"},"date-description":{"type":"textfield","raw":""},"geolocation":{"type":"google_address","raw":"49.837291383185374, 7.852933158611976"},"location-description":{"type":"textfield","raw":"Hotel Oranienhof"},"town-name":{"type":"textfield","raw":"Bad Kreuznach"},"historical-town-name":{"type":"textfield","raw":""},"event-id":{"type":"numeric","raw":"625"},"event-short":{"type":"textfield","raw":"Hindenburg und Ludendorff"},"event-description":{"type":"wysiwyg","raw":"\"Am n\u00e4chsten Tage mu\u00dfte ich mich Hindenburg und Ludendorff vorstellen. Hindenburg war, wie \u00fcblich, zur Besuchszeit mit Zivilisten und Uniformierten \u00fcberh\u00e4uft, so da\u00df ich wenig mit ihm sprach.\r\n\r\nIm Vorzimmer von Ludendorff sa\u00df ich eine Stunde und hatte Gelegenheit zu beobachten, wie dieser Mann besch\u00e4ftigt ist. In dem Raum, in dem ich sa\u00df, waren eine Menge hoher und wichtiger Pers\u00f6nlichkeiten. Da sa\u00df Ballin, neben ihm ein hoher Generalsstabsoffizier mit einem dicken Aktenb\u00fcndel; dann wieder der Minister des \u00c4u\u00dferen. Bethmann hatte sich auch angemeldet, Helfferich kam gerade heraus; so und so viele Generale warteten auch noch auf Audienz, und dazu kam ich.\r\n\r\nNach einer Stunde winkte mir der Adjutant und schob mich rein. Ludendorff stand auf, gab mir die Hand, fragte mich nun nicht: \"Wie geht's Ihnen denn? Sie sehen so dick und munter aus\", sondern winkte blo\u00df mit der Hand auf einen Stuhl und fragte: \"Wie ist jetzt der Flugbetrieb bei Arras?\" Ich fing ihm dann an zu erz\u00e4hlen und ging wohl so in ein kleines Schw\u00e4\u00dfchen \u00fcber, was weniger milit\u00e4risch Wichtiges enthielt. Da schnitt er mir einfach die Rede ab und kam auf Dinge zu sprechen, die ich eben erw\u00e4hnt hatte. Man merkte gleich, er geht aufs Ganze. Nachdem er aus mir herausbekommen hatte, was er \u00fcber den Flugbetrieb an der Hauptkampffront von Arras wissen wollte, war ich kurz entlassen. Ich mu\u00df sagen, ich war ganz zufrieden, denn dieser ernste, sachlich n\u00fcchtern denkende Mensch war mir unheimlich.\r\n\r\nAm abend des 2. Mai war Hindenburg beim \"Kogen\" eingeladen. Die Sache war mir zu Ehren arrangiert. Ludendorff erschien gleichfalls. Ich sa\u00df rechts von Hindenburg. Bei Tisch hielt er eine Rede auf mich. Alles Sachen, die mir glatt runtergingen! Im Laufe des Gespr\u00e4chs fragte er mich in seiner gutm\u00fctigen, ruhigen Art, die ein unbedingtes Vertrauen einfl\u00f6\u00dft: \"Nun sagen Sie mal, Richthofen, sind Sie auch Kadett gewesen?\" Ich erz\u00e4hlte ihm, da\u00df ich bei der 2. Kompagnie in Wahlstatt, und zwar auf Stube 6 meine milit\u00e4rische Laufbahn begonnen h\u00e4tte. Da sagte der alte Herr: \"Na sehen Sie, ich habe auch auf Stube 6 angefangen, Soldat zu spielen, und habe der Stube zur Erinnerung mein Bild geschenkt.\"\"\r\n\r\n&nbsp;"},"event-type-id":{"type":"numeric","raw":"3"},"source-id":{"type":"numeric","raw":"55"},"source-long-in-event":{"type":"textfield","raw":"Ein Heldenleben, Ullstein & Co, 1920"},"pagenumber":{"type":"textfield","raw":"143"},"airplane-id":{"type":"textfield","raw":"0"},"combat-id":{"type":"textfield","raw":"0"},"event-type":{"type":"select","raw":"3"},"source-language":{"type":"select","raw":"2"},"picture":{"type":"image","raw":[""],"repeatable":[{"raw":""}]}}},"_links":{"self":[{"href":"https:\/\/www.meettheredbaron.com\/de\/wp-json\/wp\/v2\/event\/12505","targetHints":{"allow":["GET"]}}],"collection":[{"href":"https:\/\/www.meettheredbaron.com\/de\/wp-json\/wp\/v2\/event"}],"about":[{"href":"https:\/\/www.meettheredbaron.com\/de\/wp-json\/wp\/v2\/types\/event"}],"replies":[{"embeddable":true,"href":"https:\/\/www.meettheredbaron.com\/de\/wp-json\/wp\/v2\/comments?post=12505"}],"wp:attachment":[{"href":"https:\/\/www.meettheredbaron.com\/de\/wp-json\/wp\/v2\/media?parent=12505"}],"wp:term":[{"taxonomy":"event-type","embeddable":true,"href":"https:\/\/www.meettheredbaron.com\/de\/wp-json\/wp\/v2\/event-type?post=12505"},{"taxonomy":"source-language","embeddable":true,"href":"https:\/\/www.meettheredbaron.com\/de\/wp-json\/wp\/v2\/source-language?post=12505"},{"taxonomy":"source-id-tax","embeddable":true,"href":"https:\/\/www.meettheredbaron.com\/de\/wp-json\/wp\/v2\/source-id-tax?post=12505"}],"curies":[{"name":"wp","href":"https:\/\/api.w.org\/{rel}","templated":true}]}}